{"id":8071,"date":"2025-04-16T12:29:06","date_gmt":"2025-04-16T10:29:06","guid":{"rendered":"https:\/\/alaev-lueneburg.de\/alawordpress\/?page_id=8071"},"modified":"2025-04-20T12:40:11","modified_gmt":"2025-04-20T10:40:11","slug":"ala-berichte","status":"publish","type":"page","link":"https:\/\/alaev-lueneburg.de\/alawordpress\/ala-berichte\/","title":{"rendered":"ALA-Berichte"},"content":{"rendered":"<div data-colibri-id=\"8071-c1\" class=\"style-1714 style-local-8071-c1 position-relative\">\n  <!---->\n  <div data-colibri-component=\"section\" data-colibri-id=\"8071-c2\" id=\"reusable-sections\" class=\"h-section h-section-global-spacing d-flex align-items-lg-center align-items-md-center align-items-center style-1719 style-local-8071-c2 position-relative\">\n    <!---->\n    <!---->\n    <div class=\"h-section-grid-container h-section-boxed-container\">\n      <div data-colibri-id=\"8071-c11\" class=\"h-row-container gutters-row-lg-2 gutters-row-md-2 gutters-row-2 gutters-row-v-lg-2 gutters-row-v-md-2 gutters-row-v-2 style-1728 style-local-8071-c11 position-relative\">\n        <!---->\n        <div class=\"h-row justify-content-lg-center justify-content-md-center justify-content-center align-items-lg-stretch align-items-md-stretch align-items-stretch gutters-col-lg-2 gutters-col-md-2 gutters-col-2 gutters-col-v-lg-2 gutters-col-v-md-2 gutters-col-v-2\">\n          <!---->\n          <div class=\"h-column h-column-container d-flex h-col-lg-auto h-col-md-auto h-col-auto style-1729-outer style-local-8071-c12-outer\">\n            <div data-colibri-id=\"8071-c12\" class=\"d-flex h-flex-basis h-column__inner h-px-lg-2 h-px-md-2 h-px-2 v-inner-lg-2 v-inner-md-2 v-inner-2 style-1729 style-local-8071-c12 position-relative\">\n              <!---->\n              <!---->\n              <div class=\"w-100 h-y-container h-column__content h-column__v-align flex-basis-100 align-self-lg-start align-self-md-start align-self-start\">\n                <!---->\n                <div data-colibri-id=\"8071-c13\" class=\"h-global-transition-all h-heading style-1730 style-local-8071-c13 position-relative h-element\">\n                  <!---->\n                  <div class=\"h-heading__outer style-1730 style-local-8071-c13\">\n                    <!---->\n                    <!---->\n                    <h2 class=\"\">ALA-Berichte<\/h2>\n                  <\/div>\n                <\/div>\n                <div data-colibri-id=\"8071-c14\" class=\"h-lead h-text h-text-component style-1731 style-local-8071-c14 position-relative h-element\">\n                  <!---->\n                  <!---->\n                  <div class=\"\">\n                    <p>Hier finden Sie ALA-Infobriefe und Jahresberichte mit aktuellen Informationen rund um die Aktivit\u00e4ten des Vereins und den Denkmalschutz.<\/p>\n                  <\/div>\n                <\/div>\n              <\/div>\n            <\/div>\n          <\/div>\n        <\/div>\n      <\/div>\n      <div data-colibri-id=\"8071-c3\" class=\"h-row-container gutters-row-lg-1 gutters-row-md-1 gutters-row-0 gutters-row-v-lg-1 gutters-row-v-md-1 gutters-row-v-1 colibri-dynamic-list style-1720 style-local-8071-c3 position-relative\">\n        <!---->\n        <div data-colibri-component=\"\" class=\"h-row justify-content-lg-start justify-content-md-start justify-content-start align-items-lg-stretch align-items-md-stretch align-items-stretch gutters-col-lg-1 gutters-col-md-1 gutters-col-0 gutters-col-v-lg-1 gutters-col-v-md-1 gutters-col-v-1 style-1720-row style-local-8071-c3-row\">\n          <!---->\n        <div class=\"h-column h-column-container d-flex h-col-lg-4 h-col-md-6 h-col-12 post-10848 post type-post status-publish format-standard has-post-thumbnail hentry category-ala-berichte masonry-item style-1721-outer style-local-8071-c4-outer\"><div data-colibri-id=\"8071-c4\" class=\"d-flex h-flex-basis h-column__inner h-px-lg-2 h-px-md-2 h-px-2 v-inner-lg-2 v-inner-md-2 v-inner-2 style-1721 style-local-8071-c4 position-relative\"> <div class=\"w-100 h-y-container h-column__content h-column__v-align flex-basis-100 align-self-lg-start align-self-md-start align-self-start\"> <div data-href=\"https:\/\/alaev-lueneburg.de\/alawordpress\/planwagen-abzugeben\/\" data-colibri-component=\"link\" data-colibri-id=\"8071-c5\" class=\"colibri-post-thumbnail colibri-post-has-thumbnail style-1722 style-local-8071-c5 h-overflow-hidden position-relative h-element\"><div class=\"h-global-transition-all colibri-post-thumbnail-shortcode style-dynamic-8071-c5-height\">            <a href=\"https:\/\/alaev-lueneburg.de\/alawordpress\/planwagen-abzugeben\/\" title=\"Planwagen abzugeben!\">\n\t\t\t\t<img loading=\"lazy\" decoding=\"async\" width=\"700\" height=\"525\" src=\"https:\/\/alaev-lueneburg.de\/alawordpress\/wp-content\/uploads\/2026\/04\/seite-700x-rotated.jpg\" class=\"attachment-post-thumbnail size-post-thumbnail wp-post-image\" alt=\"\" srcset=\"https:\/\/alaev-lueneburg.de\/alawordpress\/wp-content\/uploads\/2026\/04\/seite-700x-rotated.jpg 700w, https:\/\/alaev-lueneburg.de\/alawordpress\/wp-content\/uploads\/2026\/04\/seite-700x-300x225.jpg 300w\" sizes=\"auto, (max-width: 700px) 100vw, 700px\" \/>            <\/a>\n\t\t\t<\/div> <div class=\"colibri-post-thumbnail-content align-items-lg-center align-items-md-center align-items-center flex-basis-100\"><div class=\"w-100 h-y-container\"> <\/div><\/div><\/div><div data-colibri-id=\"8071-c6\" class=\"h-row-container gutters-row-lg-2 gutters-row-md-2 gutters-row-2 gutters-row-v-lg-2 gutters-row-v-md-2 gutters-row-v-2 style-1723 style-local-8071-c6 position-relative\"><div class=\"h-row justify-content-lg-center justify-content-md-center justify-content-center align-items-lg-stretch align-items-md-stretch align-items-stretch gutters-col-lg-2 gutters-col-md-2 gutters-col-2 gutters-col-v-lg-2 gutters-col-v-md-2 gutters-col-v-2\"> <div class=\"h-column h-column-container d-flex h-col-lg h-col-md h-col-auto style-1724-outer style-local-8071-c7-outer\"><div data-colibri-id=\"8071-c7\" class=\"d-flex h-flex-basis h-column__inner h-px-lg-2 h-px-md-2 h-px-2 v-inner-lg-2 v-inner-md-2 v-inner-2 style-1724 style-local-8071-c7 position-relative\"> <div class=\"w-100 h-y-container h-column__content h-column__v-align flex-basis-100 align-self-lg-start align-self-md-start align-self-start\"> <div data-colibri-id=\"8071-c8\" class=\"h-blog-categories style-1725 style-local-8071-c8 position-relative h-element\"><div class=\"h-global-transition-all\"><a class=\"d-inline-block colibri-post-category\" href=\"https:\/\/alaev-lueneburg.de\/alawordpress\/category\/ala-berichte\/\">ALA-Berichte<\/a><\/div><\/div><div data-colibri-id=\"8071-c9\" class=\"h-blog-title style-1726 style-local-8071-c9 position-relative h-element\"><div class=\"h-global-transition-all\"><a href=\"https:\/\/alaev-lueneburg.de\/alawordpress\/planwagen-abzugeben\/\"><h4 class=\"colibri-word-wrap\">Planwagen abzugeben!<\/h4><\/a><\/div><\/div><div data-colibri-id=\"8071-c10\" class=\"style-1727 style-local-8071-c10 position-relative h-element\"><div class=\"h-global-transition-all\"><div class=\"colibri-post-excerpt\">Der ALA muss sich leider von seinem sch\u00f6nen alten Planwagen trennen - wer hat Interesse?<\/div><\/div><\/div><\/div><\/div><\/div><\/div><\/div><\/div><\/div><\/div>\n      \n      \n        <div class=\"h-column h-column-container d-flex h-col-lg-4 h-col-md-6 h-col-12 post-10797 post type-post status-publish format-standard has-post-thumbnail hentry category-ala-berichte masonry-item style-1721-outer style-local-8071-c4-outer\"><div data-colibri-id=\"8071-c4\" class=\"d-flex h-flex-basis h-column__inner h-px-lg-2 h-px-md-2 h-px-2 v-inner-lg-2 v-inner-md-2 v-inner-2 style-1721 style-local-8071-c4 position-relative\"> <div class=\"w-100 h-y-container h-column__content h-column__v-align flex-basis-100 align-self-lg-start align-self-md-start align-self-start\"> <div data-href=\"https:\/\/alaev-lueneburg.de\/alawordpress\/wohnen-in-der-innenstadt\/\" data-colibri-component=\"link\" data-colibri-id=\"8071-c5\" class=\"colibri-post-thumbnail colibri-post-has-thumbnail style-1722 style-local-8071-c5 h-overflow-hidden position-relative h-element\"><div class=\"h-global-transition-all colibri-post-thumbnail-shortcode style-dynamic-8071-c5-height\">            <a href=\"https:\/\/alaev-lueneburg.de\/alawordpress\/wohnen-in-der-innenstadt\/\" title=\"Wohnen in der Innenstadt\">\n\t\t\t\t<img loading=\"lazy\" decoding=\"async\" width=\"600\" height=\"356\" src=\"https:\/\/alaev-lueneburg.de\/alawordpress\/wp-content\/uploads\/2026\/04\/2026.03.15-Plakat-Wohnen-Innenstadt-Thumb.jpeg\" class=\"attachment-post-thumbnail size-post-thumbnail wp-post-image\" alt=\"\" srcset=\"https:\/\/alaev-lueneburg.de\/alawordpress\/wp-content\/uploads\/2026\/04\/2026.03.15-Plakat-Wohnen-Innenstadt-Thumb.jpeg 600w, https:\/\/alaev-lueneburg.de\/alawordpress\/wp-content\/uploads\/2026\/04\/2026.03.15-Plakat-Wohnen-Innenstadt-Thumb-300x178.jpeg 300w\" sizes=\"auto, (max-width: 600px) 100vw, 600px\" \/>            <\/a>\n\t\t\t<\/div> <div class=\"colibri-post-thumbnail-content align-items-lg-center align-items-md-center align-items-center flex-basis-100\"><div class=\"w-100 h-y-container\"> <\/div><\/div><\/div><div data-colibri-id=\"8071-c6\" class=\"h-row-container gutters-row-lg-2 gutters-row-md-2 gutters-row-2 gutters-row-v-lg-2 gutters-row-v-md-2 gutters-row-v-2 style-1723 style-local-8071-c6 position-relative\"><div class=\"h-row justify-content-lg-center justify-content-md-center justify-content-center align-items-lg-stretch align-items-md-stretch align-items-stretch gutters-col-lg-2 gutters-col-md-2 gutters-col-2 gutters-col-v-lg-2 gutters-col-v-md-2 gutters-col-v-2\"> <div class=\"h-column h-column-container d-flex h-col-lg h-col-md h-col-auto style-1724-outer style-local-8071-c7-outer\"><div data-colibri-id=\"8071-c7\" class=\"d-flex h-flex-basis h-column__inner h-px-lg-2 h-px-md-2 h-px-2 v-inner-lg-2 v-inner-md-2 v-inner-2 style-1724 style-local-8071-c7 position-relative\"> <div class=\"w-100 h-y-container h-column__content h-column__v-align flex-basis-100 align-self-lg-start align-self-md-start align-self-start\"> <div data-colibri-id=\"8071-c8\" class=\"h-blog-categories style-1725 style-local-8071-c8 position-relative h-element\"><div class=\"h-global-transition-all\"><a class=\"d-inline-block colibri-post-category\" href=\"https:\/\/alaev-lueneburg.de\/alawordpress\/category\/ala-berichte\/\">ALA-Berichte<\/a><\/div><\/div><div data-colibri-id=\"8071-c9\" class=\"h-blog-title style-1726 style-local-8071-c9 position-relative h-element\"><div class=\"h-global-transition-all\"><a href=\"https:\/\/alaev-lueneburg.de\/alawordpress\/wohnen-in-der-innenstadt\/\"><h4 class=\"colibri-word-wrap\">Wohnen in der Innenstadt<\/h4><\/a><\/div><\/div><div data-colibri-id=\"8071-c10\" class=\"style-1727 style-local-8071-c10 position-relative h-element\"><div class=\"h-global-transition-all\"><div class=\"colibri-post-excerpt\">Am 25. Februar fand im TamTam am Markt die Veranstaltung \u201eWohnen in der Innenstadt?!\u201c statt.<\/div><\/div><\/div><\/div><\/div><\/div><\/div><\/div><\/div><\/div><\/div>\n      \n      \n        <div class=\"h-column h-column-container d-flex h-col-lg-4 h-col-md-6 h-col-12 post-10869 post type-post status-publish format-standard has-post-thumbnail hentry category-ala-berichte masonry-item style-1721-outer style-local-8071-c4-outer\"><div data-colibri-id=\"8071-c4\" class=\"d-flex h-flex-basis h-column__inner h-px-lg-2 h-px-md-2 h-px-2 v-inner-lg-2 v-inner-md-2 v-inner-2 style-1721 style-local-8071-c4 position-relative\"> <div class=\"w-100 h-y-container h-column__content h-column__v-align flex-basis-100 align-self-lg-start align-self-md-start align-self-start\"> <div data-href=\"https:\/\/alaev-lueneburg.de\/alawordpress\/auch-gutes-kann-noch-besser-werden\/\" data-colibri-component=\"link\" data-colibri-id=\"8071-c5\" class=\"colibri-post-thumbnail colibri-post-has-thumbnail style-1722 style-local-8071-c5 h-overflow-hidden position-relative h-element\"><div class=\"h-global-transition-all colibri-post-thumbnail-shortcode style-dynamic-8071-c5-height\">            <a href=\"https:\/\/alaev-lueneburg.de\/alawordpress\/auch-gutes-kann-noch-besser-werden\/\" title=\"Auch Gutes kann noch besser werden\">\n\t\t\t\t<img loading=\"lazy\" decoding=\"async\" width=\"700\" height=\"513\" src=\"https:\/\/alaev-lueneburg.de\/alawordpress\/wp-content\/uploads\/2026\/04\/draussen-700x.jpg\" class=\"attachment-post-thumbnail size-post-thumbnail wp-post-image\" alt=\"\" srcset=\"https:\/\/alaev-lueneburg.de\/alawordpress\/wp-content\/uploads\/2026\/04\/draussen-700x.jpg 700w, https:\/\/alaev-lueneburg.de\/alawordpress\/wp-content\/uploads\/2026\/04\/draussen-700x-300x220.jpg 300w\" sizes=\"auto, (max-width: 700px) 100vw, 700px\" \/>            <\/a>\n\t\t\t<\/div> <div class=\"colibri-post-thumbnail-content align-items-lg-center align-items-md-center align-items-center flex-basis-100\"><div class=\"w-100 h-y-container\"> <\/div><\/div><\/div><div data-colibri-id=\"8071-c6\" class=\"h-row-container gutters-row-lg-2 gutters-row-md-2 gutters-row-2 gutters-row-v-lg-2 gutters-row-v-md-2 gutters-row-v-2 style-1723 style-local-8071-c6 position-relative\"><div class=\"h-row justify-content-lg-center justify-content-md-center justify-content-center align-items-lg-stretch align-items-md-stretch align-items-stretch gutters-col-lg-2 gutters-col-md-2 gutters-col-2 gutters-col-v-lg-2 gutters-col-v-md-2 gutters-col-v-2\"> <div class=\"h-column h-column-container d-flex h-col-lg h-col-md h-col-auto style-1724-outer style-local-8071-c7-outer\"><div data-colibri-id=\"8071-c7\" class=\"d-flex h-flex-basis h-column__inner h-px-lg-2 h-px-md-2 h-px-2 v-inner-lg-2 v-inner-md-2 v-inner-2 style-1724 style-local-8071-c7 position-relative\"> <div class=\"w-100 h-y-container h-column__content h-column__v-align flex-basis-100 align-self-lg-start align-self-md-start align-self-start\"> <div data-colibri-id=\"8071-c8\" class=\"h-blog-categories style-1725 style-local-8071-c8 position-relative h-element\"><div class=\"h-global-transition-all\"><a class=\"d-inline-block colibri-post-category\" href=\"https:\/\/alaev-lueneburg.de\/alawordpress\/category\/ala-berichte\/\">ALA-Berichte<\/a><\/div><\/div><div data-colibri-id=\"8071-c9\" class=\"h-blog-title style-1726 style-local-8071-c9 position-relative h-element\"><div class=\"h-global-transition-all\"><a href=\"https:\/\/alaev-lueneburg.de\/alawordpress\/auch-gutes-kann-noch-besser-werden\/\"><h4 class=\"colibri-word-wrap\">Auch Gutes kann noch besser werden<\/h4><\/a><\/div><\/div><div data-colibri-id=\"8071-c10\" class=\"style-1727 style-local-8071-c10 position-relative h-element\"><div class=\"h-global-transition-all\"><div class=\"colibri-post-excerpt\">Die alten St\u00e4nde der historischen ALA M\u00e4rkte wurden von flei\u00dfigen Helfern vor kurzem ert\u00fcchtigt und stabiler gemacht. <\/div><\/div><\/div><\/div><\/div><\/div><\/div><\/div><\/div><\/div><\/div>\n      \n      \n        <div class=\"h-column h-column-container d-flex h-col-lg-4 h-col-md-6 h-col-12 post-10806 post type-post status-publish format-standard has-post-thumbnail hentry category-ala-berichte masonry-item style-1721-outer style-local-8071-c4-outer\"><div data-colibri-id=\"8071-c4\" class=\"d-flex h-flex-basis h-column__inner h-px-lg-2 h-px-md-2 h-px-2 v-inner-lg-2 v-inner-md-2 v-inner-2 style-1721 style-local-8071-c4 position-relative\"> <div class=\"w-100 h-y-container h-column__content h-column__v-align flex-basis-100 align-self-lg-start align-self-md-start align-self-start\"> <div data-href=\"https:\/\/alaev-lueneburg.de\/alawordpress\/kleiderspende-einmal-anders\/\" data-colibri-component=\"link\" data-colibri-id=\"8071-c5\" class=\"colibri-post-thumbnail colibri-post-has-thumbnail style-1722 style-local-8071-c5 h-overflow-hidden position-relative h-element\"><div class=\"h-global-transition-all colibri-post-thumbnail-shortcode style-dynamic-8071-c5-height\">            <a href=\"https:\/\/alaev-lueneburg.de\/alawordpress\/kleiderspende-einmal-anders\/\" title=\"Kleiderspende einmal anders\">\n\t\t\t\t<img loading=\"lazy\" decoding=\"async\" width=\"600\" height=\"580\" src=\"https:\/\/alaev-lueneburg.de\/alawordpress\/wp-content\/uploads\/2026\/04\/2026.02.15-Gewand-Jacke-Rock-Thumb.jpg\" class=\"attachment-post-thumbnail size-post-thumbnail wp-post-image\" alt=\"\" srcset=\"https:\/\/alaev-lueneburg.de\/alawordpress\/wp-content\/uploads\/2026\/04\/2026.02.15-Gewand-Jacke-Rock-Thumb.jpg 600w, https:\/\/alaev-lueneburg.de\/alawordpress\/wp-content\/uploads\/2026\/04\/2026.02.15-Gewand-Jacke-Rock-Thumb-300x290.jpg 300w\" sizes=\"auto, (max-width: 600px) 100vw, 600px\" \/>            <\/a>\n\t\t\t<\/div> <div class=\"colibri-post-thumbnail-content align-items-lg-center align-items-md-center align-items-center flex-basis-100\"><div class=\"w-100 h-y-container\"> <\/div><\/div><\/div><div data-colibri-id=\"8071-c6\" class=\"h-row-container gutters-row-lg-2 gutters-row-md-2 gutters-row-2 gutters-row-v-lg-2 gutters-row-v-md-2 gutters-row-v-2 style-1723 style-local-8071-c6 position-relative\"><div class=\"h-row justify-content-lg-center justify-content-md-center justify-content-center align-items-lg-stretch align-items-md-stretch align-items-stretch gutters-col-lg-2 gutters-col-md-2 gutters-col-2 gutters-col-v-lg-2 gutters-col-v-md-2 gutters-col-v-2\"> <div class=\"h-column h-column-container d-flex h-col-lg h-col-md h-col-auto style-1724-outer style-local-8071-c7-outer\"><div data-colibri-id=\"8071-c7\" class=\"d-flex h-flex-basis h-column__inner h-px-lg-2 h-px-md-2 h-px-2 v-inner-lg-2 v-inner-md-2 v-inner-2 style-1724 style-local-8071-c7 position-relative\"> <div class=\"w-100 h-y-container h-column__content h-column__v-align flex-basis-100 align-self-lg-start align-self-md-start align-self-start\"> <div data-colibri-id=\"8071-c8\" class=\"h-blog-categories style-1725 style-local-8071-c8 position-relative h-element\"><div class=\"h-global-transition-all\"><a class=\"d-inline-block colibri-post-category\" href=\"https:\/\/alaev-lueneburg.de\/alawordpress\/category\/ala-berichte\/\">ALA-Berichte<\/a><\/div><\/div><div data-colibri-id=\"8071-c9\" class=\"h-blog-title style-1726 style-local-8071-c9 position-relative h-element\"><div class=\"h-global-transition-all\"><a href=\"https:\/\/alaev-lueneburg.de\/alawordpress\/kleiderspende-einmal-anders\/\"><h4 class=\"colibri-word-wrap\">Kleiderspende einmal anders<\/h4><\/a><\/div><\/div><div data-colibri-id=\"8071-c10\" class=\"style-1727 style-local-8071-c10 position-relative h-element\"><div class=\"h-global-transition-all\"><div class=\"colibri-post-excerpt\">Danke f\u00fcr einige besondere historische Gew\u00e4nder!<\/div><\/div><\/div><\/div><\/div><\/div><\/div><\/div><\/div><\/div><\/div>\n      \n      \n        <div class=\"h-column h-column-container d-flex h-col-lg-4 h-col-md-6 h-col-12 post-10813 post type-post status-publish format-standard has-post-thumbnail hentry category-ala-berichte masonry-item style-1721-outer style-local-8071-c4-outer\"><div data-colibri-id=\"8071-c4\" class=\"d-flex h-flex-basis h-column__inner h-px-lg-2 h-px-md-2 h-px-2 v-inner-lg-2 v-inner-md-2 v-inner-2 style-1721 style-local-8071-c4 position-relative\"> <div class=\"w-100 h-y-container h-column__content h-column__v-align flex-basis-100 align-self-lg-start align-self-md-start align-self-start\"> <div data-href=\"https:\/\/alaev-lueneburg.de\/alawordpress\/deckengemaelde-im-frueheren-edeka-wist\/\" data-colibri-component=\"link\" data-colibri-id=\"8071-c5\" class=\"colibri-post-thumbnail colibri-post-has-thumbnail style-1722 style-local-8071-c5 h-overflow-hidden position-relative h-element\"><div class=\"h-global-transition-all colibri-post-thumbnail-shortcode style-dynamic-8071-c5-height\">            <a href=\"https:\/\/alaev-lueneburg.de\/alawordpress\/deckengemaelde-im-frueheren-edeka-wist\/\" title=\"Deckengem\u00e4lde im fr\u00fcheren Edeka Wist\">\n\t\t\t\t<img loading=\"lazy\" decoding=\"async\" width=\"600\" height=\"375\" src=\"https:\/\/alaev-lueneburg.de\/alawordpress\/wp-content\/uploads\/2026\/04\/2026.02.12-Deckengemaelde-schraeg-Thumb.jpg\" class=\"attachment-post-thumbnail size-post-thumbnail wp-post-image\" alt=\"\" srcset=\"https:\/\/alaev-lueneburg.de\/alawordpress\/wp-content\/uploads\/2026\/04\/2026.02.12-Deckengemaelde-schraeg-Thumb.jpg 600w, https:\/\/alaev-lueneburg.de\/alawordpress\/wp-content\/uploads\/2026\/04\/2026.02.12-Deckengemaelde-schraeg-Thumb-300x188.jpg 300w\" sizes=\"auto, (max-width: 600px) 100vw, 600px\" \/>            <\/a>\n\t\t\t<\/div> <div class=\"colibri-post-thumbnail-content align-items-lg-center align-items-md-center align-items-center flex-basis-100\"><div class=\"w-100 h-y-container\"> <\/div><\/div><\/div><div data-colibri-id=\"8071-c6\" class=\"h-row-container gutters-row-lg-2 gutters-row-md-2 gutters-row-2 gutters-row-v-lg-2 gutters-row-v-md-2 gutters-row-v-2 style-1723 style-local-8071-c6 position-relative\"><div class=\"h-row justify-content-lg-center justify-content-md-center justify-content-center align-items-lg-stretch align-items-md-stretch align-items-stretch gutters-col-lg-2 gutters-col-md-2 gutters-col-2 gutters-col-v-lg-2 gutters-col-v-md-2 gutters-col-v-2\"> <div class=\"h-column h-column-container d-flex h-col-lg h-col-md h-col-auto style-1724-outer style-local-8071-c7-outer\"><div data-colibri-id=\"8071-c7\" class=\"d-flex h-flex-basis h-column__inner h-px-lg-2 h-px-md-2 h-px-2 v-inner-lg-2 v-inner-md-2 v-inner-2 style-1724 style-local-8071-c7 position-relative\"> <div class=\"w-100 h-y-container h-column__content h-column__v-align flex-basis-100 align-self-lg-start align-self-md-start align-self-start\"> <div data-colibri-id=\"8071-c8\" class=\"h-blog-categories style-1725 style-local-8071-c8 position-relative h-element\"><div class=\"h-global-transition-all\"><a class=\"d-inline-block colibri-post-category\" href=\"https:\/\/alaev-lueneburg.de\/alawordpress\/category\/ala-berichte\/\">ALA-Berichte<\/a><\/div><\/div><div data-colibri-id=\"8071-c9\" class=\"h-blog-title style-1726 style-local-8071-c9 position-relative h-element\"><div class=\"h-global-transition-all\"><a href=\"https:\/\/alaev-lueneburg.de\/alawordpress\/deckengemaelde-im-frueheren-edeka-wist\/\"><h4 class=\"colibri-word-wrap\">Deckengem\u00e4lde im fr\u00fcheren Edeka Wist<\/h4><\/a><\/div><\/div><div data-colibri-id=\"8071-c10\" class=\"style-1727 style-local-8071-c10 position-relative h-element\"><div class=\"h-global-transition-all\"><div class=\"colibri-post-excerpt\">Das mit Hilfe des ALA aufwendig restaurierte Deckengem\u00e4lde kann ab jetzt bestaunt werden. Sehenswert!<\/div><\/div><\/div><\/div><\/div><\/div><\/div><\/div><\/div><\/div><\/div>\n      \n      \n        <div class=\"h-column h-column-container d-flex h-col-lg-4 h-col-md-6 h-col-12 post-10580 post type-post status-publish format-standard has-post-thumbnail hentry category-ala-berichte masonry-item style-1721-outer style-local-8071-c4-outer\"><div data-colibri-id=\"8071-c4\" class=\"d-flex h-flex-basis h-column__inner h-px-lg-2 h-px-md-2 h-px-2 v-inner-lg-2 v-inner-md-2 v-inner-2 style-1721 style-local-8071-c4 position-relative\"> <div class=\"w-100 h-y-container h-column__content h-column__v-align flex-basis-100 align-self-lg-start align-self-md-start align-self-start\"> <div data-href=\"https:\/\/alaev-lueneburg.de\/alawordpress\/neue-ausgabe-der-aufrisse-erschienen\/\" data-colibri-component=\"link\" data-colibri-id=\"8071-c5\" class=\"colibri-post-thumbnail colibri-post-has-thumbnail style-1722 style-local-8071-c5 h-overflow-hidden position-relative h-element\"><div class=\"h-global-transition-all colibri-post-thumbnail-shortcode style-dynamic-8071-c5-height\">            <a href=\"https:\/\/alaev-lueneburg.de\/alawordpress\/neue-ausgabe-der-aufrisse-erschienen\/\" title=\"Neue Ausgabe der Aufrisse erschienen\">\n\t\t\t\t<img loading=\"lazy\" decoding=\"async\" width=\"1254\" height=\"754\" src=\"https:\/\/alaev-lueneburg.de\/alawordpress\/wp-content\/uploads\/2025\/11\/AufrisseTitel.jpg\" class=\"attachment-post-thumbnail size-post-thumbnail wp-post-image\" alt=\"\" srcset=\"https:\/\/alaev-lueneburg.de\/alawordpress\/wp-content\/uploads\/2025\/11\/AufrisseTitel.jpg 1254w, https:\/\/alaev-lueneburg.de\/alawordpress\/wp-content\/uploads\/2025\/11\/AufrisseTitel-300x180.jpg 300w, https:\/\/alaev-lueneburg.de\/alawordpress\/wp-content\/uploads\/2025\/11\/AufrisseTitel-1024x616.jpg 1024w, https:\/\/alaev-lueneburg.de\/alawordpress\/wp-content\/uploads\/2025\/11\/AufrisseTitel-768x462.jpg 768w\" sizes=\"auto, (max-width: 1254px) 100vw, 1254px\" \/>            <\/a>\n\t\t\t<\/div> <div class=\"colibri-post-thumbnail-content align-items-lg-center align-items-md-center align-items-center flex-basis-100\"><div class=\"w-100 h-y-container\"> <\/div><\/div><\/div><div data-colibri-id=\"8071-c6\" class=\"h-row-container gutters-row-lg-2 gutters-row-md-2 gutters-row-2 gutters-row-v-lg-2 gutters-row-v-md-2 gutters-row-v-2 style-1723 style-local-8071-c6 position-relative\"><div class=\"h-row justify-content-lg-center justify-content-md-center justify-content-center align-items-lg-stretch align-items-md-stretch align-items-stretch gutters-col-lg-2 gutters-col-md-2 gutters-col-2 gutters-col-v-lg-2 gutters-col-v-md-2 gutters-col-v-2\"> <div class=\"h-column h-column-container d-flex h-col-lg h-col-md h-col-auto style-1724-outer style-local-8071-c7-outer\"><div data-colibri-id=\"8071-c7\" class=\"d-flex h-flex-basis h-column__inner h-px-lg-2 h-px-md-2 h-px-2 v-inner-lg-2 v-inner-md-2 v-inner-2 style-1724 style-local-8071-c7 position-relative\"> <div class=\"w-100 h-y-container h-column__content h-column__v-align flex-basis-100 align-self-lg-start align-self-md-start align-self-start\"> <div data-colibri-id=\"8071-c8\" class=\"h-blog-categories style-1725 style-local-8071-c8 position-relative h-element\"><div class=\"h-global-transition-all\"><a class=\"d-inline-block colibri-post-category\" href=\"https:\/\/alaev-lueneburg.de\/alawordpress\/category\/ala-berichte\/\">ALA-Berichte<\/a><\/div><\/div><div data-colibri-id=\"8071-c9\" class=\"h-blog-title style-1726 style-local-8071-c9 position-relative h-element\"><div class=\"h-global-transition-all\"><a href=\"https:\/\/alaev-lueneburg.de\/alawordpress\/neue-ausgabe-der-aufrisse-erschienen\/\"><h4 class=\"colibri-word-wrap\">Neue Ausgabe der Aufrisse erschienen<\/h4><\/a><\/div><\/div><div data-colibri-id=\"8071-c10\" class=\"style-1727 style-local-8071-c10 position-relative h-element\"><div class=\"h-global-transition-all\"><div class=\"colibri-post-excerpt\">Das Medium f\u00fcr Diskussion, Dokumentation, Forschung und Meinung.<\/div><\/div><\/div><\/div><\/div><\/div><\/div><\/div><\/div><\/div><\/div>\n      \n      \n        <div class=\"h-column h-column-container d-flex h-col-lg-4 h-col-md-6 h-col-12 post-10524 post type-post status-publish format-standard has-post-thumbnail hentry category-ala-berichte masonry-item style-1721-outer style-local-8071-c4-outer\"><div data-colibri-id=\"8071-c4\" class=\"d-flex h-flex-basis h-column__inner h-px-lg-2 h-px-md-2 h-px-2 v-inner-lg-2 v-inner-md-2 v-inner-2 style-1721 style-local-8071-c4 position-relative\"> <div class=\"w-100 h-y-container h-column__content h-column__v-align flex-basis-100 align-self-lg-start align-self-md-start align-self-start\"> <div data-href=\"https:\/\/alaev-lueneburg.de\/alawordpress\/eindrucksvolle-deckenmalerei-von-1563-wurde-restauriert\/\" data-colibri-component=\"link\" data-colibri-id=\"8071-c5\" class=\"colibri-post-thumbnail colibri-post-has-thumbnail style-1722 style-local-8071-c5 h-overflow-hidden position-relative h-element\"><div class=\"h-global-transition-all colibri-post-thumbnail-shortcode style-dynamic-8071-c5-height\">            <a href=\"https:\/\/alaev-lueneburg.de\/alawordpress\/eindrucksvolle-deckenmalerei-von-1563-wurde-restauriert\/\" title=\"Eindrucksvolle Deckenmalerei von 1563  restauriert\">\n\t\t\t\t<img loading=\"lazy\" decoding=\"async\" width=\"640\" height=\"427\" src=\"https:\/\/alaev-lueneburg.de\/alawordpress\/wp-content\/uploads\/2025\/11\/Deckenmalerei-Thumb.jpg\" class=\"attachment-post-thumbnail size-post-thumbnail wp-post-image\" alt=\"\" srcset=\"https:\/\/alaev-lueneburg.de\/alawordpress\/wp-content\/uploads\/2025\/11\/Deckenmalerei-Thumb.jpg 640w, https:\/\/alaev-lueneburg.de\/alawordpress\/wp-content\/uploads\/2025\/11\/Deckenmalerei-Thumb-300x200.jpg 300w\" sizes=\"auto, (max-width: 640px) 100vw, 640px\" \/>            <\/a>\n\t\t\t<\/div> <div class=\"colibri-post-thumbnail-content align-items-lg-center align-items-md-center align-items-center flex-basis-100\"><div class=\"w-100 h-y-container\"> <\/div><\/div><\/div><div data-colibri-id=\"8071-c6\" class=\"h-row-container gutters-row-lg-2 gutters-row-md-2 gutters-row-2 gutters-row-v-lg-2 gutters-row-v-md-2 gutters-row-v-2 style-1723 style-local-8071-c6 position-relative\"><div class=\"h-row justify-content-lg-center justify-content-md-center justify-content-center align-items-lg-stretch align-items-md-stretch align-items-stretch gutters-col-lg-2 gutters-col-md-2 gutters-col-2 gutters-col-v-lg-2 gutters-col-v-md-2 gutters-col-v-2\"> <div class=\"h-column h-column-container d-flex h-col-lg h-col-md h-col-auto style-1724-outer style-local-8071-c7-outer\"><div data-colibri-id=\"8071-c7\" class=\"d-flex h-flex-basis h-column__inner h-px-lg-2 h-px-md-2 h-px-2 v-inner-lg-2 v-inner-md-2 v-inner-2 style-1724 style-local-8071-c7 position-relative\"> <div class=\"w-100 h-y-container h-column__content h-column__v-align flex-basis-100 align-self-lg-start align-self-md-start align-self-start\"> <div data-colibri-id=\"8071-c8\" class=\"h-blog-categories style-1725 style-local-8071-c8 position-relative h-element\"><div class=\"h-global-transition-all\"><a class=\"d-inline-block colibri-post-category\" href=\"https:\/\/alaev-lueneburg.de\/alawordpress\/category\/ala-berichte\/\">ALA-Berichte<\/a><\/div><\/div><div data-colibri-id=\"8071-c9\" class=\"h-blog-title style-1726 style-local-8071-c9 position-relative h-element\"><div class=\"h-global-transition-all\"><a href=\"https:\/\/alaev-lueneburg.de\/alawordpress\/eindrucksvolle-deckenmalerei-von-1563-wurde-restauriert\/\"><h4 class=\"colibri-word-wrap\">Eindrucksvolle Deckenmalerei von 1563  restauriert<\/h4><\/a><\/div><\/div><div data-colibri-id=\"8071-c10\" class=\"style-1727 style-local-8071-c10 position-relative h-element\"><div class=\"h-global-transition-all\"><div class=\"colibri-post-excerpt\">Der ALA unterst\u00fctze die Restaurierung.<\/div><\/div><\/div><\/div><\/div><\/div><\/div><\/div><\/div><\/div><\/div>\n      \n      \n        <div class=\"h-column h-column-container d-flex h-col-lg-4 h-col-md-6 h-col-12 post-10323 post type-post status-publish format-standard has-post-thumbnail hentry category-ala-berichte masonry-item style-1721-outer style-local-8071-c4-outer\"><div data-colibri-id=\"8071-c4\" class=\"d-flex h-flex-basis h-column__inner h-px-lg-2 h-px-md-2 h-px-2 v-inner-lg-2 v-inner-md-2 v-inner-2 style-1721 style-local-8071-c4 position-relative\"> <div class=\"w-100 h-y-container h-column__content h-column__v-align flex-basis-100 align-self-lg-start align-self-md-start align-self-start\"> <div data-href=\"https:\/\/alaev-lueneburg.de\/alawordpress\/infobrief-juli-2025\/\" data-colibri-component=\"link\" data-colibri-id=\"8071-c5\" class=\"colibri-post-thumbnail colibri-post-has-thumbnail style-1722 style-local-8071-c5 h-overflow-hidden position-relative h-element\"><div class=\"h-global-transition-all colibri-post-thumbnail-shortcode style-dynamic-8071-c5-height\">            <a href=\"https:\/\/alaev-lueneburg.de\/alawordpress\/infobrief-juli-2025\/\" title=\"Infobrief Juli 2025\">\n\t\t\t\t<img loading=\"lazy\" decoding=\"async\" width=\"1200\" height=\"565\" src=\"https:\/\/alaev-lueneburg.de\/alawordpress\/wp-content\/uploads\/2025\/03\/gericht.jpg\" class=\"attachment-post-thumbnail size-post-thumbnail wp-post-image\" alt=\"\" srcset=\"https:\/\/alaev-lueneburg.de\/alawordpress\/wp-content\/uploads\/2025\/03\/gericht.jpg 1200w, https:\/\/alaev-lueneburg.de\/alawordpress\/wp-content\/uploads\/2025\/03\/gericht-300x141.jpg 300w, https:\/\/alaev-lueneburg.de\/alawordpress\/wp-content\/uploads\/2025\/03\/gericht-1024x482.jpg 1024w, https:\/\/alaev-lueneburg.de\/alawordpress\/wp-content\/uploads\/2025\/03\/gericht-768x362.jpg 768w\" sizes=\"auto, (max-width: 1200px) 100vw, 1200px\" \/>            <\/a>\n\t\t\t<\/div> <div class=\"colibri-post-thumbnail-content align-items-lg-center align-items-md-center align-items-center flex-basis-100\"><div class=\"w-100 h-y-container\"> <\/div><\/div><\/div><div data-colibri-id=\"8071-c6\" class=\"h-row-container gutters-row-lg-2 gutters-row-md-2 gutters-row-2 gutters-row-v-lg-2 gutters-row-v-md-2 gutters-row-v-2 style-1723 style-local-8071-c6 position-relative\"><div class=\"h-row justify-content-lg-center justify-content-md-center justify-content-center align-items-lg-stretch align-items-md-stretch align-items-stretch gutters-col-lg-2 gutters-col-md-2 gutters-col-2 gutters-col-v-lg-2 gutters-col-v-md-2 gutters-col-v-2\"> <div class=\"h-column h-column-container d-flex h-col-lg h-col-md h-col-auto style-1724-outer style-local-8071-c7-outer\"><div data-colibri-id=\"8071-c7\" class=\"d-flex h-flex-basis h-column__inner h-px-lg-2 h-px-md-2 h-px-2 v-inner-lg-2 v-inner-md-2 v-inner-2 style-1724 style-local-8071-c7 position-relative\"> <div class=\"w-100 h-y-container h-column__content h-column__v-align flex-basis-100 align-self-lg-start align-self-md-start align-self-start\"> <div data-colibri-id=\"8071-c8\" class=\"h-blog-categories style-1725 style-local-8071-c8 position-relative h-element\"><div class=\"h-global-transition-all\"><a class=\"d-inline-block colibri-post-category\" href=\"https:\/\/alaev-lueneburg.de\/alawordpress\/category\/ala-berichte\/\">ALA-Berichte<\/a><\/div><\/div><div data-colibri-id=\"8071-c9\" class=\"h-blog-title style-1726 style-local-8071-c9 position-relative h-element\"><div class=\"h-global-transition-all\"><a href=\"https:\/\/alaev-lueneburg.de\/alawordpress\/infobrief-juli-2025\/\"><h4 class=\"colibri-word-wrap\">Infobrief Juli 2025<\/h4><\/a><\/div><\/div><div data-colibri-id=\"8071-c10\" class=\"style-1727 style-local-8071-c10 position-relative h-element\"><div class=\"h-global-transition-all\"><div class=\"colibri-post-excerpt\">Es ist viel passiert - hier kommt der neue ALA Infobrief.<\/div><\/div><\/div><\/div><\/div><\/div><\/div><\/div><\/div><\/div><\/div>\n      \n      \n        <div class=\"h-column h-column-container d-flex h-col-lg-4 h-col-md-6 h-col-12 post-10183 post type-post status-publish format-standard has-post-thumbnail hentry category-ala-berichte masonry-item style-1721-outer style-local-8071-c4-outer\"><div data-colibri-id=\"8071-c4\" class=\"d-flex h-flex-basis h-column__inner h-px-lg-2 h-px-md-2 h-px-2 v-inner-lg-2 v-inner-md-2 v-inner-2 style-1721 style-local-8071-c4 position-relative\"> <div class=\"w-100 h-y-container h-column__content h-column__v-align flex-basis-100 align-self-lg-start align-self-md-start align-self-start\"> <div data-href=\"https:\/\/alaev-lueneburg.de\/alawordpress\/tour-rund-um-st-michaelis\/\" data-colibri-component=\"link\" data-colibri-id=\"8071-c5\" class=\"colibri-post-thumbnail colibri-post-has-thumbnail style-1722 style-local-8071-c5 h-overflow-hidden position-relative h-element\"><div class=\"h-global-transition-all colibri-post-thumbnail-shortcode style-dynamic-8071-c5-height\">            <a href=\"https:\/\/alaev-lueneburg.de\/alawordpress\/tour-rund-um-st-michaelis\/\" title=\"Tour rund um St. Michaelis\">\n\t\t\t\t<img loading=\"lazy\" decoding=\"async\" width=\"600\" height=\"800\" src=\"https:\/\/alaev-lueneburg.de\/alawordpress\/wp-content\/uploads\/2025\/07\/2025.07.10-Rundgang-St.Michaelis-Kapitelsaal-600x.jpg\" class=\"attachment-post-thumbnail size-post-thumbnail wp-post-image\" alt=\"\" srcset=\"https:\/\/alaev-lueneburg.de\/alawordpress\/wp-content\/uploads\/2025\/07\/2025.07.10-Rundgang-St.Michaelis-Kapitelsaal-600x.jpg 600w, https:\/\/alaev-lueneburg.de\/alawordpress\/wp-content\/uploads\/2025\/07\/2025.07.10-Rundgang-St.Michaelis-Kapitelsaal-600x-225x300.jpg 225w\" sizes=\"auto, (max-width: 600px) 100vw, 600px\" \/>            <\/a>\n\t\t\t<\/div> <div class=\"colibri-post-thumbnail-content align-items-lg-center align-items-md-center align-items-center flex-basis-100\"><div class=\"w-100 h-y-container\"> <\/div><\/div><\/div><div data-colibri-id=\"8071-c6\" class=\"h-row-container gutters-row-lg-2 gutters-row-md-2 gutters-row-2 gutters-row-v-lg-2 gutters-row-v-md-2 gutters-row-v-2 style-1723 style-local-8071-c6 position-relative\"><div class=\"h-row justify-content-lg-center justify-content-md-center justify-content-center align-items-lg-stretch align-items-md-stretch align-items-stretch gutters-col-lg-2 gutters-col-md-2 gutters-col-2 gutters-col-v-lg-2 gutters-col-v-md-2 gutters-col-v-2\"> <div class=\"h-column h-column-container d-flex h-col-lg h-col-md h-col-auto style-1724-outer style-local-8071-c7-outer\"><div data-colibri-id=\"8071-c7\" class=\"d-flex h-flex-basis h-column__inner h-px-lg-2 h-px-md-2 h-px-2 v-inner-lg-2 v-inner-md-2 v-inner-2 style-1724 style-local-8071-c7 position-relative\"> <div class=\"w-100 h-y-container h-column__content h-column__v-align flex-basis-100 align-self-lg-start align-self-md-start align-self-start\"> <div data-colibri-id=\"8071-c8\" class=\"h-blog-categories style-1725 style-local-8071-c8 position-relative h-element\"><div class=\"h-global-transition-all\"><a class=\"d-inline-block colibri-post-category\" href=\"https:\/\/alaev-lueneburg.de\/alawordpress\/category\/ala-berichte\/\">ALA-Berichte<\/a><\/div><\/div><div data-colibri-id=\"8071-c9\" class=\"h-blog-title style-1726 style-local-8071-c9 position-relative h-element\"><div class=\"h-global-transition-all\"><a href=\"https:\/\/alaev-lueneburg.de\/alawordpress\/tour-rund-um-st-michaelis\/\"><h4 class=\"colibri-word-wrap\">Tour rund um St. Michaelis<\/h4><\/a><\/div><\/div><div data-colibri-id=\"8071-c10\" class=\"style-1727 style-local-8071-c10 position-relative h-element\"><div class=\"h-global-transition-all\"><div class=\"colibri-post-excerpt\">Die Geschichte des ehemaligen Benediktinerklosters wurde lebendig. <\/div><\/div><\/div><\/div><\/div><\/div><\/div><\/div><\/div><\/div><\/div>\n      \n      \n        <div class=\"h-column h-column-container d-flex h-col-lg-4 h-col-md-6 h-col-12 post-10152 post type-post status-publish format-standard has-post-thumbnail hentry category-ala-berichte masonry-item style-1721-outer style-local-8071-c4-outer\"><div data-colibri-id=\"8071-c4\" class=\"d-flex h-flex-basis h-column__inner h-px-lg-2 h-px-md-2 h-px-2 v-inner-lg-2 v-inner-md-2 v-inner-2 style-1721 style-local-8071-c4 position-relative\"> <div class=\"w-100 h-y-container h-column__content h-column__v-align flex-basis-100 align-self-lg-start align-self-md-start align-self-start\"> <div data-href=\"https:\/\/alaev-lueneburg.de\/alawordpress\/neue-ala-webseite-ist-online\/\" data-colibri-component=\"link\" data-colibri-id=\"8071-c5\" class=\"colibri-post-thumbnail colibri-post-has-thumbnail style-1722 style-local-8071-c5 h-overflow-hidden position-relative h-element\"><div class=\"h-global-transition-all colibri-post-thumbnail-shortcode style-dynamic-8071-c5-height\">            <a href=\"https:\/\/alaev-lueneburg.de\/alawordpress\/neue-ala-webseite-ist-online\/\" title=\"Neue ALA Webseite ist online\">\n\t\t\t\t<img loading=\"lazy\" decoding=\"async\" width=\"600\" height=\"390\" src=\"https:\/\/alaev-lueneburg.de\/alawordpress\/wp-content\/uploads\/2025\/07\/2025.07.03-Neue-Webseite-600x.jpg\" class=\"attachment-post-thumbnail size-post-thumbnail wp-post-image\" alt=\"\" srcset=\"https:\/\/alaev-lueneburg.de\/alawordpress\/wp-content\/uploads\/2025\/07\/2025.07.03-Neue-Webseite-600x.jpg 600w, https:\/\/alaev-lueneburg.de\/alawordpress\/wp-content\/uploads\/2025\/07\/2025.07.03-Neue-Webseite-600x-300x195.jpg 300w\" sizes=\"auto, (max-width: 600px) 100vw, 600px\" \/>            <\/a>\n\t\t\t<\/div> <div class=\"colibri-post-thumbnail-content align-items-lg-center align-items-md-center align-items-center flex-basis-100\"><div class=\"w-100 h-y-container\"> <\/div><\/div><\/div><div data-colibri-id=\"8071-c6\" class=\"h-row-container gutters-row-lg-2 gutters-row-md-2 gutters-row-2 gutters-row-v-lg-2 gutters-row-v-md-2 gutters-row-v-2 style-1723 style-local-8071-c6 position-relative\"><div class=\"h-row justify-content-lg-center justify-content-md-center justify-content-center align-items-lg-stretch align-items-md-stretch align-items-stretch gutters-col-lg-2 gutters-col-md-2 gutters-col-2 gutters-col-v-lg-2 gutters-col-v-md-2 gutters-col-v-2\"> <div class=\"h-column h-column-container d-flex h-col-lg h-col-md h-col-auto style-1724-outer style-local-8071-c7-outer\"><div data-colibri-id=\"8071-c7\" class=\"d-flex h-flex-basis h-column__inner h-px-lg-2 h-px-md-2 h-px-2 v-inner-lg-2 v-inner-md-2 v-inner-2 style-1724 style-local-8071-c7 position-relative\"> <div class=\"w-100 h-y-container h-column__content h-column__v-align flex-basis-100 align-self-lg-start align-self-md-start align-self-start\"> <div data-colibri-id=\"8071-c8\" class=\"h-blog-categories style-1725 style-local-8071-c8 position-relative h-element\"><div class=\"h-global-transition-all\"><a class=\"d-inline-block colibri-post-category\" href=\"https:\/\/alaev-lueneburg.de\/alawordpress\/category\/ala-berichte\/\">ALA-Berichte<\/a><\/div><\/div><div data-colibri-id=\"8071-c9\" class=\"h-blog-title style-1726 style-local-8071-c9 position-relative h-element\"><div class=\"h-global-transition-all\"><a href=\"https:\/\/alaev-lueneburg.de\/alawordpress\/neue-ala-webseite-ist-online\/\"><h4 class=\"colibri-word-wrap\">Neue ALA Webseite ist online<\/h4><\/a><\/div><\/div><div data-colibri-id=\"8071-c10\" class=\"style-1727 style-local-8071-c10 position-relative h-element\"><div class=\"h-global-transition-all\"><div class=\"colibri-post-excerpt\">Die neue Webseite zeigt im neuen Outfit, wie wichtig die Arbeit des Arbeitskreises auch heute noch ist.<\/div><\/div><\/div><\/div><\/div><\/div><\/div><\/div><\/div><\/div><\/div>\n      \n      \n        <div class=\"h-column h-column-container d-flex h-col-lg-4 h-col-md-6 h-col-12 post-9848 post type-post status-publish format-standard has-post-thumbnail hentry category-ala-berichte masonry-item style-1721-outer style-local-8071-c4-outer\"><div data-colibri-id=\"8071-c4\" class=\"d-flex h-flex-basis h-column__inner h-px-lg-2 h-px-md-2 h-px-2 v-inner-lg-2 v-inner-md-2 v-inner-2 style-1721 style-local-8071-c4 position-relative\"> <div class=\"w-100 h-y-container h-column__content h-column__v-align flex-basis-100 align-self-lg-start align-self-md-start align-self-start\"> <div data-href=\"https:\/\/alaev-lueneburg.de\/alawordpress\/ala-auf-dem-stadtfest-von-lueneburg\/\" data-colibri-component=\"link\" data-colibri-id=\"8071-c5\" class=\"colibri-post-thumbnail colibri-post-has-thumbnail style-1722 style-local-8071-c5 h-overflow-hidden position-relative h-element\"><div class=\"h-global-transition-all colibri-post-thumbnail-shortcode style-dynamic-8071-c5-height\">            <a href=\"https:\/\/alaev-lueneburg.de\/alawordpress\/ala-auf-dem-stadtfest-von-lueneburg\/\" title=\"ALA auf dem Stadtfest von L\u00fcneburg\">\n\t\t\t\t<img loading=\"lazy\" decoding=\"async\" width=\"2560\" height=\"1692\" src=\"https:\/\/alaev-lueneburg.de\/alawordpress\/wp-content\/uploads\/2025\/06\/2025.06.26-Stadtfest-scaled.jpg\" class=\"attachment-post-thumbnail size-post-thumbnail wp-post-image\" alt=\"\" srcset=\"https:\/\/alaev-lueneburg.de\/alawordpress\/wp-content\/uploads\/2025\/06\/2025.06.26-Stadtfest-scaled.jpg 2560w, https:\/\/alaev-lueneburg.de\/alawordpress\/wp-content\/uploads\/2025\/06\/2025.06.26-Stadtfest-300x198.jpg 300w, https:\/\/alaev-lueneburg.de\/alawordpress\/wp-content\/uploads\/2025\/06\/2025.06.26-Stadtfest-1024x677.jpg 1024w, https:\/\/alaev-lueneburg.de\/alawordpress\/wp-content\/uploads\/2025\/06\/2025.06.26-Stadtfest-768x508.jpg 768w, https:\/\/alaev-lueneburg.de\/alawordpress\/wp-content\/uploads\/2025\/06\/2025.06.26-Stadtfest-1536x1015.jpg 1536w, https:\/\/alaev-lueneburg.de\/alawordpress\/wp-content\/uploads\/2025\/06\/2025.06.26-Stadtfest-2048x1353.jpg 2048w\" sizes=\"auto, (max-width: 2560px) 100vw, 2560px\" \/>            <\/a>\n\t\t\t<\/div> <div class=\"colibri-post-thumbnail-content align-items-lg-center align-items-md-center align-items-center flex-basis-100\"><div class=\"w-100 h-y-container\"> <\/div><\/div><\/div><div data-colibri-id=\"8071-c6\" class=\"h-row-container gutters-row-lg-2 gutters-row-md-2 gutters-row-2 gutters-row-v-lg-2 gutters-row-v-md-2 gutters-row-v-2 style-1723 style-local-8071-c6 position-relative\"><div class=\"h-row justify-content-lg-center justify-content-md-center justify-content-center align-items-lg-stretch align-items-md-stretch align-items-stretch gutters-col-lg-2 gutters-col-md-2 gutters-col-2 gutters-col-v-lg-2 gutters-col-v-md-2 gutters-col-v-2\"> <div class=\"h-column h-column-container d-flex h-col-lg h-col-md h-col-auto style-1724-outer style-local-8071-c7-outer\"><div data-colibri-id=\"8071-c7\" class=\"d-flex h-flex-basis h-column__inner h-px-lg-2 h-px-md-2 h-px-2 v-inner-lg-2 v-inner-md-2 v-inner-2 style-1724 style-local-8071-c7 position-relative\"> <div class=\"w-100 h-y-container h-column__content h-column__v-align flex-basis-100 align-self-lg-start align-self-md-start align-self-start\"> <div data-colibri-id=\"8071-c8\" class=\"h-blog-categories style-1725 style-local-8071-c8 position-relative h-element\"><div class=\"h-global-transition-all\"><a class=\"d-inline-block colibri-post-category\" href=\"https:\/\/alaev-lueneburg.de\/alawordpress\/category\/ala-berichte\/\">ALA-Berichte<\/a><\/div><\/div><div data-colibri-id=\"8071-c9\" class=\"h-blog-title style-1726 style-local-8071-c9 position-relative h-element\"><div class=\"h-global-transition-all\"><a href=\"https:\/\/alaev-lueneburg.de\/alawordpress\/ala-auf-dem-stadtfest-von-lueneburg\/\"><h4 class=\"colibri-word-wrap\">ALA auf dem Stadtfest von L\u00fcneburg<\/h4><\/a><\/div><\/div><div data-colibri-id=\"8071-c10\" class=\"style-1727 style-local-8071-c10 position-relative h-element\"><div class=\"h-global-transition-all\"><div class=\"colibri-post-excerpt\">Der ALA bot einen Einblick in die Arbeit der vergangenen 50-j\u00e4hrigen T\u00e4tigkeit.<\/div><\/div><\/div><\/div><\/div><\/div><\/div><\/div><\/div><\/div><\/div>\n      \n      \n        <div class=\"h-column h-column-container d-flex h-col-lg-4 h-col-md-6 h-col-12 post-9481 post type-post status-publish format-standard has-post-thumbnail hentry category-ala-berichte masonry-item style-1721-outer style-local-8071-c4-outer\"><div data-colibri-id=\"8071-c4\" class=\"d-flex h-flex-basis h-column__inner h-px-lg-2 h-px-md-2 h-px-2 v-inner-lg-2 v-inner-md-2 v-inner-2 style-1721 style-local-8071-c4 position-relative\"> <div class=\"w-100 h-y-container h-column__content h-column__v-align flex-basis-100 align-self-lg-start align-self-md-start align-self-start\"> <div data-href=\"https:\/\/alaev-lueneburg.de\/alawordpress\/eine-strasse-viele-geschichten\/\" data-colibri-component=\"link\" data-colibri-id=\"8071-c5\" class=\"colibri-post-thumbnail colibri-post-has-thumbnail style-1722 style-local-8071-c5 h-overflow-hidden position-relative h-element\"><div class=\"h-global-transition-all colibri-post-thumbnail-shortcode style-dynamic-8071-c5-height\">            <a href=\"https:\/\/alaev-lueneburg.de\/alawordpress\/eine-strasse-viele-geschichten\/\" title=\"Eine Stra\u00dfe, viele Geschichten\">\n\t\t\t\t<img loading=\"lazy\" decoding=\"async\" width=\"1196\" height=\"958\" src=\"https:\/\/alaev-lueneburg.de\/alawordpress\/wp-content\/uploads\/2025\/06\/2025.05.26-Rundgang-Thumb.jpg\" class=\"attachment-post-thumbnail size-post-thumbnail wp-post-image\" alt=\"\" srcset=\"https:\/\/alaev-lueneburg.de\/alawordpress\/wp-content\/uploads\/2025\/06\/2025.05.26-Rundgang-Thumb.jpg 1196w, https:\/\/alaev-lueneburg.de\/alawordpress\/wp-content\/uploads\/2025\/06\/2025.05.26-Rundgang-Thumb-300x240.jpg 300w, https:\/\/alaev-lueneburg.de\/alawordpress\/wp-content\/uploads\/2025\/06\/2025.05.26-Rundgang-Thumb-1024x820.jpg 1024w, https:\/\/alaev-lueneburg.de\/alawordpress\/wp-content\/uploads\/2025\/06\/2025.05.26-Rundgang-Thumb-768x615.jpg 768w\" sizes=\"auto, (max-width: 1196px) 100vw, 1196px\" \/>            <\/a>\n\t\t\t<\/div> <div class=\"colibri-post-thumbnail-content align-items-lg-center align-items-md-center align-items-center flex-basis-100\"><div class=\"w-100 h-y-container\"> <\/div><\/div><\/div><div data-colibri-id=\"8071-c6\" class=\"h-row-container gutters-row-lg-2 gutters-row-md-2 gutters-row-2 gutters-row-v-lg-2 gutters-row-v-md-2 gutters-row-v-2 style-1723 style-local-8071-c6 position-relative\"><div class=\"h-row justify-content-lg-center justify-content-md-center justify-content-center align-items-lg-stretch align-items-md-stretch align-items-stretch gutters-col-lg-2 gutters-col-md-2 gutters-col-2 gutters-col-v-lg-2 gutters-col-v-md-2 gutters-col-v-2\"> <div class=\"h-column h-column-container d-flex h-col-lg h-col-md h-col-auto style-1724-outer style-local-8071-c7-outer\"><div data-colibri-id=\"8071-c7\" class=\"d-flex h-flex-basis h-column__inner h-px-lg-2 h-px-md-2 h-px-2 v-inner-lg-2 v-inner-md-2 v-inner-2 style-1724 style-local-8071-c7 position-relative\"> <div class=\"w-100 h-y-container h-column__content h-column__v-align flex-basis-100 align-self-lg-start align-self-md-start align-self-start\"> <div data-colibri-id=\"8071-c8\" class=\"h-blog-categories style-1725 style-local-8071-c8 position-relative h-element\"><div class=\"h-global-transition-all\"><a class=\"d-inline-block colibri-post-category\" href=\"https:\/\/alaev-lueneburg.de\/alawordpress\/category\/ala-berichte\/\">ALA-Berichte<\/a><\/div><\/div><div data-colibri-id=\"8071-c9\" class=\"h-blog-title style-1726 style-local-8071-c9 position-relative h-element\"><div class=\"h-global-transition-all\"><a href=\"https:\/\/alaev-lueneburg.de\/alawordpress\/eine-strasse-viele-geschichten\/\"><h4 class=\"colibri-word-wrap\">Eine Stra\u00dfe, viele Geschichten<\/h4><\/a><\/div><\/div><div data-colibri-id=\"8071-c10\" class=\"style-1727 style-local-8071-c10 position-relative h-element\"><div class=\"h-global-transition-all\"><div class=\"colibri-post-excerpt\">Rundgang \u201eAuf der Altstadt\" - Verborgene Geschichten hinter Hausfasaden.<\/div><\/div><\/div><\/div><\/div><\/div><\/div><\/div><\/div><\/div><\/div>\n      \n      \n        <div class=\"h-column h-column-container d-flex h-col-lg-4 h-col-md-6 h-col-12 post-9671 post type-post status-publish format-standard has-post-thumbnail hentry category-ala-berichte masonry-item style-1721-outer style-local-8071-c4-outer\"><div data-colibri-id=\"8071-c4\" class=\"d-flex h-flex-basis h-column__inner h-px-lg-2 h-px-md-2 h-px-2 v-inner-lg-2 v-inner-md-2 v-inner-2 style-1721 style-local-8071-c4 position-relative\"> <div class=\"w-100 h-y-container h-column__content h-column__v-align flex-basis-100 align-self-lg-start align-self-md-start align-self-start\"> <div data-href=\"https:\/\/alaev-lueneburg.de\/alawordpress\/alter-kran-wieder-beschmiert\/\" data-colibri-component=\"link\" data-colibri-id=\"8071-c5\" class=\"colibri-post-thumbnail colibri-post-has-thumbnail style-1722 style-local-8071-c5 h-overflow-hidden position-relative h-element\"><div class=\"h-global-transition-all colibri-post-thumbnail-shortcode style-dynamic-8071-c5-height\">            <a href=\"https:\/\/alaev-lueneburg.de\/alawordpress\/alter-kran-wieder-beschmiert\/\" title=\"Alter Kran wieder beschmiert\">\n\t\t\t\t<img loading=\"lazy\" decoding=\"async\" width=\"2048\" height=\"1536\" src=\"https:\/\/alaev-lueneburg.de\/alawordpress\/wp-content\/uploads\/2025\/06\/2025.05.31-Kran-beschmiert.jpg\" class=\"attachment-post-thumbnail size-post-thumbnail wp-post-image\" alt=\"\" srcset=\"https:\/\/alaev-lueneburg.de\/alawordpress\/wp-content\/uploads\/2025\/06\/2025.05.31-Kran-beschmiert.jpg 2048w, https:\/\/alaev-lueneburg.de\/alawordpress\/wp-content\/uploads\/2025\/06\/2025.05.31-Kran-beschmiert-300x225.jpg 300w, https:\/\/alaev-lueneburg.de\/alawordpress\/wp-content\/uploads\/2025\/06\/2025.05.31-Kran-beschmiert-1024x768.jpg 1024w, https:\/\/alaev-lueneburg.de\/alawordpress\/wp-content\/uploads\/2025\/06\/2025.05.31-Kran-beschmiert-768x576.jpg 768w, https:\/\/alaev-lueneburg.de\/alawordpress\/wp-content\/uploads\/2025\/06\/2025.05.31-Kran-beschmiert-1536x1152.jpg 1536w\" sizes=\"auto, (max-width: 2048px) 100vw, 2048px\" \/>            <\/a>\n\t\t\t<\/div> <div class=\"colibri-post-thumbnail-content align-items-lg-center align-items-md-center align-items-center flex-basis-100\"><div class=\"w-100 h-y-container\"> <\/div><\/div><\/div><div data-colibri-id=\"8071-c6\" class=\"h-row-container gutters-row-lg-2 gutters-row-md-2 gutters-row-2 gutters-row-v-lg-2 gutters-row-v-md-2 gutters-row-v-2 style-1723 style-local-8071-c6 position-relative\"><div class=\"h-row justify-content-lg-center justify-content-md-center justify-content-center align-items-lg-stretch align-items-md-stretch align-items-stretch gutters-col-lg-2 gutters-col-md-2 gutters-col-2 gutters-col-v-lg-2 gutters-col-v-md-2 gutters-col-v-2\"> <div class=\"h-column h-column-container d-flex h-col-lg h-col-md h-col-auto style-1724-outer style-local-8071-c7-outer\"><div data-colibri-id=\"8071-c7\" class=\"d-flex h-flex-basis h-column__inner h-px-lg-2 h-px-md-2 h-px-2 v-inner-lg-2 v-inner-md-2 v-inner-2 style-1724 style-local-8071-c7 position-relative\"> <div class=\"w-100 h-y-container h-column__content h-column__v-align flex-basis-100 align-self-lg-start align-self-md-start align-self-start\"> <div data-colibri-id=\"8071-c8\" class=\"h-blog-categories style-1725 style-local-8071-c8 position-relative h-element\"><div class=\"h-global-transition-all\"><a class=\"d-inline-block colibri-post-category\" href=\"https:\/\/alaev-lueneburg.de\/alawordpress\/category\/ala-berichte\/\">ALA-Berichte<\/a><\/div><\/div><div data-colibri-id=\"8071-c9\" class=\"h-blog-title style-1726 style-local-8071-c9 position-relative h-element\"><div class=\"h-global-transition-all\"><a href=\"https:\/\/alaev-lueneburg.de\/alawordpress\/alter-kran-wieder-beschmiert\/\"><h4 class=\"colibri-word-wrap\">Alter Kran wieder beschmiert<\/h4><\/a><\/div><\/div><div data-colibri-id=\"8071-c10\" class=\"style-1727 style-local-8071-c10 position-relative h-element\"><div class=\"h-global-transition-all\"><div class=\"colibri-post-excerpt\">Zum drittem Mal innerhalb von 18 Monaten wurde der Alte Kran beschmiert.<\/div><\/div><\/div><\/div><\/div><\/div><\/div><\/div><\/div><\/div><\/div>\n      \n      \n        <div class=\"h-column h-column-container d-flex h-col-lg-4 h-col-md-6 h-col-12 post-9407 post type-post status-publish format-standard has-post-thumbnail hentry category-ala-berichte masonry-item style-1721-outer style-local-8071-c4-outer\"><div data-colibri-id=\"8071-c4\" class=\"d-flex h-flex-basis h-column__inner h-px-lg-2 h-px-md-2 h-px-2 v-inner-lg-2 v-inner-md-2 v-inner-2 style-1721 style-local-8071-c4 position-relative\"> <div class=\"w-100 h-y-container h-column__content h-column__v-align flex-basis-100 align-self-lg-start align-self-md-start align-self-start\"> <div data-href=\"https:\/\/alaev-lueneburg.de\/alawordpress\/restaurierung-im-ehemaligen-hotel-scheffler\/\" data-colibri-component=\"link\" data-colibri-id=\"8071-c5\" class=\"colibri-post-thumbnail colibri-post-has-thumbnail style-1722 style-local-8071-c5 h-overflow-hidden position-relative h-element\"><div class=\"h-global-transition-all colibri-post-thumbnail-shortcode style-dynamic-8071-c5-height\">            <a href=\"https:\/\/alaev-lueneburg.de\/alawordpress\/restaurierung-im-ehemaligen-hotel-scheffler\/\" title=\"Restaurierung im ehemaligen Hotel Scheffler\">\n\t\t\t\t<img loading=\"lazy\" decoding=\"async\" width=\"2048\" height=\"1152\" src=\"https:\/\/alaev-lueneburg.de\/alawordpress\/wp-content\/uploads\/2025\/06\/2025.05.-Scheffler-6.jpg\" class=\"attachment-post-thumbnail size-post-thumbnail wp-post-image\" alt=\"\" srcset=\"https:\/\/alaev-lueneburg.de\/alawordpress\/wp-content\/uploads\/2025\/06\/2025.05.-Scheffler-6.jpg 2048w, https:\/\/alaev-lueneburg.de\/alawordpress\/wp-content\/uploads\/2025\/06\/2025.05.-Scheffler-6-300x169.jpg 300w, https:\/\/alaev-lueneburg.de\/alawordpress\/wp-content\/uploads\/2025\/06\/2025.05.-Scheffler-6-1024x576.jpg 1024w, https:\/\/alaev-lueneburg.de\/alawordpress\/wp-content\/uploads\/2025\/06\/2025.05.-Scheffler-6-768x432.jpg 768w, https:\/\/alaev-lueneburg.de\/alawordpress\/wp-content\/uploads\/2025\/06\/2025.05.-Scheffler-6-1536x864.jpg 1536w\" sizes=\"auto, (max-width: 2048px) 100vw, 2048px\" \/>            <\/a>\n\t\t\t<\/div> <div class=\"colibri-post-thumbnail-content align-items-lg-center align-items-md-center align-items-center flex-basis-100\"><div class=\"w-100 h-y-container\"> <\/div><\/div><\/div><div data-colibri-id=\"8071-c6\" class=\"h-row-container gutters-row-lg-2 gutters-row-md-2 gutters-row-2 gutters-row-v-lg-2 gutters-row-v-md-2 gutters-row-v-2 style-1723 style-local-8071-c6 position-relative\"><div class=\"h-row justify-content-lg-center justify-content-md-center justify-content-center align-items-lg-stretch align-items-md-stretch align-items-stretch gutters-col-lg-2 gutters-col-md-2 gutters-col-2 gutters-col-v-lg-2 gutters-col-v-md-2 gutters-col-v-2\"> <div class=\"h-column h-column-container d-flex h-col-lg h-col-md h-col-auto style-1724-outer style-local-8071-c7-outer\"><div data-colibri-id=\"8071-c7\" class=\"d-flex h-flex-basis h-column__inner h-px-lg-2 h-px-md-2 h-px-2 v-inner-lg-2 v-inner-md-2 v-inner-2 style-1724 style-local-8071-c7 position-relative\"> <div class=\"w-100 h-y-container h-column__content h-column__v-align flex-basis-100 align-self-lg-start align-self-md-start align-self-start\"> <div data-colibri-id=\"8071-c8\" class=\"h-blog-categories style-1725 style-local-8071-c8 position-relative h-element\"><div class=\"h-global-transition-all\"><a class=\"d-inline-block colibri-post-category\" href=\"https:\/\/alaev-lueneburg.de\/alawordpress\/category\/ala-berichte\/\">ALA-Berichte<\/a><\/div><\/div><div data-colibri-id=\"8071-c9\" class=\"h-blog-title style-1726 style-local-8071-c9 position-relative h-element\"><div class=\"h-global-transition-all\"><a href=\"https:\/\/alaev-lueneburg.de\/alawordpress\/restaurierung-im-ehemaligen-hotel-scheffler\/\"><h4 class=\"colibri-word-wrap\">Restaurierung im ehemaligen Hotel Scheffler<\/h4><\/a><\/div><\/div><div data-colibri-id=\"8071-c10\" class=\"style-1727 style-local-8071-c10 position-relative h-element\"><div class=\"h-global-transition-all\"><div class=\"colibri-post-excerpt\">Im ehemaligen Hotel \u201eScheffler\u201c befindet sich eine farbenfrohe Deckenmalerei.<\/div><\/div><\/div><\/div><\/div><\/div><\/div><\/div><\/div><\/div><\/div>\n      \n      \n        <div class=\"h-column h-column-container d-flex h-col-lg-4 h-col-md-6 h-col-12 post-9284 post type-post status-publish format-standard has-post-thumbnail hentry category-ala-berichte masonry-item style-1721-outer style-local-8071-c4-outer\"><div data-colibri-id=\"8071-c4\" class=\"d-flex h-flex-basis h-column__inner h-px-lg-2 h-px-md-2 h-px-2 v-inner-lg-2 v-inner-md-2 v-inner-2 style-1721 style-local-8071-c4 position-relative\"> <div class=\"w-100 h-y-container h-column__content h-column__v-align flex-basis-100 align-self-lg-start align-self-md-start align-self-start\"> <div data-href=\"https:\/\/alaev-lueneburg.de\/alawordpress\/mitgliederversammlung-2025-neuer-vorstand\/\" data-colibri-component=\"link\" data-colibri-id=\"8071-c5\" class=\"colibri-post-thumbnail colibri-post-has-thumbnail style-1722 style-local-8071-c5 h-overflow-hidden position-relative h-element\"><div class=\"h-global-transition-all colibri-post-thumbnail-shortcode style-dynamic-8071-c5-height\">            <a href=\"https:\/\/alaev-lueneburg.de\/alawordpress\/mitgliederversammlung-2025-neuer-vorstand\/\" title=\"Mitgliederversammlung 2025 &#8211; Neuer Vorstand\">\n\t\t\t\t<img loading=\"lazy\" decoding=\"async\" width=\"2560\" height=\"1322\" src=\"https:\/\/alaev-lueneburg.de\/alawordpress\/wp-content\/uploads\/2025\/05\/2025005.09-Uebergabe-Vorstand-scaled.jpg\" class=\"attachment-post-thumbnail size-post-thumbnail wp-post-image\" alt=\"\" srcset=\"https:\/\/alaev-lueneburg.de\/alawordpress\/wp-content\/uploads\/2025\/05\/2025005.09-Uebergabe-Vorstand-scaled.jpg 2560w, https:\/\/alaev-lueneburg.de\/alawordpress\/wp-content\/uploads\/2025\/05\/2025005.09-Uebergabe-Vorstand-300x155.jpg 300w, https:\/\/alaev-lueneburg.de\/alawordpress\/wp-content\/uploads\/2025\/05\/2025005.09-Uebergabe-Vorstand-1024x529.jpg 1024w, https:\/\/alaev-lueneburg.de\/alawordpress\/wp-content\/uploads\/2025\/05\/2025005.09-Uebergabe-Vorstand-768x397.jpg 768w, https:\/\/alaev-lueneburg.de\/alawordpress\/wp-content\/uploads\/2025\/05\/2025005.09-Uebergabe-Vorstand-1536x793.jpg 1536w, https:\/\/alaev-lueneburg.de\/alawordpress\/wp-content\/uploads\/2025\/05\/2025005.09-Uebergabe-Vorstand-2048x1058.jpg 2048w\" sizes=\"auto, (max-width: 2560px) 100vw, 2560px\" \/>            <\/a>\n\t\t\t<\/div> <div class=\"colibri-post-thumbnail-content align-items-lg-center align-items-md-center align-items-center flex-basis-100\"><div class=\"w-100 h-y-container\"> <\/div><\/div><\/div><div data-colibri-id=\"8071-c6\" class=\"h-row-container gutters-row-lg-2 gutters-row-md-2 gutters-row-2 gutters-row-v-lg-2 gutters-row-v-md-2 gutters-row-v-2 style-1723 style-local-8071-c6 position-relative\"><div class=\"h-row justify-content-lg-center justify-content-md-center justify-content-center align-items-lg-stretch align-items-md-stretch align-items-stretch gutters-col-lg-2 gutters-col-md-2 gutters-col-2 gutters-col-v-lg-2 gutters-col-v-md-2 gutters-col-v-2\"> <div class=\"h-column h-column-container d-flex h-col-lg h-col-md h-col-auto style-1724-outer style-local-8071-c7-outer\"><div data-colibri-id=\"8071-c7\" class=\"d-flex h-flex-basis h-column__inner h-px-lg-2 h-px-md-2 h-px-2 v-inner-lg-2 v-inner-md-2 v-inner-2 style-1724 style-local-8071-c7 position-relative\"> <div class=\"w-100 h-y-container h-column__content h-column__v-align flex-basis-100 align-self-lg-start align-self-md-start align-self-start\"> <div data-colibri-id=\"8071-c8\" class=\"h-blog-categories style-1725 style-local-8071-c8 position-relative h-element\"><div class=\"h-global-transition-all\"><a class=\"d-inline-block colibri-post-category\" href=\"https:\/\/alaev-lueneburg.de\/alawordpress\/category\/ala-berichte\/\">ALA-Berichte<\/a><\/div><\/div><div data-colibri-id=\"8071-c9\" class=\"h-blog-title style-1726 style-local-8071-c9 position-relative h-element\"><div class=\"h-global-transition-all\"><a href=\"https:\/\/alaev-lueneburg.de\/alawordpress\/mitgliederversammlung-2025-neuer-vorstand\/\"><h4 class=\"colibri-word-wrap\">Mitgliederversammlung 2025 &#8211; Neuer Vorstand<\/h4><\/a><\/div><\/div><div data-colibri-id=\"8071-c10\" class=\"style-1727 style-local-8071-c10 position-relative h-element\"><div class=\"h-global-transition-all\"><div class=\"colibri-post-excerpt\">Auf der Mitgliederversammlung wurde ein neuer Vorstand gew\u00e4hlt.<\/div><\/div><\/div><\/div><\/div><\/div><\/div><\/div><\/div><\/div><\/div>\n      \n      \n        <div class=\"h-column h-column-container d-flex h-col-lg-4 h-col-md-6 h-col-12 post-6320 post type-post status-publish format-standard has-post-thumbnail hentry category-ala-berichte masonry-item style-1721-outer style-local-8071-c4-outer\"><div data-colibri-id=\"8071-c4\" class=\"d-flex h-flex-basis h-column__inner h-px-lg-2 h-px-md-2 h-px-2 v-inner-lg-2 v-inner-md-2 v-inner-2 style-1721 style-local-8071-c4 position-relative\"> <div class=\"w-100 h-y-container h-column__content h-column__v-align flex-basis-100 align-self-lg-start align-self-md-start align-self-start\"> <div data-href=\"https:\/\/alaev-lueneburg.de\/alawordpress\/infobrief-07-2023-nr-25\/\" data-colibri-component=\"link\" data-colibri-id=\"8071-c5\" class=\"colibri-post-thumbnail colibri-post-has-thumbnail style-1722 style-local-8071-c5 h-overflow-hidden position-relative h-element\"><div class=\"h-global-transition-all colibri-post-thumbnail-shortcode style-dynamic-8071-c5-height\">            <a href=\"https:\/\/alaev-lueneburg.de\/alawordpress\/infobrief-07-2023-nr-25\/\" title=\"Infobrief Nr. 25 &#8211; Juni 2023\">\n\t\t\t\t<img loading=\"lazy\" decoding=\"async\" width=\"908\" height=\"302\" src=\"https:\/\/alaev-lueneburg.de\/alawordpress\/wp-content\/uploads\/2025\/05\/auf_dem_meere04.jpg\" class=\"attachment-post-thumbnail size-post-thumbnail wp-post-image\" alt=\"\" srcset=\"https:\/\/alaev-lueneburg.de\/alawordpress\/wp-content\/uploads\/2025\/05\/auf_dem_meere04.jpg 908w, https:\/\/alaev-lueneburg.de\/alawordpress\/wp-content\/uploads\/2025\/05\/auf_dem_meere04-300x100.jpg 300w, https:\/\/alaev-lueneburg.de\/alawordpress\/wp-content\/uploads\/2025\/05\/auf_dem_meere04-768x255.jpg 768w\" sizes=\"auto, (max-width: 908px) 100vw, 908px\" \/>            <\/a>\n\t\t\t<\/div> <div class=\"colibri-post-thumbnail-content align-items-lg-center align-items-md-center align-items-center flex-basis-100\"><div class=\"w-100 h-y-container\"> <\/div><\/div><\/div><div data-colibri-id=\"8071-c6\" class=\"h-row-container gutters-row-lg-2 gutters-row-md-2 gutters-row-2 gutters-row-v-lg-2 gutters-row-v-md-2 gutters-row-v-2 style-1723 style-local-8071-c6 position-relative\"><div class=\"h-row justify-content-lg-center justify-content-md-center justify-content-center align-items-lg-stretch align-items-md-stretch align-items-stretch gutters-col-lg-2 gutters-col-md-2 gutters-col-2 gutters-col-v-lg-2 gutters-col-v-md-2 gutters-col-v-2\"> <div class=\"h-column h-column-container d-flex h-col-lg h-col-md h-col-auto style-1724-outer style-local-8071-c7-outer\"><div data-colibri-id=\"8071-c7\" class=\"d-flex h-flex-basis h-column__inner h-px-lg-2 h-px-md-2 h-px-2 v-inner-lg-2 v-inner-md-2 v-inner-2 style-1724 style-local-8071-c7 position-relative\"> <div class=\"w-100 h-y-container h-column__content h-column__v-align flex-basis-100 align-self-lg-start align-self-md-start align-self-start\"> <div data-colibri-id=\"8071-c8\" class=\"h-blog-categories style-1725 style-local-8071-c8 position-relative h-element\"><div class=\"h-global-transition-all\"><a class=\"d-inline-block colibri-post-category\" href=\"https:\/\/alaev-lueneburg.de\/alawordpress\/category\/ala-berichte\/\">ALA-Berichte<\/a><\/div><\/div><div data-colibri-id=\"8071-c9\" class=\"h-blog-title style-1726 style-local-8071-c9 position-relative h-element\"><div class=\"h-global-transition-all\"><a href=\"https:\/\/alaev-lueneburg.de\/alawordpress\/infobrief-07-2023-nr-25\/\"><h4 class=\"colibri-word-wrap\">Infobrief Nr. 25 &#8211; Juni 2023<\/h4><\/a><\/div><\/div><div data-colibri-id=\"8071-c10\" class=\"style-1727 style-local-8071-c10 position-relative h-element\"><div class=\"h-global-transition-all\"><div class=\"colibri-post-excerpt\">Bericht vom ALA Vorstand.<\/div><\/div><\/div><\/div><\/div><\/div><\/div><\/div><\/div><\/div><\/div>\n      \n      \n        <div class=\"h-column h-column-container d-flex h-col-lg-4 h-col-md-6 h-col-12 post-213 post type-post status-publish format-standard has-post-thumbnail hentry category-ala-berichte masonry-item style-1721-outer style-local-8071-c4-outer\"><div data-colibri-id=\"8071-c4\" class=\"d-flex h-flex-basis h-column__inner h-px-lg-2 h-px-md-2 h-px-2 v-inner-lg-2 v-inner-md-2 v-inner-2 style-1721 style-local-8071-c4 position-relative\"> <div class=\"w-100 h-y-container h-column__content h-column__v-align flex-basis-100 align-self-lg-start align-self-md-start align-self-start\"> <div data-href=\"https:\/\/alaev-lueneburg.de\/alawordpress\/jahresbericht-2023\/\" data-colibri-component=\"link\" data-colibri-id=\"8071-c5\" class=\"colibri-post-thumbnail colibri-post-has-thumbnail style-1722 style-local-8071-c5 h-overflow-hidden position-relative h-element\"><div class=\"h-global-transition-all colibri-post-thumbnail-shortcode style-dynamic-8071-c5-height\">            <a href=\"https:\/\/alaev-lueneburg.de\/alawordpress\/jahresbericht-2023\/\" title=\"Jahresbericht 2023\">\n\t\t\t\t<img loading=\"lazy\" decoding=\"async\" width=\"908\" height=\"302\" src=\"https:\/\/alaev-lueneburg.de\/alawordpress\/wp-content\/uploads\/2025\/03\/rats-apotheke.jpg\" class=\"attachment-post-thumbnail size-post-thumbnail wp-post-image\" alt=\"\" srcset=\"https:\/\/alaev-lueneburg.de\/alawordpress\/wp-content\/uploads\/2025\/03\/rats-apotheke.jpg 908w, https:\/\/alaev-lueneburg.de\/alawordpress\/wp-content\/uploads\/2025\/03\/rats-apotheke-300x100.jpg 300w, https:\/\/alaev-lueneburg.de\/alawordpress\/wp-content\/uploads\/2025\/03\/rats-apotheke-768x255.jpg 768w\" sizes=\"auto, (max-width: 908px) 100vw, 908px\" \/>            <\/a>\n\t\t\t<\/div> <div class=\"colibri-post-thumbnail-content align-items-lg-center align-items-md-center align-items-center flex-basis-100\"><div class=\"w-100 h-y-container\"> <\/div><\/div><\/div><div data-colibri-id=\"8071-c6\" class=\"h-row-container gutters-row-lg-2 gutters-row-md-2 gutters-row-2 gutters-row-v-lg-2 gutters-row-v-md-2 gutters-row-v-2 style-1723 style-local-8071-c6 position-relative\"><div class=\"h-row justify-content-lg-center justify-content-md-center justify-content-center align-items-lg-stretch align-items-md-stretch align-items-stretch gutters-col-lg-2 gutters-col-md-2 gutters-col-2 gutters-col-v-lg-2 gutters-col-v-md-2 gutters-col-v-2\"> <div class=\"h-column h-column-container d-flex h-col-lg h-col-md h-col-auto style-1724-outer style-local-8071-c7-outer\"><div data-colibri-id=\"8071-c7\" class=\"d-flex h-flex-basis h-column__inner h-px-lg-2 h-px-md-2 h-px-2 v-inner-lg-2 v-inner-md-2 v-inner-2 style-1724 style-local-8071-c7 position-relative\"> <div class=\"w-100 h-y-container h-column__content h-column__v-align flex-basis-100 align-self-lg-start align-self-md-start align-self-start\"> <div data-colibri-id=\"8071-c8\" class=\"h-blog-categories style-1725 style-local-8071-c8 position-relative h-element\"><div class=\"h-global-transition-all\"><a class=\"d-inline-block colibri-post-category\" href=\"https:\/\/alaev-lueneburg.de\/alawordpress\/category\/ala-berichte\/\">ALA-Berichte<\/a><\/div><\/div><div data-colibri-id=\"8071-c9\" class=\"h-blog-title style-1726 style-local-8071-c9 position-relative h-element\"><div class=\"h-global-transition-all\"><a href=\"https:\/\/alaev-lueneburg.de\/alawordpress\/jahresbericht-2023\/\"><h4 class=\"colibri-word-wrap\">Jahresbericht 2023<\/h4><\/a><\/div><\/div><div data-colibri-id=\"8071-c10\" class=\"style-1727 style-local-8071-c10 position-relative h-element\"><div class=\"h-global-transition-all\"><div class=\"colibri-post-excerpt\">Bericht auf der Mitgliederversammlung.<\/div><\/div><\/div><\/div><\/div><\/div><\/div><\/div><\/div><\/div><\/div>\n      \n      \n        <div class=\"h-column h-column-container d-flex h-col-lg-4 h-col-md-6 h-col-12 post-9393 post type-post status-publish format-standard has-post-thumbnail hentry category-ala-berichte masonry-item style-1721-outer style-local-8071-c4-outer\"><div data-colibri-id=\"8071-c4\" class=\"d-flex h-flex-basis h-column__inner h-px-lg-2 h-px-md-2 h-px-2 v-inner-lg-2 v-inner-md-2 v-inner-2 style-1721 style-local-8071-c4 position-relative\"> <div class=\"w-100 h-y-container h-column__content h-column__v-align flex-basis-100 align-self-lg-start align-self-md-start align-self-start\"> <div data-href=\"https:\/\/alaev-lueneburg.de\/alawordpress\/infobrief-nr-24-maerz-2023\/\" data-colibri-component=\"link\" data-colibri-id=\"8071-c5\" class=\"colibri-post-thumbnail colibri-post-has-thumbnail style-1722 style-local-8071-c5 h-overflow-hidden position-relative h-element\"><div class=\"h-global-transition-all colibri-post-thumbnail-shortcode style-dynamic-8071-c5-height\">            <a href=\"https:\/\/alaev-lueneburg.de\/alawordpress\/infobrief-nr-24-maerz-2023\/\" title=\"Infobrief Nr. 24 &#8211; M\u00e4rz 2023\">\n\t\t\t\t<img loading=\"lazy\" decoding=\"async\" width=\"908\" height=\"302\" src=\"https:\/\/alaev-lueneburg.de\/alawordpress\/wp-content\/uploads\/2025\/05\/neue-strasse07.jpg\" class=\"attachment-post-thumbnail size-post-thumbnail wp-post-image\" alt=\"\" srcset=\"https:\/\/alaev-lueneburg.de\/alawordpress\/wp-content\/uploads\/2025\/05\/neue-strasse07.jpg 908w, https:\/\/alaev-lueneburg.de\/alawordpress\/wp-content\/uploads\/2025\/05\/neue-strasse07-300x100.jpg 300w, https:\/\/alaev-lueneburg.de\/alawordpress\/wp-content\/uploads\/2025\/05\/neue-strasse07-768x255.jpg 768w\" sizes=\"auto, (max-width: 908px) 100vw, 908px\" \/>            <\/a>\n\t\t\t<\/div> <div class=\"colibri-post-thumbnail-content align-items-lg-center align-items-md-center align-items-center flex-basis-100\"><div class=\"w-100 h-y-container\"> <\/div><\/div><\/div><div data-colibri-id=\"8071-c6\" class=\"h-row-container gutters-row-lg-2 gutters-row-md-2 gutters-row-2 gutters-row-v-lg-2 gutters-row-v-md-2 gutters-row-v-2 style-1723 style-local-8071-c6 position-relative\"><div class=\"h-row justify-content-lg-center justify-content-md-center justify-content-center align-items-lg-stretch align-items-md-stretch align-items-stretch gutters-col-lg-2 gutters-col-md-2 gutters-col-2 gutters-col-v-lg-2 gutters-col-v-md-2 gutters-col-v-2\"> <div class=\"h-column h-column-container d-flex h-col-lg h-col-md h-col-auto style-1724-outer style-local-8071-c7-outer\"><div data-colibri-id=\"8071-c7\" class=\"d-flex h-flex-basis h-column__inner h-px-lg-2 h-px-md-2 h-px-2 v-inner-lg-2 v-inner-md-2 v-inner-2 style-1724 style-local-8071-c7 position-relative\"> <div class=\"w-100 h-y-container h-column__content h-column__v-align flex-basis-100 align-self-lg-start align-self-md-start align-self-start\"> <div data-colibri-id=\"8071-c8\" class=\"h-blog-categories style-1725 style-local-8071-c8 position-relative h-element\"><div class=\"h-global-transition-all\"><a class=\"d-inline-block colibri-post-category\" href=\"https:\/\/alaev-lueneburg.de\/alawordpress\/category\/ala-berichte\/\">ALA-Berichte<\/a><\/div><\/div><div data-colibri-id=\"8071-c9\" class=\"h-blog-title style-1726 style-local-8071-c9 position-relative h-element\"><div class=\"h-global-transition-all\"><a href=\"https:\/\/alaev-lueneburg.de\/alawordpress\/infobrief-nr-24-maerz-2023\/\"><h4 class=\"colibri-word-wrap\">Infobrief Nr. 24 &#8211; M\u00e4rz 2023<\/h4><\/a><\/div><\/div><div data-colibri-id=\"8071-c10\" class=\"style-1727 style-local-8071-c10 position-relative h-element\"><div class=\"h-global-transition-all\"><div class=\"colibri-post-excerpt\">Einladung zum Zukunftstag 20.04.23 Br\u00f6msehaus.Den ALA attraktiv und zukunftssicher gestalten.<\/div><\/div><\/div><\/div><\/div><\/div><\/div><\/div><\/div><\/div><\/div>\n      \n      \n        <div class=\"h-column h-column-container d-flex h-col-lg-4 h-col-md-6 h-col-12 post-9381 post type-post status-publish format-standard has-post-thumbnail hentry category-ala-berichte masonry-item style-1721-outer style-local-8071-c4-outer\"><div data-colibri-id=\"8071-c4\" class=\"d-flex h-flex-basis h-column__inner h-px-lg-2 h-px-md-2 h-px-2 v-inner-lg-2 v-inner-md-2 v-inner-2 style-1721 style-local-8071-c4 position-relative\"> <div class=\"w-100 h-y-container h-column__content h-column__v-align flex-basis-100 align-self-lg-start align-self-md-start align-self-start\"> <div data-href=\"https:\/\/alaev-lueneburg.de\/alawordpress\/infobrief-nr-23-november-2022\/\" data-colibri-component=\"link\" data-colibri-id=\"8071-c5\" class=\"colibri-post-thumbnail colibri-post-has-thumbnail style-1722 style-local-8071-c5 h-overflow-hidden position-relative h-element\"><div class=\"h-global-transition-all colibri-post-thumbnail-shortcode style-dynamic-8071-c5-height\">            <a href=\"https:\/\/alaev-lueneburg.de\/alawordpress\/infobrief-nr-23-november-2022\/\" title=\"Infobrief Nr. 23 &#8211; November 2022\">\n\t\t\t\t<img loading=\"lazy\" decoding=\"async\" width=\"908\" height=\"302\" src=\"https:\/\/alaev-lueneburg.de\/alawordpress\/wp-content\/uploads\/2021\/07\/heiligengeistr0201.jpg\" class=\"attachment-post-thumbnail size-post-thumbnail wp-post-image\" alt=\"\" srcset=\"https:\/\/alaev-lueneburg.de\/alawordpress\/wp-content\/uploads\/2021\/07\/heiligengeistr0201.jpg 908w, https:\/\/alaev-lueneburg.de\/alawordpress\/wp-content\/uploads\/2021\/07\/heiligengeistr0201-300x100.jpg 300w, https:\/\/alaev-lueneburg.de\/alawordpress\/wp-content\/uploads\/2021\/07\/heiligengeistr0201-768x255.jpg 768w\" sizes=\"auto, (max-width: 908px) 100vw, 908px\" \/>            <\/a>\n\t\t\t<\/div> <div class=\"colibri-post-thumbnail-content align-items-lg-center align-items-md-center align-items-center flex-basis-100\"><div class=\"w-100 h-y-container\"> <\/div><\/div><\/div><div data-colibri-id=\"8071-c6\" class=\"h-row-container gutters-row-lg-2 gutters-row-md-2 gutters-row-2 gutters-row-v-lg-2 gutters-row-v-md-2 gutters-row-v-2 style-1723 style-local-8071-c6 position-relative\"><div class=\"h-row justify-content-lg-center justify-content-md-center justify-content-center align-items-lg-stretch align-items-md-stretch align-items-stretch gutters-col-lg-2 gutters-col-md-2 gutters-col-2 gutters-col-v-lg-2 gutters-col-v-md-2 gutters-col-v-2\"> <div class=\"h-column h-column-container d-flex h-col-lg h-col-md h-col-auto style-1724-outer style-local-8071-c7-outer\"><div data-colibri-id=\"8071-c7\" class=\"d-flex h-flex-basis h-column__inner h-px-lg-2 h-px-md-2 h-px-2 v-inner-lg-2 v-inner-md-2 v-inner-2 style-1724 style-local-8071-c7 position-relative\"> <div class=\"w-100 h-y-container h-column__content h-column__v-align flex-basis-100 align-self-lg-start align-self-md-start align-self-start\"> <div data-colibri-id=\"8071-c8\" class=\"h-blog-categories style-1725 style-local-8071-c8 position-relative h-element\"><div class=\"h-global-transition-all\"><a class=\"d-inline-block colibri-post-category\" href=\"https:\/\/alaev-lueneburg.de\/alawordpress\/category\/ala-berichte\/\">ALA-Berichte<\/a><\/div><\/div><div data-colibri-id=\"8071-c9\" class=\"h-blog-title style-1726 style-local-8071-c9 position-relative h-element\"><div class=\"h-global-transition-all\"><a href=\"https:\/\/alaev-lueneburg.de\/alawordpress\/infobrief-nr-23-november-2022\/\"><h4 class=\"colibri-word-wrap\">Infobrief Nr. 23 &#8211; November 2022<\/h4><\/a><\/div><\/div><div data-colibri-id=\"8071-c10\" class=\"style-1727 style-local-8071-c10 position-relative h-element\"><div class=\"h-global-transition-all\"><div class=\"colibri-post-excerpt\">Wir freuen uns, dass die Erinnerungstafeln zu den Kanonenkugeln am Johann Sebastian Bach Platz fertiggestellt wurden.<\/div><\/div><\/div><\/div><\/div><\/div><\/div><\/div><\/div><\/div><\/div>\n      \n      \n        <div class=\"h-column h-column-container d-flex h-col-lg-4 h-col-md-6 h-col-12 post-2686 post type-post status-publish format-standard has-post-thumbnail hentry category-ala-berichte masonry-item style-1721-outer style-local-8071-c4-outer\"><div data-colibri-id=\"8071-c4\" class=\"d-flex h-flex-basis h-column__inner h-px-lg-2 h-px-md-2 h-px-2 v-inner-lg-2 v-inner-md-2 v-inner-2 style-1721 style-local-8071-c4 position-relative\"> <div class=\"w-100 h-y-container h-column__content h-column__v-align flex-basis-100 align-self-lg-start align-self-md-start align-self-start\"> <div data-href=\"https:\/\/alaev-lueneburg.de\/alawordpress\/jahresbericht-2022\/\" data-colibri-component=\"link\" data-colibri-id=\"8071-c5\" class=\"colibri-post-thumbnail colibri-post-has-thumbnail style-1722 style-local-8071-c5 h-overflow-hidden position-relative h-element\"><div class=\"h-global-transition-all colibri-post-thumbnail-shortcode style-dynamic-8071-c5-height\">            <a href=\"https:\/\/alaev-lueneburg.de\/alawordpress\/jahresbericht-2022\/\" title=\"Jahresbericht 2022\">\n\t\t\t\t<img loading=\"lazy\" decoding=\"async\" width=\"908\" height=\"302\" src=\"https:\/\/alaev-lueneburg.de\/alawordpress\/wp-content\/uploads\/2025\/03\/sande.jpg\" class=\"attachment-post-thumbnail size-post-thumbnail wp-post-image\" alt=\"\" srcset=\"https:\/\/alaev-lueneburg.de\/alawordpress\/wp-content\/uploads\/2025\/03\/sande.jpg 908w, https:\/\/alaev-lueneburg.de\/alawordpress\/wp-content\/uploads\/2025\/03\/sande-300x100.jpg 300w, https:\/\/alaev-lueneburg.de\/alawordpress\/wp-content\/uploads\/2025\/03\/sande-768x255.jpg 768w\" sizes=\"auto, (max-width: 908px) 100vw, 908px\" \/>            <\/a>\n\t\t\t<\/div> <div class=\"colibri-post-thumbnail-content align-items-lg-center align-items-md-center align-items-center flex-basis-100\"><div class=\"w-100 h-y-container\"> <\/div><\/div><\/div><div data-colibri-id=\"8071-c6\" class=\"h-row-container gutters-row-lg-2 gutters-row-md-2 gutters-row-2 gutters-row-v-lg-2 gutters-row-v-md-2 gutters-row-v-2 style-1723 style-local-8071-c6 position-relative\"><div class=\"h-row justify-content-lg-center justify-content-md-center justify-content-center align-items-lg-stretch align-items-md-stretch align-items-stretch gutters-col-lg-2 gutters-col-md-2 gutters-col-2 gutters-col-v-lg-2 gutters-col-v-md-2 gutters-col-v-2\"> <div class=\"h-column h-column-container d-flex h-col-lg h-col-md h-col-auto style-1724-outer style-local-8071-c7-outer\"><div data-colibri-id=\"8071-c7\" class=\"d-flex h-flex-basis h-column__inner h-px-lg-2 h-px-md-2 h-px-2 v-inner-lg-2 v-inner-md-2 v-inner-2 style-1724 style-local-8071-c7 position-relative\"> <div class=\"w-100 h-y-container h-column__content h-column__v-align flex-basis-100 align-self-lg-start align-self-md-start align-self-start\"> <div data-colibri-id=\"8071-c8\" class=\"h-blog-categories style-1725 style-local-8071-c8 position-relative h-element\"><div class=\"h-global-transition-all\"><a class=\"d-inline-block colibri-post-category\" href=\"https:\/\/alaev-lueneburg.de\/alawordpress\/category\/ala-berichte\/\">ALA-Berichte<\/a><\/div><\/div><div data-colibri-id=\"8071-c9\" class=\"h-blog-title style-1726 style-local-8071-c9 position-relative h-element\"><div class=\"h-global-transition-all\"><a href=\"https:\/\/alaev-lueneburg.de\/alawordpress\/jahresbericht-2022\/\"><h4 class=\"colibri-word-wrap\">Jahresbericht 2022<\/h4><\/a><\/div><\/div><div data-colibri-id=\"8071-c10\" class=\"style-1727 style-local-8071-c10 position-relative h-element\"><div class=\"h-global-transition-all\"><div class=\"colibri-post-excerpt\">Bericht auf der Mitgliederversammlung.<\/div><\/div><\/div><\/div><\/div><\/div><\/div><\/div><\/div><\/div><\/div>\n      \n      \n        <div class=\"h-column h-column-container d-flex h-col-lg-4 h-col-md-6 h-col-12 post-9367 post type-post status-publish format-standard has-post-thumbnail hentry category-ala-berichte masonry-item style-1721-outer style-local-8071-c4-outer\"><div data-colibri-id=\"8071-c4\" class=\"d-flex h-flex-basis h-column__inner h-px-lg-2 h-px-md-2 h-px-2 v-inner-lg-2 v-inner-md-2 v-inner-2 style-1721 style-local-8071-c4 position-relative\"> <div class=\"w-100 h-y-container h-column__content h-column__v-align flex-basis-100 align-self-lg-start align-self-md-start align-self-start\"> <div data-href=\"https:\/\/alaev-lueneburg.de\/alawordpress\/infobrief-nr-22-april-2022\/\" data-colibri-component=\"link\" data-colibri-id=\"8071-c5\" class=\"colibri-post-thumbnail colibri-post-has-thumbnail style-1722 style-local-8071-c5 h-overflow-hidden position-relative h-element\"><div class=\"h-global-transition-all colibri-post-thumbnail-shortcode style-dynamic-8071-c5-height\">            <a href=\"https:\/\/alaev-lueneburg.de\/alawordpress\/infobrief-nr-22-april-2022\/\" title=\"Infobrief Nr. 22 &#8211; April 2022\">\n\t\t\t\t<img loading=\"lazy\" decoding=\"async\" width=\"908\" height=\"302\" src=\"https:\/\/alaev-lueneburg.de\/alawordpress\/wp-content\/uploads\/2025\/05\/alter-kran01.jpg\" class=\"attachment-post-thumbnail size-post-thumbnail wp-post-image\" alt=\"\" srcset=\"https:\/\/alaev-lueneburg.de\/alawordpress\/wp-content\/uploads\/2025\/05\/alter-kran01.jpg 908w, https:\/\/alaev-lueneburg.de\/alawordpress\/wp-content\/uploads\/2025\/05\/alter-kran01-300x100.jpg 300w, https:\/\/alaev-lueneburg.de\/alawordpress\/wp-content\/uploads\/2025\/05\/alter-kran01-768x255.jpg 768w\" sizes=\"auto, (max-width: 908px) 100vw, 908px\" \/>            <\/a>\n\t\t\t<\/div> <div class=\"colibri-post-thumbnail-content align-items-lg-center align-items-md-center align-items-center flex-basis-100\"><div class=\"w-100 h-y-container\"> <\/div><\/div><\/div><div data-colibri-id=\"8071-c6\" class=\"h-row-container gutters-row-lg-2 gutters-row-md-2 gutters-row-2 gutters-row-v-lg-2 gutters-row-v-md-2 gutters-row-v-2 style-1723 style-local-8071-c6 position-relative\"><div class=\"h-row justify-content-lg-center justify-content-md-center justify-content-center align-items-lg-stretch align-items-md-stretch align-items-stretch gutters-col-lg-2 gutters-col-md-2 gutters-col-2 gutters-col-v-lg-2 gutters-col-v-md-2 gutters-col-v-2\"> <div class=\"h-column h-column-container d-flex h-col-lg h-col-md h-col-auto style-1724-outer style-local-8071-c7-outer\"><div data-colibri-id=\"8071-c7\" class=\"d-flex h-flex-basis h-column__inner h-px-lg-2 h-px-md-2 h-px-2 v-inner-lg-2 v-inner-md-2 v-inner-2 style-1724 style-local-8071-c7 position-relative\"> <div class=\"w-100 h-y-container h-column__content h-column__v-align flex-basis-100 align-self-lg-start align-self-md-start align-self-start\"> <div data-colibri-id=\"8071-c8\" class=\"h-blog-categories style-1725 style-local-8071-c8 position-relative h-element\"><div class=\"h-global-transition-all\"><a class=\"d-inline-block colibri-post-category\" href=\"https:\/\/alaev-lueneburg.de\/alawordpress\/category\/ala-berichte\/\">ALA-Berichte<\/a><\/div><\/div><div data-colibri-id=\"8071-c9\" class=\"h-blog-title style-1726 style-local-8071-c9 position-relative h-element\"><div class=\"h-global-transition-all\"><a href=\"https:\/\/alaev-lueneburg.de\/alawordpress\/infobrief-nr-22-april-2022\/\"><h4 class=\"colibri-word-wrap\">Infobrief Nr. 22 &#8211; April 2022<\/h4><\/a><\/div><\/div><div data-colibri-id=\"8071-c10\" class=\"style-1727 style-local-8071-c10 position-relative h-element\"><div class=\"h-global-transition-all\"><div class=\"colibri-post-excerpt\">Im Februar 2022 fand ein Treffen des Vorstandes mit der neuen Marketingchefin der Stadt L\u00fcneburg und Mitarbeiterinnen der Stadtmarketing L\u00fcneburg statt.<\/div><\/div><\/div><\/div><\/div><\/div><\/div><\/div><\/div><\/div><\/div>\n      \n      \n        <div class=\"h-column h-column-container d-flex h-col-lg-4 h-col-md-6 h-col-12 post-9363 post type-post status-publish format-standard has-post-thumbnail hentry category-ala-berichte masonry-item style-1721-outer style-local-8071-c4-outer\"><div data-colibri-id=\"8071-c4\" class=\"d-flex h-flex-basis h-column__inner h-px-lg-2 h-px-md-2 h-px-2 v-inner-lg-2 v-inner-md-2 v-inner-2 style-1721 style-local-8071-c4 position-relative\"> <div class=\"w-100 h-y-container h-column__content h-column__v-align flex-basis-100 align-self-lg-start align-self-md-start align-self-start\"> <div data-href=\"https:\/\/alaev-lueneburg.de\/alawordpress\/infobrief-nr-21-dezember-2021\/\" data-colibri-component=\"link\" data-colibri-id=\"8071-c5\" class=\"colibri-post-thumbnail colibri-post-has-thumbnail style-1722 style-local-8071-c5 h-overflow-hidden position-relative h-element\"><div class=\"h-global-transition-all colibri-post-thumbnail-shortcode style-dynamic-8071-c5-height\">            <a href=\"https:\/\/alaev-lueneburg.de\/alawordpress\/infobrief-nr-21-dezember-2021\/\" title=\"Infobrief Nr. 21 &#8211; Dezember 2021\">\n\t\t\t\t<img loading=\"lazy\" decoding=\"async\" width=\"908\" height=\"302\" src=\"https:\/\/alaev-lueneburg.de\/alawordpress\/wp-content\/uploads\/2021\/07\/heiligengeiststrasse01.jpg\" class=\"attachment-post-thumbnail size-post-thumbnail wp-post-image\" alt=\"\" srcset=\"https:\/\/alaev-lueneburg.de\/alawordpress\/wp-content\/uploads\/2021\/07\/heiligengeiststrasse01.jpg 908w, https:\/\/alaev-lueneburg.de\/alawordpress\/wp-content\/uploads\/2021\/07\/heiligengeiststrasse01-300x100.jpg 300w, https:\/\/alaev-lueneburg.de\/alawordpress\/wp-content\/uploads\/2021\/07\/heiligengeiststrasse01-768x255.jpg 768w\" sizes=\"auto, (max-width: 908px) 100vw, 908px\" \/>            <\/a>\n\t\t\t<\/div> <div class=\"colibri-post-thumbnail-content align-items-lg-center align-items-md-center align-items-center flex-basis-100\"><div class=\"w-100 h-y-container\"> <\/div><\/div><\/div><div data-colibri-id=\"8071-c6\" class=\"h-row-container gutters-row-lg-2 gutters-row-md-2 gutters-row-2 gutters-row-v-lg-2 gutters-row-v-md-2 gutters-row-v-2 style-1723 style-local-8071-c6 position-relative\"><div class=\"h-row justify-content-lg-center justify-content-md-center justify-content-center align-items-lg-stretch align-items-md-stretch align-items-stretch gutters-col-lg-2 gutters-col-md-2 gutters-col-2 gutters-col-v-lg-2 gutters-col-v-md-2 gutters-col-v-2\"> <div class=\"h-column h-column-container d-flex h-col-lg h-col-md h-col-auto style-1724-outer style-local-8071-c7-outer\"><div data-colibri-id=\"8071-c7\" class=\"d-flex h-flex-basis h-column__inner h-px-lg-2 h-px-md-2 h-px-2 v-inner-lg-2 v-inner-md-2 v-inner-2 style-1724 style-local-8071-c7 position-relative\"> <div class=\"w-100 h-y-container h-column__content h-column__v-align flex-basis-100 align-self-lg-start align-self-md-start align-self-start\"> <div data-colibri-id=\"8071-c8\" class=\"h-blog-categories style-1725 style-local-8071-c8 position-relative h-element\"><div class=\"h-global-transition-all\"><a class=\"d-inline-block colibri-post-category\" href=\"https:\/\/alaev-lueneburg.de\/alawordpress\/category\/ala-berichte\/\">ALA-Berichte<\/a><\/div><\/div><div data-colibri-id=\"8071-c9\" class=\"h-blog-title style-1726 style-local-8071-c9 position-relative h-element\"><div class=\"h-global-transition-all\"><a href=\"https:\/\/alaev-lueneburg.de\/alawordpress\/infobrief-nr-21-dezember-2021\/\"><h4 class=\"colibri-word-wrap\">Infobrief Nr. 21 &#8211; Dezember 2021<\/h4><\/a><\/div><\/div><div data-colibri-id=\"8071-c10\" class=\"style-1727 style-local-8071-c10 position-relative h-element\"><div class=\"h-global-transition-all\"><div class=\"colibri-post-excerpt\"> Schweren Herzens mussten wir unseren diesj\u00e4hrigen historischen Christmarkt, absagen. (04.+05.12.21)<\/div><\/div><\/div><\/div><\/div><\/div><\/div><\/div><\/div><\/div><\/div>\n      \n      \n        <div class=\"h-column h-column-container d-flex h-col-lg-4 h-col-md-6 h-col-12 post-9357 post type-post status-publish format-standard has-post-thumbnail hentry category-ala-berichte masonry-item style-1721-outer style-local-8071-c4-outer\"><div data-colibri-id=\"8071-c4\" class=\"d-flex h-flex-basis h-column__inner h-px-lg-2 h-px-md-2 h-px-2 v-inner-lg-2 v-inner-md-2 v-inner-2 style-1721 style-local-8071-c4 position-relative\"> <div class=\"w-100 h-y-container h-column__content h-column__v-align flex-basis-100 align-self-lg-start align-self-md-start align-self-start\"> <div data-href=\"https:\/\/alaev-lueneburg.de\/alawordpress\/infobrief-nr-20-juli-2021\/\" data-colibri-component=\"link\" data-colibri-id=\"8071-c5\" class=\"colibri-post-thumbnail colibri-post-has-thumbnail style-1722 style-local-8071-c5 h-overflow-hidden position-relative h-element\"><div class=\"h-global-transition-all colibri-post-thumbnail-shortcode style-dynamic-8071-c5-height\">            <a href=\"https:\/\/alaev-lueneburg.de\/alawordpress\/infobrief-nr-20-juli-2021\/\" title=\"Infobrief Nr. 20 &#8211; Juli 2021\">\n\t\t\t\t<img loading=\"lazy\" decoding=\"async\" width=\"908\" height=\"302\" src=\"https:\/\/alaev-lueneburg.de\/alawordpress\/wp-content\/uploads\/2025\/04\/iflock.jpg\" class=\"attachment-post-thumbnail size-post-thumbnail wp-post-image\" alt=\"\" srcset=\"https:\/\/alaev-lueneburg.de\/alawordpress\/wp-content\/uploads\/2025\/04\/iflock.jpg 908w, https:\/\/alaev-lueneburg.de\/alawordpress\/wp-content\/uploads\/2025\/04\/iflock-300x100.jpg 300w, https:\/\/alaev-lueneburg.de\/alawordpress\/wp-content\/uploads\/2025\/04\/iflock-768x255.jpg 768w\" sizes=\"auto, (max-width: 908px) 100vw, 908px\" \/>            <\/a>\n\t\t\t<\/div> <div class=\"colibri-post-thumbnail-content align-items-lg-center align-items-md-center align-items-center flex-basis-100\"><div class=\"w-100 h-y-container\"> <\/div><\/div><\/div><div data-colibri-id=\"8071-c6\" class=\"h-row-container gutters-row-lg-2 gutters-row-md-2 gutters-row-2 gutters-row-v-lg-2 gutters-row-v-md-2 gutters-row-v-2 style-1723 style-local-8071-c6 position-relative\"><div class=\"h-row justify-content-lg-center justify-content-md-center justify-content-center align-items-lg-stretch align-items-md-stretch align-items-stretch gutters-col-lg-2 gutters-col-md-2 gutters-col-2 gutters-col-v-lg-2 gutters-col-v-md-2 gutters-col-v-2\"> <div class=\"h-column h-column-container d-flex h-col-lg h-col-md h-col-auto style-1724-outer style-local-8071-c7-outer\"><div data-colibri-id=\"8071-c7\" class=\"d-flex h-flex-basis h-column__inner h-px-lg-2 h-px-md-2 h-px-2 v-inner-lg-2 v-inner-md-2 v-inner-2 style-1724 style-local-8071-c7 position-relative\"> <div class=\"w-100 h-y-container h-column__content h-column__v-align flex-basis-100 align-self-lg-start align-self-md-start align-self-start\"> <div data-colibri-id=\"8071-c8\" class=\"h-blog-categories style-1725 style-local-8071-c8 position-relative h-element\"><div class=\"h-global-transition-all\"><a class=\"d-inline-block colibri-post-category\" href=\"https:\/\/alaev-lueneburg.de\/alawordpress\/category\/ala-berichte\/\">ALA-Berichte<\/a><\/div><\/div><div data-colibri-id=\"8071-c9\" class=\"h-blog-title style-1726 style-local-8071-c9 position-relative h-element\"><div class=\"h-global-transition-all\"><a href=\"https:\/\/alaev-lueneburg.de\/alawordpress\/infobrief-nr-20-juli-2021\/\"><h4 class=\"colibri-word-wrap\">Infobrief Nr. 20 &#8211; Juli 2021<\/h4><\/a><\/div><\/div><div data-colibri-id=\"8071-c10\" class=\"style-1727 style-local-8071-c10 position-relative h-element\"><div class=\"h-global-transition-all\"><div class=\"colibri-post-excerpt\">Der st\u00e4dtische Bauausschuss hat sich gegen die Fortf\u00fchrung des Gel\u00e4nders im Bereich der historischen Hafenanlage ausgesprochen.<\/div><\/div><\/div><\/div><\/div><\/div><\/div><\/div><\/div><\/div><\/div>\n      \n      \n        <div class=\"h-column h-column-container d-flex h-col-lg-4 h-col-md-6 h-col-12 post-3728 post type-post status-publish format-standard has-post-thumbnail hentry category-ala-berichte masonry-item style-1721-outer style-local-8071-c4-outer\"><div data-colibri-id=\"8071-c4\" class=\"d-flex h-flex-basis h-column__inner h-px-lg-2 h-px-md-2 h-px-2 v-inner-lg-2 v-inner-md-2 v-inner-2 style-1721 style-local-8071-c4 position-relative\"> <div class=\"w-100 h-y-container h-column__content h-column__v-align flex-basis-100 align-self-lg-start align-self-md-start align-self-start\"> <div data-href=\"https:\/\/alaev-lueneburg.de\/alawordpress\/jahresbericht-2021\/\" data-colibri-component=\"link\" data-colibri-id=\"8071-c5\" class=\"colibri-post-thumbnail colibri-post-has-thumbnail style-1722 style-local-8071-c5 h-overflow-hidden position-relative h-element\"><div class=\"h-global-transition-all colibri-post-thumbnail-shortcode style-dynamic-8071-c5-height\">            <a href=\"https:\/\/alaev-lueneburg.de\/alawordpress\/jahresbericht-2021\/\" title=\"Jahresbericht 2021\">\n\t\t\t\t<img loading=\"lazy\" decoding=\"async\" width=\"908\" height=\"302\" src=\"https:\/\/alaev-lueneburg.de\/alawordpress\/wp-content\/uploads\/2025\/02\/blick_vom_kalkberg.jpg\" class=\"attachment-post-thumbnail size-post-thumbnail wp-post-image\" alt=\"\" srcset=\"https:\/\/alaev-lueneburg.de\/alawordpress\/wp-content\/uploads\/2025\/02\/blick_vom_kalkberg.jpg 908w, https:\/\/alaev-lueneburg.de\/alawordpress\/wp-content\/uploads\/2025\/02\/blick_vom_kalkberg-300x100.jpg 300w, https:\/\/alaev-lueneburg.de\/alawordpress\/wp-content\/uploads\/2025\/02\/blick_vom_kalkberg-768x255.jpg 768w\" sizes=\"auto, (max-width: 908px) 100vw, 908px\" \/>            <\/a>\n\t\t\t<\/div> <div class=\"colibri-post-thumbnail-content align-items-lg-center align-items-md-center align-items-center flex-basis-100\"><div class=\"w-100 h-y-container\"> <\/div><\/div><\/div><div data-colibri-id=\"8071-c6\" class=\"h-row-container gutters-row-lg-2 gutters-row-md-2 gutters-row-2 gutters-row-v-lg-2 gutters-row-v-md-2 gutters-row-v-2 style-1723 style-local-8071-c6 position-relative\"><div class=\"h-row justify-content-lg-center justify-content-md-center justify-content-center align-items-lg-stretch align-items-md-stretch align-items-stretch gutters-col-lg-2 gutters-col-md-2 gutters-col-2 gutters-col-v-lg-2 gutters-col-v-md-2 gutters-col-v-2\"> <div class=\"h-column h-column-container d-flex h-col-lg h-col-md h-col-auto style-1724-outer style-local-8071-c7-outer\"><div data-colibri-id=\"8071-c7\" class=\"d-flex h-flex-basis h-column__inner h-px-lg-2 h-px-md-2 h-px-2 v-inner-lg-2 v-inner-md-2 v-inner-2 style-1724 style-local-8071-c7 position-relative\"> <div class=\"w-100 h-y-container h-column__content h-column__v-align flex-basis-100 align-self-lg-start align-self-md-start align-self-start\"> <div data-colibri-id=\"8071-c8\" class=\"h-blog-categories style-1725 style-local-8071-c8 position-relative h-element\"><div class=\"h-global-transition-all\"><a class=\"d-inline-block colibri-post-category\" href=\"https:\/\/alaev-lueneburg.de\/alawordpress\/category\/ala-berichte\/\">ALA-Berichte<\/a><\/div><\/div><div data-colibri-id=\"8071-c9\" class=\"h-blog-title style-1726 style-local-8071-c9 position-relative h-element\"><div class=\"h-global-transition-all\"><a href=\"https:\/\/alaev-lueneburg.de\/alawordpress\/jahresbericht-2021\/\"><h4 class=\"colibri-word-wrap\">Jahresbericht 2021<\/h4><\/a><\/div><\/div><div data-colibri-id=\"8071-c10\" class=\"style-1727 style-local-8071-c10 position-relative h-element\"><div class=\"h-global-transition-all\"><div class=\"colibri-post-excerpt\">Bericht auf der Mitgliederversammlung.<\/div><\/div><\/div><\/div><\/div><\/div><\/div><\/div><\/div><\/div><\/div>\n      \n      \n        <div class=\"h-column h-column-container d-flex h-col-lg-4 h-col-md-6 h-col-12 post-9348 post type-post status-publish format-standard has-post-thumbnail hentry category-ala-berichte masonry-item style-1721-outer style-local-8071-c4-outer\"><div data-colibri-id=\"8071-c4\" class=\"d-flex h-flex-basis h-column__inner h-px-lg-2 h-px-md-2 h-px-2 v-inner-lg-2 v-inner-md-2 v-inner-2 style-1721 style-local-8071-c4 position-relative\"> <div class=\"w-100 h-y-container h-column__content h-column__v-align flex-basis-100 align-self-lg-start align-self-md-start align-self-start\"> <div data-href=\"https:\/\/alaev-lueneburg.de\/alawordpress\/infobrief-nr-19-mai-2021\/\" data-colibri-component=\"link\" data-colibri-id=\"8071-c5\" class=\"colibri-post-thumbnail colibri-post-has-thumbnail style-1722 style-local-8071-c5 h-overflow-hidden position-relative h-element\"><div class=\"h-global-transition-all colibri-post-thumbnail-shortcode style-dynamic-8071-c5-height\">            <a href=\"https:\/\/alaev-lueneburg.de\/alawordpress\/infobrief-nr-19-mai-2021\/\" title=\"Infobrief Nr. 19 &#8211; Mai 2021\">\n\t\t\t\t<img loading=\"lazy\" decoding=\"async\" width=\"908\" height=\"302\" src=\"https:\/\/alaev-lueneburg.de\/alawordpress\/wp-content\/uploads\/2025\/05\/altstadt_021.jpg\" class=\"attachment-post-thumbnail size-post-thumbnail wp-post-image\" alt=\"\" srcset=\"https:\/\/alaev-lueneburg.de\/alawordpress\/wp-content\/uploads\/2025\/05\/altstadt_021.jpg 908w, https:\/\/alaev-lueneburg.de\/alawordpress\/wp-content\/uploads\/2025\/05\/altstadt_021-300x100.jpg 300w, https:\/\/alaev-lueneburg.de\/alawordpress\/wp-content\/uploads\/2025\/05\/altstadt_021-768x255.jpg 768w\" sizes=\"auto, (max-width: 908px) 100vw, 908px\" \/>            <\/a>\n\t\t\t<\/div> <div class=\"colibri-post-thumbnail-content align-items-lg-center align-items-md-center align-items-center flex-basis-100\"><div class=\"w-100 h-y-container\"> <\/div><\/div><\/div><div data-colibri-id=\"8071-c6\" class=\"h-row-container gutters-row-lg-2 gutters-row-md-2 gutters-row-2 gutters-row-v-lg-2 gutters-row-v-md-2 gutters-row-v-2 style-1723 style-local-8071-c6 position-relative\"><div class=\"h-row justify-content-lg-center justify-content-md-center justify-content-center align-items-lg-stretch align-items-md-stretch align-items-stretch gutters-col-lg-2 gutters-col-md-2 gutters-col-2 gutters-col-v-lg-2 gutters-col-v-md-2 gutters-col-v-2\"> <div class=\"h-column h-column-container d-flex h-col-lg h-col-md h-col-auto style-1724-outer style-local-8071-c7-outer\"><div data-colibri-id=\"8071-c7\" class=\"d-flex h-flex-basis h-column__inner h-px-lg-2 h-px-md-2 h-px-2 v-inner-lg-2 v-inner-md-2 v-inner-2 style-1724 style-local-8071-c7 position-relative\"> <div class=\"w-100 h-y-container h-column__content h-column__v-align flex-basis-100 align-self-lg-start align-self-md-start align-self-start\"> <div data-colibri-id=\"8071-c8\" class=\"h-blog-categories style-1725 style-local-8071-c8 position-relative h-element\"><div class=\"h-global-transition-all\"><a class=\"d-inline-block colibri-post-category\" href=\"https:\/\/alaev-lueneburg.de\/alawordpress\/category\/ala-berichte\/\">ALA-Berichte<\/a><\/div><\/div><div data-colibri-id=\"8071-c9\" class=\"h-blog-title style-1726 style-local-8071-c9 position-relative h-element\"><div class=\"h-global-transition-all\"><a href=\"https:\/\/alaev-lueneburg.de\/alawordpress\/infobrief-nr-19-mai-2021\/\"><h4 class=\"colibri-word-wrap\">Infobrief Nr. 19 &#8211; Mai 2021<\/h4><\/a><\/div><\/div><div data-colibri-id=\"8071-c10\" class=\"style-1727 style-local-8071-c10 position-relative h-element\"><div class=\"h-global-transition-all\"><div class=\"colibri-post-excerpt\">Trotz aller Einschr\u00e4nkungen und auch dementsprechender Reduzierung unserer Vorstandssitzungen, hat es aber doch einige den ALA betreffende Themen gegeben, mit denen wir uns besch\u00e4ftigt haben.<\/div><\/div><\/div><\/div><\/div><\/div><\/div><\/div><\/div><\/div><\/div>\n      \n      \n        <div class=\"h-column h-column-container d-flex h-col-lg-4 h-col-md-6 h-col-12 post-9345 post type-post status-publish format-standard has-post-thumbnail hentry category-ala-berichte masonry-item style-1721-outer style-local-8071-c4-outer\"><div data-colibri-id=\"8071-c4\" class=\"d-flex h-flex-basis h-column__inner h-px-lg-2 h-px-md-2 h-px-2 v-inner-lg-2 v-inner-md-2 v-inner-2 style-1721 style-local-8071-c4 position-relative\"> <div class=\"w-100 h-y-container h-column__content h-column__v-align flex-basis-100 align-self-lg-start align-self-md-start align-self-start\"> <div data-href=\"https:\/\/alaev-lueneburg.de\/alawordpress\/infobrief-nr-18-februar-2021\/\" data-colibri-component=\"link\" data-colibri-id=\"8071-c5\" class=\"colibri-post-thumbnail colibri-post-has-thumbnail style-1722 style-local-8071-c5 h-overflow-hidden position-relative h-element\"><div class=\"h-global-transition-all colibri-post-thumbnail-shortcode style-dynamic-8071-c5-height\">            <a href=\"https:\/\/alaev-lueneburg.de\/alawordpress\/infobrief-nr-18-februar-2021\/\" title=\"Infobrief Nr. 18 &#8211; Februar 2021\">\n\t\t\t\t<img loading=\"lazy\" decoding=\"async\" width=\"908\" height=\"302\" src=\"https:\/\/alaev-lueneburg.de\/alawordpress\/wp-content\/uploads\/2025\/05\/Altes_Kaufhaus.jpg\" class=\"attachment-post-thumbnail size-post-thumbnail wp-post-image\" alt=\"\" srcset=\"https:\/\/alaev-lueneburg.de\/alawordpress\/wp-content\/uploads\/2025\/05\/Altes_Kaufhaus.jpg 908w, https:\/\/alaev-lueneburg.de\/alawordpress\/wp-content\/uploads\/2025\/05\/Altes_Kaufhaus-300x100.jpg 300w, https:\/\/alaev-lueneburg.de\/alawordpress\/wp-content\/uploads\/2025\/05\/Altes_Kaufhaus-768x255.jpg 768w\" sizes=\"auto, (max-width: 908px) 100vw, 908px\" \/>            <\/a>\n\t\t\t<\/div> <div class=\"colibri-post-thumbnail-content align-items-lg-center align-items-md-center align-items-center flex-basis-100\"><div class=\"w-100 h-y-container\"> <\/div><\/div><\/div><div data-colibri-id=\"8071-c6\" class=\"h-row-container gutters-row-lg-2 gutters-row-md-2 gutters-row-2 gutters-row-v-lg-2 gutters-row-v-md-2 gutters-row-v-2 style-1723 style-local-8071-c6 position-relative\"><div class=\"h-row justify-content-lg-center justify-content-md-center justify-content-center align-items-lg-stretch align-items-md-stretch align-items-stretch gutters-col-lg-2 gutters-col-md-2 gutters-col-2 gutters-col-v-lg-2 gutters-col-v-md-2 gutters-col-v-2\"> <div class=\"h-column h-column-container d-flex h-col-lg h-col-md h-col-auto style-1724-outer style-local-8071-c7-outer\"><div data-colibri-id=\"8071-c7\" class=\"d-flex h-flex-basis h-column__inner h-px-lg-2 h-px-md-2 h-px-2 v-inner-lg-2 v-inner-md-2 v-inner-2 style-1724 style-local-8071-c7 position-relative\"> <div class=\"w-100 h-y-container h-column__content h-column__v-align flex-basis-100 align-self-lg-start align-self-md-start align-self-start\"> <div data-colibri-id=\"8071-c8\" class=\"h-blog-categories style-1725 style-local-8071-c8 position-relative h-element\"><div class=\"h-global-transition-all\"><a class=\"d-inline-block colibri-post-category\" href=\"https:\/\/alaev-lueneburg.de\/alawordpress\/category\/ala-berichte\/\">ALA-Berichte<\/a><\/div><\/div><div data-colibri-id=\"8071-c9\" class=\"h-blog-title style-1726 style-local-8071-c9 position-relative h-element\"><div class=\"h-global-transition-all\"><a href=\"https:\/\/alaev-lueneburg.de\/alawordpress\/infobrief-nr-18-februar-2021\/\"><h4 class=\"colibri-word-wrap\">Infobrief Nr. 18 &#8211; Februar 2021<\/h4><\/a><\/div><\/div><div data-colibri-id=\"8071-c10\" class=\"style-1727 style-local-8071-c10 position-relative h-element\"><div class=\"h-global-transition-all\"><div class=\"colibri-post-excerpt\">Die Stadt L\u00fcneburg will erneut versuchen auf die Liste der UNESCO- Weltkulturerbest\u00e4tten zu kommen. <\/div><\/div><\/div><\/div><\/div><\/div><\/div><\/div><\/div><\/div><\/div>\n      \n      \n        <div class=\"h-column h-column-container d-flex h-col-lg-4 h-col-md-6 h-col-12 post-3730 post type-post status-publish format-standard has-post-thumbnail hentry category-ala-berichte masonry-item style-1721-outer style-local-8071-c4-outer\"><div data-colibri-id=\"8071-c4\" class=\"d-flex h-flex-basis h-column__inner h-px-lg-2 h-px-md-2 h-px-2 v-inner-lg-2 v-inner-md-2 v-inner-2 style-1721 style-local-8071-c4 position-relative\"> <div class=\"w-100 h-y-container h-column__content h-column__v-align flex-basis-100 align-self-lg-start align-self-md-start align-self-start\"> <div data-href=\"https:\/\/alaev-lueneburg.de\/alawordpress\/jahresbericht-2020\/\" data-colibri-component=\"link\" data-colibri-id=\"8071-c5\" class=\"colibri-post-thumbnail colibri-post-has-thumbnail style-1722 style-local-8071-c5 h-overflow-hidden position-relative h-element\"><div class=\"h-global-transition-all colibri-post-thumbnail-shortcode style-dynamic-8071-c5-height\">            <a href=\"https:\/\/alaev-lueneburg.de\/alawordpress\/jahresbericht-2020\/\" title=\"Jahresbericht 2020\">\n\t\t\t\t<img loading=\"lazy\" decoding=\"async\" width=\"908\" height=\"302\" src=\"https:\/\/alaev-lueneburg.de\/alawordpress\/wp-content\/uploads\/2025\/02\/wehr.jpg\" class=\"attachment-post-thumbnail size-post-thumbnail wp-post-image\" alt=\"\" srcset=\"https:\/\/alaev-lueneburg.de\/alawordpress\/wp-content\/uploads\/2025\/02\/wehr.jpg 908w, https:\/\/alaev-lueneburg.de\/alawordpress\/wp-content\/uploads\/2025\/02\/wehr-300x100.jpg 300w, https:\/\/alaev-lueneburg.de\/alawordpress\/wp-content\/uploads\/2025\/02\/wehr-768x255.jpg 768w\" sizes=\"auto, (max-width: 908px) 100vw, 908px\" \/>            <\/a>\n\t\t\t<\/div> <div class=\"colibri-post-thumbnail-content align-items-lg-center align-items-md-center align-items-center flex-basis-100\"><div class=\"w-100 h-y-container\"> <\/div><\/div><\/div><div data-colibri-id=\"8071-c6\" class=\"h-row-container gutters-row-lg-2 gutters-row-md-2 gutters-row-2 gutters-row-v-lg-2 gutters-row-v-md-2 gutters-row-v-2 style-1723 style-local-8071-c6 position-relative\"><div class=\"h-row justify-content-lg-center justify-content-md-center justify-content-center align-items-lg-stretch align-items-md-stretch align-items-stretch gutters-col-lg-2 gutters-col-md-2 gutters-col-2 gutters-col-v-lg-2 gutters-col-v-md-2 gutters-col-v-2\"> <div class=\"h-column h-column-container d-flex h-col-lg h-col-md h-col-auto style-1724-outer style-local-8071-c7-outer\"><div data-colibri-id=\"8071-c7\" class=\"d-flex h-flex-basis h-column__inner h-px-lg-2 h-px-md-2 h-px-2 v-inner-lg-2 v-inner-md-2 v-inner-2 style-1724 style-local-8071-c7 position-relative\"> <div class=\"w-100 h-y-container h-column__content h-column__v-align flex-basis-100 align-self-lg-start align-self-md-start align-self-start\"> <div data-colibri-id=\"8071-c8\" class=\"h-blog-categories style-1725 style-local-8071-c8 position-relative h-element\"><div class=\"h-global-transition-all\"><a class=\"d-inline-block colibri-post-category\" href=\"https:\/\/alaev-lueneburg.de\/alawordpress\/category\/ala-berichte\/\">ALA-Berichte<\/a><\/div><\/div><div data-colibri-id=\"8071-c9\" class=\"h-blog-title style-1726 style-local-8071-c9 position-relative h-element\"><div class=\"h-global-transition-all\"><a href=\"https:\/\/alaev-lueneburg.de\/alawordpress\/jahresbericht-2020\/\"><h4 class=\"colibri-word-wrap\">Jahresbericht 2020<\/h4><\/a><\/div><\/div><div data-colibri-id=\"8071-c10\" class=\"style-1727 style-local-8071-c10 position-relative h-element\"><div class=\"h-global-transition-all\"><div class=\"colibri-post-excerpt\">Bericht auf der Mitgliederversammlung.<\/div><\/div><\/div><\/div><\/div><\/div><\/div><\/div><\/div><\/div><\/div>\n      \n      \n        <div class=\"h-column h-column-container d-flex h-col-lg-4 h-col-md-6 h-col-12 post-9321 post type-post status-publish format-standard has-post-thumbnail hentry category-ala-berichte masonry-item style-1721-outer style-local-8071-c4-outer\"><div data-colibri-id=\"8071-c4\" class=\"d-flex h-flex-basis h-column__inner h-px-lg-2 h-px-md-2 h-px-2 v-inner-lg-2 v-inner-md-2 v-inner-2 style-1721 style-local-8071-c4 position-relative\"> <div class=\"w-100 h-y-container h-column__content h-column__v-align flex-basis-100 align-self-lg-start align-self-md-start align-self-start\"> <div data-href=\"https:\/\/alaev-lueneburg.de\/alawordpress\/infobrief-nr-17-september-2020\/\" data-colibri-component=\"link\" data-colibri-id=\"8071-c5\" class=\"colibri-post-thumbnail colibri-post-has-thumbnail style-1722 style-local-8071-c5 h-overflow-hidden position-relative h-element\"><div class=\"h-global-transition-all colibri-post-thumbnail-shortcode style-dynamic-8071-c5-height\">            <a href=\"https:\/\/alaev-lueneburg.de\/alawordpress\/infobrief-nr-17-september-2020\/\" title=\"Infobrief Nr. 17 \u2013 September 2020\">\n\t\t\t\t<img loading=\"lazy\" decoding=\"async\" width=\"908\" height=\"302\" src=\"https:\/\/alaev-lueneburg.de\/alawordpress\/wp-content\/uploads\/2025\/05\/blick_auf_nicolai.jpg\" class=\"attachment-post-thumbnail size-post-thumbnail wp-post-image\" alt=\"\" srcset=\"https:\/\/alaev-lueneburg.de\/alawordpress\/wp-content\/uploads\/2025\/05\/blick_auf_nicolai.jpg 908w, https:\/\/alaev-lueneburg.de\/alawordpress\/wp-content\/uploads\/2025\/05\/blick_auf_nicolai-300x100.jpg 300w, https:\/\/alaev-lueneburg.de\/alawordpress\/wp-content\/uploads\/2025\/05\/blick_auf_nicolai-768x255.jpg 768w\" sizes=\"auto, (max-width: 908px) 100vw, 908px\" \/>            <\/a>\n\t\t\t<\/div> <div class=\"colibri-post-thumbnail-content align-items-lg-center align-items-md-center align-items-center flex-basis-100\"><div class=\"w-100 h-y-container\"> <\/div><\/div><\/div><div data-colibri-id=\"8071-c6\" class=\"h-row-container gutters-row-lg-2 gutters-row-md-2 gutters-row-2 gutters-row-v-lg-2 gutters-row-v-md-2 gutters-row-v-2 style-1723 style-local-8071-c6 position-relative\"><div class=\"h-row justify-content-lg-center justify-content-md-center justify-content-center align-items-lg-stretch align-items-md-stretch align-items-stretch gutters-col-lg-2 gutters-col-md-2 gutters-col-2 gutters-col-v-lg-2 gutters-col-v-md-2 gutters-col-v-2\"> <div class=\"h-column h-column-container d-flex h-col-lg h-col-md h-col-auto style-1724-outer style-local-8071-c7-outer\"><div data-colibri-id=\"8071-c7\" class=\"d-flex h-flex-basis h-column__inner h-px-lg-2 h-px-md-2 h-px-2 v-inner-lg-2 v-inner-md-2 v-inner-2 style-1724 style-local-8071-c7 position-relative\"> <div class=\"w-100 h-y-container h-column__content h-column__v-align flex-basis-100 align-self-lg-start align-self-md-start align-self-start\"> <div data-colibri-id=\"8071-c8\" class=\"h-blog-categories style-1725 style-local-8071-c8 position-relative h-element\"><div class=\"h-global-transition-all\"><a class=\"d-inline-block colibri-post-category\" href=\"https:\/\/alaev-lueneburg.de\/alawordpress\/category\/ala-berichte\/\">ALA-Berichte<\/a><\/div><\/div><div data-colibri-id=\"8071-c9\" class=\"h-blog-title style-1726 style-local-8071-c9 position-relative h-element\"><div class=\"h-global-transition-all\"><a href=\"https:\/\/alaev-lueneburg.de\/alawordpress\/infobrief-nr-17-september-2020\/\"><h4 class=\"colibri-word-wrap\">Infobrief Nr. 17 \u2013 September 2020<\/h4><\/a><\/div><\/div><div data-colibri-id=\"8071-c10\" class=\"style-1727 style-local-8071-c10 position-relative h-element\"><div class=\"h-global-transition-all\"><div class=\"colibri-post-excerpt\">Die Corona \u2013 Pandemie l\u00e4sst leider einen Markt in unserem Sinne nicht zu. Der n\u00e4chste Historische Christmarkt ist f\u00fcr den 04. + 05. Dezember 2021 geplant.<\/div><\/div><\/div><\/div><\/div><\/div><\/div><\/div><\/div><\/div><\/div>\n      \n      \n        <div class=\"h-column h-column-container d-flex h-col-lg-4 h-col-md-6 h-col-12 post-9278 post type-post status-publish format-standard has-post-thumbnail hentry category-ala-berichte masonry-item style-1721-outer style-local-8071-c4-outer\"><div data-colibri-id=\"8071-c4\" class=\"d-flex h-flex-basis h-column__inner h-px-lg-2 h-px-md-2 h-px-2 v-inner-lg-2 v-inner-md-2 v-inner-2 style-1721 style-local-8071-c4 position-relative\"> <div class=\"w-100 h-y-container h-column__content h-column__v-align flex-basis-100 align-self-lg-start align-self-md-start align-self-start\"> <div data-href=\"https:\/\/alaev-lueneburg.de\/alawordpress\/infobrief-nr-16-januar-2020\/\" data-colibri-component=\"link\" data-colibri-id=\"8071-c5\" class=\"colibri-post-thumbnail colibri-post-has-thumbnail style-1722 style-local-8071-c5 h-overflow-hidden position-relative h-element\"><div class=\"h-global-transition-all colibri-post-thumbnail-shortcode style-dynamic-8071-c5-height\">            <a href=\"https:\/\/alaev-lueneburg.de\/alawordpress\/infobrief-nr-16-januar-2020\/\" title=\"Infobrief Nr. 16 &#8211; Januar 2020\">\n\t\t\t\t<img loading=\"lazy\" decoding=\"async\" width=\"908\" height=\"302\" src=\"https:\/\/alaev-lueneburg.de\/alawordpress\/wp-content\/uploads\/2025\/05\/altstadt_winter_02.jpg\" class=\"attachment-post-thumbnail size-post-thumbnail wp-post-image\" alt=\"\" srcset=\"https:\/\/alaev-lueneburg.de\/alawordpress\/wp-content\/uploads\/2025\/05\/altstadt_winter_02.jpg 908w, https:\/\/alaev-lueneburg.de\/alawordpress\/wp-content\/uploads\/2025\/05\/altstadt_winter_02-300x100.jpg 300w, https:\/\/alaev-lueneburg.de\/alawordpress\/wp-content\/uploads\/2025\/05\/altstadt_winter_02-768x255.jpg 768w\" sizes=\"auto, (max-width: 908px) 100vw, 908px\" \/>            <\/a>\n\t\t\t<\/div> <div class=\"colibri-post-thumbnail-content align-items-lg-center align-items-md-center align-items-center flex-basis-100\"><div class=\"w-100 h-y-container\"> <\/div><\/div><\/div><div data-colibri-id=\"8071-c6\" class=\"h-row-container gutters-row-lg-2 gutters-row-md-2 gutters-row-2 gutters-row-v-lg-2 gutters-row-v-md-2 gutters-row-v-2 style-1723 style-local-8071-c6 position-relative\"><div class=\"h-row justify-content-lg-center justify-content-md-center justify-content-center align-items-lg-stretch align-items-md-stretch align-items-stretch gutters-col-lg-2 gutters-col-md-2 gutters-col-2 gutters-col-v-lg-2 gutters-col-v-md-2 gutters-col-v-2\"> <div class=\"h-column h-column-container d-flex h-col-lg h-col-md h-col-auto style-1724-outer style-local-8071-c7-outer\"><div data-colibri-id=\"8071-c7\" class=\"d-flex h-flex-basis h-column__inner h-px-lg-2 h-px-md-2 h-px-2 v-inner-lg-2 v-inner-md-2 v-inner-2 style-1724 style-local-8071-c7 position-relative\"> <div class=\"w-100 h-y-container h-column__content h-column__v-align flex-basis-100 align-self-lg-start align-self-md-start align-self-start\"> <div data-colibri-id=\"8071-c8\" class=\"h-blog-categories style-1725 style-local-8071-c8 position-relative h-element\"><div class=\"h-global-transition-all\"><a class=\"d-inline-block colibri-post-category\" href=\"https:\/\/alaev-lueneburg.de\/alawordpress\/category\/ala-berichte\/\">ALA-Berichte<\/a><\/div><\/div><div data-colibri-id=\"8071-c9\" class=\"h-blog-title style-1726 style-local-8071-c9 position-relative h-element\"><div class=\"h-global-transition-all\"><a href=\"https:\/\/alaev-lueneburg.de\/alawordpress\/infobrief-nr-16-januar-2020\/\"><h4 class=\"colibri-word-wrap\">Infobrief Nr. 16 &#8211; Januar 2020<\/h4><\/a><\/div><\/div><div data-colibri-id=\"8071-c10\" class=\"style-1727 style-local-8071-c10 position-relative h-element\"><div class=\"h-global-transition-all\"><div class=\"colibri-post-excerpt\">Bei unserem neu aufgelegten Programmpunkt, ein restauriertes Haus f\u00fcr ALA Mitglieder zu \u00f6ffnen, konnten wir 14 sehr interessierte G\u00e4ste begr\u00fc\u00dfen.<\/div><\/div><\/div><\/div><\/div><\/div><\/div><\/div><\/div><\/div><\/div>\n      \n      \n        <div class=\"h-column h-column-container d-flex h-col-lg-4 h-col-md-6 h-col-12 post-9272 post type-post status-publish format-standard has-post-thumbnail hentry category-ala-berichte masonry-item style-1721-outer style-local-8071-c4-outer\"><div data-colibri-id=\"8071-c4\" class=\"d-flex h-flex-basis h-column__inner h-px-lg-2 h-px-md-2 h-px-2 v-inner-lg-2 v-inner-md-2 v-inner-2 style-1721 style-local-8071-c4 position-relative\"> <div class=\"w-100 h-y-container h-column__content h-column__v-align flex-basis-100 align-self-lg-start align-self-md-start align-self-start\"> <div data-href=\"https:\/\/alaev-lueneburg.de\/alawordpress\/infobrief-nr-15-oktober-2019\/\" data-colibri-component=\"link\" data-colibri-id=\"8071-c5\" class=\"colibri-post-thumbnail colibri-post-has-thumbnail style-1722 style-local-8071-c5 h-overflow-hidden position-relative h-element\"><div class=\"h-global-transition-all colibri-post-thumbnail-shortcode style-dynamic-8071-c5-height\">            <a href=\"https:\/\/alaev-lueneburg.de\/alawordpress\/infobrief-nr-15-oktober-2019\/\" title=\"Infobrief Nr. 15 &#8211; Oktober 2019\">\n\t\t\t\t<img loading=\"lazy\" decoding=\"async\" width=\"908\" height=\"302\" src=\"https:\/\/alaev-lueneburg.de\/alawordpress\/wp-content\/uploads\/2025\/06\/st_michaelis.jpg\" class=\"attachment-post-thumbnail size-post-thumbnail wp-post-image\" alt=\"\" srcset=\"https:\/\/alaev-lueneburg.de\/alawordpress\/wp-content\/uploads\/2025\/06\/st_michaelis.jpg 908w, https:\/\/alaev-lueneburg.de\/alawordpress\/wp-content\/uploads\/2025\/06\/st_michaelis-300x100.jpg 300w, https:\/\/alaev-lueneburg.de\/alawordpress\/wp-content\/uploads\/2025\/06\/st_michaelis-768x255.jpg 768w\" sizes=\"auto, (max-width: 908px) 100vw, 908px\" \/>            <\/a>\n\t\t\t<\/div> <div class=\"colibri-post-thumbnail-content align-items-lg-center align-items-md-center align-items-center flex-basis-100\"><div class=\"w-100 h-y-container\"> <\/div><\/div><\/div><div data-colibri-id=\"8071-c6\" class=\"h-row-container gutters-row-lg-2 gutters-row-md-2 gutters-row-2 gutters-row-v-lg-2 gutters-row-v-md-2 gutters-row-v-2 style-1723 style-local-8071-c6 position-relative\"><div class=\"h-row justify-content-lg-center justify-content-md-center justify-content-center align-items-lg-stretch align-items-md-stretch align-items-stretch gutters-col-lg-2 gutters-col-md-2 gutters-col-2 gutters-col-v-lg-2 gutters-col-v-md-2 gutters-col-v-2\"> <div class=\"h-column h-column-container d-flex h-col-lg h-col-md h-col-auto style-1724-outer style-local-8071-c7-outer\"><div data-colibri-id=\"8071-c7\" class=\"d-flex h-flex-basis h-column__inner h-px-lg-2 h-px-md-2 h-px-2 v-inner-lg-2 v-inner-md-2 v-inner-2 style-1724 style-local-8071-c7 position-relative\"> <div class=\"w-100 h-y-container h-column__content h-column__v-align flex-basis-100 align-self-lg-start align-self-md-start align-self-start\"> <div data-colibri-id=\"8071-c8\" class=\"h-blog-categories style-1725 style-local-8071-c8 position-relative h-element\"><div class=\"h-global-transition-all\"><a class=\"d-inline-block colibri-post-category\" href=\"https:\/\/alaev-lueneburg.de\/alawordpress\/category\/ala-berichte\/\">ALA-Berichte<\/a><\/div><\/div><div data-colibri-id=\"8071-c9\" class=\"h-blog-title style-1726 style-local-8071-c9 position-relative h-element\"><div class=\"h-global-transition-all\"><a href=\"https:\/\/alaev-lueneburg.de\/alawordpress\/infobrief-nr-15-oktober-2019\/\"><h4 class=\"colibri-word-wrap\">Infobrief Nr. 15 &#8211; Oktober 2019<\/h4><\/a><\/div><\/div><div data-colibri-id=\"8071-c10\" class=\"style-1727 style-local-8071-c10 position-relative h-element\"><div class=\"h-global-transition-all\"><div class=\"colibri-post-excerpt\">Im Juni konnten wir Dr. Pablo de la Riestra, Architekturhistoriker und -photograph und Freund des ALA f\u00fcr einen Vortrag gewinnen.<\/div><\/div><\/div><\/div><\/div><\/div><\/div><\/div><\/div><\/div><\/div>\n      \n      \n        <div class=\"h-column h-column-container d-flex h-col-lg-4 h-col-md-6 h-col-12 post-4085 post type-post status-publish format-standard has-post-thumbnail hentry category-ala-berichte masonry-item style-1721-outer style-local-8071-c4-outer\"><div data-colibri-id=\"8071-c4\" class=\"d-flex h-flex-basis h-column__inner h-px-lg-2 h-px-md-2 h-px-2 v-inner-lg-2 v-inner-md-2 v-inner-2 style-1721 style-local-8071-c4 position-relative\"> <div class=\"w-100 h-y-container h-column__content h-column__v-align flex-basis-100 align-self-lg-start align-self-md-start align-self-start\"> <div data-href=\"https:\/\/alaev-lueneburg.de\/alawordpress\/jahresbericht-2019\/\" data-colibri-component=\"link\" data-colibri-id=\"8071-c5\" class=\"colibri-post-thumbnail colibri-post-has-thumbnail style-1722 style-local-8071-c5 h-overflow-hidden position-relative h-element\"><div class=\"h-global-transition-all colibri-post-thumbnail-shortcode style-dynamic-8071-c5-height\">            <a href=\"https:\/\/alaev-lueneburg.de\/alawordpress\/jahresbericht-2019\/\" title=\"Jahresbericht 2019\">\n\t\t\t\t<img loading=\"lazy\" decoding=\"async\" width=\"908\" height=\"302\" src=\"https:\/\/alaev-lueneburg.de\/alawordpress\/wp-content\/uploads\/2025\/02\/muehle.jpg\" class=\"attachment-post-thumbnail size-post-thumbnail wp-post-image\" alt=\"\" srcset=\"https:\/\/alaev-lueneburg.de\/alawordpress\/wp-content\/uploads\/2025\/02\/muehle.jpg 908w, https:\/\/alaev-lueneburg.de\/alawordpress\/wp-content\/uploads\/2025\/02\/muehle-300x100.jpg 300w, https:\/\/alaev-lueneburg.de\/alawordpress\/wp-content\/uploads\/2025\/02\/muehle-768x255.jpg 768w\" sizes=\"auto, (max-width: 908px) 100vw, 908px\" \/>            <\/a>\n\t\t\t<\/div> <div class=\"colibri-post-thumbnail-content align-items-lg-center align-items-md-center align-items-center flex-basis-100\"><div class=\"w-100 h-y-container\"> <\/div><\/div><\/div><div data-colibri-id=\"8071-c6\" class=\"h-row-container gutters-row-lg-2 gutters-row-md-2 gutters-row-2 gutters-row-v-lg-2 gutters-row-v-md-2 gutters-row-v-2 style-1723 style-local-8071-c6 position-relative\"><div class=\"h-row justify-content-lg-center justify-content-md-center justify-content-center align-items-lg-stretch align-items-md-stretch align-items-stretch gutters-col-lg-2 gutters-col-md-2 gutters-col-2 gutters-col-v-lg-2 gutters-col-v-md-2 gutters-col-v-2\"> <div class=\"h-column h-column-container d-flex h-col-lg h-col-md h-col-auto style-1724-outer style-local-8071-c7-outer\"><div data-colibri-id=\"8071-c7\" class=\"d-flex h-flex-basis h-column__inner h-px-lg-2 h-px-md-2 h-px-2 v-inner-lg-2 v-inner-md-2 v-inner-2 style-1724 style-local-8071-c7 position-relative\"> <div class=\"w-100 h-y-container h-column__content h-column__v-align flex-basis-100 align-self-lg-start align-self-md-start align-self-start\"> <div data-colibri-id=\"8071-c8\" class=\"h-blog-categories style-1725 style-local-8071-c8 position-relative h-element\"><div class=\"h-global-transition-all\"><a class=\"d-inline-block colibri-post-category\" href=\"https:\/\/alaev-lueneburg.de\/alawordpress\/category\/ala-berichte\/\">ALA-Berichte<\/a><\/div><\/div><div data-colibri-id=\"8071-c9\" class=\"h-blog-title style-1726 style-local-8071-c9 position-relative h-element\"><div class=\"h-global-transition-all\"><a href=\"https:\/\/alaev-lueneburg.de\/alawordpress\/jahresbericht-2019\/\"><h4 class=\"colibri-word-wrap\">Jahresbericht 2019<\/h4><\/a><\/div><\/div><div data-colibri-id=\"8071-c10\" class=\"style-1727 style-local-8071-c10 position-relative h-element\"><div class=\"h-global-transition-all\"><div class=\"colibri-post-excerpt\">Bericht auf der Mitgliederversammlung.<\/div><\/div><\/div><\/div><\/div><\/div><\/div><\/div><\/div><\/div><\/div>\n      \n      \n        <div class=\"h-column h-column-container d-flex h-col-lg-4 h-col-md-6 h-col-12 post-9247 post type-post status-publish format-standard has-post-thumbnail hentry category-ala-berichte masonry-item style-1721-outer style-local-8071-c4-outer\"><div data-colibri-id=\"8071-c4\" class=\"d-flex h-flex-basis h-column__inner h-px-lg-2 h-px-md-2 h-px-2 v-inner-lg-2 v-inner-md-2 v-inner-2 style-1721 style-local-8071-c4 position-relative\"> <div class=\"w-100 h-y-container h-column__content h-column__v-align flex-basis-100 align-self-lg-start align-self-md-start align-self-start\"> <div data-href=\"https:\/\/alaev-lueneburg.de\/alawordpress\/infobrief-nr-14-februar-2019\/\" data-colibri-component=\"link\" data-colibri-id=\"8071-c5\" class=\"colibri-post-thumbnail colibri-post-has-thumbnail style-1722 style-local-8071-c5 h-overflow-hidden position-relative h-element\"><div class=\"h-global-transition-all colibri-post-thumbnail-shortcode style-dynamic-8071-c5-height\">            <a href=\"https:\/\/alaev-lueneburg.de\/alawordpress\/infobrief-nr-14-februar-2019\/\" title=\"Infobrief Nr. 14 &#8211; Februar 2019\">\n\t\t\t\t<img loading=\"lazy\" decoding=\"async\" width=\"908\" height=\"302\" src=\"https:\/\/alaev-lueneburg.de\/alawordpress\/wp-content\/uploads\/2025\/05\/neue-strasse_02.jpg\" class=\"attachment-post-thumbnail size-post-thumbnail wp-post-image\" alt=\"\" srcset=\"https:\/\/alaev-lueneburg.de\/alawordpress\/wp-content\/uploads\/2025\/05\/neue-strasse_02.jpg 908w, https:\/\/alaev-lueneburg.de\/alawordpress\/wp-content\/uploads\/2025\/05\/neue-strasse_02-300x100.jpg 300w, https:\/\/alaev-lueneburg.de\/alawordpress\/wp-content\/uploads\/2025\/05\/neue-strasse_02-768x255.jpg 768w\" sizes=\"auto, (max-width: 908px) 100vw, 908px\" \/>            <\/a>\n\t\t\t<\/div> <div class=\"colibri-post-thumbnail-content align-items-lg-center align-items-md-center align-items-center flex-basis-100\"><div class=\"w-100 h-y-container\"> <\/div><\/div><\/div><div data-colibri-id=\"8071-c6\" class=\"h-row-container gutters-row-lg-2 gutters-row-md-2 gutters-row-2 gutters-row-v-lg-2 gutters-row-v-md-2 gutters-row-v-2 style-1723 style-local-8071-c6 position-relative\"><div class=\"h-row justify-content-lg-center justify-content-md-center justify-content-center align-items-lg-stretch align-items-md-stretch align-items-stretch gutters-col-lg-2 gutters-col-md-2 gutters-col-2 gutters-col-v-lg-2 gutters-col-v-md-2 gutters-col-v-2\"> <div class=\"h-column h-column-container d-flex h-col-lg h-col-md h-col-auto style-1724-outer style-local-8071-c7-outer\"><div data-colibri-id=\"8071-c7\" class=\"d-flex h-flex-basis h-column__inner h-px-lg-2 h-px-md-2 h-px-2 v-inner-lg-2 v-inner-md-2 v-inner-2 style-1724 style-local-8071-c7 position-relative\"> <div class=\"w-100 h-y-container h-column__content h-column__v-align flex-basis-100 align-self-lg-start align-self-md-start align-self-start\"> <div data-colibri-id=\"8071-c8\" class=\"h-blog-categories style-1725 style-local-8071-c8 position-relative h-element\"><div class=\"h-global-transition-all\"><a class=\"d-inline-block colibri-post-category\" href=\"https:\/\/alaev-lueneburg.de\/alawordpress\/category\/ala-berichte\/\">ALA-Berichte<\/a><\/div><\/div><div data-colibri-id=\"8071-c9\" class=\"h-blog-title style-1726 style-local-8071-c9 position-relative h-element\"><div class=\"h-global-transition-all\"><a href=\"https:\/\/alaev-lueneburg.de\/alawordpress\/infobrief-nr-14-februar-2019\/\"><h4 class=\"colibri-word-wrap\">Infobrief Nr. 14 &#8211; Februar 2019<\/h4><\/a><\/div><\/div><div data-colibri-id=\"8071-c10\" class=\"style-1727 style-local-8071-c10 position-relative h-element\"><div class=\"h-global-transition-all\"><div class=\"colibri-post-excerpt\">Bei Alter Handwerkerstra\u00dfe wie auch beim Historischen Christmarkt waren wir vom Organisatorischen und Atmosph\u00e4rischen her recht zufrieden.<\/div><\/div><\/div><\/div><\/div><\/div><\/div><\/div><\/div><\/div><\/div>\n      \n      \n        <div class=\"h-column h-column-container d-flex h-col-lg-4 h-col-md-6 h-col-12 post-4087 post type-post status-publish format-standard has-post-thumbnail hentry category-ala-berichte masonry-item style-1721-outer style-local-8071-c4-outer\"><div data-colibri-id=\"8071-c4\" class=\"d-flex h-flex-basis h-column__inner h-px-lg-2 h-px-md-2 h-px-2 v-inner-lg-2 v-inner-md-2 v-inner-2 style-1721 style-local-8071-c4 position-relative\"> <div class=\"w-100 h-y-container h-column__content h-column__v-align flex-basis-100 align-self-lg-start align-self-md-start align-self-start\"> <div data-href=\"https:\/\/alaev-lueneburg.de\/alawordpress\/jahresbericht-2018\/\" data-colibri-component=\"link\" data-colibri-id=\"8071-c5\" class=\"colibri-post-thumbnail colibri-post-has-thumbnail style-1722 style-local-8071-c5 h-overflow-hidden position-relative h-element\"><div class=\"h-global-transition-all colibri-post-thumbnail-shortcode style-dynamic-8071-c5-height\">            <a href=\"https:\/\/alaev-lueneburg.de\/alawordpress\/jahresbericht-2018\/\" title=\"Jahresbericht 2018\">\n\t\t\t\t<img loading=\"lazy\" decoding=\"async\" width=\"908\" height=\"302\" src=\"https:\/\/alaev-lueneburg.de\/alawordpress\/wp-content\/uploads\/2025\/02\/altstadt_winter.jpg\" class=\"attachment-post-thumbnail size-post-thumbnail wp-post-image\" alt=\"\" srcset=\"https:\/\/alaev-lueneburg.de\/alawordpress\/wp-content\/uploads\/2025\/02\/altstadt_winter.jpg 908w, https:\/\/alaev-lueneburg.de\/alawordpress\/wp-content\/uploads\/2025\/02\/altstadt_winter-300x100.jpg 300w, https:\/\/alaev-lueneburg.de\/alawordpress\/wp-content\/uploads\/2025\/02\/altstadt_winter-768x255.jpg 768w\" sizes=\"auto, (max-width: 908px) 100vw, 908px\" \/>            <\/a>\n\t\t\t<\/div> <div class=\"colibri-post-thumbnail-content align-items-lg-center align-items-md-center align-items-center flex-basis-100\"><div class=\"w-100 h-y-container\"> <\/div><\/div><\/div><div data-colibri-id=\"8071-c6\" class=\"h-row-container gutters-row-lg-2 gutters-row-md-2 gutters-row-2 gutters-row-v-lg-2 gutters-row-v-md-2 gutters-row-v-2 style-1723 style-local-8071-c6 position-relative\"><div class=\"h-row justify-content-lg-center justify-content-md-center justify-content-center align-items-lg-stretch align-items-md-stretch align-items-stretch gutters-col-lg-2 gutters-col-md-2 gutters-col-2 gutters-col-v-lg-2 gutters-col-v-md-2 gutters-col-v-2\"> <div class=\"h-column h-column-container d-flex h-col-lg h-col-md h-col-auto style-1724-outer style-local-8071-c7-outer\"><div data-colibri-id=\"8071-c7\" class=\"d-flex h-flex-basis h-column__inner h-px-lg-2 h-px-md-2 h-px-2 v-inner-lg-2 v-inner-md-2 v-inner-2 style-1724 style-local-8071-c7 position-relative\"> <div class=\"w-100 h-y-container h-column__content h-column__v-align flex-basis-100 align-self-lg-start align-self-md-start align-self-start\"> <div data-colibri-id=\"8071-c8\" class=\"h-blog-categories style-1725 style-local-8071-c8 position-relative h-element\"><div class=\"h-global-transition-all\"><a class=\"d-inline-block colibri-post-category\" href=\"https:\/\/alaev-lueneburg.de\/alawordpress\/category\/ala-berichte\/\">ALA-Berichte<\/a><\/div><\/div><div data-colibri-id=\"8071-c9\" class=\"h-blog-title style-1726 style-local-8071-c9 position-relative h-element\"><div class=\"h-global-transition-all\"><a href=\"https:\/\/alaev-lueneburg.de\/alawordpress\/jahresbericht-2018\/\"><h4 class=\"colibri-word-wrap\">Jahresbericht 2018<\/h4><\/a><\/div><\/div><div data-colibri-id=\"8071-c10\" class=\"style-1727 style-local-8071-c10 position-relative h-element\"><div class=\"h-global-transition-all\"><div class=\"colibri-post-excerpt\">Bericht auf der Mitgliederversammlung.<\/div><\/div><\/div><\/div><\/div><\/div><\/div><\/div><\/div><\/div><\/div>\n      \n      \n        <div class=\"h-column h-column-container d-flex h-col-lg-4 h-col-md-6 h-col-12 post-9221 post type-post status-publish format-standard has-post-thumbnail hentry category-ala-berichte masonry-item style-1721-outer style-local-8071-c4-outer\"><div data-colibri-id=\"8071-c4\" class=\"d-flex h-flex-basis h-column__inner h-px-lg-2 h-px-md-2 h-px-2 v-inner-lg-2 v-inner-md-2 v-inner-2 style-1721 style-local-8071-c4 position-relative\"> <div class=\"w-100 h-y-container h-column__content h-column__v-align flex-basis-100 align-self-lg-start align-self-md-start align-self-start\"> <div data-href=\"https:\/\/alaev-lueneburg.de\/alawordpress\/infobrief-nr-13-maerz-2018\/\" data-colibri-component=\"link\" data-colibri-id=\"8071-c5\" class=\"colibri-post-thumbnail colibri-post-has-thumbnail style-1722 style-local-8071-c5 h-overflow-hidden position-relative h-element\"><div class=\"h-global-transition-all colibri-post-thumbnail-shortcode style-dynamic-8071-c5-height\">            <a href=\"https:\/\/alaev-lueneburg.de\/alawordpress\/infobrief-nr-13-maerz-2018\/\" title=\"Infobrief Nr. 13 &#8211; M\u00e4rz 2018\">\n\t\t\t\t<img loading=\"lazy\" decoding=\"async\" width=\"908\" height=\"302\" src=\"https:\/\/alaev-lueneburg.de\/alawordpress\/wp-content\/uploads\/2025\/05\/neue-strasse_04.jpg\" class=\"attachment-post-thumbnail size-post-thumbnail wp-post-image\" alt=\"\" srcset=\"https:\/\/alaev-lueneburg.de\/alawordpress\/wp-content\/uploads\/2025\/05\/neue-strasse_04.jpg 908w, https:\/\/alaev-lueneburg.de\/alawordpress\/wp-content\/uploads\/2025\/05\/neue-strasse_04-300x100.jpg 300w, https:\/\/alaev-lueneburg.de\/alawordpress\/wp-content\/uploads\/2025\/05\/neue-strasse_04-768x255.jpg 768w\" sizes=\"auto, (max-width: 908px) 100vw, 908px\" \/>            <\/a>\n\t\t\t<\/div> <div class=\"colibri-post-thumbnail-content align-items-lg-center align-items-md-center align-items-center flex-basis-100\"><div class=\"w-100 h-y-container\"> <\/div><\/div><\/div><div data-colibri-id=\"8071-c6\" class=\"h-row-container gutters-row-lg-2 gutters-row-md-2 gutters-row-2 gutters-row-v-lg-2 gutters-row-v-md-2 gutters-row-v-2 style-1723 style-local-8071-c6 position-relative\"><div class=\"h-row justify-content-lg-center justify-content-md-center justify-content-center align-items-lg-stretch align-items-md-stretch align-items-stretch gutters-col-lg-2 gutters-col-md-2 gutters-col-2 gutters-col-v-lg-2 gutters-col-v-md-2 gutters-col-v-2\"> <div class=\"h-column h-column-container d-flex h-col-lg h-col-md h-col-auto style-1724-outer style-local-8071-c7-outer\"><div data-colibri-id=\"8071-c7\" class=\"d-flex h-flex-basis h-column__inner h-px-lg-2 h-px-md-2 h-px-2 v-inner-lg-2 v-inner-md-2 v-inner-2 style-1724 style-local-8071-c7 position-relative\"> <div class=\"w-100 h-y-container h-column__content h-column__v-align flex-basis-100 align-self-lg-start align-self-md-start align-self-start\"> <div data-colibri-id=\"8071-c8\" class=\"h-blog-categories style-1725 style-local-8071-c8 position-relative h-element\"><div class=\"h-global-transition-all\"><a class=\"d-inline-block colibri-post-category\" href=\"https:\/\/alaev-lueneburg.de\/alawordpress\/category\/ala-berichte\/\">ALA-Berichte<\/a><\/div><\/div><div data-colibri-id=\"8071-c9\" class=\"h-blog-title style-1726 style-local-8071-c9 position-relative h-element\"><div class=\"h-global-transition-all\"><a href=\"https:\/\/alaev-lueneburg.de\/alawordpress\/infobrief-nr-13-maerz-2018\/\"><h4 class=\"colibri-word-wrap\">Infobrief Nr. 13 &#8211; M\u00e4rz 2018<\/h4><\/a><\/div><\/div><div data-colibri-id=\"8071-c10\" class=\"style-1727 style-local-8071-c10 position-relative h-element\"><div class=\"h-global-transition-all\"><div class=\"colibri-post-excerpt\">Vorst\u00e4ndler, Marketing-Gruppe und andere Aktive haben sich getroffen, um Vorbereitungen f\u00fcr die diesj\u00e4hrige Handwerkerstra\u00dfe zu treffen.<\/div><\/div><\/div><\/div><\/div><\/div><\/div><\/div><\/div><\/div><\/div>\n      \n      \n        <div class=\"h-column h-column-container d-flex h-col-lg-4 h-col-md-6 h-col-12 post-9218 post type-post status-publish format-standard has-post-thumbnail hentry category-ala-berichte masonry-item style-1721-outer style-local-8071-c4-outer\"><div data-colibri-id=\"8071-c4\" class=\"d-flex h-flex-basis h-column__inner h-px-lg-2 h-px-md-2 h-px-2 v-inner-lg-2 v-inner-md-2 v-inner-2 style-1721 style-local-8071-c4 position-relative\"> <div class=\"w-100 h-y-container h-column__content h-column__v-align flex-basis-100 align-self-lg-start align-self-md-start align-self-start\"> <div data-href=\"https:\/\/alaev-lueneburg.de\/alawordpress\/infobrief-nr-12-august-2017\/\" data-colibri-component=\"link\" data-colibri-id=\"8071-c5\" class=\"colibri-post-thumbnail colibri-post-has-thumbnail style-1722 style-local-8071-c5 h-overflow-hidden position-relative h-element\"><div class=\"h-global-transition-all colibri-post-thumbnail-shortcode style-dynamic-8071-c5-height\">            <a href=\"https:\/\/alaev-lueneburg.de\/alawordpress\/infobrief-nr-12-august-2017\/\" title=\"Infobrief Nr. 12 &#8211; August 2017\">\n\t\t\t\t<img loading=\"lazy\" decoding=\"async\" width=\"908\" height=\"302\" src=\"https:\/\/alaev-lueneburg.de\/alawordpress\/wp-content\/uploads\/2025\/05\/neue-strasse_03.jpg\" class=\"attachment-post-thumbnail size-post-thumbnail wp-post-image\" alt=\"\" srcset=\"https:\/\/alaev-lueneburg.de\/alawordpress\/wp-content\/uploads\/2025\/05\/neue-strasse_03.jpg 908w, https:\/\/alaev-lueneburg.de\/alawordpress\/wp-content\/uploads\/2025\/05\/neue-strasse_03-300x100.jpg 300w, https:\/\/alaev-lueneburg.de\/alawordpress\/wp-content\/uploads\/2025\/05\/neue-strasse_03-768x255.jpg 768w\" sizes=\"auto, (max-width: 908px) 100vw, 908px\" \/>            <\/a>\n\t\t\t<\/div> <div class=\"colibri-post-thumbnail-content align-items-lg-center align-items-md-center align-items-center flex-basis-100\"><div class=\"w-100 h-y-container\"> <\/div><\/div><\/div><div data-colibri-id=\"8071-c6\" class=\"h-row-container gutters-row-lg-2 gutters-row-md-2 gutters-row-2 gutters-row-v-lg-2 gutters-row-v-md-2 gutters-row-v-2 style-1723 style-local-8071-c6 position-relative\"><div class=\"h-row justify-content-lg-center justify-content-md-center justify-content-center align-items-lg-stretch align-items-md-stretch align-items-stretch gutters-col-lg-2 gutters-col-md-2 gutters-col-2 gutters-col-v-lg-2 gutters-col-v-md-2 gutters-col-v-2\"> <div class=\"h-column h-column-container d-flex h-col-lg h-col-md h-col-auto style-1724-outer style-local-8071-c7-outer\"><div data-colibri-id=\"8071-c7\" class=\"d-flex h-flex-basis h-column__inner h-px-lg-2 h-px-md-2 h-px-2 v-inner-lg-2 v-inner-md-2 v-inner-2 style-1724 style-local-8071-c7 position-relative\"> <div class=\"w-100 h-y-container h-column__content h-column__v-align flex-basis-100 align-self-lg-start align-self-md-start align-self-start\"> <div data-colibri-id=\"8071-c8\" class=\"h-blog-categories style-1725 style-local-8071-c8 position-relative h-element\"><div class=\"h-global-transition-all\"><a class=\"d-inline-block colibri-post-category\" href=\"https:\/\/alaev-lueneburg.de\/alawordpress\/category\/ala-berichte\/\">ALA-Berichte<\/a><\/div><\/div><div data-colibri-id=\"8071-c9\" class=\"h-blog-title style-1726 style-local-8071-c9 position-relative h-element\"><div class=\"h-global-transition-all\"><a href=\"https:\/\/alaev-lueneburg.de\/alawordpress\/infobrief-nr-12-august-2017\/\"><h4 class=\"colibri-word-wrap\">Infobrief Nr. 12 &#8211; August 2017<\/h4><\/a><\/div><\/div><div data-colibri-id=\"8071-c10\" class=\"style-1727 style-local-8071-c10 position-relative h-element\"><div class=\"h-global-transition-all\"><div class=\"colibri-post-excerpt\">F\u00fcr die Mitglieder, die bei der diesj\u00e4hrigen Mitgliederversammlung nicht dabei waren, stellen wir den neugew\u00e4hlten Vorstand vor.<\/div><\/div><\/div><\/div><\/div><\/div><\/div><\/div><\/div><\/div><\/div>\n      \n      \n        <div class=\"h-column h-column-container d-flex h-col-lg-4 h-col-md-6 h-col-12 post-4089 post type-post status-publish format-standard has-post-thumbnail hentry category-ala-berichte masonry-item style-1721-outer style-local-8071-c4-outer\"><div data-colibri-id=\"8071-c4\" class=\"d-flex h-flex-basis h-column__inner h-px-lg-2 h-px-md-2 h-px-2 v-inner-lg-2 v-inner-md-2 v-inner-2 style-1721 style-local-8071-c4 position-relative\"> <div class=\"w-100 h-y-container h-column__content h-column__v-align flex-basis-100 align-self-lg-start align-self-md-start align-self-start\"> <div data-href=\"https:\/\/alaev-lueneburg.de\/alawordpress\/jahresbericht-2017\/\" data-colibri-component=\"link\" data-colibri-id=\"8071-c5\" class=\"colibri-post-thumbnail colibri-post-has-thumbnail style-1722 style-local-8071-c5 h-overflow-hidden position-relative h-element\"><div class=\"h-global-transition-all colibri-post-thumbnail-shortcode style-dynamic-8071-c5-height\">            <a href=\"https:\/\/alaev-lueneburg.de\/alawordpress\/jahresbericht-2017\/\" title=\"Jahresbericht 2017\">\n\t\t\t\t<img loading=\"lazy\" decoding=\"async\" width=\"908\" height=\"302\" src=\"https:\/\/alaev-lueneburg.de\/alawordpress\/wp-content\/uploads\/2025\/03\/giebel510-1.jpg\" class=\"attachment-post-thumbnail size-post-thumbnail wp-post-image\" alt=\"\" srcset=\"https:\/\/alaev-lueneburg.de\/alawordpress\/wp-content\/uploads\/2025\/03\/giebel510-1.jpg 908w, https:\/\/alaev-lueneburg.de\/alawordpress\/wp-content\/uploads\/2025\/03\/giebel510-1-300x100.jpg 300w, https:\/\/alaev-lueneburg.de\/alawordpress\/wp-content\/uploads\/2025\/03\/giebel510-1-768x255.jpg 768w\" sizes=\"auto, (max-width: 908px) 100vw, 908px\" \/>            <\/a>\n\t\t\t<\/div> <div class=\"colibri-post-thumbnail-content align-items-lg-center align-items-md-center align-items-center flex-basis-100\"><div class=\"w-100 h-y-container\"> <\/div><\/div><\/div><div data-colibri-id=\"8071-c6\" class=\"h-row-container gutters-row-lg-2 gutters-row-md-2 gutters-row-2 gutters-row-v-lg-2 gutters-row-v-md-2 gutters-row-v-2 style-1723 style-local-8071-c6 position-relative\"><div class=\"h-row justify-content-lg-center justify-content-md-center justify-content-center align-items-lg-stretch align-items-md-stretch align-items-stretch gutters-col-lg-2 gutters-col-md-2 gutters-col-2 gutters-col-v-lg-2 gutters-col-v-md-2 gutters-col-v-2\"> <div class=\"h-column h-column-container d-flex h-col-lg h-col-md h-col-auto style-1724-outer style-local-8071-c7-outer\"><div data-colibri-id=\"8071-c7\" class=\"d-flex h-flex-basis h-column__inner h-px-lg-2 h-px-md-2 h-px-2 v-inner-lg-2 v-inner-md-2 v-inner-2 style-1724 style-local-8071-c7 position-relative\"> <div class=\"w-100 h-y-container h-column__content h-column__v-align flex-basis-100 align-self-lg-start align-self-md-start align-self-start\"> <div data-colibri-id=\"8071-c8\" class=\"h-blog-categories style-1725 style-local-8071-c8 position-relative h-element\"><div class=\"h-global-transition-all\"><a class=\"d-inline-block colibri-post-category\" href=\"https:\/\/alaev-lueneburg.de\/alawordpress\/category\/ala-berichte\/\">ALA-Berichte<\/a><\/div><\/div><div data-colibri-id=\"8071-c9\" class=\"h-blog-title style-1726 style-local-8071-c9 position-relative h-element\"><div class=\"h-global-transition-all\"><a href=\"https:\/\/alaev-lueneburg.de\/alawordpress\/jahresbericht-2017\/\"><h4 class=\"colibri-word-wrap\">Jahresbericht 2017<\/h4><\/a><\/div><\/div><div data-colibri-id=\"8071-c10\" class=\"style-1727 style-local-8071-c10 position-relative h-element\"><div class=\"h-global-transition-all\"><div class=\"colibri-post-excerpt\">Bericht auf der Mitgliederversammlung.<\/div><\/div><\/div><\/div><\/div><\/div><\/div><\/div><\/div><\/div><\/div>\n      \n      \n        <div class=\"h-column h-column-container d-flex h-col-lg-4 h-col-md-6 h-col-12 post-9802 post type-post status-publish format-standard has-post-thumbnail hentry category-ala-berichte masonry-item style-1721-outer style-local-8071-c4-outer\"><div data-colibri-id=\"8071-c4\" class=\"d-flex h-flex-basis h-column__inner h-px-lg-2 h-px-md-2 h-px-2 v-inner-lg-2 v-inner-md-2 v-inner-2 style-1721 style-local-8071-c4 position-relative\"> <div class=\"w-100 h-y-container h-column__content h-column__v-align flex-basis-100 align-self-lg-start align-self-md-start align-self-start\"> <div data-href=\"https:\/\/alaev-lueneburg.de\/alawordpress\/jahresbericht-2016\/\" data-colibri-component=\"link\" data-colibri-id=\"8071-c5\" class=\"colibri-post-thumbnail colibri-post-has-thumbnail style-1722 style-local-8071-c5 h-overflow-hidden position-relative h-element\"><div class=\"h-global-transition-all colibri-post-thumbnail-shortcode style-dynamic-8071-c5-height\">            <a href=\"https:\/\/alaev-lueneburg.de\/alawordpress\/jahresbericht-2016\/\" title=\"Jahresbericht 2016\">\n\t\t\t\t<img loading=\"lazy\" decoding=\"async\" width=\"908\" height=\"302\" src=\"https:\/\/alaev-lueneburg.de\/alawordpress\/wp-content\/uploads\/2025\/06\/salzbrueckerstr01.jpg\" class=\"attachment-post-thumbnail size-post-thumbnail wp-post-image\" alt=\"\" srcset=\"https:\/\/alaev-lueneburg.de\/alawordpress\/wp-content\/uploads\/2025\/06\/salzbrueckerstr01.jpg 908w, https:\/\/alaev-lueneburg.de\/alawordpress\/wp-content\/uploads\/2025\/06\/salzbrueckerstr01-300x100.jpg 300w, https:\/\/alaev-lueneburg.de\/alawordpress\/wp-content\/uploads\/2025\/06\/salzbrueckerstr01-768x255.jpg 768w\" sizes=\"auto, (max-width: 908px) 100vw, 908px\" \/>            <\/a>\n\t\t\t<\/div> <div class=\"colibri-post-thumbnail-content align-items-lg-center align-items-md-center align-items-center flex-basis-100\"><div class=\"w-100 h-y-container\"> <\/div><\/div><\/div><div data-colibri-id=\"8071-c6\" class=\"h-row-container gutters-row-lg-2 gutters-row-md-2 gutters-row-2 gutters-row-v-lg-2 gutters-row-v-md-2 gutters-row-v-2 style-1723 style-local-8071-c6 position-relative\"><div class=\"h-row justify-content-lg-center justify-content-md-center justify-content-center align-items-lg-stretch align-items-md-stretch align-items-stretch gutters-col-lg-2 gutters-col-md-2 gutters-col-2 gutters-col-v-lg-2 gutters-col-v-md-2 gutters-col-v-2\"> <div class=\"h-column h-column-container d-flex h-col-lg h-col-md h-col-auto style-1724-outer style-local-8071-c7-outer\"><div data-colibri-id=\"8071-c7\" class=\"d-flex h-flex-basis h-column__inner h-px-lg-2 h-px-md-2 h-px-2 v-inner-lg-2 v-inner-md-2 v-inner-2 style-1724 style-local-8071-c7 position-relative\"> <div class=\"w-100 h-y-container h-column__content h-column__v-align flex-basis-100 align-self-lg-start align-self-md-start align-self-start\"> <div data-colibri-id=\"8071-c8\" class=\"h-blog-categories style-1725 style-local-8071-c8 position-relative h-element\"><div class=\"h-global-transition-all\"><a class=\"d-inline-block colibri-post-category\" href=\"https:\/\/alaev-lueneburg.de\/alawordpress\/category\/ala-berichte\/\">ALA-Berichte<\/a><\/div><\/div><div data-colibri-id=\"8071-c9\" class=\"h-blog-title style-1726 style-local-8071-c9 position-relative h-element\"><div class=\"h-global-transition-all\"><a href=\"https:\/\/alaev-lueneburg.de\/alawordpress\/jahresbericht-2016\/\"><h4 class=\"colibri-word-wrap\">Jahresbericht 2016<\/h4><\/a><\/div><\/div><div data-colibri-id=\"8071-c10\" class=\"style-1727 style-local-8071-c10 position-relative h-element\"><div class=\"h-global-transition-all\"><div class=\"colibri-post-excerpt\">Aufgaben und T\u00e4tigkeiten, mit denen wir uns besch\u00e4ftigt haben und wo wir uns durch Anfragen, Vorschl\u00e4ge oder Kritik engagiert haben.<\/div><\/div><\/div><\/div><\/div><\/div><\/div><\/div><\/div><\/div><\/div>\n      \n      \n        <div class=\"h-column h-column-container d-flex h-col-lg-4 h-col-md-6 h-col-12 post-9189 post type-post status-publish format-standard has-post-thumbnail hentry category-ala-berichte masonry-item style-1721-outer style-local-8071-c4-outer\"><div data-colibri-id=\"8071-c4\" class=\"d-flex h-flex-basis h-column__inner h-px-lg-2 h-px-md-2 h-px-2 v-inner-lg-2 v-inner-md-2 v-inner-2 style-1721 style-local-8071-c4 position-relative\"> <div class=\"w-100 h-y-container h-column__content h-column__v-align flex-basis-100 align-self-lg-start align-self-md-start align-self-start\"> <div data-href=\"https:\/\/alaev-lueneburg.de\/alawordpress\/infobrief-nr-11-maerz-2017\/\" data-colibri-component=\"link\" data-colibri-id=\"8071-c5\" class=\"colibri-post-thumbnail colibri-post-has-thumbnail style-1722 style-local-8071-c5 h-overflow-hidden position-relative h-element\"><div class=\"h-global-transition-all colibri-post-thumbnail-shortcode style-dynamic-8071-c5-height\">            <a href=\"https:\/\/alaev-lueneburg.de\/alawordpress\/infobrief-nr-11-maerz-2017\/\" title=\"Infobrief Nr. 11 &#8211; M\u00e4rz 2017\">\n\t\t\t\t<img loading=\"lazy\" decoding=\"async\" width=\"908\" height=\"302\" src=\"https:\/\/alaev-lueneburg.de\/alawordpress\/wp-content\/uploads\/2025\/05\/neue-strasse_01.jpg\" class=\"attachment-post-thumbnail size-post-thumbnail wp-post-image\" alt=\"\" srcset=\"https:\/\/alaev-lueneburg.de\/alawordpress\/wp-content\/uploads\/2025\/05\/neue-strasse_01.jpg 908w, https:\/\/alaev-lueneburg.de\/alawordpress\/wp-content\/uploads\/2025\/05\/neue-strasse_01-300x100.jpg 300w, https:\/\/alaev-lueneburg.de\/alawordpress\/wp-content\/uploads\/2025\/05\/neue-strasse_01-768x255.jpg 768w\" sizes=\"auto, (max-width: 908px) 100vw, 908px\" \/>            <\/a>\n\t\t\t<\/div> <div class=\"colibri-post-thumbnail-content align-items-lg-center align-items-md-center align-items-center flex-basis-100\"><div class=\"w-100 h-y-container\"> <\/div><\/div><\/div><div data-colibri-id=\"8071-c6\" class=\"h-row-container gutters-row-lg-2 gutters-row-md-2 gutters-row-2 gutters-row-v-lg-2 gutters-row-v-md-2 gutters-row-v-2 style-1723 style-local-8071-c6 position-relative\"><div class=\"h-row justify-content-lg-center justify-content-md-center justify-content-center align-items-lg-stretch align-items-md-stretch align-items-stretch gutters-col-lg-2 gutters-col-md-2 gutters-col-2 gutters-col-v-lg-2 gutters-col-v-md-2 gutters-col-v-2\"> <div class=\"h-column h-column-container d-flex h-col-lg h-col-md h-col-auto style-1724-outer style-local-8071-c7-outer\"><div data-colibri-id=\"8071-c7\" class=\"d-flex h-flex-basis h-column__inner h-px-lg-2 h-px-md-2 h-px-2 v-inner-lg-2 v-inner-md-2 v-inner-2 style-1724 style-local-8071-c7 position-relative\"> <div class=\"w-100 h-y-container h-column__content h-column__v-align flex-basis-100 align-self-lg-start align-self-md-start align-self-start\"> <div data-colibri-id=\"8071-c8\" class=\"h-blog-categories style-1725 style-local-8071-c8 position-relative h-element\"><div class=\"h-global-transition-all\"><a class=\"d-inline-block colibri-post-category\" href=\"https:\/\/alaev-lueneburg.de\/alawordpress\/category\/ala-berichte\/\">ALA-Berichte<\/a><\/div><\/div><div data-colibri-id=\"8071-c9\" class=\"h-blog-title style-1726 style-local-8071-c9 position-relative h-element\"><div class=\"h-global-transition-all\"><a href=\"https:\/\/alaev-lueneburg.de\/alawordpress\/infobrief-nr-11-maerz-2017\/\"><h4 class=\"colibri-word-wrap\">Infobrief Nr. 11 &#8211; M\u00e4rz 2017<\/h4><\/a><\/div><\/div><div data-colibri-id=\"8071-c10\" class=\"style-1727 style-local-8071-c10 position-relative h-element\"><div class=\"h-global-transition-all\"><div class=\"colibri-post-excerpt\">Aktuelles zu laufenden Restaurierungen...<\/div><\/div><\/div><\/div><\/div><\/div><\/div><\/div><\/div><\/div><\/div>\n      \n      \n        <div class=\"h-column h-column-container d-flex h-col-lg-4 h-col-md-6 h-col-12 post-9163 post type-post status-publish format-standard has-post-thumbnail hentry category-ala-berichte masonry-item style-1721-outer style-local-8071-c4-outer\"><div data-colibri-id=\"8071-c4\" class=\"d-flex h-flex-basis h-column__inner h-px-lg-2 h-px-md-2 h-px-2 v-inner-lg-2 v-inner-md-2 v-inner-2 style-1721 style-local-8071-c4 position-relative\"> <div class=\"w-100 h-y-container h-column__content h-column__v-align flex-basis-100 align-self-lg-start align-self-md-start align-self-start\"> <div data-href=\"https:\/\/alaev-lueneburg.de\/alawordpress\/infobrief-10-november-2016\/\" data-colibri-component=\"link\" data-colibri-id=\"8071-c5\" class=\"colibri-post-thumbnail colibri-post-has-thumbnail style-1722 style-local-8071-c5 h-overflow-hidden position-relative h-element\"><div class=\"h-global-transition-all colibri-post-thumbnail-shortcode style-dynamic-8071-c5-height\">            <a href=\"https:\/\/alaev-lueneburg.de\/alawordpress\/infobrief-10-november-2016\/\" title=\"Infobrief Nr. 10 &#8211; November 2016\">\n\t\t\t\t<img loading=\"lazy\" decoding=\"async\" width=\"908\" height=\"302\" src=\"https:\/\/alaev-lueneburg.de\/alawordpress\/wp-content\/uploads\/2025\/05\/kurpark_winter.jpg\" class=\"attachment-post-thumbnail size-post-thumbnail wp-post-image\" alt=\"\" srcset=\"https:\/\/alaev-lueneburg.de\/alawordpress\/wp-content\/uploads\/2025\/05\/kurpark_winter.jpg 908w, https:\/\/alaev-lueneburg.de\/alawordpress\/wp-content\/uploads\/2025\/05\/kurpark_winter-300x100.jpg 300w, https:\/\/alaev-lueneburg.de\/alawordpress\/wp-content\/uploads\/2025\/05\/kurpark_winter-768x255.jpg 768w\" sizes=\"auto, (max-width: 908px) 100vw, 908px\" \/>            <\/a>\n\t\t\t<\/div> <div class=\"colibri-post-thumbnail-content align-items-lg-center align-items-md-center align-items-center flex-basis-100\"><div class=\"w-100 h-y-container\"> <\/div><\/div><\/div><div data-colibri-id=\"8071-c6\" class=\"h-row-container gutters-row-lg-2 gutters-row-md-2 gutters-row-2 gutters-row-v-lg-2 gutters-row-v-md-2 gutters-row-v-2 style-1723 style-local-8071-c6 position-relative\"><div class=\"h-row justify-content-lg-center justify-content-md-center justify-content-center align-items-lg-stretch align-items-md-stretch align-items-stretch gutters-col-lg-2 gutters-col-md-2 gutters-col-2 gutters-col-v-lg-2 gutters-col-v-md-2 gutters-col-v-2\"> <div class=\"h-column h-column-container d-flex h-col-lg h-col-md h-col-auto style-1724-outer style-local-8071-c7-outer\"><div data-colibri-id=\"8071-c7\" class=\"d-flex h-flex-basis h-column__inner h-px-lg-2 h-px-md-2 h-px-2 v-inner-lg-2 v-inner-md-2 v-inner-2 style-1724 style-local-8071-c7 position-relative\"> <div class=\"w-100 h-y-container h-column__content h-column__v-align flex-basis-100 align-self-lg-start align-self-md-start align-self-start\"> <div data-colibri-id=\"8071-c8\" class=\"h-blog-categories style-1725 style-local-8071-c8 position-relative h-element\"><div class=\"h-global-transition-all\"><a class=\"d-inline-block colibri-post-category\" href=\"https:\/\/alaev-lueneburg.de\/alawordpress\/category\/ala-berichte\/\">ALA-Berichte<\/a><\/div><\/div><div data-colibri-id=\"8071-c9\" class=\"h-blog-title style-1726 style-local-8071-c9 position-relative h-element\"><div class=\"h-global-transition-all\"><a href=\"https:\/\/alaev-lueneburg.de\/alawordpress\/infobrief-10-november-2016\/\"><h4 class=\"colibri-word-wrap\">Infobrief Nr. 10 &#8211; November 2016<\/h4><\/a><\/div><\/div><div data-colibri-id=\"8071-c10\" class=\"style-1727 style-local-8071-c10 position-relative h-element\"><div class=\"h-global-transition-all\"><div class=\"colibri-post-excerpt\">die Alte Handwerkerstra\u00dfe 2016  ist beim Publikum und bei den Standbetreibern gut angekommen. <\/div><\/div><\/div><\/div><\/div><\/div><\/div><\/div><\/div><\/div><\/div>\n      \n      \n        <div class=\"h-column h-column-container d-flex h-col-lg-4 h-col-md-6 h-col-12 post-9138 post type-post status-publish format-standard has-post-thumbnail hentry category-ala-berichte masonry-item style-1721-outer style-local-8071-c4-outer\"><div data-colibri-id=\"8071-c4\" class=\"d-flex h-flex-basis h-column__inner h-px-lg-2 h-px-md-2 h-px-2 v-inner-lg-2 v-inner-md-2 v-inner-2 style-1721 style-local-8071-c4 position-relative\"> <div class=\"w-100 h-y-container h-column__content h-column__v-align flex-basis-100 align-self-lg-start align-self-md-start align-self-start\"> <div data-href=\"https:\/\/alaev-lueneburg.de\/alawordpress\/infobrief-nr-9-juli-2016\/\" data-colibri-component=\"link\" data-colibri-id=\"8071-c5\" class=\"colibri-post-thumbnail colibri-post-has-thumbnail style-1722 style-local-8071-c5 h-overflow-hidden position-relative h-element\"><div class=\"h-global-transition-all colibri-post-thumbnail-shortcode style-dynamic-8071-c5-height\">            <a href=\"https:\/\/alaev-lueneburg.de\/alawordpress\/infobrief-nr-9-juli-2016\/\" title=\"Infobrief Nr. 9 &#8211; Juli 2016\">\n\t\t\t\t<img loading=\"lazy\" decoding=\"async\" width=\"908\" height=\"302\" src=\"https:\/\/alaev-lueneburg.de\/alawordpress\/wp-content\/uploads\/2025\/05\/neue-strasse_06.jpg\" class=\"attachment-post-thumbnail size-post-thumbnail wp-post-image\" alt=\"\" srcset=\"https:\/\/alaev-lueneburg.de\/alawordpress\/wp-content\/uploads\/2025\/05\/neue-strasse_06.jpg 908w, https:\/\/alaev-lueneburg.de\/alawordpress\/wp-content\/uploads\/2025\/05\/neue-strasse_06-300x100.jpg 300w, https:\/\/alaev-lueneburg.de\/alawordpress\/wp-content\/uploads\/2025\/05\/neue-strasse_06-768x255.jpg 768w\" sizes=\"auto, (max-width: 908px) 100vw, 908px\" \/>            <\/a>\n\t\t\t<\/div> <div class=\"colibri-post-thumbnail-content align-items-lg-center align-items-md-center align-items-center flex-basis-100\"><div class=\"w-100 h-y-container\"> <\/div><\/div><\/div><div data-colibri-id=\"8071-c6\" class=\"h-row-container gutters-row-lg-2 gutters-row-md-2 gutters-row-2 gutters-row-v-lg-2 gutters-row-v-md-2 gutters-row-v-2 style-1723 style-local-8071-c6 position-relative\"><div class=\"h-row justify-content-lg-center justify-content-md-center justify-content-center align-items-lg-stretch align-items-md-stretch align-items-stretch gutters-col-lg-2 gutters-col-md-2 gutters-col-2 gutters-col-v-lg-2 gutters-col-v-md-2 gutters-col-v-2\"> <div class=\"h-column h-column-container d-flex h-col-lg h-col-md h-col-auto style-1724-outer style-local-8071-c7-outer\"><div data-colibri-id=\"8071-c7\" class=\"d-flex h-flex-basis h-column__inner h-px-lg-2 h-px-md-2 h-px-2 v-inner-lg-2 v-inner-md-2 v-inner-2 style-1724 style-local-8071-c7 position-relative\"> <div class=\"w-100 h-y-container h-column__content h-column__v-align flex-basis-100 align-self-lg-start align-self-md-start align-self-start\"> <div data-colibri-id=\"8071-c8\" class=\"h-blog-categories style-1725 style-local-8071-c8 position-relative h-element\"><div class=\"h-global-transition-all\"><a class=\"d-inline-block colibri-post-category\" href=\"https:\/\/alaev-lueneburg.de\/alawordpress\/category\/ala-berichte\/\">ALA-Berichte<\/a><\/div><\/div><div data-colibri-id=\"8071-c9\" class=\"h-blog-title style-1726 style-local-8071-c9 position-relative h-element\"><div class=\"h-global-transition-all\"><a href=\"https:\/\/alaev-lueneburg.de\/alawordpress\/infobrief-nr-9-juli-2016\/\"><h4 class=\"colibri-word-wrap\">Infobrief Nr. 9 &#8211; Juli 2016<\/h4><\/a><\/div><\/div><div data-colibri-id=\"8071-c10\" class=\"style-1727 style-local-8071-c10 position-relative h-element\"><div class=\"h-global-transition-all\"><div class=\"colibri-post-excerpt\">Das Programm des L\u00fcneburger Ortskuratoriums der DSD f\u00fcr das 2. Halbjahr 2016 sieht zwei gemeinsame Veranstaltungen mit dem ALA vor...<\/div><\/div><\/div><\/div><\/div><\/div><\/div><\/div><\/div><\/div><\/div>\n      \n      \n        <div class=\"h-column h-column-container d-flex h-col-lg-4 h-col-md-6 h-col-12 post-9798 post type-post status-publish format-standard has-post-thumbnail hentry category-ala-berichte masonry-item style-1721-outer style-local-8071-c4-outer\"><div data-colibri-id=\"8071-c4\" class=\"d-flex h-flex-basis h-column__inner h-px-lg-2 h-px-md-2 h-px-2 v-inner-lg-2 v-inner-md-2 v-inner-2 style-1721 style-local-8071-c4 position-relative\"> <div class=\"w-100 h-y-container h-column__content h-column__v-align flex-basis-100 align-self-lg-start align-self-md-start align-self-start\"> <div data-href=\"https:\/\/alaev-lueneburg.de\/alawordpress\/jahresbericht-2015\/\" data-colibri-component=\"link\" data-colibri-id=\"8071-c5\" class=\"colibri-post-thumbnail colibri-post-has-thumbnail style-1722 style-local-8071-c5 h-overflow-hidden position-relative h-element\"><div class=\"h-global-transition-all colibri-post-thumbnail-shortcode style-dynamic-8071-c5-height\">            <a href=\"https:\/\/alaev-lueneburg.de\/alawordpress\/jahresbericht-2015\/\" title=\"Jahresbericht 2015\">\n\t\t\t\t<img loading=\"lazy\" decoding=\"async\" width=\"908\" height=\"302\" src=\"https:\/\/alaev-lueneburg.de\/alawordpress\/wp-content\/uploads\/2025\/06\/herberge_mauer.jpg\" class=\"attachment-post-thumbnail size-post-thumbnail wp-post-image\" alt=\"\" srcset=\"https:\/\/alaev-lueneburg.de\/alawordpress\/wp-content\/uploads\/2025\/06\/herberge_mauer.jpg 908w, https:\/\/alaev-lueneburg.de\/alawordpress\/wp-content\/uploads\/2025\/06\/herberge_mauer-300x100.jpg 300w, https:\/\/alaev-lueneburg.de\/alawordpress\/wp-content\/uploads\/2025\/06\/herberge_mauer-768x255.jpg 768w\" sizes=\"auto, (max-width: 908px) 100vw, 908px\" \/>            <\/a>\n\t\t\t<\/div> <div class=\"colibri-post-thumbnail-content align-items-lg-center align-items-md-center align-items-center flex-basis-100\"><div class=\"w-100 h-y-container\"> <\/div><\/div><\/div><div data-colibri-id=\"8071-c6\" class=\"h-row-container gutters-row-lg-2 gutters-row-md-2 gutters-row-2 gutters-row-v-lg-2 gutters-row-v-md-2 gutters-row-v-2 style-1723 style-local-8071-c6 position-relative\"><div class=\"h-row justify-content-lg-center justify-content-md-center justify-content-center align-items-lg-stretch align-items-md-stretch align-items-stretch gutters-col-lg-2 gutters-col-md-2 gutters-col-2 gutters-col-v-lg-2 gutters-col-v-md-2 gutters-col-v-2\"> <div class=\"h-column h-column-container d-flex h-col-lg h-col-md h-col-auto style-1724-outer style-local-8071-c7-outer\"><div data-colibri-id=\"8071-c7\" class=\"d-flex h-flex-basis h-column__inner h-px-lg-2 h-px-md-2 h-px-2 v-inner-lg-2 v-inner-md-2 v-inner-2 style-1724 style-local-8071-c7 position-relative\"> <div class=\"w-100 h-y-container h-column__content h-column__v-align flex-basis-100 align-self-lg-start align-self-md-start align-self-start\"> <div data-colibri-id=\"8071-c8\" class=\"h-blog-categories style-1725 style-local-8071-c8 position-relative h-element\"><div class=\"h-global-transition-all\"><a class=\"d-inline-block colibri-post-category\" href=\"https:\/\/alaev-lueneburg.de\/alawordpress\/category\/ala-berichte\/\">ALA-Berichte<\/a><\/div><\/div><div data-colibri-id=\"8071-c9\" class=\"h-blog-title style-1726 style-local-8071-c9 position-relative h-element\"><div class=\"h-global-transition-all\"><a href=\"https:\/\/alaev-lueneburg.de\/alawordpress\/jahresbericht-2015\/\"><h4 class=\"colibri-word-wrap\">Jahresbericht 2015<\/h4><\/a><\/div><\/div><div data-colibri-id=\"8071-c10\" class=\"style-1727 style-local-8071-c10 position-relative h-element\"><div class=\"h-global-transition-all\"><div class=\"colibri-post-excerpt\">Der Vorstand hat mit Hilfe von Frau Neumann wieder f\u00fcr das Erscheinen der AUFRISSE gesorgt. Heft Nr. 30 ist mit dem stadtgeschichtlichen Thema der ehemaligen Lambertikirche auf starkes Interesse gesto\u00dfen.<\/div><\/div><\/div><\/div><\/div><\/div><\/div><\/div><\/div><\/div><\/div>\n      \n      \n        <div class=\"h-column h-column-container d-flex h-col-lg-4 h-col-md-6 h-col-12 post-9074 post type-post status-publish format-standard has-post-thumbnail hentry category-ala-berichte masonry-item style-1721-outer style-local-8071-c4-outer\"><div data-colibri-id=\"8071-c4\" class=\"d-flex h-flex-basis h-column__inner h-px-lg-2 h-px-md-2 h-px-2 v-inner-lg-2 v-inner-md-2 v-inner-2 style-1721 style-local-8071-c4 position-relative\"> <div class=\"w-100 h-y-container h-column__content h-column__v-align flex-basis-100 align-self-lg-start align-self-md-start align-self-start\"> <div data-href=\"https:\/\/alaev-lueneburg.de\/alawordpress\/infobrief-nr-8-maerz-2026\/\" data-colibri-component=\"link\" data-colibri-id=\"8071-c5\" class=\"colibri-post-thumbnail colibri-post-has-thumbnail style-1722 style-local-8071-c5 h-overflow-hidden position-relative h-element\"><div class=\"h-global-transition-all colibri-post-thumbnail-shortcode style-dynamic-8071-c5-height\">            <a href=\"https:\/\/alaev-lueneburg.de\/alawordpress\/infobrief-nr-8-maerz-2026\/\" title=\"Infobrief Nr. 8 &#8211; M\u00e4rz 2016\">\n\t\t\t\t<img loading=\"lazy\" decoding=\"async\" width=\"908\" height=\"302\" src=\"https:\/\/alaev-lueneburg.de\/alawordpress\/wp-content\/uploads\/2025\/05\/neue-strasse_05.jpg\" class=\"attachment-post-thumbnail size-post-thumbnail wp-post-image\" alt=\"\" srcset=\"https:\/\/alaev-lueneburg.de\/alawordpress\/wp-content\/uploads\/2025\/05\/neue-strasse_05.jpg 908w, https:\/\/alaev-lueneburg.de\/alawordpress\/wp-content\/uploads\/2025\/05\/neue-strasse_05-300x100.jpg 300w, https:\/\/alaev-lueneburg.de\/alawordpress\/wp-content\/uploads\/2025\/05\/neue-strasse_05-768x255.jpg 768w\" sizes=\"auto, (max-width: 908px) 100vw, 908px\" \/>            <\/a>\n\t\t\t<\/div> <div class=\"colibri-post-thumbnail-content align-items-lg-center align-items-md-center align-items-center flex-basis-100\"><div class=\"w-100 h-y-container\"> <\/div><\/div><\/div><div data-colibri-id=\"8071-c6\" class=\"h-row-container gutters-row-lg-2 gutters-row-md-2 gutters-row-2 gutters-row-v-lg-2 gutters-row-v-md-2 gutters-row-v-2 style-1723 style-local-8071-c6 position-relative\"><div class=\"h-row justify-content-lg-center justify-content-md-center justify-content-center align-items-lg-stretch align-items-md-stretch align-items-stretch gutters-col-lg-2 gutters-col-md-2 gutters-col-2 gutters-col-v-lg-2 gutters-col-v-md-2 gutters-col-v-2\"> <div class=\"h-column h-column-container d-flex h-col-lg h-col-md h-col-auto style-1724-outer style-local-8071-c7-outer\"><div data-colibri-id=\"8071-c7\" class=\"d-flex h-flex-basis h-column__inner h-px-lg-2 h-px-md-2 h-px-2 v-inner-lg-2 v-inner-md-2 v-inner-2 style-1724 style-local-8071-c7 position-relative\"> <div class=\"w-100 h-y-container h-column__content h-column__v-align flex-basis-100 align-self-lg-start align-self-md-start align-self-start\"> <div data-colibri-id=\"8071-c8\" class=\"h-blog-categories style-1725 style-local-8071-c8 position-relative h-element\"><div class=\"h-global-transition-all\"><a class=\"d-inline-block colibri-post-category\" href=\"https:\/\/alaev-lueneburg.de\/alawordpress\/category\/ala-berichte\/\">ALA-Berichte<\/a><\/div><\/div><div data-colibri-id=\"8071-c9\" class=\"h-blog-title style-1726 style-local-8071-c9 position-relative h-element\"><div class=\"h-global-transition-all\"><a href=\"https:\/\/alaev-lueneburg.de\/alawordpress\/infobrief-nr-8-maerz-2026\/\"><h4 class=\"colibri-word-wrap\">Infobrief Nr. 8 &#8211; M\u00e4rz 2016<\/h4><\/a><\/div><\/div><div data-colibri-id=\"8071-c10\" class=\"style-1727 style-local-8071-c10 position-relative h-element\"><div class=\"h-global-transition-all\"><div class=\"colibri-post-excerpt\">Die Stadt L\u00fcneburg r\u00fcstet seit einiger Zeit die Stra\u00dfenbeleuchtung energiesparend um. Im Moment sind die Laternen in der westlichen Altstadt an der Reihe.<\/div><\/div><\/div><\/div><\/div><\/div><\/div><\/div><\/div><\/div><\/div>\n      \n      \n        <div class=\"h-column h-column-container d-flex h-col-lg-4 h-col-md-6 h-col-12 post-9038 post type-post status-publish format-standard has-post-thumbnail hentry category-ala-berichte masonry-item style-1721-outer style-local-8071-c4-outer\"><div data-colibri-id=\"8071-c4\" class=\"d-flex h-flex-basis h-column__inner h-px-lg-2 h-px-md-2 h-px-2 v-inner-lg-2 v-inner-md-2 v-inner-2 style-1721 style-local-8071-c4 position-relative\"> <div class=\"w-100 h-y-container h-column__content h-column__v-align flex-basis-100 align-self-lg-start align-self-md-start align-self-start\"> <div data-href=\"https:\/\/alaev-lueneburg.de\/alawordpress\/infobrief-nr-7-oktober-2015\/\" data-colibri-component=\"link\" data-colibri-id=\"8071-c5\" class=\"colibri-post-thumbnail colibri-post-has-thumbnail style-1722 style-local-8071-c5 h-overflow-hidden position-relative h-element\"><div class=\"h-global-transition-all colibri-post-thumbnail-shortcode style-dynamic-8071-c5-height\">            <a href=\"https:\/\/alaev-lueneburg.de\/alawordpress\/infobrief-nr-7-oktober-2015\/\" title=\"Infobrief Nr. 7 &#8211; Oktober 2015\">\n\t\t\t\t<img loading=\"lazy\" decoding=\"async\" width=\"908\" height=\"302\" src=\"https:\/\/alaev-lueneburg.de\/alawordpress\/wp-content\/uploads\/2025\/02\/nebel_fussgaengerzone.jpg\" class=\"attachment-post-thumbnail size-post-thumbnail wp-post-image\" alt=\"\" srcset=\"https:\/\/alaev-lueneburg.de\/alawordpress\/wp-content\/uploads\/2025\/02\/nebel_fussgaengerzone.jpg 908w, https:\/\/alaev-lueneburg.de\/alawordpress\/wp-content\/uploads\/2025\/02\/nebel_fussgaengerzone-300x100.jpg 300w, https:\/\/alaev-lueneburg.de\/alawordpress\/wp-content\/uploads\/2025\/02\/nebel_fussgaengerzone-768x255.jpg 768w\" sizes=\"auto, (max-width: 908px) 100vw, 908px\" \/>            <\/a>\n\t\t\t<\/div> <div class=\"colibri-post-thumbnail-content align-items-lg-center align-items-md-center align-items-center flex-basis-100\"><div class=\"w-100 h-y-container\"> <\/div><\/div><\/div><div data-colibri-id=\"8071-c6\" class=\"h-row-container gutters-row-lg-2 gutters-row-md-2 gutters-row-2 gutters-row-v-lg-2 gutters-row-v-md-2 gutters-row-v-2 style-1723 style-local-8071-c6 position-relative\"><div class=\"h-row justify-content-lg-center justify-content-md-center justify-content-center align-items-lg-stretch align-items-md-stretch align-items-stretch gutters-col-lg-2 gutters-col-md-2 gutters-col-2 gutters-col-v-lg-2 gutters-col-v-md-2 gutters-col-v-2\"> <div class=\"h-column h-column-container d-flex h-col-lg h-col-md h-col-auto style-1724-outer style-local-8071-c7-outer\"><div data-colibri-id=\"8071-c7\" class=\"d-flex h-flex-basis h-column__inner h-px-lg-2 h-px-md-2 h-px-2 v-inner-lg-2 v-inner-md-2 v-inner-2 style-1724 style-local-8071-c7 position-relative\"> <div class=\"w-100 h-y-container h-column__content h-column__v-align flex-basis-100 align-self-lg-start align-self-md-start align-self-start\"> <div data-colibri-id=\"8071-c8\" class=\"h-blog-categories style-1725 style-local-8071-c8 position-relative h-element\"><div class=\"h-global-transition-all\"><a class=\"d-inline-block colibri-post-category\" href=\"https:\/\/alaev-lueneburg.de\/alawordpress\/category\/ala-berichte\/\">ALA-Berichte<\/a><\/div><\/div><div data-colibri-id=\"8071-c9\" class=\"h-blog-title style-1726 style-local-8071-c9 position-relative h-element\"><div class=\"h-global-transition-all\"><a href=\"https:\/\/alaev-lueneburg.de\/alawordpress\/infobrief-nr-7-oktober-2015\/\"><h4 class=\"colibri-word-wrap\">Infobrief Nr. 7 &#8211; Oktober 2015<\/h4><\/a><\/div><\/div><div data-colibri-id=\"8071-c10\" class=\"style-1727 style-local-8071-c10 position-relative h-element\"><div class=\"h-global-transition-all\"><div class=\"colibri-post-excerpt\">Der ALA l\u00e4dt seit einiger Zeit mehrmals im Jahr Mitglieder und Nichtmitglieder, die uns auf unseren M\u00e4rkten helfen, zu einem Helfertreffen ein.<\/div><\/div><\/div><\/div><\/div><\/div><\/div><\/div><\/div><\/div><\/div>\n      \n      \n        <div class=\"h-column h-column-container d-flex h-col-lg-4 h-col-md-6 h-col-12 post-9792 post type-post status-publish format-standard has-post-thumbnail hentry category-ala-berichte masonry-item style-1721-outer style-local-8071-c4-outer\"><div data-colibri-id=\"8071-c4\" class=\"d-flex h-flex-basis h-column__inner h-px-lg-2 h-px-md-2 h-px-2 v-inner-lg-2 v-inner-md-2 v-inner-2 style-1721 style-local-8071-c4 position-relative\"> <div class=\"w-100 h-y-container h-column__content h-column__v-align flex-basis-100 align-self-lg-start align-self-md-start align-self-start\"> <div data-href=\"https:\/\/alaev-lueneburg.de\/alawordpress\/jahresbericht-2014\/\" data-colibri-component=\"link\" data-colibri-id=\"8071-c5\" class=\"colibri-post-thumbnail colibri-post-has-thumbnail style-1722 style-local-8071-c5 h-overflow-hidden position-relative h-element\"><div class=\"h-global-transition-all colibri-post-thumbnail-shortcode style-dynamic-8071-c5-height\">            <a href=\"https:\/\/alaev-lueneburg.de\/alawordpress\/jahresbericht-2014\/\" title=\"Jahresbericht 2014\">\n\t\t\t\t<img loading=\"lazy\" decoding=\"async\" width=\"908\" height=\"302\" src=\"https:\/\/alaev-lueneburg.de\/alawordpress\/wp-content\/uploads\/2025\/06\/stintmarkt_3.jpg\" class=\"attachment-post-thumbnail size-post-thumbnail wp-post-image\" alt=\"\" srcset=\"https:\/\/alaev-lueneburg.de\/alawordpress\/wp-content\/uploads\/2025\/06\/stintmarkt_3.jpg 908w, https:\/\/alaev-lueneburg.de\/alawordpress\/wp-content\/uploads\/2025\/06\/stintmarkt_3-300x100.jpg 300w, https:\/\/alaev-lueneburg.de\/alawordpress\/wp-content\/uploads\/2025\/06\/stintmarkt_3-768x255.jpg 768w\" sizes=\"auto, (max-width: 908px) 100vw, 908px\" \/>            <\/a>\n\t\t\t<\/div> <div class=\"colibri-post-thumbnail-content align-items-lg-center align-items-md-center align-items-center flex-basis-100\"><div class=\"w-100 h-y-container\"> <\/div><\/div><\/div><div data-colibri-id=\"8071-c6\" class=\"h-row-container gutters-row-lg-2 gutters-row-md-2 gutters-row-2 gutters-row-v-lg-2 gutters-row-v-md-2 gutters-row-v-2 style-1723 style-local-8071-c6 position-relative\"><div class=\"h-row justify-content-lg-center justify-content-md-center justify-content-center align-items-lg-stretch align-items-md-stretch align-items-stretch gutters-col-lg-2 gutters-col-md-2 gutters-col-2 gutters-col-v-lg-2 gutters-col-v-md-2 gutters-col-v-2\"> <div class=\"h-column h-column-container d-flex h-col-lg h-col-md h-col-auto style-1724-outer style-local-8071-c7-outer\"><div data-colibri-id=\"8071-c7\" class=\"d-flex h-flex-basis h-column__inner h-px-lg-2 h-px-md-2 h-px-2 v-inner-lg-2 v-inner-md-2 v-inner-2 style-1724 style-local-8071-c7 position-relative\"> <div class=\"w-100 h-y-container h-column__content h-column__v-align flex-basis-100 align-self-lg-start align-self-md-start align-self-start\"> <div data-colibri-id=\"8071-c8\" class=\"h-blog-categories style-1725 style-local-8071-c8 position-relative h-element\"><div class=\"h-global-transition-all\"><a class=\"d-inline-block colibri-post-category\" href=\"https:\/\/alaev-lueneburg.de\/alawordpress\/category\/ala-berichte\/\">ALA-Berichte<\/a><\/div><\/div><div data-colibri-id=\"8071-c9\" class=\"h-blog-title style-1726 style-local-8071-c9 position-relative h-element\"><div class=\"h-global-transition-all\"><a href=\"https:\/\/alaev-lueneburg.de\/alawordpress\/jahresbericht-2014\/\"><h4 class=\"colibri-word-wrap\">Jahresbericht 2014<\/h4><\/a><\/div><\/div><div data-colibri-id=\"8071-c10\" class=\"style-1727 style-local-8071-c10 position-relative h-element\"><div class=\"h-global-transition-all\"><div class=\"colibri-post-excerpt\">Wir m\u00f6chten Ihnen zusammengefasst \u00fcber einige Themen und Aktivit\u00e4ten berichten, die uns im Berichtsjahr 2014\/15 besch\u00e4ftigt haben.<\/div><\/div><\/div><\/div><\/div><\/div><\/div><\/div><\/div><\/div><\/div>\n      \n      \n        <div class=\"h-column h-column-container d-flex h-col-lg-4 h-col-md-6 h-col-12 post-9016 post type-post status-publish format-standard has-post-thumbnail hentry category-ala-berichte masonry-item style-1721-outer style-local-8071-c4-outer\"><div data-colibri-id=\"8071-c4\" class=\"d-flex h-flex-basis h-column__inner h-px-lg-2 h-px-md-2 h-px-2 v-inner-lg-2 v-inner-md-2 v-inner-2 style-1721 style-local-8071-c4 position-relative\"> <div class=\"w-100 h-y-container h-column__content h-column__v-align flex-basis-100 align-self-lg-start align-self-md-start align-self-start\"> <div data-href=\"https:\/\/alaev-lueneburg.de\/alawordpress\/infobrief-nr-6-januar-2015\/\" data-colibri-component=\"link\" data-colibri-id=\"8071-c5\" class=\"colibri-post-thumbnail colibri-post-has-thumbnail style-1722 style-local-8071-c5 h-overflow-hidden position-relative h-element\"><div class=\"h-global-transition-all colibri-post-thumbnail-shortcode style-dynamic-8071-c5-height\">            <a href=\"https:\/\/alaev-lueneburg.de\/alawordpress\/infobrief-nr-6-januar-2015\/\" title=\"Infobrief Nr. 6 &#8211; Januar 2015\">\n\t\t\t\t<img loading=\"lazy\" decoding=\"async\" width=\"908\" height=\"302\" src=\"https:\/\/alaev-lueneburg.de\/alawordpress\/wp-content\/uploads\/2025\/05\/wilschnabruch.jpg\" class=\"attachment-post-thumbnail size-post-thumbnail wp-post-image\" alt=\"\" srcset=\"https:\/\/alaev-lueneburg.de\/alawordpress\/wp-content\/uploads\/2025\/05\/wilschnabruch.jpg 908w, https:\/\/alaev-lueneburg.de\/alawordpress\/wp-content\/uploads\/2025\/05\/wilschnabruch-300x100.jpg 300w, https:\/\/alaev-lueneburg.de\/alawordpress\/wp-content\/uploads\/2025\/05\/wilschnabruch-768x255.jpg 768w\" sizes=\"auto, (max-width: 908px) 100vw, 908px\" \/>            <\/a>\n\t\t\t<\/div> <div class=\"colibri-post-thumbnail-content align-items-lg-center align-items-md-center align-items-center flex-basis-100\"><div class=\"w-100 h-y-container\"> <\/div><\/div><\/div><div data-colibri-id=\"8071-c6\" class=\"h-row-container gutters-row-lg-2 gutters-row-md-2 gutters-row-2 gutters-row-v-lg-2 gutters-row-v-md-2 gutters-row-v-2 style-1723 style-local-8071-c6 position-relative\"><div class=\"h-row justify-content-lg-center justify-content-md-center justify-content-center align-items-lg-stretch align-items-md-stretch align-items-stretch gutters-col-lg-2 gutters-col-md-2 gutters-col-2 gutters-col-v-lg-2 gutters-col-v-md-2 gutters-col-v-2\"> <div class=\"h-column h-column-container d-flex h-col-lg h-col-md h-col-auto style-1724-outer style-local-8071-c7-outer\"><div data-colibri-id=\"8071-c7\" class=\"d-flex h-flex-basis h-column__inner h-px-lg-2 h-px-md-2 h-px-2 v-inner-lg-2 v-inner-md-2 v-inner-2 style-1724 style-local-8071-c7 position-relative\"> <div class=\"w-100 h-y-container h-column__content h-column__v-align flex-basis-100 align-self-lg-start align-self-md-start align-self-start\"> <div data-colibri-id=\"8071-c8\" class=\"h-blog-categories style-1725 style-local-8071-c8 position-relative h-element\"><div class=\"h-global-transition-all\"><a class=\"d-inline-block colibri-post-category\" href=\"https:\/\/alaev-lueneburg.de\/alawordpress\/category\/ala-berichte\/\">ALA-Berichte<\/a><\/div><\/div><div data-colibri-id=\"8071-c9\" class=\"h-blog-title style-1726 style-local-8071-c9 position-relative h-element\"><div class=\"h-global-transition-all\"><a href=\"https:\/\/alaev-lueneburg.de\/alawordpress\/infobrief-nr-6-januar-2015\/\"><h4 class=\"colibri-word-wrap\">Infobrief Nr. 6 &#8211; Januar 2015<\/h4><\/a><\/div><\/div><div data-colibri-id=\"8071-c10\" class=\"style-1727 style-local-8071-c10 position-relative h-element\"><div class=\"h-global-transition-all\"><div class=\"colibri-post-excerpt\">Seit dem letzten Info-Brief 5 vom Oktober 2014 wurde unsere Website von mehr als 1.000 Personen besucht (insgesamt seit Beginn der Z\u00e4hlung 5910).<\/div><\/div><\/div><\/div><\/div><\/div><\/div><\/div><\/div><\/div><\/div>\n      \n      \n        <div class=\"h-column h-column-container d-flex h-col-lg-4 h-col-md-6 h-col-12 post-8600 post type-post status-publish format-standard has-post-thumbnail hentry category-ala-berichte masonry-item style-1721-outer style-local-8071-c4-outer\"><div data-colibri-id=\"8071-c4\" class=\"d-flex h-flex-basis h-column__inner h-px-lg-2 h-px-md-2 h-px-2 v-inner-lg-2 v-inner-md-2 v-inner-2 style-1721 style-local-8071-c4 position-relative\"> <div class=\"w-100 h-y-container h-column__content h-column__v-align flex-basis-100 align-self-lg-start align-self-md-start align-self-start\"> <div data-href=\"https:\/\/alaev-lueneburg.de\/alawordpress\/info-brief-5-oktober-2014\/\" data-colibri-component=\"link\" data-colibri-id=\"8071-c5\" class=\"colibri-post-thumbnail colibri-post-has-thumbnail style-1722 style-local-8071-c5 h-overflow-hidden position-relative h-element\"><div class=\"h-global-transition-all colibri-post-thumbnail-shortcode style-dynamic-8071-c5-height\">            <a href=\"https:\/\/alaev-lueneburg.de\/alawordpress\/info-brief-5-oktober-2014\/\" title=\"Infobrief Nr. 5 &#8211; Oktober 2014\">\n\t\t\t\t<img loading=\"lazy\" decoding=\"async\" width=\"908\" height=\"302\" src=\"https:\/\/alaev-lueneburg.de\/alawordpress\/wp-content\/uploads\/2025\/03\/auf_dem_meere01.jpg\" class=\"attachment-post-thumbnail size-post-thumbnail wp-post-image\" alt=\"\" srcset=\"https:\/\/alaev-lueneburg.de\/alawordpress\/wp-content\/uploads\/2025\/03\/auf_dem_meere01.jpg 908w, https:\/\/alaev-lueneburg.de\/alawordpress\/wp-content\/uploads\/2025\/03\/auf_dem_meere01-300x100.jpg 300w, https:\/\/alaev-lueneburg.de\/alawordpress\/wp-content\/uploads\/2025\/03\/auf_dem_meere01-768x255.jpg 768w\" sizes=\"auto, (max-width: 908px) 100vw, 908px\" \/>            <\/a>\n\t\t\t<\/div> <div class=\"colibri-post-thumbnail-content align-items-lg-center align-items-md-center align-items-center flex-basis-100\"><div class=\"w-100 h-y-container\"> <\/div><\/div><\/div><div data-colibri-id=\"8071-c6\" class=\"h-row-container gutters-row-lg-2 gutters-row-md-2 gutters-row-2 gutters-row-v-lg-2 gutters-row-v-md-2 gutters-row-v-2 style-1723 style-local-8071-c6 position-relative\"><div class=\"h-row justify-content-lg-center justify-content-md-center justify-content-center align-items-lg-stretch align-items-md-stretch align-items-stretch gutters-col-lg-2 gutters-col-md-2 gutters-col-2 gutters-col-v-lg-2 gutters-col-v-md-2 gutters-col-v-2\"> <div class=\"h-column h-column-container d-flex h-col-lg h-col-md h-col-auto style-1724-outer style-local-8071-c7-outer\"><div data-colibri-id=\"8071-c7\" class=\"d-flex h-flex-basis h-column__inner h-px-lg-2 h-px-md-2 h-px-2 v-inner-lg-2 v-inner-md-2 v-inner-2 style-1724 style-local-8071-c7 position-relative\"> <div class=\"w-100 h-y-container h-column__content h-column__v-align flex-basis-100 align-self-lg-start align-self-md-start align-self-start\"> <div data-colibri-id=\"8071-c8\" class=\"h-blog-categories style-1725 style-local-8071-c8 position-relative h-element\"><div class=\"h-global-transition-all\"><a class=\"d-inline-block colibri-post-category\" href=\"https:\/\/alaev-lueneburg.de\/alawordpress\/category\/ala-berichte\/\">ALA-Berichte<\/a><\/div><\/div><div data-colibri-id=\"8071-c9\" class=\"h-blog-title style-1726 style-local-8071-c9 position-relative h-element\"><div class=\"h-global-transition-all\"><a href=\"https:\/\/alaev-lueneburg.de\/alawordpress\/info-brief-5-oktober-2014\/\"><h4 class=\"colibri-word-wrap\">Infobrief Nr. 5 &#8211; Oktober 2014<\/h4><\/a><\/div><\/div><div data-colibri-id=\"8071-c10\" class=\"style-1727 style-local-8071-c10 position-relative h-element\"><div class=\"h-global-transition-all\"><div class=\"colibri-post-excerpt\">Bemerkenswerte Spendenaktionen, aktuelle Projekte und bauhistorische Entwicklungen in L\u00fcneburg.<\/div><\/div><\/div><\/div><\/div><\/div><\/div><\/div><\/div><\/div><\/div>\n      \n      \n        <div class=\"h-column h-column-container d-flex h-col-lg-4 h-col-md-6 h-col-12 post-9784 post type-post status-publish format-standard has-post-thumbnail hentry category-ala-berichte masonry-item style-1721-outer style-local-8071-c4-outer\"><div data-colibri-id=\"8071-c4\" class=\"d-flex h-flex-basis h-column__inner h-px-lg-2 h-px-md-2 h-px-2 v-inner-lg-2 v-inner-md-2 v-inner-2 style-1721 style-local-8071-c4 position-relative\"> <div class=\"w-100 h-y-container h-column__content h-column__v-align flex-basis-100 align-self-lg-start align-self-md-start align-self-start\"> <div data-href=\"https:\/\/alaev-lueneburg.de\/alawordpress\/jahresbericht-2013\/\" data-colibri-component=\"link\" data-colibri-id=\"8071-c5\" class=\"colibri-post-thumbnail colibri-post-has-thumbnail style-1722 style-local-8071-c5 h-overflow-hidden position-relative h-element\"><div class=\"h-global-transition-all colibri-post-thumbnail-shortcode style-dynamic-8071-c5-height\">            <a href=\"https:\/\/alaev-lueneburg.de\/alawordpress\/jahresbericht-2013\/\" title=\"Jahresbericht 2013\">\n\t\t\t\t<img loading=\"lazy\" decoding=\"async\" width=\"908\" height=\"302\" src=\"https:\/\/alaev-lueneburg.de\/alawordpress\/wp-content\/uploads\/2025\/06\/altstadt002.jpg\" class=\"attachment-post-thumbnail size-post-thumbnail wp-post-image\" alt=\"\" srcset=\"https:\/\/alaev-lueneburg.de\/alawordpress\/wp-content\/uploads\/2025\/06\/altstadt002.jpg 908w, https:\/\/alaev-lueneburg.de\/alawordpress\/wp-content\/uploads\/2025\/06\/altstadt002-300x100.jpg 300w, https:\/\/alaev-lueneburg.de\/alawordpress\/wp-content\/uploads\/2025\/06\/altstadt002-768x255.jpg 768w\" sizes=\"auto, (max-width: 908px) 100vw, 908px\" \/>            <\/a>\n\t\t\t<\/div> <div class=\"colibri-post-thumbnail-content align-items-lg-center align-items-md-center align-items-center flex-basis-100\"><div class=\"w-100 h-y-container\"> <\/div><\/div><\/div><div data-colibri-id=\"8071-c6\" class=\"h-row-container gutters-row-lg-2 gutters-row-md-2 gutters-row-2 gutters-row-v-lg-2 gutters-row-v-md-2 gutters-row-v-2 style-1723 style-local-8071-c6 position-relative\"><div class=\"h-row justify-content-lg-center justify-content-md-center justify-content-center align-items-lg-stretch align-items-md-stretch align-items-stretch gutters-col-lg-2 gutters-col-md-2 gutters-col-2 gutters-col-v-lg-2 gutters-col-v-md-2 gutters-col-v-2\"> <div class=\"h-column h-column-container d-flex h-col-lg h-col-md h-col-auto style-1724-outer style-local-8071-c7-outer\"><div data-colibri-id=\"8071-c7\" class=\"d-flex h-flex-basis h-column__inner h-px-lg-2 h-px-md-2 h-px-2 v-inner-lg-2 v-inner-md-2 v-inner-2 style-1724 style-local-8071-c7 position-relative\"> <div class=\"w-100 h-y-container h-column__content h-column__v-align flex-basis-100 align-self-lg-start align-self-md-start align-self-start\"> <div data-colibri-id=\"8071-c8\" class=\"h-blog-categories style-1725 style-local-8071-c8 position-relative h-element\"><div class=\"h-global-transition-all\"><a class=\"d-inline-block colibri-post-category\" href=\"https:\/\/alaev-lueneburg.de\/alawordpress\/category\/ala-berichte\/\">ALA-Berichte<\/a><\/div><\/div><div data-colibri-id=\"8071-c9\" class=\"h-blog-title style-1726 style-local-8071-c9 position-relative h-element\"><div class=\"h-global-transition-all\"><a href=\"https:\/\/alaev-lueneburg.de\/alawordpress\/jahresbericht-2013\/\"><h4 class=\"colibri-word-wrap\">Jahresbericht 2013<\/h4><\/a><\/div><\/div><div data-colibri-id=\"8071-c10\" class=\"style-1727 style-local-8071-c10 position-relative h-element\"><div class=\"h-global-transition-all\"><div class=\"colibri-post-excerpt\">Nach langen Jahren der \u00dcberarbeitung ist die Gestaltungssatzung endlich vom Rat verabschiedet worden. <\/div><\/div><\/div><\/div><\/div><\/div><\/div><\/div><\/div><\/div><\/div>\n      \n      \n        <div class=\"h-column h-column-container d-flex h-col-lg-4 h-col-md-6 h-col-12 post-8551 post type-post status-publish format-standard has-post-thumbnail hentry category-ala-berichte masonry-item style-1721-outer style-local-8071-c4-outer\"><div data-colibri-id=\"8071-c4\" class=\"d-flex h-flex-basis h-column__inner h-px-lg-2 h-px-md-2 h-px-2 v-inner-lg-2 v-inner-md-2 v-inner-2 style-1721 style-local-8071-c4 position-relative\"> <div class=\"w-100 h-y-container h-column__content h-column__v-align flex-basis-100 align-self-lg-start align-self-md-start align-self-start\"> <div data-href=\"https:\/\/alaev-lueneburg.de\/alawordpress\/info-brief-4-2014\/\" data-colibri-component=\"link\" data-colibri-id=\"8071-c5\" class=\"colibri-post-thumbnail colibri-post-has-thumbnail style-1722 style-local-8071-c5 h-overflow-hidden position-relative h-element\"><div class=\"h-global-transition-all colibri-post-thumbnail-shortcode style-dynamic-8071-c5-height\">            <a href=\"https:\/\/alaev-lueneburg.de\/alawordpress\/info-brief-4-2014\/\" title=\"Infobrief Nr. 4 &#8211; April 2014\">\n\t\t\t\t<img loading=\"lazy\" decoding=\"async\" width=\"951\" height=\"687\" src=\"https:\/\/alaev-lueneburg.de\/alawordpress\/wp-content\/uploads\/2025\/04\/03_04_2013.jpg\" class=\"attachment-post-thumbnail size-post-thumbnail wp-post-image\" alt=\"\" srcset=\"https:\/\/alaev-lueneburg.de\/alawordpress\/wp-content\/uploads\/2025\/04\/03_04_2013.jpg 951w, https:\/\/alaev-lueneburg.de\/alawordpress\/wp-content\/uploads\/2025\/04\/03_04_2013-300x217.jpg 300w, https:\/\/alaev-lueneburg.de\/alawordpress\/wp-content\/uploads\/2025\/04\/03_04_2013-768x555.jpg 768w\" sizes=\"auto, (max-width: 951px) 100vw, 951px\" \/>            <\/a>\n\t\t\t<\/div> <div class=\"colibri-post-thumbnail-content align-items-lg-center align-items-md-center align-items-center flex-basis-100\"><div class=\"w-100 h-y-container\"> <\/div><\/div><\/div><div data-colibri-id=\"8071-c6\" class=\"h-row-container gutters-row-lg-2 gutters-row-md-2 gutters-row-2 gutters-row-v-lg-2 gutters-row-v-md-2 gutters-row-v-2 style-1723 style-local-8071-c6 position-relative\"><div class=\"h-row justify-content-lg-center justify-content-md-center justify-content-center align-items-lg-stretch align-items-md-stretch align-items-stretch gutters-col-lg-2 gutters-col-md-2 gutters-col-2 gutters-col-v-lg-2 gutters-col-v-md-2 gutters-col-v-2\"> <div class=\"h-column h-column-container d-flex h-col-lg h-col-md h-col-auto style-1724-outer style-local-8071-c7-outer\"><div data-colibri-id=\"8071-c7\" class=\"d-flex h-flex-basis h-column__inner h-px-lg-2 h-px-md-2 h-px-2 v-inner-lg-2 v-inner-md-2 v-inner-2 style-1724 style-local-8071-c7 position-relative\"> <div class=\"w-100 h-y-container h-column__content h-column__v-align flex-basis-100 align-self-lg-start align-self-md-start align-self-start\"> <div data-colibri-id=\"8071-c8\" class=\"h-blog-categories style-1725 style-local-8071-c8 position-relative h-element\"><div class=\"h-global-transition-all\"><a class=\"d-inline-block colibri-post-category\" href=\"https:\/\/alaev-lueneburg.de\/alawordpress\/category\/ala-berichte\/\">ALA-Berichte<\/a><\/div><\/div><div data-colibri-id=\"8071-c9\" class=\"h-blog-title style-1726 style-local-8071-c9 position-relative h-element\"><div class=\"h-global-transition-all\"><a href=\"https:\/\/alaev-lueneburg.de\/alawordpress\/info-brief-4-2014\/\"><h4 class=\"colibri-word-wrap\">Infobrief Nr. 4 &#8211; April 2014<\/h4><\/a><\/div><\/div><div data-colibri-id=\"8071-c10\" class=\"style-1727 style-local-8071-c10 position-relative h-element\"><div class=\"h-global-transition-all\"><div class=\"colibri-post-excerpt\">\u00dcber ALA-gef\u00f6rderte Sanierungen, Problematische Bauprojekte und das gescheiterte Welterbe-Vorhaben.<\/div><\/div><\/div><\/div><\/div><\/div><\/div><\/div><\/div><\/div><\/div>\n      \n      \n        <div class=\"h-column h-column-container d-flex h-col-lg-4 h-col-md-6 h-col-12 post-8501 post type-post status-publish format-standard has-post-thumbnail hentry category-ala-berichte masonry-item style-1721-outer style-local-8071-c4-outer\"><div data-colibri-id=\"8071-c4\" class=\"d-flex h-flex-basis h-column__inner h-px-lg-2 h-px-md-2 h-px-2 v-inner-lg-2 v-inner-md-2 v-inner-2 style-1721 style-local-8071-c4 position-relative\"> <div class=\"w-100 h-y-container h-column__content h-column__v-align flex-basis-100 align-self-lg-start align-self-md-start align-self-start\"> <div data-href=\"https:\/\/alaev-lueneburg.de\/alawordpress\/info-brief-3-2013\/\" data-colibri-component=\"link\" data-colibri-id=\"8071-c5\" class=\"colibri-post-thumbnail colibri-post-has-thumbnail style-1722 style-local-8071-c5 h-overflow-hidden position-relative h-element\"><div class=\"h-global-transition-all colibri-post-thumbnail-shortcode style-dynamic-8071-c5-height\">            <a href=\"https:\/\/alaev-lueneburg.de\/alawordpress\/info-brief-3-2013\/\" title=\"Infobrief Nr. 3 &#8211;  August 2013\">\n\t\t\t\t<img loading=\"lazy\" decoding=\"async\" width=\"640\" height=\"461\" src=\"https:\/\/alaev-lueneburg.de\/alawordpress\/wp-content\/uploads\/2025\/04\/07_04_2013.jpg\" class=\"attachment-post-thumbnail size-post-thumbnail wp-post-image\" alt=\"\" srcset=\"https:\/\/alaev-lueneburg.de\/alawordpress\/wp-content\/uploads\/2025\/04\/07_04_2013.jpg 640w, https:\/\/alaev-lueneburg.de\/alawordpress\/wp-content\/uploads\/2025\/04\/07_04_2013-300x216.jpg 300w\" sizes=\"auto, (max-width: 640px) 100vw, 640px\" \/>            <\/a>\n\t\t\t<\/div> <div class=\"colibri-post-thumbnail-content align-items-lg-center align-items-md-center align-items-center flex-basis-100\"><div class=\"w-100 h-y-container\"> <\/div><\/div><\/div><div data-colibri-id=\"8071-c6\" class=\"h-row-container gutters-row-lg-2 gutters-row-md-2 gutters-row-2 gutters-row-v-lg-2 gutters-row-v-md-2 gutters-row-v-2 style-1723 style-local-8071-c6 position-relative\"><div class=\"h-row justify-content-lg-center justify-content-md-center justify-content-center align-items-lg-stretch align-items-md-stretch align-items-stretch gutters-col-lg-2 gutters-col-md-2 gutters-col-2 gutters-col-v-lg-2 gutters-col-v-md-2 gutters-col-v-2\"> <div class=\"h-column h-column-container d-flex h-col-lg h-col-md h-col-auto style-1724-outer style-local-8071-c7-outer\"><div data-colibri-id=\"8071-c7\" class=\"d-flex h-flex-basis h-column__inner h-px-lg-2 h-px-md-2 h-px-2 v-inner-lg-2 v-inner-md-2 v-inner-2 style-1724 style-local-8071-c7 position-relative\"> <div class=\"w-100 h-y-container h-column__content h-column__v-align flex-basis-100 align-self-lg-start align-self-md-start align-self-start\"> <div data-colibri-id=\"8071-c8\" class=\"h-blog-categories style-1725 style-local-8071-c8 position-relative h-element\"><div class=\"h-global-transition-all\"><a class=\"d-inline-block colibri-post-category\" href=\"https:\/\/alaev-lueneburg.de\/alawordpress\/category\/ala-berichte\/\">ALA-Berichte<\/a><\/div><\/div><div data-colibri-id=\"8071-c9\" class=\"h-blog-title style-1726 style-local-8071-c9 position-relative h-element\"><div class=\"h-global-transition-all\"><a href=\"https:\/\/alaev-lueneburg.de\/alawordpress\/info-brief-3-2013\/\"><h4 class=\"colibri-word-wrap\">Infobrief Nr. 3 &#8211;  August 2013<\/h4><\/a><\/div><\/div><div data-colibri-id=\"8071-c10\" class=\"style-1727 style-local-8071-c10 position-relative h-element\"><div class=\"h-global-transition-all\"><div class=\"colibri-post-excerpt\">\u00dcber zahlreiche restaurierte Baudenkm\u00e4ler, aktuelle Bauprojekte und kritische Entwicklungen im Stadtbild.<\/div><\/div><\/div><\/div><\/div><\/div><\/div><\/div><\/div><\/div><\/div>\n      \n      \n        <div class=\"h-column h-column-container d-flex h-col-lg-4 h-col-md-6 h-col-12 post-9755 post type-post status-publish format-standard has-post-thumbnail hentry category-ala-berichte masonry-item style-1721-outer style-local-8071-c4-outer\"><div data-colibri-id=\"8071-c4\" class=\"d-flex h-flex-basis h-column__inner h-px-lg-2 h-px-md-2 h-px-2 v-inner-lg-2 v-inner-md-2 v-inner-2 style-1721 style-local-8071-c4 position-relative\"> <div class=\"w-100 h-y-container h-column__content h-column__v-align flex-basis-100 align-self-lg-start align-self-md-start align-self-start\"> <div data-href=\"https:\/\/alaev-lueneburg.de\/alawordpress\/jahresbericht-2012\/\" data-colibri-component=\"link\" data-colibri-id=\"8071-c5\" class=\"colibri-post-thumbnail colibri-post-has-thumbnail style-1722 style-local-8071-c5 h-overflow-hidden position-relative h-element\"><div class=\"h-global-transition-all colibri-post-thumbnail-shortcode style-dynamic-8071-c5-height\">            <a href=\"https:\/\/alaev-lueneburg.de\/alawordpress\/jahresbericht-2012\/\" title=\"Jahresbericht 2012\">\n\t\t\t\t<img loading=\"lazy\" decoding=\"async\" width=\"908\" height=\"302\" src=\"https:\/\/alaev-lueneburg.de\/alawordpress\/wp-content\/uploads\/2025\/06\/beim_benedikt.jpg\" class=\"attachment-post-thumbnail size-post-thumbnail wp-post-image\" alt=\"\" srcset=\"https:\/\/alaev-lueneburg.de\/alawordpress\/wp-content\/uploads\/2025\/06\/beim_benedikt.jpg 908w, https:\/\/alaev-lueneburg.de\/alawordpress\/wp-content\/uploads\/2025\/06\/beim_benedikt-300x100.jpg 300w, https:\/\/alaev-lueneburg.de\/alawordpress\/wp-content\/uploads\/2025\/06\/beim_benedikt-768x255.jpg 768w\" sizes=\"auto, (max-width: 908px) 100vw, 908px\" \/>            <\/a>\n\t\t\t<\/div> <div class=\"colibri-post-thumbnail-content align-items-lg-center align-items-md-center align-items-center flex-basis-100\"><div class=\"w-100 h-y-container\"> <\/div><\/div><\/div><div data-colibri-id=\"8071-c6\" class=\"h-row-container gutters-row-lg-2 gutters-row-md-2 gutters-row-2 gutters-row-v-lg-2 gutters-row-v-md-2 gutters-row-v-2 style-1723 style-local-8071-c6 position-relative\"><div class=\"h-row justify-content-lg-center justify-content-md-center justify-content-center align-items-lg-stretch align-items-md-stretch align-items-stretch gutters-col-lg-2 gutters-col-md-2 gutters-col-2 gutters-col-v-lg-2 gutters-col-v-md-2 gutters-col-v-2\"> <div class=\"h-column h-column-container d-flex h-col-lg h-col-md h-col-auto style-1724-outer style-local-8071-c7-outer\"><div data-colibri-id=\"8071-c7\" class=\"d-flex h-flex-basis h-column__inner h-px-lg-2 h-px-md-2 h-px-2 v-inner-lg-2 v-inner-md-2 v-inner-2 style-1724 style-local-8071-c7 position-relative\"> <div class=\"w-100 h-y-container h-column__content h-column__v-align flex-basis-100 align-self-lg-start align-self-md-start align-self-start\"> <div data-colibri-id=\"8071-c8\" class=\"h-blog-categories style-1725 style-local-8071-c8 position-relative h-element\"><div class=\"h-global-transition-all\"><a class=\"d-inline-block colibri-post-category\" href=\"https:\/\/alaev-lueneburg.de\/alawordpress\/category\/ala-berichte\/\">ALA-Berichte<\/a><\/div><\/div><div data-colibri-id=\"8071-c9\" class=\"h-blog-title style-1726 style-local-8071-c9 position-relative h-element\"><div class=\"h-global-transition-all\"><a href=\"https:\/\/alaev-lueneburg.de\/alawordpress\/jahresbericht-2012\/\"><h4 class=\"colibri-word-wrap\">Jahresbericht 2012<\/h4><\/a><\/div><\/div><div data-colibri-id=\"8071-c10\" class=\"style-1727 style-local-8071-c10 position-relative h-element\"><div class=\"h-global-transition-all\"><div class=\"colibri-post-excerpt\">Wir m\u00f6chten Ihnen wieder einen kurzen R\u00fcckblick \u00fcber unsere Aktivit\u00e4ten und Projekte des vergangenen Jahres geben<\/div><\/div><\/div><\/div><\/div><\/div><\/div><\/div><\/div><\/div><\/div>\n      \n      \n        <div class=\"h-column h-column-container d-flex h-col-lg-4 h-col-md-6 h-col-12 post-8439 post type-post status-publish format-standard has-post-thumbnail hentry category-ala-berichte masonry-item style-1721-outer style-local-8071-c4-outer\"><div data-colibri-id=\"8071-c4\" class=\"d-flex h-flex-basis h-column__inner h-px-lg-2 h-px-md-2 h-px-2 v-inner-lg-2 v-inner-md-2 v-inner-2 style-1721 style-local-8071-c4 position-relative\"> <div class=\"w-100 h-y-container h-column__content h-column__v-align flex-basis-100 align-self-lg-start align-self-md-start align-self-start\"> <div data-href=\"https:\/\/alaev-lueneburg.de\/alawordpress\/infobrief-2-2013\/\" data-colibri-component=\"link\" data-colibri-id=\"8071-c5\" class=\"colibri-post-thumbnail colibri-post-has-thumbnail style-1722 style-local-8071-c5 h-overflow-hidden position-relative h-element\"><div class=\"h-global-transition-all colibri-post-thumbnail-shortcode style-dynamic-8071-c5-height\">            <a href=\"https:\/\/alaev-lueneburg.de\/alawordpress\/infobrief-2-2013\/\" title=\"Infobrief Nr. 2 &#8211; Januar 2013\">\n\t\t\t\t<img loading=\"lazy\" decoding=\"async\" width=\"811\" height=\"609\" src=\"https:\/\/alaev-lueneburg.de\/alawordpress\/wp-content\/uploads\/2025\/04\/infobrief_02_2013.jpg\" class=\"attachment-post-thumbnail size-post-thumbnail wp-post-image\" alt=\"\" srcset=\"https:\/\/alaev-lueneburg.de\/alawordpress\/wp-content\/uploads\/2025\/04\/infobrief_02_2013.jpg 811w, https:\/\/alaev-lueneburg.de\/alawordpress\/wp-content\/uploads\/2025\/04\/infobrief_02_2013-300x225.jpg 300w, https:\/\/alaev-lueneburg.de\/alawordpress\/wp-content\/uploads\/2025\/04\/infobrief_02_2013-768x577.jpg 768w\" sizes=\"auto, (max-width: 811px) 100vw, 811px\" \/>            <\/a>\n\t\t\t<\/div> <div class=\"colibri-post-thumbnail-content align-items-lg-center align-items-md-center align-items-center flex-basis-100\"><div class=\"w-100 h-y-container\"> <\/div><\/div><\/div><div data-colibri-id=\"8071-c6\" class=\"h-row-container gutters-row-lg-2 gutters-row-md-2 gutters-row-2 gutters-row-v-lg-2 gutters-row-v-md-2 gutters-row-v-2 style-1723 style-local-8071-c6 position-relative\"><div class=\"h-row justify-content-lg-center justify-content-md-center justify-content-center align-items-lg-stretch align-items-md-stretch align-items-stretch gutters-col-lg-2 gutters-col-md-2 gutters-col-2 gutters-col-v-lg-2 gutters-col-v-md-2 gutters-col-v-2\"> <div class=\"h-column h-column-container d-flex h-col-lg h-col-md h-col-auto style-1724-outer style-local-8071-c7-outer\"><div data-colibri-id=\"8071-c7\" class=\"d-flex h-flex-basis h-column__inner h-px-lg-2 h-px-md-2 h-px-2 v-inner-lg-2 v-inner-md-2 v-inner-2 style-1724 style-local-8071-c7 position-relative\"> <div class=\"w-100 h-y-container h-column__content h-column__v-align flex-basis-100 align-self-lg-start align-self-md-start align-self-start\"> <div data-colibri-id=\"8071-c8\" class=\"h-blog-categories style-1725 style-local-8071-c8 position-relative h-element\"><div class=\"h-global-transition-all\"><a class=\"d-inline-block colibri-post-category\" href=\"https:\/\/alaev-lueneburg.de\/alawordpress\/category\/ala-berichte\/\">ALA-Berichte<\/a><\/div><\/div><div data-colibri-id=\"8071-c9\" class=\"h-blog-title style-1726 style-local-8071-c9 position-relative h-element\"><div class=\"h-global-transition-all\"><a href=\"https:\/\/alaev-lueneburg.de\/alawordpress\/infobrief-2-2013\/\"><h4 class=\"colibri-word-wrap\">Infobrief Nr. 2 &#8211; Januar 2013<\/h4><\/a><\/div><\/div><div data-colibri-id=\"8071-c10\" class=\"style-1727 style-local-8071-c10 position-relative h-element\"><div class=\"h-global-transition-all\"><div class=\"colibri-post-excerpt\">Restaurierte Baudenkm\u00e4ler, Vereinsaktivit\u00e4ten und historische Bildfunde.<\/div><\/div><\/div><\/div><\/div><\/div><\/div><\/div><\/div><\/div><\/div>\n      \n      \n        <div class=\"h-column h-column-container d-flex h-col-lg-4 h-col-md-6 h-col-12 post-8389 post type-post status-publish format-standard has-post-thumbnail hentry category-ala-berichte masonry-item style-1721-outer style-local-8071-c4-outer\"><div data-colibri-id=\"8071-c4\" class=\"d-flex h-flex-basis h-column__inner h-px-lg-2 h-px-md-2 h-px-2 v-inner-lg-2 v-inner-md-2 v-inner-2 style-1721 style-local-8071-c4 position-relative\"> <div class=\"w-100 h-y-container h-column__content h-column__v-align flex-basis-100 align-self-lg-start align-self-md-start align-self-start\"> <div data-href=\"https:\/\/alaev-lueneburg.de\/alawordpress\/info-brief-1\/\" data-colibri-component=\"link\" data-colibri-id=\"8071-c5\" class=\"colibri-post-thumbnail colibri-post-has-thumbnail style-1722 style-local-8071-c5 h-overflow-hidden position-relative h-element\"><div class=\"h-global-transition-all colibri-post-thumbnail-shortcode style-dynamic-8071-c5-height\">            <a href=\"https:\/\/alaev-lueneburg.de\/alawordpress\/info-brief-1\/\" title=\"Infobrief Nr. 1 &#8211; Juli 2012\">\n\t\t\t\t<img loading=\"lazy\" decoding=\"async\" width=\"1107\" height=\"688\" src=\"https:\/\/alaev-lueneburg.de\/alawordpress\/wp-content\/uploads\/2025\/04\/infobrief_01_2012.jpg\" class=\"attachment-post-thumbnail size-post-thumbnail wp-post-image\" alt=\"\" srcset=\"https:\/\/alaev-lueneburg.de\/alawordpress\/wp-content\/uploads\/2025\/04\/infobrief_01_2012.jpg 1107w, https:\/\/alaev-lueneburg.de\/alawordpress\/wp-content\/uploads\/2025\/04\/infobrief_01_2012-300x186.jpg 300w, https:\/\/alaev-lueneburg.de\/alawordpress\/wp-content\/uploads\/2025\/04\/infobrief_01_2012-1024x636.jpg 1024w, https:\/\/alaev-lueneburg.de\/alawordpress\/wp-content\/uploads\/2025\/04\/infobrief_01_2012-768x477.jpg 768w\" sizes=\"auto, (max-width: 1107px) 100vw, 1107px\" \/>            <\/a>\n\t\t\t<\/div> <div class=\"colibri-post-thumbnail-content align-items-lg-center align-items-md-center align-items-center flex-basis-100\"><div class=\"w-100 h-y-container\"> <\/div><\/div><\/div><div data-colibri-id=\"8071-c6\" class=\"h-row-container gutters-row-lg-2 gutters-row-md-2 gutters-row-2 gutters-row-v-lg-2 gutters-row-v-md-2 gutters-row-v-2 style-1723 style-local-8071-c6 position-relative\"><div class=\"h-row justify-content-lg-center justify-content-md-center justify-content-center align-items-lg-stretch align-items-md-stretch align-items-stretch gutters-col-lg-2 gutters-col-md-2 gutters-col-2 gutters-col-v-lg-2 gutters-col-v-md-2 gutters-col-v-2\"> <div class=\"h-column h-column-container d-flex h-col-lg h-col-md h-col-auto style-1724-outer style-local-8071-c7-outer\"><div data-colibri-id=\"8071-c7\" class=\"d-flex h-flex-basis h-column__inner h-px-lg-2 h-px-md-2 h-px-2 v-inner-lg-2 v-inner-md-2 v-inner-2 style-1724 style-local-8071-c7 position-relative\"> <div class=\"w-100 h-y-container h-column__content h-column__v-align flex-basis-100 align-self-lg-start align-self-md-start align-self-start\"> <div data-colibri-id=\"8071-c8\" class=\"h-blog-categories style-1725 style-local-8071-c8 position-relative h-element\"><div class=\"h-global-transition-all\"><a class=\"d-inline-block colibri-post-category\" href=\"https:\/\/alaev-lueneburg.de\/alawordpress\/category\/ala-berichte\/\">ALA-Berichte<\/a><\/div><\/div><div data-colibri-id=\"8071-c9\" class=\"h-blog-title style-1726 style-local-8071-c9 position-relative h-element\"><div class=\"h-global-transition-all\"><a href=\"https:\/\/alaev-lueneburg.de\/alawordpress\/info-brief-1\/\"><h4 class=\"colibri-word-wrap\">Infobrief Nr. 1 &#8211; Juli 2012<\/h4><\/a><\/div><\/div><div data-colibri-id=\"8071-c10\" class=\"style-1727 style-local-8071-c10 position-relative h-element\"><div class=\"h-global-transition-all\"><div class=\"colibri-post-excerpt\">\u00dcber gelungene Veranstaltungen, neue Restaurierungsprojekte und ein wertvolles Verm\u00e4chtnis. <\/div><\/div><\/div><\/div><\/div><\/div><\/div><\/div><\/div><\/div><\/div>\n      \n      \n        <div class=\"h-column h-column-container d-flex h-col-lg-4 h-col-md-6 h-col-12 post-9712 post type-post status-publish format-standard has-post-thumbnail hentry category-ala-berichte masonry-item style-1721-outer style-local-8071-c4-outer\"><div data-colibri-id=\"8071-c4\" class=\"d-flex h-flex-basis h-column__inner h-px-lg-2 h-px-md-2 h-px-2 v-inner-lg-2 v-inner-md-2 v-inner-2 style-1721 style-local-8071-c4 position-relative\"> <div class=\"w-100 h-y-container h-column__content h-column__v-align flex-basis-100 align-self-lg-start align-self-md-start align-self-start\"> <div data-href=\"https:\/\/alaev-lueneburg.de\/alawordpress\/jahresbericht-2011\/\" data-colibri-component=\"link\" data-colibri-id=\"8071-c5\" class=\"colibri-post-thumbnail colibri-post-has-thumbnail style-1722 style-local-8071-c5 h-overflow-hidden position-relative h-element\"><div class=\"h-global-transition-all colibri-post-thumbnail-shortcode style-dynamic-8071-c5-height\">            <a href=\"https:\/\/alaev-lueneburg.de\/alawordpress\/jahresbericht-2011\/\" title=\"Jahresbericht 2011\">\n\t\t\t\t<img loading=\"lazy\" decoding=\"async\" width=\"908\" height=\"302\" src=\"https:\/\/alaev-lueneburg.de\/alawordpress\/wp-content\/uploads\/2025\/06\/Muenze7.jpg\" class=\"attachment-post-thumbnail size-post-thumbnail wp-post-image\" alt=\"\" srcset=\"https:\/\/alaev-lueneburg.de\/alawordpress\/wp-content\/uploads\/2025\/06\/Muenze7.jpg 908w, https:\/\/alaev-lueneburg.de\/alawordpress\/wp-content\/uploads\/2025\/06\/Muenze7-300x100.jpg 300w, https:\/\/alaev-lueneburg.de\/alawordpress\/wp-content\/uploads\/2025\/06\/Muenze7-768x255.jpg 768w\" sizes=\"auto, (max-width: 908px) 100vw, 908px\" \/>            <\/a>\n\t\t\t<\/div> <div class=\"colibri-post-thumbnail-content align-items-lg-center align-items-md-center align-items-center flex-basis-100\"><div class=\"w-100 h-y-container\"> <\/div><\/div><\/div><div data-colibri-id=\"8071-c6\" class=\"h-row-container gutters-row-lg-2 gutters-row-md-2 gutters-row-2 gutters-row-v-lg-2 gutters-row-v-md-2 gutters-row-v-2 style-1723 style-local-8071-c6 position-relative\"><div class=\"h-row justify-content-lg-center justify-content-md-center justify-content-center align-items-lg-stretch align-items-md-stretch align-items-stretch gutters-col-lg-2 gutters-col-md-2 gutters-col-2 gutters-col-v-lg-2 gutters-col-v-md-2 gutters-col-v-2\"> <div class=\"h-column h-column-container d-flex h-col-lg h-col-md h-col-auto style-1724-outer style-local-8071-c7-outer\"><div data-colibri-id=\"8071-c7\" class=\"d-flex h-flex-basis h-column__inner h-px-lg-2 h-px-md-2 h-px-2 v-inner-lg-2 v-inner-md-2 v-inner-2 style-1724 style-local-8071-c7 position-relative\"> <div class=\"w-100 h-y-container h-column__content h-column__v-align flex-basis-100 align-self-lg-start align-self-md-start align-self-start\"> <div data-colibri-id=\"8071-c8\" class=\"h-blog-categories style-1725 style-local-8071-c8 position-relative h-element\"><div class=\"h-global-transition-all\"><a class=\"d-inline-block colibri-post-category\" href=\"https:\/\/alaev-lueneburg.de\/alawordpress\/category\/ala-berichte\/\">ALA-Berichte<\/a><\/div><\/div><div data-colibri-id=\"8071-c9\" class=\"h-blog-title style-1726 style-local-8071-c9 position-relative h-element\"><div class=\"h-global-transition-all\"><a href=\"https:\/\/alaev-lueneburg.de\/alawordpress\/jahresbericht-2011\/\"><h4 class=\"colibri-word-wrap\">Jahresbericht 2011<\/h4><\/a><\/div><\/div><div data-colibri-id=\"8071-c10\" class=\"style-1727 style-local-8071-c10 position-relative h-element\"><div class=\"h-global-transition-all\"><div class=\"colibri-post-excerpt\">Es hat jahrelang gedauert, bis die Stadt begriffen hatte, dass die Wiederbelebung des Hansehafens f\u00fcr den Tourismus von gro\u00dfer Bedeutung sein k\u00f6nnte.<\/div><\/div><\/div><\/div><\/div><\/div><\/div><\/div><\/div><\/div><\/div>\n      \n      \n        <div class=\"h-column h-column-container d-flex h-col-lg-4 h-col-md-6 h-col-12 post-9699 post type-post status-publish format-standard has-post-thumbnail hentry category-ala-berichte masonry-item style-1721-outer style-local-8071-c4-outer\"><div data-colibri-id=\"8071-c4\" class=\"d-flex h-flex-basis h-column__inner h-px-lg-2 h-px-md-2 h-px-2 v-inner-lg-2 v-inner-md-2 v-inner-2 style-1721 style-local-8071-c4 position-relative\"> <div class=\"w-100 h-y-container h-column__content h-column__v-align flex-basis-100 align-self-lg-start align-self-md-start align-self-start\"> <div data-href=\"https:\/\/alaev-lueneburg.de\/alawordpress\/jahresbericht-2010\/\" data-colibri-component=\"link\" data-colibri-id=\"8071-c5\" class=\"colibri-post-thumbnail colibri-post-has-thumbnail style-1722 style-local-8071-c5 h-overflow-hidden position-relative h-element\"><div class=\"h-global-transition-all colibri-post-thumbnail-shortcode style-dynamic-8071-c5-height\">            <a href=\"https:\/\/alaev-lueneburg.de\/alawordpress\/jahresbericht-2010\/\" title=\"Jahresbericht 2010\">\n\t\t\t\t<img loading=\"lazy\" decoding=\"async\" width=\"908\" height=\"302\" src=\"https:\/\/alaev-lueneburg.de\/alawordpress\/wp-content\/uploads\/2025\/06\/prahm.jpg\" class=\"attachment-post-thumbnail size-post-thumbnail wp-post-image\" alt=\"\" srcset=\"https:\/\/alaev-lueneburg.de\/alawordpress\/wp-content\/uploads\/2025\/06\/prahm.jpg 908w, https:\/\/alaev-lueneburg.de\/alawordpress\/wp-content\/uploads\/2025\/06\/prahm-300x100.jpg 300w, https:\/\/alaev-lueneburg.de\/alawordpress\/wp-content\/uploads\/2025\/06\/prahm-768x255.jpg 768w\" sizes=\"auto, (max-width: 908px) 100vw, 908px\" \/>            <\/a>\n\t\t\t<\/div> <div class=\"colibri-post-thumbnail-content align-items-lg-center align-items-md-center align-items-center flex-basis-100\"><div class=\"w-100 h-y-container\"> <\/div><\/div><\/div><div data-colibri-id=\"8071-c6\" class=\"h-row-container gutters-row-lg-2 gutters-row-md-2 gutters-row-2 gutters-row-v-lg-2 gutters-row-v-md-2 gutters-row-v-2 style-1723 style-local-8071-c6 position-relative\"><div class=\"h-row justify-content-lg-center justify-content-md-center justify-content-center align-items-lg-stretch align-items-md-stretch align-items-stretch gutters-col-lg-2 gutters-col-md-2 gutters-col-2 gutters-col-v-lg-2 gutters-col-v-md-2 gutters-col-v-2\"> <div class=\"h-column h-column-container d-flex h-col-lg h-col-md h-col-auto style-1724-outer style-local-8071-c7-outer\"><div data-colibri-id=\"8071-c7\" class=\"d-flex h-flex-basis h-column__inner h-px-lg-2 h-px-md-2 h-px-2 v-inner-lg-2 v-inner-md-2 v-inner-2 style-1724 style-local-8071-c7 position-relative\"> <div class=\"w-100 h-y-container h-column__content h-column__v-align flex-basis-100 align-self-lg-start align-self-md-start align-self-start\"> <div data-colibri-id=\"8071-c8\" class=\"h-blog-categories style-1725 style-local-8071-c8 position-relative h-element\"><div class=\"h-global-transition-all\"><a class=\"d-inline-block colibri-post-category\" href=\"https:\/\/alaev-lueneburg.de\/alawordpress\/category\/ala-berichte\/\">ALA-Berichte<\/a><\/div><\/div><div data-colibri-id=\"8071-c9\" class=\"h-blog-title style-1726 style-local-8071-c9 position-relative h-element\"><div class=\"h-global-transition-all\"><a href=\"https:\/\/alaev-lueneburg.de\/alawordpress\/jahresbericht-2010\/\"><h4 class=\"colibri-word-wrap\">Jahresbericht 2010<\/h4><\/a><\/div><\/div><div data-colibri-id=\"8071-c10\" class=\"style-1727 style-local-8071-c10 position-relative h-element\"><div class=\"h-global-transition-all\"><div class=\"colibri-post-excerpt\">Als Nachfolgeschiff f\u00fcr den Salzewer, der aus dem Hafenbild kaum noch wegzudenken ist, haben wir mit\nden schon bekannten Mitstreitern einen Salzprahm gebaut.<\/div><\/div><\/div><\/div><\/div><\/div><\/div><\/div><\/div><\/div><\/div>\n      \n      \n        <div class=\"h-column h-column-container d-flex h-col-lg-4 h-col-md-6 h-col-12 post-9692 post type-post status-publish format-standard has-post-thumbnail hentry category-ala-berichte masonry-item style-1721-outer style-local-8071-c4-outer\"><div data-colibri-id=\"8071-c4\" class=\"d-flex h-flex-basis h-column__inner h-px-lg-2 h-px-md-2 h-px-2 v-inner-lg-2 v-inner-md-2 v-inner-2 style-1721 style-local-8071-c4 position-relative\"> <div class=\"w-100 h-y-container h-column__content h-column__v-align flex-basis-100 align-self-lg-start align-self-md-start align-self-start\"> <div data-href=\"https:\/\/alaev-lueneburg.de\/alawordpress\/jahresbericht-2009\/\" data-colibri-component=\"link\" data-colibri-id=\"8071-c5\" class=\"colibri-post-thumbnail colibri-post-has-thumbnail style-1722 style-local-8071-c5 h-overflow-hidden position-relative h-element\"><div class=\"h-global-transition-all colibri-post-thumbnail-shortcode style-dynamic-8071-c5-height\">            <a href=\"https:\/\/alaev-lueneburg.de\/alawordpress\/jahresbericht-2009\/\" title=\"Jahresbericht 2009\">\n\t\t\t\t<img loading=\"lazy\" decoding=\"async\" width=\"1200\" height=\"565\" src=\"https:\/\/alaev-lueneburg.de\/alawordpress\/wp-content\/uploads\/2025\/03\/gericht.jpg\" class=\"attachment-post-thumbnail size-post-thumbnail wp-post-image\" alt=\"\" srcset=\"https:\/\/alaev-lueneburg.de\/alawordpress\/wp-content\/uploads\/2025\/03\/gericht.jpg 1200w, https:\/\/alaev-lueneburg.de\/alawordpress\/wp-content\/uploads\/2025\/03\/gericht-300x141.jpg 300w, https:\/\/alaev-lueneburg.de\/alawordpress\/wp-content\/uploads\/2025\/03\/gericht-1024x482.jpg 1024w, https:\/\/alaev-lueneburg.de\/alawordpress\/wp-content\/uploads\/2025\/03\/gericht-768x362.jpg 768w\" sizes=\"auto, (max-width: 1200px) 100vw, 1200px\" \/>            <\/a>\n\t\t\t<\/div> <div class=\"colibri-post-thumbnail-content align-items-lg-center align-items-md-center align-items-center flex-basis-100\"><div class=\"w-100 h-y-container\"> <\/div><\/div><\/div><div data-colibri-id=\"8071-c6\" class=\"h-row-container gutters-row-lg-2 gutters-row-md-2 gutters-row-2 gutters-row-v-lg-2 gutters-row-v-md-2 gutters-row-v-2 style-1723 style-local-8071-c6 position-relative\"><div class=\"h-row justify-content-lg-center justify-content-md-center justify-content-center align-items-lg-stretch align-items-md-stretch align-items-stretch gutters-col-lg-2 gutters-col-md-2 gutters-col-2 gutters-col-v-lg-2 gutters-col-v-md-2 gutters-col-v-2\"> <div class=\"h-column h-column-container d-flex h-col-lg h-col-md h-col-auto style-1724-outer style-local-8071-c7-outer\"><div data-colibri-id=\"8071-c7\" class=\"d-flex h-flex-basis h-column__inner h-px-lg-2 h-px-md-2 h-px-2 v-inner-lg-2 v-inner-md-2 v-inner-2 style-1724 style-local-8071-c7 position-relative\"> <div class=\"w-100 h-y-container h-column__content h-column__v-align flex-basis-100 align-self-lg-start align-self-md-start align-self-start\"> <div data-colibri-id=\"8071-c8\" class=\"h-blog-categories style-1725 style-local-8071-c8 position-relative h-element\"><div class=\"h-global-transition-all\"><a class=\"d-inline-block colibri-post-category\" href=\"https:\/\/alaev-lueneburg.de\/alawordpress\/category\/ala-berichte\/\">ALA-Berichte<\/a><\/div><\/div><div data-colibri-id=\"8071-c9\" class=\"h-blog-title style-1726 style-local-8071-c9 position-relative h-element\"><div class=\"h-global-transition-all\"><a href=\"https:\/\/alaev-lueneburg.de\/alawordpress\/jahresbericht-2009\/\"><h4 class=\"colibri-word-wrap\">Jahresbericht 2009<\/h4><\/a><\/div><\/div><div data-colibri-id=\"8071-c10\" class=\"style-1727 style-local-8071-c10 position-relative h-element\"><div class=\"h-global-transition-all\"><div class=\"colibri-post-excerpt\">Ein langgehegter pers\u00f6nlicher Wunsch ging mit dem Bau des historischen Frachtschiffes, dem Salzewer, auf dem extra errichteten Werftgel\u00e4nde am Salzmuseum, der \u201cSalzwerkstadt\u201c, in Erf\u00fcllung.<\/div><\/div><\/div><\/div><\/div><\/div><\/div><\/div><\/div><\/div><\/div>\n      \n      \n        <div class=\"h-column h-column-container d-flex h-col-lg-4 h-col-md-6 h-col-12 post-9682 post type-post status-publish format-standard has-post-thumbnail hentry category-ala-berichte masonry-item style-1721-outer style-local-8071-c4-outer\"><div data-colibri-id=\"8071-c4\" class=\"d-flex h-flex-basis h-column__inner h-px-lg-2 h-px-md-2 h-px-2 v-inner-lg-2 v-inner-md-2 v-inner-2 style-1721 style-local-8071-c4 position-relative\"> <div class=\"w-100 h-y-container h-column__content h-column__v-align flex-basis-100 align-self-lg-start align-self-md-start align-self-start\"> <div data-href=\"https:\/\/alaev-lueneburg.de\/alawordpress\/jahresbericht-2008\/\" data-colibri-component=\"link\" data-colibri-id=\"8071-c5\" class=\"colibri-post-thumbnail colibri-post-has-thumbnail style-1722 style-local-8071-c5 h-overflow-hidden position-relative h-element\"><div class=\"h-global-transition-all colibri-post-thumbnail-shortcode style-dynamic-8071-c5-height\">            <a href=\"https:\/\/alaev-lueneburg.de\/alawordpress\/jahresbericht-2008\/\" title=\"Jahresbericht 2008\">\n\t\t\t\t<img loading=\"lazy\" decoding=\"async\" width=\"908\" height=\"302\" src=\"https:\/\/alaev-lueneburg.de\/alawordpress\/wp-content\/uploads\/2025\/06\/st_michaelis.jpg\" class=\"attachment-post-thumbnail size-post-thumbnail wp-post-image\" alt=\"\" srcset=\"https:\/\/alaev-lueneburg.de\/alawordpress\/wp-content\/uploads\/2025\/06\/st_michaelis.jpg 908w, https:\/\/alaev-lueneburg.de\/alawordpress\/wp-content\/uploads\/2025\/06\/st_michaelis-300x100.jpg 300w, https:\/\/alaev-lueneburg.de\/alawordpress\/wp-content\/uploads\/2025\/06\/st_michaelis-768x255.jpg 768w\" sizes=\"auto, (max-width: 908px) 100vw, 908px\" \/>            <\/a>\n\t\t\t<\/div> <div class=\"colibri-post-thumbnail-content align-items-lg-center align-items-md-center align-items-center flex-basis-100\"><div class=\"w-100 h-y-container\"> <\/div><\/div><\/div><div data-colibri-id=\"8071-c6\" class=\"h-row-container gutters-row-lg-2 gutters-row-md-2 gutters-row-2 gutters-row-v-lg-2 gutters-row-v-md-2 gutters-row-v-2 style-1723 style-local-8071-c6 position-relative\"><div class=\"h-row justify-content-lg-center justify-content-md-center justify-content-center align-items-lg-stretch align-items-md-stretch align-items-stretch gutters-col-lg-2 gutters-col-md-2 gutters-col-2 gutters-col-v-lg-2 gutters-col-v-md-2 gutters-col-v-2\"> <div class=\"h-column h-column-container d-flex h-col-lg h-col-md h-col-auto style-1724-outer style-local-8071-c7-outer\"><div data-colibri-id=\"8071-c7\" class=\"d-flex h-flex-basis h-column__inner h-px-lg-2 h-px-md-2 h-px-2 v-inner-lg-2 v-inner-md-2 v-inner-2 style-1724 style-local-8071-c7 position-relative\"> <div class=\"w-100 h-y-container h-column__content h-column__v-align flex-basis-100 align-self-lg-start align-self-md-start align-self-start\"> <div data-colibri-id=\"8071-c8\" class=\"h-blog-categories style-1725 style-local-8071-c8 position-relative h-element\"><div class=\"h-global-transition-all\"><a class=\"d-inline-block colibri-post-category\" href=\"https:\/\/alaev-lueneburg.de\/alawordpress\/category\/ala-berichte\/\">ALA-Berichte<\/a><\/div><\/div><div data-colibri-id=\"8071-c9\" class=\"h-blog-title style-1726 style-local-8071-c9 position-relative h-element\"><div class=\"h-global-transition-all\"><a href=\"https:\/\/alaev-lueneburg.de\/alawordpress\/jahresbericht-2008\/\"><h4 class=\"colibri-word-wrap\">Jahresbericht 2008<\/h4><\/a><\/div><\/div><div data-colibri-id=\"8071-c10\" class=\"style-1727 style-local-8071-c10 position-relative h-element\"><div class=\"h-global-transition-all\"><div class=\"colibri-post-excerpt\">Kurzer R\u00fcckblick \u00fcber unsere Aktivit\u00e4ten und Projekte des vergangenen Jahres.<\/div><\/div><\/div><\/div><\/div><\/div><\/div><\/div><\/div><\/div><\/div>\n      \n      \n        <div class=\"h-column h-column-container d-flex h-col-lg-4 h-col-md-6 h-col-12 post-8067 post type-post status-publish format-standard has-post-thumbnail hentry category-ala-berichte masonry-item style-1721-outer style-local-8071-c4-outer\"><div data-colibri-id=\"8071-c4\" class=\"d-flex h-flex-basis h-column__inner h-px-lg-2 h-px-md-2 h-px-2 v-inner-lg-2 v-inner-md-2 v-inner-2 style-1721 style-local-8071-c4 position-relative\"> <div class=\"w-100 h-y-container h-column__content h-column__v-align flex-basis-100 align-self-lg-start align-self-md-start align-self-start\"> <div data-href=\"https:\/\/alaev-lueneburg.de\/alawordpress\/jahresbericht-2006\/\" data-colibri-component=\"link\" data-colibri-id=\"8071-c5\" class=\"colibri-post-thumbnail colibri-post-has-thumbnail style-1722 style-local-8071-c5 h-overflow-hidden position-relative h-element\"><div class=\"h-global-transition-all colibri-post-thumbnail-shortcode style-dynamic-8071-c5-height\">            <a href=\"https:\/\/alaev-lueneburg.de\/alawordpress\/jahresbericht-2006\/\" title=\"Jahresbericht 2006\">\n\t\t\t\t<img loading=\"lazy\" decoding=\"async\" width=\"908\" height=\"302\" src=\"https:\/\/alaev-lueneburg.de\/alawordpress\/wp-content\/uploads\/2025\/06\/in_der_techt.jpg\" class=\"attachment-post-thumbnail size-post-thumbnail wp-post-image\" alt=\"\" srcset=\"https:\/\/alaev-lueneburg.de\/alawordpress\/wp-content\/uploads\/2025\/06\/in_der_techt.jpg 908w, https:\/\/alaev-lueneburg.de\/alawordpress\/wp-content\/uploads\/2025\/06\/in_der_techt-300x100.jpg 300w, https:\/\/alaev-lueneburg.de\/alawordpress\/wp-content\/uploads\/2025\/06\/in_der_techt-768x255.jpg 768w\" sizes=\"auto, (max-width: 908px) 100vw, 908px\" \/>            <\/a>\n\t\t\t<\/div> <div class=\"colibri-post-thumbnail-content align-items-lg-center align-items-md-center align-items-center flex-basis-100\"><div class=\"w-100 h-y-container\"> <\/div><\/div><\/div><div data-colibri-id=\"8071-c6\" class=\"h-row-container gutters-row-lg-2 gutters-row-md-2 gutters-row-2 gutters-row-v-lg-2 gutters-row-v-md-2 gutters-row-v-2 style-1723 style-local-8071-c6 position-relative\"><div class=\"h-row justify-content-lg-center justify-content-md-center justify-content-center align-items-lg-stretch align-items-md-stretch align-items-stretch gutters-col-lg-2 gutters-col-md-2 gutters-col-2 gutters-col-v-lg-2 gutters-col-v-md-2 gutters-col-v-2\"> <div class=\"h-column h-column-container d-flex h-col-lg h-col-md h-col-auto style-1724-outer style-local-8071-c7-outer\"><div data-colibri-id=\"8071-c7\" class=\"d-flex h-flex-basis h-column__inner h-px-lg-2 h-px-md-2 h-px-2 v-inner-lg-2 v-inner-md-2 v-inner-2 style-1724 style-local-8071-c7 position-relative\"> <div class=\"w-100 h-y-container h-column__content h-column__v-align flex-basis-100 align-self-lg-start align-self-md-start align-self-start\"> <div data-colibri-id=\"8071-c8\" class=\"h-blog-categories style-1725 style-local-8071-c8 position-relative h-element\"><div class=\"h-global-transition-all\"><a class=\"d-inline-block colibri-post-category\" href=\"https:\/\/alaev-lueneburg.de\/alawordpress\/category\/ala-berichte\/\">ALA-Berichte<\/a><\/div><\/div><div data-colibri-id=\"8071-c9\" class=\"h-blog-title style-1726 style-local-8071-c9 position-relative h-element\"><div class=\"h-global-transition-all\"><a href=\"https:\/\/alaev-lueneburg.de\/alawordpress\/jahresbericht-2006\/\"><h4 class=\"colibri-word-wrap\">Jahresbericht 2006<\/h4><\/a><\/div><\/div><div data-colibri-id=\"8071-c10\" class=\"style-1727 style-local-8071-c10 position-relative h-element\"><div class=\"h-global-transition-all\"><div class=\"colibri-post-excerpt\">Bericht auf der Mitgliederversammlung.<\/div><\/div><\/div><\/div><\/div><\/div><\/div><\/div><\/div><\/div><\/div>\n      \n      \n          <\/div>\n      <\/div>\n    <\/div>\n  <\/div>\n<\/div>","protected":false},"excerpt":{"rendered":"<p>ALA-Berichte Hier finden Sie ALA-Infobriefe und Jahresberichte mit aktuellen Informationen rund um die Aktivit\u00e4ten des Vereins und den Denkmalschutz.<\/p>\n","protected":false},"author":6,"featured_media":0,"parent":0,"menu_order":0,"comment_status":"closed","ping_status":"closed","template":"page-templates\/full-width-page.php","meta":{"footnotes":""},"class_list":["post-8071","page","type-page","status-publish","hentry"],"_links":{"self":[{"href":"https:\/\/alaev-lueneburg.de\/alawordpress\/wp-json\/wp\/v2\/pages\/8071","targetHints":{"allow":["GET"]}}],"collection":[{"href":"https:\/\/alaev-lueneburg.de\/alawordpress\/wp-json\/wp\/v2\/pages"}],"about":[{"href":"https:\/\/alaev-lueneburg.de\/alawordpress\/wp-json\/wp\/v2\/types\/page"}],"author":[{"embeddable":true,"href":"https:\/\/alaev-lueneburg.de\/alawordpress\/wp-json\/wp\/v2\/users\/6"}],"replies":[{"embeddable":true,"href":"https:\/\/alaev-lueneburg.de\/alawordpress\/wp-json\/wp\/v2\/comments?post=8071"}],"version-history":[{"count":7,"href":"https:\/\/alaev-lueneburg.de\/alawordpress\/wp-json\/wp\/v2\/pages\/8071\/revisions"}],"predecessor-version":[{"id":8249,"href":"https:\/\/alaev-lueneburg.de\/alawordpress\/wp-json\/wp\/v2\/pages\/8071\/revisions\/8249"}],"wp:attachment":[{"href":"https:\/\/alaev-lueneburg.de\/alawordpress\/wp-json\/wp\/v2\/media?parent=8071"}],"curies":[{"name":"wp","href":"https:\/\/api.w.org\/{rel}","templated":true}]}}