{"id":4292,"date":"2025-02-28T11:58:13","date_gmt":"2025-02-28T10:58:13","guid":{"rendered":"https:\/\/alaev-lueneburg.de\/alawordpress\/?page_id=4292"},"modified":"2025-06-28T14:20:05","modified_gmt":"2025-06-28T12:20:05","slug":"unsere-erfolge","status":"publish","type":"page","link":"https:\/\/alaev-lueneburg.de\/alawordpress\/unsere-erfolge\/","title":{"rendered":"Unsere Erfolge"},"content":{"rendered":"<div data-colibri-id=\"4292-c1\" class=\"style-1254 style-local-4292-c1 position-relative\">\n  <!---->\n  <div data-colibri-component=\"section\" data-colibri-id=\"4292-c2\" id=\"reusable-sections\" class=\"h-section h-section-global-spacing d-flex align-items-lg-center align-items-md-center align-items-center style-1310 style-local-4292-c2 position-relative\">\n    <!---->\n    <!---->\n    <div class=\"h-section-grid-container h-section-boxed-container\">\n      <!---->\n      <div data-colibri-id=\"4292-c3\" class=\"h-row-container gutters-row-lg-2 gutters-row-md-2 gutters-row-0 gutters-row-v-lg-2 gutters-row-v-md-2 gutters-row-v-2 style-1266 style-local-4292-c3 position-relative\">\n        <!---->\n        <div class=\"h-row justify-content-lg-center justify-content-md-center justify-content-center align-items-lg-stretch align-items-md-stretch align-items-stretch gutters-col-lg-2 gutters-col-md-2 gutters-col-0 gutters-col-v-lg-2 gutters-col-v-md-2 gutters-col-v-2\">\n          <!---->\n          <div class=\"h-column h-column-container d-flex h-col-lg-auto h-col-md-auto h-col-auto style-1267-outer style-local-4292-c4-outer\">\n            <div data-colibri-id=\"4292-c4\" class=\"d-flex h-flex-basis h-column__inner h-px-lg-2 h-px-md-2 h-px-2 v-inner-lg-2 v-inner-md-2 v-inner-2 style-1267 style-local-4292-c4 position-relative\">\n              <!---->\n              <!---->\n              <div class=\"w-100 h-y-container h-column__content h-column__v-align flex-basis-100 align-self-lg-start align-self-md-start align-self-start\">\n                <!---->\n                <div data-colibri-id=\"4292-c5\" class=\"h-global-transition-all h-heading style-1268 style-local-4292-c5 position-relative h-element\">\n                  <!---->\n                  <div class=\"h-heading__outer style-1268 style-local-4292-c5\">\n                    <!---->\n                    <!---->\n                    <h3 class=\"\">&#8211; Unsere Erfolge &#8211;\n                      <br>Vom ALA gef\u00f6rderte und restaurierte Baudenkmale<\/h3>\n                  <\/div>\n                <\/div>\n              <\/div>\n            <\/div>\n          <\/div>\n        <\/div>\n      <\/div>\n      <div data-colibri-id=\"4292-c6\" class=\"h-row-container gutters-row-lg-2 gutters-row-md-2 gutters-row-0 gutters-row-v-lg-2 gutters-row-v-md-2 gutters-row-v-2 style-1308 style-local-4292-c6 position-relative\">\n        <!---->\n        <div class=\"h-row justify-content-lg-center justify-content-md-center justify-content-center align-items-lg-stretch align-items-md-stretch align-items-stretch gutters-col-lg-2 gutters-col-md-2 gutters-col-0 gutters-col-v-lg-2 gutters-col-v-md-2 gutters-col-v-2\">\n          <!---->\n          <div class=\"h-column h-column-container d-flex h-col-lg-auto h-col-md-auto h-col-auto style-1309-outer style-local-4292-c7-outer\">\n            <div data-colibri-id=\"4292-c7\" class=\"d-flex h-flex-basis h-column__inner h-px-lg-2 h-px-md-2 h-px-2 v-inner-lg-2 v-inner-md-2 v-inner-2 style-1309 style-local-4292-c7 position-relative\">\n              <!---->\n              <!---->\n              <div class=\"w-100 h-y-container h-column__content h-column__v-align flex-basis-100 align-self-lg-start align-self-md-start align-self-start\">\n                <!---->\n                <div data-colibri-id=\"4292-c8\" class=\"h-lead h-text h-text-component style-1283 style-local-4292-c8 position-relative h-element\">\n                  <!---->\n                  <!---->\n                  <div class=\"\">\n                    <p>Der ALA hat unz\u00e4hlige Baudenkm\u00e4ler erhalten \u2013 hier&nbsp; zeigen wir acht gef\u00f6rderte und restaurierte Beispiele.<\/p>\n                  <\/div>\n                <\/div>\n              <\/div>\n            <\/div>\n          <\/div>\n        <\/div>\n      <\/div>\n      <div data-colibri-id=\"4292-c9\" class=\"h-row-container gutters-row-lg-2 gutters-row-md-2 gutters-row-0 gutters-row-v-lg-2 gutters-row-v-md-2 gutters-row-v-2 style-1269 style-local-4292-c9 position-relative\">\n        <!---->\n        <div class=\"h-row justify-content-lg-center justify-content-md-center justify-content-center align-items-lg-stretch align-items-md-stretch align-items-stretch gutters-col-lg-2 gutters-col-md-2 gutters-col-0 gutters-col-v-lg-2 gutters-col-v-md-2 gutters-col-v-2\">\n          <!---->\n          <div class=\"h-column h-column-container d-flex h-col-lg-auto h-col-md-auto h-col-auto style-1270-outer style-local-4292-c10-outer\">\n            <div data-colibri-id=\"4292-c10\" class=\"d-flex h-flex-basis h-column__inner h-px-lg-2 h-px-md-2 h-px-2 v-inner-lg-2 v-inner-md-2 v-inner-2 style-1270 style-local-4292-c10 position-relative\">\n              <!---->\n              <!---->\n              <div class=\"w-100 h-y-container h-column__content h-column__v-align flex-basis-100 align-self-lg-start align-self-md-start align-self-start\">\n                <!---->\n                <div data-colibri-id=\"4292-c11\" class=\"h-global-transition-all h-heading style-1271 style-local-4292-c11 position-relative h-element\">\n                  <!---->\n                  <div class=\"h-heading__outer style-1271 style-local-4292-c11\">\n                    <!---->\n                    <!---->\n                    <h4 class=\"\">KAPITELSAAL MICHAELISKLOSTER&nbsp;<\/h4>\n                  <\/div>\n                <\/div>\n                <div data-colibri-id=\"4292-c12\" class=\"h-text h-text-component style-1272 style-local-4292-c12 position-relative h-element\">\n                  <!---->\n                  <!---->\n                  <div class=\"\">\n                    <p>Erbaut 1376. Nach der Ausgrabung der zugesch\u00fctteten Ruine hat der ALA diese ab 1981 gesichert und restauriert. Weitere Restaurierungen bis 1994. Der Saal steht im Eigentum des Landkreises L\u00fcneburg, Nutzung durch den ALA, hinsichtlich\n                      des geschlossenen, noch eingew\u00f6lbten Teils im Rahmen seiner Veranstaltungen.\n                      <br>\n                    <\/p>\n                  <\/div>\n                <\/div>\n              <\/div>\n            <\/div>\n          <\/div>\n          <div class=\"h-column h-column-container d-flex h-col-lg-auto h-col-md-auto h-col-auto style-1273-outer style-local-4292-c13-outer\">\n            <div data-colibri-id=\"4292-c13\" class=\"d-flex h-flex-basis h-column__inner h-px-lg-2 h-px-md-2 h-px-2 v-inner-lg-2 v-inner-md-2 v-inner-2 style-1273 style-local-4292-c13 position-relative\">\n              <!---->\n              <!---->\n              <div class=\"w-100 h-y-container h-column__content h-column__v-align flex-basis-100 align-self-lg-start align-self-md-start align-self-start\">\n                <!---->\n                <div data-colibri-id=\"4292-c14\" class=\"d-block style-1274 style-local-4292-c14 position-relative h-element\">\n                  <!---->\n                  <div class=\"h-image__frame-container-outer\">\n                    <div class=\"h-image__frame-container\">\n                      <!---->\n                      <!---->\n                      <img loading=\"lazy\" decoding=\"async\" width=\"600\" height=\"450\" src=\"https:\/\/alaev-lueneburg.de\/alawordpress\/wp-content\/uploads\/2025\/02\/Kapitelsaal-600x450-1.jpg\" class=\"wp-image-2730 style-1274-image style-local-4292-c14-image\" alt=\"\" srcset=\"https:\/\/alaev-lueneburg.de\/alawordpress\/wp-content\/uploads\/2025\/02\/Kapitelsaal-600x450-1.jpg 600w, https:\/\/alaev-lueneburg.de\/alawordpress\/wp-content\/uploads\/2025\/02\/Kapitelsaal-600x450-1-300x225.jpg 300w\" sizes=\"auto, (max-width: 600px) 100vw, 600px\" \/>\n                      <div class=\"h-image__frame h-hide-lg h-hide-md h-hide-sm style-1274-frameImage style-local-4292-c14-frameImage\"><\/div>\n                    <\/div>\n                  <\/div>\n                <\/div>\n              <\/div>\n            <\/div>\n          <\/div>\n        <\/div>\n      <\/div>\n      <div data-colibri-id=\"4292-c15\" class=\"h-row-container gutters-row-lg-2 gutters-row-md-2 gutters-row-0 gutters-row-v-lg-2 gutters-row-v-md-2 gutters-row-v-2 style-1269 style-local-4292-c15 position-relative\">\n        <!---->\n        <div class=\"h-row justify-content-lg-center justify-content-md-center justify-content-center align-items-lg-stretch align-items-md-stretch align-items-stretch gutters-col-lg-2 gutters-col-md-2 gutters-col-0 gutters-col-v-lg-2 gutters-col-v-md-2 gutters-col-v-2\">\n          <!---->\n          <div class=\"h-column h-column-container d-flex h-col-lg-auto h-col-md-auto h-col-auto style-1270-outer style-local-4292-c16-outer\">\n            <div data-colibri-id=\"4292-c16\" class=\"d-flex h-flex-basis h-column__inner h-px-lg-2 h-px-md-2 h-px-2 v-inner-lg-2 v-inner-md-2 v-inner-2 style-1270 style-local-4292-c16 position-relative\">\n              <!---->\n              <!---->\n              <div class=\"w-100 h-y-container h-column__content h-column__v-align flex-basis-100 align-self-lg-start align-self-md-start align-self-start\">\n                <!---->\n                <div data-colibri-id=\"4292-c17\" class=\"h-global-transition-all h-heading style-1271 style-local-4292-c17 position-relative h-element\">\n                  <!---->\n                  <div class=\"h-heading__outer style-1271 style-local-4292-c17\">\n                    <!---->\n                    <!---->\n                    <h4 class=\"\">GIPSOFEN AM KALKBERG<\/h4>\n                  <\/div>\n                <\/div>\n                <div data-colibri-id=\"4292-c18\" class=\"h-text h-text-component style-1272 style-local-4292-c18 position-relative h-element\">\n                  <!---->\n                  <!---->\n                  <div class=\"\">\n                    <p>Baujahr 1819. Der ALA hat 1990 den im Eigentum der Stadt L\u00fcneburg stehenden Gipsofen restauriert sowie 2001 und 2010 dessen Fundamente freigelegt. Weitere Restaurierungen bis 2013. Die Nutzung erfolgt zurzeit durch den BUND.<\/p>\n                  <\/div>\n                <\/div>\n              <\/div>\n            <\/div>\n          <\/div>\n          <div class=\"h-column h-column-container d-flex h-col-lg-auto h-col-md-auto h-col-auto style-1273-outer style-local-4292-c19-outer\">\n            <div data-colibri-id=\"4292-c19\" class=\"d-flex h-flex-basis h-column__inner h-px-lg-2 h-px-md-2 h-px-2 v-inner-lg-2 v-inner-md-2 v-inner-2 style-1273 style-local-4292-c19 position-relative\">\n              <!---->\n              <!---->\n              <div class=\"w-100 h-y-container h-column__content h-column__v-align flex-basis-100 align-self-lg-start align-self-md-start align-self-start\">\n                <!---->\n                <div data-colibri-id=\"4292-c20\" class=\"d-block style-1274 style-local-4292-c20 position-relative h-element\">\n                  <!---->\n                  <div class=\"h-image__frame-container-outer\">\n                    <div class=\"h-image__frame-container\">\n                      <!---->\n                      <!---->\n                      <img loading=\"lazy\" decoding=\"async\" width=\"600\" height=\"450\" src=\"https:\/\/alaev-lueneburg.de\/alawordpress\/wp-content\/uploads\/2025\/03\/Gipsofen-600x450-Himmel-blau.jpg\" class=\"wp-image-6994 style-1274-image style-local-4292-c20-image\" alt=\"\" srcset=\"https:\/\/alaev-lueneburg.de\/alawordpress\/wp-content\/uploads\/2025\/03\/Gipsofen-600x450-Himmel-blau.jpg 600w, https:\/\/alaev-lueneburg.de\/alawordpress\/wp-content\/uploads\/2025\/03\/Gipsofen-600x450-Himmel-blau-300x225.jpg 300w\" sizes=\"auto, (max-width: 600px) 100vw, 600px\" \/>\n                      <div class=\"h-image__frame h-hide-lg h-hide-md h-hide-sm style-1274-frameImage style-local-4292-c20-frameImage\"><\/div>\n                    <\/div>\n                  <\/div>\n                <\/div>\n              <\/div>\n            <\/div>\n          <\/div>\n        <\/div>\n      <\/div>\n      <div data-colibri-id=\"4292-c21\" class=\"h-row-container gutters-row-lg-2 gutters-row-md-2 gutters-row-0 gutters-row-v-lg-2 gutters-row-v-md-2 gutters-row-v-2 style-1269 style-local-4292-c21 position-relative\">\n        <!---->\n        <div class=\"h-row justify-content-lg-center justify-content-md-center justify-content-center align-items-lg-stretch align-items-md-stretch align-items-stretch gutters-col-lg-2 gutters-col-md-2 gutters-col-0 gutters-col-v-lg-2 gutters-col-v-md-2 gutters-col-v-2\">\n          <!---->\n          <div class=\"h-column h-column-container d-flex h-col-lg-auto h-col-md-auto h-col-auto style-1270-outer style-local-4292-c22-outer\">\n            <div data-colibri-id=\"4292-c22\" class=\"d-flex h-flex-basis h-column__inner h-px-lg-2 h-px-md-2 h-px-2 v-inner-lg-2 v-inner-md-2 v-inner-2 style-1270 style-local-4292-c22 position-relative\">\n              <!---->\n              <!---->\n              <div class=\"w-100 h-y-container h-column__content h-column__v-align flex-basis-100 align-self-lg-start align-self-md-start align-self-start\">\n                <!---->\n                <div data-colibri-id=\"4292-c23\" class=\"h-global-transition-all h-heading style-1271 style-local-4292-c23 position-relative h-element\">\n                  <!---->\n                  <div class=\"h-heading__outer style-1271 style-local-4292-c23\">\n                    <!---->\n                    <!---->\n                    <h4 class=\"\">SPEICHER AM IFLOK<\/h4>\n                  <\/div>\n                <\/div>\n                <div data-colibri-id=\"4292-c24\" class=\"h-text h-text-component style-1272 style-local-4292-c24 position-relative h-element\">\n                  <!---->\n                  <!---->\n                  <div class=\"\">\n                    <p>Erbaut um 1475. Nach dem Ankauf durch den ALA von diesem 1992 bis 1994 restauriert. Die Nutzung erfolgt durch den ALA als Speicher, insbesondere als Lager f\u00fcr alte Baumaterialien und Marktst\u00e4nde des ALA, sowie als Lagerort f\u00fcr den\n                      ALA Kost\u00fcmfundus.<\/p>\n                  <\/div>\n                <\/div>\n              <\/div>\n            <\/div>\n          <\/div>\n          <div class=\"h-column h-column-container d-flex h-col-lg-auto h-col-md-auto h-col-auto style-1273-outer style-local-4292-c25-outer\">\n            <div data-colibri-id=\"4292-c25\" class=\"d-flex h-flex-basis h-column__inner h-px-lg-2 h-px-md-2 h-px-2 v-inner-lg-2 v-inner-md-2 v-inner-2 style-1273 style-local-4292-c25 position-relative\">\n              <!---->\n              <!---->\n              <div class=\"w-100 h-y-container h-column__content h-column__v-align flex-basis-100 align-self-lg-start align-self-md-start align-self-start\">\n                <!---->\n                <div data-colibri-id=\"4292-c26\" class=\"d-block style-1274 style-local-4292-c26 position-relative h-element\">\n                  <!---->\n                  <div class=\"h-image__frame-container-outer\">\n                    <div class=\"h-image__frame-container\">\n                      <!---->\n                      <!---->\n                      <img loading=\"lazy\" decoding=\"async\" width=\"600\" height=\"450\" src=\"https:\/\/alaev-lueneburg.de\/alawordpress\/wp-content\/uploads\/2025\/02\/Speicher-Front-600x450-1.jpg\" class=\"wp-image-2726 style-1274-image style-local-4292-c26-image\" alt=\"\" srcset=\"https:\/\/alaev-lueneburg.de\/alawordpress\/wp-content\/uploads\/2025\/02\/Speicher-Front-600x450-1.jpg 600w, https:\/\/alaev-lueneburg.de\/alawordpress\/wp-content\/uploads\/2025\/02\/Speicher-Front-600x450-1-300x225.jpg 300w\" sizes=\"auto, (max-width: 600px) 100vw, 600px\" \/>\n                      <div class=\"h-image__frame h-hide-lg h-hide-md h-hide-sm style-1274-frameImage style-local-4292-c26-frameImage\"><\/div>\n                    <\/div>\n                  <\/div>\n                <\/div>\n              <\/div>\n            <\/div>\n          <\/div>\n        <\/div>\n      <\/div>\n      <div data-colibri-id=\"4292-c27\" class=\"h-row-container gutters-row-lg-2 gutters-row-md-2 gutters-row-0 gutters-row-v-lg-2 gutters-row-v-md-2 gutters-row-v-2 style-1269 style-local-4292-c27 position-relative\">\n        <!---->\n        <div class=\"h-row justify-content-lg-center justify-content-md-center justify-content-center align-items-lg-stretch align-items-md-stretch align-items-stretch gutters-col-lg-2 gutters-col-md-2 gutters-col-0 gutters-col-v-lg-2 gutters-col-v-md-2 gutters-col-v-2\">\n          <!---->\n          <div class=\"h-column h-column-container d-flex h-col-lg-auto h-col-md-auto h-col-auto style-1270-outer style-local-4292-c28-outer\">\n            <div data-colibri-id=\"4292-c28\" class=\"d-flex h-flex-basis h-column__inner h-px-lg-2 h-px-md-2 h-px-2 v-inner-lg-2 v-inner-md-2 v-inner-2 style-1270 style-local-4292-c28 position-relative\">\n              <!---->\n              <!---->\n              <div class=\"w-100 h-y-container h-column__content h-column__v-align flex-basis-100 align-self-lg-start align-self-md-start align-self-start\">\n                <!---->\n                <div data-colibri-id=\"4292-c29\" class=\"h-global-transition-all h-heading style-1271 style-local-4292-c29 position-relative h-element\">\n                  <!---->\n                  <div class=\"h-heading__outer style-1271 style-local-4292-c29\">\n                    <!---->\n                    <!---->\n                    <h4 class=\"\">WASSERTURM<\/h4>\n                  <\/div>\n                <\/div>\n                <div data-colibri-id=\"4292-c30\" class=\"h-text h-text-component style-1272 style-local-4292-c30 position-relative h-element\">\n                  <!---->\n                  <!---->\n                  <div class=\"\">\n                    <p>Erbaut 1907. Unter anderem erfolgte eine Finanzierung des doppelfl\u00fcgeligen Eingangsportals und Fenstern durch den ALA (1998 &#8211; 2004)<\/p>\n                  <\/div>\n                <\/div>\n              <\/div>\n            <\/div>\n          <\/div>\n          <div class=\"h-column h-column-container d-flex h-col-lg-auto h-col-md-auto h-col-auto style-1273-outer style-local-4292-c31-outer\">\n            <div data-colibri-id=\"4292-c31\" class=\"d-flex h-flex-basis h-column__inner h-px-lg-2 h-px-md-2 h-px-2 v-inner-lg-2 v-inner-md-2 v-inner-2 style-1273 style-local-4292-c31 position-relative\">\n              <!---->\n              <!---->\n              <div class=\"w-100 h-y-container h-column__content h-column__v-align flex-basis-100 align-self-lg-start align-self-md-start align-self-start\">\n                <!---->\n                <div data-colibri-id=\"4292-c32\" class=\"d-block style-1274 style-local-4292-c32 position-relative h-element\">\n                  <!---->\n                  <div class=\"h-image__frame-container-outer\">\n                    <div class=\"h-image__frame-container\">\n                      <!---->\n                      <!---->\n                      <img loading=\"lazy\" decoding=\"async\" width=\"640\" height=\"426\" src=\"https:\/\/alaev-lueneburg.de\/alawordpress\/wp-content\/uploads\/2025\/05\/portal-wasserturm.jpg\" class=\"wp-image-9130 style-1274-image style-local-4292-c32-image\" alt=\"\" srcset=\"https:\/\/alaev-lueneburg.de\/alawordpress\/wp-content\/uploads\/2025\/05\/portal-wasserturm.jpg 640w, https:\/\/alaev-lueneburg.de\/alawordpress\/wp-content\/uploads\/2025\/05\/portal-wasserturm-300x200.jpg 300w\" sizes=\"auto, (max-width: 640px) 100vw, 640px\" \/>\n                      <div class=\"h-image__frame h-hide-lg h-hide-md h-hide-sm style-1274-frameImage style-local-4292-c32-frameImage\"><\/div>\n                    <\/div>\n                  <\/div>\n                <\/div>\n              <\/div>\n            <\/div>\n          <\/div>\n        <\/div>\n      <\/div>\n      <div data-colibri-id=\"4292-c33\" class=\"h-row-container gutters-row-lg-2 gutters-row-md-2 gutters-row-0 gutters-row-v-lg-2 gutters-row-v-md-2 gutters-row-v-2 style-1269 style-local-4292-c33 position-relative\">\n        <!---->\n        <div class=\"h-row justify-content-lg-center justify-content-md-center justify-content-center align-items-lg-stretch align-items-md-stretch align-items-stretch gutters-col-lg-2 gutters-col-md-2 gutters-col-0 gutters-col-v-lg-2 gutters-col-v-md-2 gutters-col-v-2\">\n          <!---->\n          <div class=\"h-column h-column-container d-flex h-col-lg-auto h-col-md-auto h-col-auto style-1270-outer style-local-4292-c34-outer\">\n            <div data-colibri-id=\"4292-c34\" class=\"d-flex h-flex-basis h-column__inner h-px-lg-2 h-px-md-2 h-px-2 v-inner-lg-2 v-inner-md-2 v-inner-2 style-1270 style-local-4292-c34 position-relative\">\n              <!---->\n              <!---->\n              <div class=\"w-100 h-y-container h-column__content h-column__v-align flex-basis-100 align-self-lg-start align-self-md-start align-self-start\">\n                <!---->\n                <div data-colibri-id=\"4292-c35\" class=\"h-global-transition-all h-heading style-1271 style-local-4292-c35 position-relative h-element\">\n                  <!---->\n                  <div class=\"h-heading__outer style-1271 style-local-4292-c35\">\n                    <!---->\n                    <!---->\n                    <h4 class=\"\">HAUS BAUMSTR. 3<\/h4>\n                  <\/div>\n                <\/div>\n                <div data-colibri-id=\"4292-c36\" class=\"h-text h-text-component style-1272 style-local-4292-c36 position-relative h-element\">\n                  <!---->\n                  <!---->\n                  <div class=\"\">\n                    <p>Erbaut 1538. Rekonstruktion und Finanzierung des Vorhangbogen-Portals durch den ALA (1995 und 1999\/2000).<\/p>\n                  <\/div>\n                <\/div>\n              <\/div>\n            <\/div>\n          <\/div>\n          <div class=\"h-column h-column-container d-flex h-col-lg-auto h-col-md-auto h-col-auto style-1273-outer style-local-4292-c37-outer\">\n            <div data-colibri-id=\"4292-c37\" class=\"d-flex h-flex-basis h-column__inner h-px-lg-2 h-px-md-2 h-px-2 v-inner-lg-2 v-inner-md-2 v-inner-2 style-1273 style-local-4292-c37 position-relative\">\n              <!---->\n              <!---->\n              <div class=\"w-100 h-y-container h-column__content h-column__v-align flex-basis-100 align-self-lg-start align-self-md-start align-self-start\">\n                <!---->\n                <div data-colibri-id=\"4292-c38\" class=\"d-block style-1274 style-local-4292-c38 position-relative h-element\">\n                  <!---->\n                  <div class=\"h-image__frame-container-outer\">\n                    <div class=\"h-image__frame-container\">\n                      <!---->\n                      <!---->\n                      <img loading=\"lazy\" decoding=\"async\" width=\"600\" height=\"1155\" src=\"https:\/\/alaev-lueneburg.de\/alawordpress\/wp-content\/uploads\/2025\/02\/Baumstr-3-600x.jpg\" class=\"wp-image-2754 style-1274-image style-local-4292-c38-image\" alt=\"\" srcset=\"https:\/\/alaev-lueneburg.de\/alawordpress\/wp-content\/uploads\/2025\/02\/Baumstr-3-600x.jpg 600w, https:\/\/alaev-lueneburg.de\/alawordpress\/wp-content\/uploads\/2025\/02\/Baumstr-3-600x-156x300.jpg 156w, https:\/\/alaev-lueneburg.de\/alawordpress\/wp-content\/uploads\/2025\/02\/Baumstr-3-600x-532x1024.jpg 532w\" sizes=\"auto, (max-width: 600px) 100vw, 600px\" \/>\n                      <div class=\"h-image__frame h-hide-lg h-hide-md h-hide-sm style-1274-frameImage style-local-4292-c38-frameImage\"><\/div>\n                    <\/div>\n                  <\/div>\n                <\/div>\n              <\/div>\n            <\/div>\n          <\/div>\n        <\/div>\n      <\/div>\n      <div data-colibri-id=\"4292-c39\" class=\"h-row-container gutters-row-lg-2 gutters-row-md-2 gutters-row-0 gutters-row-v-lg-2 gutters-row-v-md-2 gutters-row-v-2 style-1269 style-local-4292-c39 position-relative\">\n        <!---->\n        <div class=\"h-row justify-content-lg-center justify-content-md-center justify-content-center align-items-lg-stretch align-items-md-stretch align-items-stretch gutters-col-lg-2 gutters-col-md-2 gutters-col-0 gutters-col-v-lg-2 gutters-col-v-md-2 gutters-col-v-2\">\n          <!---->\n          <div class=\"h-column h-column-container d-flex h-col-lg-auto h-col-md-auto h-col-auto style-1270-outer style-local-4292-c40-outer\">\n            <div data-colibri-id=\"4292-c40\" class=\"d-flex h-flex-basis h-column__inner h-px-lg-2 h-px-md-2 h-px-2 v-inner-lg-2 v-inner-md-2 v-inner-2 style-1270 style-local-4292-c40 position-relative\">\n              <!---->\n              <!---->\n              <div class=\"w-100 h-y-container h-column__content h-column__v-align flex-basis-100 align-self-lg-start align-self-md-start align-self-start\">\n                <!---->\n                <div data-colibri-id=\"4292-c41\" class=\"h-global-transition-all h-heading style-1271 style-local-4292-c41 position-relative h-element\">\n                  <!---->\n                  <div class=\"h-heading__outer style-1271 style-local-4292-c41\">\n                    <!---->\n                    <!---->\n                    <h4 class=\"\">ALTER KRAN&nbsp;<\/h4>\n                  <\/div>\n                <\/div>\n                <div data-colibri-id=\"4292-c42\" class=\"h-text h-text-component style-1272 style-local-4292-c42 position-relative h-element\">\n                  <!---->\n                  <!---->\n                  <div class=\"\">\n                    <p>Baujahr 1797. Mehrj\u00e4hrige Restaurierung (1997-2005) durch den ALA, insbesondere zur Wiederherstellung der Standsicherheit und Funktionsf\u00e4higkeit.<\/p>\n                  <\/div>\n                <\/div>\n              <\/div>\n            <\/div>\n          <\/div>\n          <div class=\"h-column h-column-container d-flex h-col-lg-auto h-col-md-auto h-col-auto style-1273-outer style-local-4292-c43-outer\">\n            <div data-colibri-id=\"4292-c43\" class=\"d-flex h-flex-basis h-column__inner h-px-lg-2 h-px-md-2 h-px-2 v-inner-lg-2 v-inner-md-2 v-inner-2 style-1273 style-local-4292-c43 position-relative\">\n              <!---->\n              <!---->\n              <div class=\"w-100 h-y-container h-column__content h-column__v-align flex-basis-100 align-self-lg-start align-self-md-start align-self-start\">\n                <!---->\n                <div data-colibri-id=\"4292-c44\" class=\"d-block style-1274 style-local-4292-c44 position-relative h-element\">\n                  <!---->\n                  <div class=\"h-image__frame-container-outer\">\n                    <div class=\"h-image__frame-container\">\n                      <!---->\n                      <!---->\n                      <img loading=\"lazy\" decoding=\"async\" width=\"600\" height=\"450\" src=\"https:\/\/alaev-lueneburg.de\/alawordpress\/wp-content\/uploads\/2025\/02\/Kran-vor-Kaufhaus-600x450-1.jpg\" class=\"wp-image-2725 style-1274-image style-local-4292-c44-image\" alt=\"\" srcset=\"https:\/\/alaev-lueneburg.de\/alawordpress\/wp-content\/uploads\/2025\/02\/Kran-vor-Kaufhaus-600x450-1.jpg 600w, https:\/\/alaev-lueneburg.de\/alawordpress\/wp-content\/uploads\/2025\/02\/Kran-vor-Kaufhaus-600x450-1-300x225.jpg 300w\" sizes=\"auto, (max-width: 600px) 100vw, 600px\" \/>\n                      <div class=\"h-image__frame h-hide-lg h-hide-md h-hide-sm style-1274-frameImage style-local-4292-c44-frameImage\"><\/div>\n                    <\/div>\n                  <\/div>\n                <\/div>\n              <\/div>\n            <\/div>\n          <\/div>\n        <\/div>\n      <\/div>\n      <div data-colibri-id=\"4292-c45\" class=\"h-row-container gutters-row-lg-2 gutters-row-md-2 gutters-row-0 gutters-row-v-lg-2 gutters-row-v-md-2 gutters-row-v-2 style-1269 style-local-4292-c45 position-relative\">\n        <!---->\n        <div class=\"h-row justify-content-lg-center justify-content-md-center justify-content-center align-items-lg-stretch align-items-md-stretch align-items-stretch gutters-col-lg-2 gutters-col-md-2 gutters-col-0 gutters-col-v-lg-2 gutters-col-v-md-2 gutters-col-v-2\">\n          <!---->\n          <div class=\"h-column h-column-container d-flex h-col-lg-auto h-col-md-auto h-col-auto style-1270-outer style-local-4292-c46-outer\">\n            <div data-colibri-id=\"4292-c46\" class=\"d-flex h-flex-basis h-column__inner h-px-lg-2 h-px-md-2 h-px-2 v-inner-lg-2 v-inner-md-2 v-inner-2 style-1270 style-local-4292-c46 position-relative\">\n              <!---->\n              <!---->\n              <div class=\"w-100 h-y-container h-column__content h-column__v-align flex-basis-100 align-self-lg-start align-self-md-start align-self-start\">\n                <!---->\n                <div data-colibri-id=\"4292-c47\" class=\"h-global-transition-all h-heading style-1271 style-local-4292-c47 position-relative h-element\">\n                  <!---->\n                  <div class=\"h-heading__outer style-1271 style-local-4292-c47\">\n                    <!---->\n                    <!---->\n                    <h4 class=\"\"> WANDMALEREIEN IN DER BAHNHOFSHALLE<\/h4>\n                  <\/div>\n                <\/div>\n                <div data-colibri-id=\"4292-c48\" class=\"h-text h-text-component style-1272 style-local-4292-c48 position-relative h-element\">\n                  <!---->\n                  <!---->\n                  <div class=\"\">\n                    <p><strong style=\"font-weight: 400;\">Erstellt 1939. Zwei Wandmalereien von Hugo-Friedrich Hartmann in der Bahnhofshalle des L\u00fcneburger Hauptbahnhofs. <\/strong>Der ALA konnte zwar eine Anerkennung der Malereien als Baudenkmal nicht durchsetzen,\n                      hat aber trotzdem in 2000 die vollen Kosten f\u00fcr die Restaurierung \u00fcbernommen, weil die Malereien eine sehr individuelle Visitenkarte der Stadt f\u00fcr Bahnreisende sind.<\/p>\n                    <p>\n                      <br>\n                    <\/p>\n                  <\/div>\n                <\/div>\n              <\/div>\n            <\/div>\n          <\/div>\n          <div class=\"h-column h-column-container d-flex h-col-lg-auto h-col-md-auto h-col-auto style-1273-outer style-local-4292-c49-outer\">\n            <div data-colibri-id=\"4292-c49\" class=\"d-flex h-flex-basis h-column__inner h-px-lg-2 h-px-md-2 h-px-2 v-inner-lg-2 v-inner-md-2 v-inner-2 style-1273 style-local-4292-c49 position-relative\">\n              <!---->\n              <!---->\n              <div class=\"w-100 h-y-container h-column__content h-column__v-align flex-basis-100 align-self-lg-start align-self-md-start align-self-start\">\n                <!---->\n                <div data-colibri-id=\"4292-c50\" class=\"d-block style-1274 style-local-4292-c50 position-relative h-element\">\n                  <!---->\n                  <div class=\"h-image__frame-container-outer\">\n                    <div class=\"h-image__frame-container\">\n                      <!---->\n                      <!---->\n                      <img loading=\"lazy\" decoding=\"async\" width=\"600\" height=\"397\" src=\"https:\/\/alaev-lueneburg.de\/alawordpress\/wp-content\/uploads\/2025\/03\/Bahnhofsgemaelde-600x.jpg\" class=\"wp-image-6108 style-1274-image style-local-4292-c50-image\" alt=\"\" srcset=\"https:\/\/alaev-lueneburg.de\/alawordpress\/wp-content\/uploads\/2025\/03\/Bahnhofsgemaelde-600x.jpg 600w, https:\/\/alaev-lueneburg.de\/alawordpress\/wp-content\/uploads\/2025\/03\/Bahnhofsgemaelde-600x-300x199.jpg 300w\" sizes=\"auto, (max-width: 600px) 100vw, 600px\" \/>\n                      <div class=\"h-image__frame h-hide-lg h-hide-md h-hide-sm style-1274-frameImage style-local-4292-c50-frameImage\"><\/div>\n                    <\/div>\n                  <\/div>\n                <\/div>\n              <\/div>\n            <\/div>\n          <\/div>\n        <\/div>\n      <\/div>\n      <div data-colibri-id=\"4292-c51\" class=\"h-row-container gutters-row-lg-2 gutters-row-md-2 gutters-row-0 gutters-row-v-lg-2 gutters-row-v-md-2 gutters-row-v-2 style-1269 style-local-4292-c51 position-relative\">\n        <!---->\n        <div class=\"h-row justify-content-lg-center justify-content-md-center justify-content-center align-items-lg-stretch align-items-md-stretch align-items-stretch gutters-col-lg-2 gutters-col-md-2 gutters-col-0 gutters-col-v-lg-2 gutters-col-v-md-2 gutters-col-v-2\">\n          <!---->\n          <div class=\"h-column h-column-container d-flex h-col-lg-auto h-col-md-auto h-col-auto style-1270-outer style-local-4292-c52-outer\">\n            <div data-colibri-id=\"4292-c52\" class=\"d-flex h-flex-basis h-column__inner h-px-lg-2 h-px-md-2 h-px-2 v-inner-lg-2 v-inner-md-2 v-inner-2 style-1270 style-local-4292-c52 position-relative\">\n              <!---->\n              <!---->\n              <div class=\"w-100 h-y-container h-column__content h-column__v-align flex-basis-100 align-self-lg-start align-self-md-start align-self-start\">\n                <!---->\n                <div data-colibri-id=\"4292-c53\" class=\"h-global-transition-all h-heading style-1271 style-local-4292-c53 position-relative h-element\">\n                  <!---->\n                  <div class=\"h-heading__outer style-1271 style-local-4292-c53\">\n                    <!---->\n                    <!---->\n                    <h4 class=\"\">IGELSCHULE NEU HAGEN<\/h4>\n                  <\/div>\n                <\/div>\n                <div data-colibri-id=\"4292-c54\" class=\"h-text h-text-component style-1272 style-local-4292-c54 position-relative h-element\">\n                  <!---->\n                  <!---->\n                  <div class=\"\">\n                    <p>Errichtet 1910\/1911 im sog. Heimatschutzstil. Im Jahr 2008 denkmalgerechte Restaurierung der stark besch\u00e4digten Fachwerk-Giebelfassade in der urspr\u00fcnglichen Farbfassung, insbesondere der Knaggen (Bremer Stadtmusikanten sowie David\n                      und Goliath) und der mit Spr\u00fcchen versehenen 4 Eichentafeln. Siehe auch den Aufsatz in &#8222;Aufrisse&#8220; 24\/2008.<\/p>\n                  <\/div>\n                <\/div>\n              <\/div>\n            <\/div>\n          <\/div>\n          <div class=\"h-column h-column-container d-flex h-col-lg-auto h-col-md-auto h-col-auto style-1273-outer style-local-4292-c55-outer\">\n            <div data-colibri-id=\"4292-c55\" class=\"d-flex h-flex-basis h-column__inner h-px-lg-2 h-px-md-2 h-px-2 v-inner-lg-2 v-inner-md-2 v-inner-2 style-1273 style-local-4292-c55 position-relative\">\n              <!---->\n              <!---->\n              <div class=\"w-100 h-y-container h-column__content h-column__v-align flex-basis-100 align-self-lg-start align-self-md-start align-self-start\">\n                <!---->\n                <div data-colibri-id=\"4292-c56\" class=\"d-block style-1274 style-local-4292-c56 position-relative h-element\">\n                  <!---->\n                  <div class=\"h-image__frame-container-outer\">\n                    <div class=\"h-image__frame-container\">\n                      <!---->\n                      <!---->\n                      <img loading=\"lazy\" decoding=\"async\" width=\"600\" height=\"766\" src=\"https:\/\/alaev-lueneburg.de\/alawordpress\/wp-content\/uploads\/2025\/03\/Igelschule_Knagen-600x.jpg\" class=\"wp-image-6110 style-1274-image style-local-4292-c56-image\" alt=\"\" srcset=\"https:\/\/alaev-lueneburg.de\/alawordpress\/wp-content\/uploads\/2025\/03\/Igelschule_Knagen-600x.jpg 600w, https:\/\/alaev-lueneburg.de\/alawordpress\/wp-content\/uploads\/2025\/03\/Igelschule_Knagen-600x-235x300.jpg 235w\" sizes=\"auto, (max-width: 600px) 100vw, 600px\" \/>\n                      <div class=\"h-image__frame h-hide-lg h-hide-md h-hide-sm style-1274-frameImage style-local-4292-c56-frameImage\"><\/div>\n                    <\/div>\n                  <\/div>\n                <\/div>\n              <\/div>\n            <\/div>\n          <\/div>\n        <\/div>\n      <\/div>\n    <\/div>\n  <\/div>\n  <div data-colibri-component=\"section\" data-colibri-id=\"4292-c57\" id=\"reusable-sections\" class=\"h-section h-section-global-spacing d-flex align-items-lg-center align-items-md-center align-items-center style-1265 style-local-4292-c57 position-relative\">\n    <!---->\n    <!---->\n    <div class=\"h-section-grid-container h-section-boxed-container\">\n      <!---->\n      <div data-colibri-id=\"4292-c58\" class=\"h-row-container gutters-row-lg-2 gutters-row-md-2 gutters-row-0 gutters-row-v-lg-2 gutters-row-v-md-2 gutters-row-v-2 style-1266 style-local-4292-c58 position-relative\">\n        <!---->\n        <div class=\"h-row justify-content-lg-center justify-content-md-center justify-content-center align-items-lg-stretch align-items-md-stretch align-items-stretch gutters-col-lg-2 gutters-col-md-2 gutters-col-0 gutters-col-v-lg-2 gutters-col-v-md-2 gutters-col-v-2\">\n          <!---->\n          <div class=\"h-column h-column-container d-flex h-col-lg-auto h-col-md-auto h-col-auto style-1267-outer style-local-4292-c59-outer\">\n            <div data-colibri-id=\"4292-c59\" class=\"d-flex h-flex-basis h-column__inner h-px-lg-2 h-px-md-2 h-px-2 v-inner-lg-2 v-inner-md-2 v-inner-2 style-1267 style-local-4292-c59 position-relative\">\n              <!---->\n              <!---->\n              <div class=\"w-100 h-y-container h-column__content h-column__v-align flex-basis-100 align-self-lg-start align-self-md-start align-self-start\">\n                <!---->\n                <div data-colibri-id=\"4292-c60\" class=\"h-global-transition-all h-heading style-1268 style-local-4292-c60 position-relative h-element\">\n                  <!---->\n                  <div class=\"h-heading__outer style-1268 style-local-4292-c60\">\n                    <!---->\n                    <!---->\n                    <h3 class=\"\">Weitere ALA Projekte<\/h3>\n                  <\/div>\n                <\/div>\n              <\/div>\n            <\/div>\n          <\/div>\n        <\/div>\n      <\/div>\n      <div data-colibri-id=\"4292-c61\" class=\"h-row-container gutters-row-lg-2 gutters-row-md-2 gutters-row-0 gutters-row-v-lg-2 gutters-row-v-md-2 gutters-row-v-2 style-1308 style-local-4292-c61 position-relative\">\n        <!---->\n        <div class=\"h-row justify-content-lg-center justify-content-md-center justify-content-center align-items-lg-stretch align-items-md-stretch align-items-stretch gutters-col-lg-2 gutters-col-md-2 gutters-col-0 gutters-col-v-lg-2 gutters-col-v-md-2 gutters-col-v-2\">\n          <!---->\n          <div class=\"h-column h-column-container d-flex h-col-lg-auto h-col-md-auto h-col-auto style-1309-outer style-local-4292-c62-outer\">\n            <div data-colibri-id=\"4292-c62\" class=\"d-flex h-flex-basis h-column__inner h-px-lg-2 h-px-md-2 h-px-2 v-inner-lg-2 v-inner-md-2 v-inner-2 style-1309 style-local-4292-c62 position-relative\">\n              <!---->\n              <!---->\n              <div class=\"w-100 h-y-container h-column__content h-column__v-align flex-basis-100 align-self-lg-start align-self-md-start align-self-start\">\n                <!---->\n                <div data-colibri-id=\"4292-c63\" class=\"h-lead h-text h-text-component style-1283 style-local-4292-c63 position-relative h-element\">\n                  <!---->\n                  <!---->\n                  <div class=\"\">\n                    <p>Denkmalschutz bedeutet f\u00fcr den ALA nicht nur Restaurierung, sondern auch soziales Engagement, Stadtbildversch\u00f6nerung und Museumsf\u00f6rderung.<\/p>\n                  <\/div>\n                <\/div>\n              <\/div>\n            <\/div>\n          <\/div>\n        <\/div>\n      <\/div>\n      <div data-colibri-id=\"4292-c64\" class=\"h-row-container gutters-row-lg-2 gutters-row-md-2 gutters-row-0 gutters-row-v-lg-2 gutters-row-v-md-2 gutters-row-v-2 style-1269 style-local-4292-c64 position-relative\">\n        <!---->\n        <div class=\"h-row justify-content-lg-center justify-content-md-center justify-content-center align-items-lg-stretch align-items-md-stretch align-items-stretch gutters-col-lg-2 gutters-col-md-2 gutters-col-0 gutters-col-v-lg-2 gutters-col-v-md-2 gutters-col-v-2\">\n          <!---->\n          <div class=\"h-column h-column-container d-flex h-col-lg-auto h-col-md-auto h-col-auto style-1270-outer style-local-4292-c65-outer\">\n            <div data-colibri-id=\"4292-c65\" class=\"d-flex h-flex-basis h-column__inner h-px-lg-2 h-px-md-2 h-px-2 v-inner-lg-2 v-inner-md-2 v-inner-2 style-1270 style-local-4292-c65 position-relative\">\n              <!---->\n              <!---->\n              <div class=\"w-100 h-y-container h-column__content h-column__v-align flex-basis-100 align-self-lg-start align-self-md-start align-self-start\">\n                <!---->\n                <div data-colibri-id=\"4292-c66\" class=\"h-global-transition-all h-heading style-1271 style-local-4292-c66 position-relative h-element\">\n                  <!---->\n                  <div class=\"h-heading__outer style-1271 style-local-4292-c66\">\n                    <!---->\n                    <!---->\n                    <h4 class=\"\">DEUTSCHES SALZMUSEUM<\/h4>\n                  <\/div>\n                <\/div>\n                <div data-colibri-id=\"4292-c67\" class=\"h-text h-text-component style-1272 style-local-4292-c67 position-relative h-element\">\n                  <!---->\n                  <!---->\n                  <div class=\"\">\n                    <p>Nach der Schlie\u00dfung der Saline im Jahr 1980 initiierte der ALA die Gr\u00fcndung des \u201eF\u00f6rderkreises Industriedenkmal Saline L\u00fcneburg\u201c. Nach langj\u00e4hrigen Auseinandersetzungen f\u00fchrte dies 1989 zur Er\u00f6ffnung des Deutschen Salzmuseums auf dem\n                      ehemaligen Salinengel\u00e4nde.<\/p>\n                  <\/div>\n                <\/div>\n              <\/div>\n            <\/div>\n          <\/div>\n          <div class=\"h-column h-column-container d-flex h-col-lg-auto h-col-md-auto h-col-auto style-1273-outer style-local-4292-c68-outer\">\n            <div data-colibri-id=\"4292-c68\" class=\"d-flex h-flex-basis h-column__inner h-px-lg-2 h-px-md-2 h-px-2 v-inner-lg-2 v-inner-md-2 v-inner-2 style-1273 style-local-4292-c68 position-relative\">\n              <!---->\n              <!---->\n              <div class=\"w-100 h-y-container h-column__content h-column__v-align flex-basis-100 align-self-lg-start align-self-md-start align-self-start\">\n                <!---->\n                <div data-colibri-id=\"4292-c69\" class=\"d-block style-1274 style-local-4292-c69 position-relative h-element\">\n                  <!---->\n                  <div class=\"h-image__frame-container-outer\">\n                    <div class=\"h-image__frame-container\">\n                      <!---->\n                      <!---->\n                      <img loading=\"lazy\" decoding=\"async\" width=\"600\" height=\"450\" src=\"https:\/\/alaev-lueneburg.de\/alawordpress\/wp-content\/uploads\/2025\/02\/Salzmuseum-Eingang-600x450-1.jpg\" class=\"wp-image-2729 style-1274-image style-local-4292-c69-image\" alt=\"\" srcset=\"https:\/\/alaev-lueneburg.de\/alawordpress\/wp-content\/uploads\/2025\/02\/Salzmuseum-Eingang-600x450-1.jpg 600w, https:\/\/alaev-lueneburg.de\/alawordpress\/wp-content\/uploads\/2025\/02\/Salzmuseum-Eingang-600x450-1-300x225.jpg 300w\" sizes=\"auto, (max-width: 600px) 100vw, 600px\" \/>\n                      <div class=\"h-image__frame h-hide-lg h-hide-md h-hide-sm style-1274-frameImage style-local-4292-c69-frameImage\"><\/div>\n                    <\/div>\n                  <\/div>\n                <\/div>\n              <\/div>\n            <\/div>\n          <\/div>\n        <\/div>\n      <\/div>\n      <div data-colibri-id=\"4292-c70\" class=\"h-row-container gutters-row-lg-2 gutters-row-md-2 gutters-row-0 gutters-row-v-lg-2 gutters-row-v-md-2 gutters-row-v-2 style-1269 style-local-4292-c70 position-relative\">\n        <!---->\n        <div class=\"h-row justify-content-lg-center justify-content-md-center justify-content-center align-items-lg-stretch align-items-md-stretch align-items-stretch gutters-col-lg-2 gutters-col-md-2 gutters-col-0 gutters-col-v-lg-2 gutters-col-v-md-2 gutters-col-v-2\">\n          <!---->\n          <div class=\"h-column h-column-container d-flex h-col-lg-auto h-col-md-auto h-col-auto style-1270-outer style-local-4292-c71-outer\">\n            <div data-colibri-id=\"4292-c71\" class=\"d-flex h-flex-basis h-column__inner h-px-lg-2 h-px-md-2 h-px-2 v-inner-lg-2 v-inner-md-2 v-inner-2 style-1270 style-local-4292-c71 position-relative\">\n              <!---->\n              <!---->\n              <div class=\"w-100 h-y-container h-column__content h-column__v-align flex-basis-100 align-self-lg-start align-self-md-start align-self-start\">\n                <!---->\n                <div data-colibri-id=\"4292-c72\" class=\"h-global-transition-all h-heading style-1271 style-local-4292-c72 position-relative h-element\">\n                  <!---->\n                  <div class=\"h-heading__outer style-1271 style-local-4292-c72\">\n                    <!---->\n                    <!---->\n                    <h4 class=\"\">LATERNENPROGRAMM &#8222;ALT L\u00dcNEBURG&#8220;<\/h4>\n                  <\/div>\n                <\/div>\n                <div data-colibri-id=\"4292-c73\" class=\"h-text h-text-component style-1272 style-local-4292-c73 position-relative h-element\">\n                  <!---->\n                  <!---->\n                  <div class=\"\">\n                    <p>Der ALA hat \u00fcber mehrere Jahre 70 Laternen im \u00f6ffentlichen Stra\u00dfenraum (Am Sande\/ Bei der St. Johanniskirche, Sanierungsgebiet &#8222;Westliche Altstadt&#8220;) und im &#8222;Roter Hahn&#8220; finanziert oder bezuschusst. Es handelt sich hierbei um einen\n                      Laternentyp, der einer in L\u00fcneburg zwischen 1780 und 1850 vorhandenen Laternenform nachgestaltet ist.<\/p>\n                  <\/div>\n                <\/div>\n              <\/div>\n            <\/div>\n          <\/div>\n          <div class=\"h-column h-column-container d-flex h-col-lg-auto h-col-md-auto h-col-auto style-1273-outer style-local-4292-c74-outer\">\n            <div data-colibri-id=\"4292-c74\" class=\"d-flex h-flex-basis h-column__inner h-px-lg-2 h-px-md-2 h-px-2 v-inner-lg-2 v-inner-md-2 v-inner-2 style-1273 style-local-4292-c74 position-relative\">\n              <!---->\n              <!---->\n              <div class=\"w-100 h-y-container h-column__content h-column__v-align flex-basis-100 align-self-lg-start align-self-md-start align-self-start\">\n                <!---->\n                <div data-colibri-id=\"4292-c75\" class=\"d-block style-1274 style-local-4292-c75 position-relative h-element\">\n                  <!---->\n                  <div class=\"h-image__frame-container-outer\">\n                    <div class=\"h-image__frame-container\">\n                      <!---->\n                      <!---->\n                      <img loading=\"lazy\" decoding=\"async\" width=\"600\" height=\"364\" src=\"https:\/\/alaev-lueneburg.de\/alawordpress\/wp-content\/uploads\/2025\/03\/ALA-Laterne-600x.jpg\" class=\"wp-image-6139 style-1274-image style-local-4292-c75-image\" alt=\"\" srcset=\"https:\/\/alaev-lueneburg.de\/alawordpress\/wp-content\/uploads\/2025\/03\/ALA-Laterne-600x.jpg 600w, https:\/\/alaev-lueneburg.de\/alawordpress\/wp-content\/uploads\/2025\/03\/ALA-Laterne-600x-300x182.jpg 300w\" sizes=\"auto, (max-width: 600px) 100vw, 600px\" \/>\n                      <div class=\"h-image__frame h-hide-lg h-hide-md h-hide-sm style-1274-frameImage style-local-4292-c75-frameImage\"><\/div>\n                    <\/div>\n                  <\/div>\n                <\/div>\n              <\/div>\n            <\/div>\n          <\/div>\n        <\/div>\n      <\/div>\n      <div data-colibri-id=\"4292-c76\" class=\"h-row-container gutters-row-lg-2 gutters-row-md-2 gutters-row-0 gutters-row-v-lg-2 gutters-row-v-md-2 gutters-row-v-2 style-1269 style-local-4292-c76 position-relative\">\n        <!---->\n        <div class=\"h-row justify-content-lg-center justify-content-md-center justify-content-center align-items-lg-stretch align-items-md-stretch align-items-stretch gutters-col-lg-2 gutters-col-md-2 gutters-col-0 gutters-col-v-lg-2 gutters-col-v-md-2 gutters-col-v-2\">\n          <!---->\n          <div class=\"h-column h-column-container d-flex h-col-lg-auto h-col-md-auto h-col-auto style-1270-outer style-local-4292-c77-outer\">\n            <div data-colibri-id=\"4292-c77\" class=\"d-flex h-flex-basis h-column__inner h-px-lg-2 h-px-md-2 h-px-2 v-inner-lg-2 v-inner-md-2 v-inner-2 style-1270 style-local-4292-c77 position-relative\">\n              <!---->\n              <!---->\n              <div class=\"w-100 h-y-container h-column__content h-column__v-align flex-basis-100 align-self-lg-start align-self-md-start align-self-start\">\n                <!---->\n                <div data-colibri-id=\"4292-c78\" class=\"h-global-transition-all h-heading style-1271 style-local-4292-c78 position-relative h-element\">\n                  <!---->\n                  <div class=\"h-heading__outer style-1271 style-local-4292-c78\">\n                    <!---->\n                    <!---->\n                    <h4 class=\"\">NACHBAU EWER UND PRAHM<\/h4>\n                  <\/div>\n                <\/div>\n                <div data-colibri-id=\"4292-c79\" class=\"h-text h-text-component style-1272 style-local-4292-c79 position-relative h-element\">\n                  <!---->\n                  <!---->\n                  <div class=\"\">\n                    <p><strong style=\"font-weight: 400;\">Zwei soziale und kulturelle Projekte. <\/strong>Ilmenau-Ewer bef\u00f6rderten fr\u00fcher das L\u00fcneburger Salz auf Ilmenau und Elbe nach Lauenburg, von dort aus flachere Prahme auf dem Stecknitzkanal weiter nach\n                      L\u00fcbeck.\n                      <br>\n                      <br> Ewer und Prahm haben nacheinander innerhalb von mehreren Jahren arbeitslose Jugendliche im Rahmen einer Job-Qualifizierungsma\u00dfnahme in der \u201eSalzwerkstadt\u201c auf dem Gel\u00e4nde des Deutschen Salzmuseums gebaut. Das erfolgte auf Initiative\n                      des ALA und des Salzmuseums, die als kulturelle Tr\u00e4ger fungierten und die Sachkosten trugen bzw. bei Spendern einwarben. Die Personalkosten wurden von der ARGE (Arbeitsgemeinschaft Grundsicherung) und dem Europ\u00e4ischem Sozialfonds\n                      \u00fcbernommen. Beide Schiffe liegen im L\u00fcneburger Hansehafen am Alten Kran. Siehe dazu auch die Aufs\u00e4tze in &#8222;Aufrisse&#8220; 24\/2008 und 25\/2010.<\/p>\n                  <\/div>\n                <\/div>\n              <\/div>\n            <\/div>\n          <\/div>\n          <div class=\"h-column h-column-container d-flex h-col-lg-auto h-col-md-auto h-col-auto style-1273-outer style-local-4292-c80-outer\">\n            <div data-colibri-id=\"4292-c80\" class=\"d-flex h-flex-basis h-column__inner h-px-lg-2 h-px-md-2 h-px-2 v-inner-lg-2 v-inner-md-2 v-inner-2 style-1273 style-local-4292-c80 position-relative\">\n              <!---->\n              <!---->\n              <div class=\"w-100 h-y-container h-column__content h-column__v-align flex-basis-100 align-self-lg-start align-self-md-start align-self-start\">\n                <!---->\n                <div data-colibri-id=\"4292-c81\" class=\"d-block style-1274 style-local-4292-c81 position-relative h-element\">\n                  <!---->\n                  <div class=\"h-image__frame-container-outer\">\n                    <div class=\"h-image__frame-container\">\n                      <!---->\n                      <!---->\n                      <img loading=\"lazy\" decoding=\"async\" width=\"600\" height=\"749\" src=\"https:\/\/alaev-lueneburg.de\/alawordpress\/wp-content\/uploads\/2025\/03\/Ewer-und-Prahm-600x.jpg\" class=\"wp-image-6292 style-1274-image style-local-4292-c81-image\" alt=\"\" srcset=\"https:\/\/alaev-lueneburg.de\/alawordpress\/wp-content\/uploads\/2025\/03\/Ewer-und-Prahm-600x.jpg 600w, https:\/\/alaev-lueneburg.de\/alawordpress\/wp-content\/uploads\/2025\/03\/Ewer-und-Prahm-600x-240x300.jpg 240w\" sizes=\"auto, (max-width: 600px) 100vw, 600px\" \/>\n                      <div class=\"h-image__frame h-hide-lg h-hide-md h-hide-sm style-1274-frameImage style-local-4292-c81-frameImage\"><\/div>\n                    <\/div>\n                  <\/div>\n                <\/div>\n              <\/div>\n            <\/div>\n          <\/div>\n        <\/div>\n      <\/div>\n    <\/div>\n  <\/div>\n  <div data-colibri-component=\"section\" data-colibri-id=\"4292-c82\" id=\"reusable-sections-2\" class=\"h-section h-section-global-spacing d-flex align-items-lg-center align-items-md-center align-items-center style-1275 style-local-4292-c82 position-relative\">\n    <!---->\n    <!---->\n    <div class=\"h-section-grid-container h-section-boxed-container\">\n      <div data-colibri-id=\"4292-c85\" class=\"h-row-container gutters-row-lg-2 gutters-row-md-2 gutters-row-2 gutters-row-v-lg-2 gutters-row-v-md-2 gutters-row-v-2 style-1280 style-local-4292-c85 position-relative\">\n        <!---->\n        <div class=\"h-row justify-content-lg-center justify-content-md-center justify-content-center align-items-lg-stretch align-items-md-stretch align-items-stretch gutters-col-lg-2 gutters-col-md-2 gutters-col-2 gutters-col-v-lg-2 gutters-col-v-md-2 gutters-col-v-2\">\n          <!---->\n          <div class=\"h-column h-column-container d-flex h-col-lg-auto h-col-md-auto h-col-auto style-1281-outer style-local-4292-c86-outer\">\n            <div data-colibri-id=\"4292-c86\" class=\"d-flex h-flex-basis h-column__inner h-px-lg-2 h-px-md-2 h-px-2 v-inner-lg-2 v-inner-md-2 v-inner-2 style-1281 style-local-4292-c86 position-relative\">\n              <!---->\n              <!---->\n              <div class=\"w-100 h-y-container h-column__content h-column__v-align flex-basis-100 align-self-lg-start align-self-md-start align-self-start\">\n                <!---->\n                <div data-colibri-id=\"4292-c87\" class=\"h-global-transition-all h-heading style-1282 style-local-4292-c87 position-relative h-element\">\n                  <!---->\n                  <div class=\"h-heading__outer style-1282 style-local-4292-c87\">\n                    <!---->\n                    <!---->\n                    <h2 class=\"\">Investitionen des ALA in Baudenkmale (1981\u20132023)<\/h2>\n                  <\/div>\n                <\/div>\n                <div data-colibri-id=\"4292-c88\" class=\"h-lead h-text h-text-component style-1283 style-local-4292-c88 position-relative h-element\">\n                  <!---->\n                  <!---->\n                  <div class=\"\">\n                    <p>Mit unserer Arbeit konnten wir viele wertvolle Bauwerke erhalten und restaurieren. Diese Tabelle zeigt einige unserer Ma\u00dfnahmen und Investitionen im \u00dcberblick.<\/p>\n                  <\/div>\n                <\/div>\n                <div data-colibri-id=\"4292-c89\" class=\"h-row-container gutters-row-lg-2 gutters-row-md-2 gutters-row-0 gutters-row-v-lg-2 gutters-row-v-md-2 gutters-row-v-0 style-1284 style-local-4292-c89 position-relative\">\n                  <!---->\n                  <div class=\"h-row justify-content-lg-center justify-content-md-center justify-content-center align-items-lg-stretch align-items-md-stretch align-items-stretch gutters-col-lg-2 gutters-col-md-2 gutters-col-0 gutters-col-v-lg-2 gutters-col-v-md-2 gutters-col-v-0\">\n                    <!---->\n                    <div class=\"h-column h-column-container d-flex h-col-lg-12 h-col-md-12 h-col-12 style-1285-outer style-local-4292-c90-outer\">\n                      <div data-colibri-id=\"4292-c90\" class=\"d-flex h-flex-basis h-column__inner h-px-lg-2 h-px-md-2 h-px-2 v-inner-lg-2 v-inner-md-2 v-inner-2 style-1285 style-local-4292-c90 position-relative\">\n                        <!---->\n                        <!---->\n                        <div class=\"w-100 h-y-container h-column__content h-column__v-align flex-basis-100 align-self-lg-start align-self-md-start align-self-start\">\n                          <!---->\n                          <div data-colibri-id=\"4292-c91\" class=\"h-text h-text-component style-1287 style-local-4292-c91 position-relative h-element\">\n                            <!---->\n                            <!---->\n                            <div class=\"\">\n                              <h4><strong>1981\u20131999<\/strong><\/h4>\n                              <ul>\n                                <li><strong>1981\u20131994:<\/strong> Kapitelsaal \u2013 Restaurierung (40.803 \u20ac)<\/li>\n                                <li><strong>1989\/1990:<\/strong> Speicher \u2013 Kaufpreis (28.919 \u20ac)<\/li>\n                                <li><strong>1989\/1991:<\/strong> Kalkbergmauer \u2013 Freilegung (2.201 \u20ac)<\/li>\n                                <li><strong>1989\u20131994:<\/strong> Speicher \u2013 Restaurierung (66.621 \u20ac)<\/li>\n                                <li><strong>1989\u20131995:<\/strong> Gipsofen \u2013 Restaurierung (43.442 \u20ac)<\/li>\n                                <li><strong>1991:<\/strong> Speicher \u2013 Einrichtung (2.071 \u20ac)<\/li>\n                                <li><strong>1995:<\/strong> Baumstra\u00dfe 3 \u2013 Restaurierung des Portal (3.777 \u20ac)<\/li>\n                                <li><strong>1996\/2000:<\/strong> Bahnhof L\u00fcneburg \u2013 Restaurierung &amp; Hartmann-Wandgem\u00e4lde (17.410 \u20ac)<\/li>\n                                <li><strong>1997\u20132005:<\/strong> Am Fischmarkt \u2013 Restaurierung Kran (93.442 \u20ac)<\/li>\n                                <li><strong>1998\u20132001:<\/strong> Diverse Geb\u00e4ude in der Altstadt \u2013 Haust\u00fcrenprogramm (10.365 \u20ac)<\/li>\n                                <li><strong>1998\u20132004:<\/strong> Wasserturm \u2013 Eingang, Treppen, Fenster (8.818 \u20ac)<\/li>\n                                <li><strong>1999\/2000:<\/strong> Baumstra\u00dfe 3 \u2013 Restaurierung Portal (10.737 \u20ac)<\/li>\n                              <\/ul>\n                              <h4><strong>2000\u20132009<\/strong><\/h4>\n                              <ul>\n                                <li><strong>2000\/2012:<\/strong> Kalkbergmauer \u2013 Weitere Freilegung &amp; Restaurierung (16.535 \u20ac)<\/li>\n                                <li><strong>2000\u20132013:<\/strong> Gipsofen \u2013 Bodenvertiefung, Laternen, Dachreparatur (33.812 \u20ac)<\/li>\n                                <li><strong>2001\u20132009:<\/strong> Neue Stra\u00dfe \u2013 Pflasterarbeiten &amp; Mauerarbeiten (23.539 \u20ac)<\/li>\n                                <li><strong>2007\/2008:<\/strong> An der M\u00fcnze 7 (Musikschule) \u2013 Restaurierung Oberlicht &amp; Laterne (5.522 \u20ac)<\/li>\n                                <li><strong>2007\/2011:<\/strong> Grapengie\u00dferstra\u00dfe 45 \u2013 Restaurierung Wandbespannung (18.862 \u20ac)<\/li>\n                              <\/ul>\n                              <h4><strong>2010\u20132019<\/strong><\/h4>\n                              <ul>\n                                <li><strong>2010:<\/strong> L\u00fcnerstra\u00dfe 6-7 \u2013 Restaurierung Wappen &amp; Triglyphen (2.924 \u20ac)<\/li>\n                                <li><strong>2012:<\/strong> Grapengie\u00dferstra\u00dfe 45 \u2013 Restaurierung 2 textiler Wandbespannungen (2.157 \u20ac)<\/li>\n                                <li><strong>2012:<\/strong> Salzstra\u00dfe 23 \u2013 Portal (15.000 \u20ac)<\/li>\n                                <li><strong>2013:<\/strong> Am Berge 35, Br\u00f6msehaus (4.000 \u20ac)<\/li>\n                                <li><strong>2014:<\/strong> Hinter der Bardowicker Mauer 5 \u2013 Vorhangbogen (6.147 \u20ac)<\/li>\n                                <li><strong>2014:<\/strong> Schl\u00e4gertwiete 5b \u2013 Fenster im Erdgeschoss (6.000 \u20ac)<\/li>\n                                <li><strong>2014:<\/strong> Roter Hahn (15.000 \u20ac)<\/li>\n                                <li><strong>2015:<\/strong> Museumsverein f\u00fcr Kr\u00fcgerbau (50.000 \u20ac)<\/li>\n                                <li><strong>2015:<\/strong> Katzenstra\u00dfe 2 \u2013 Oberlicht Barockt\u00fcr (822 \u20ac)<\/li>\n                                <li><strong>2016:<\/strong> Papenstra\u00dfe 6 \u2013 Zuschuss Restaurierung Wand- &amp; Deckenmalereien (5.000 \u20ac)<\/li>\n                                <li><strong>2016:<\/strong> Neue S\u00fclze 24 \u2013 Aufarbeitung historische Zimmert\u00fcren (4.000 \u20ac)<\/li>\n                                <li><strong>2017:<\/strong> Stuckdecke \u2013 Am Markt 5 (15.000 \u20ac)<\/li>\n                                <li><strong>2018:<\/strong> T\u00fcrrestaurierung \u2013 Am Fischmarkt (3.000 \u20ac)<\/li>\n                                <li><strong>2018:<\/strong> Portal \u2013 Heiligengeistschule (6.000 \u20ac)<\/li>\n                                <li><strong>2019:<\/strong> Geb\u00e4ude \u2013 Hinter der Bardowicker Mauer (10.630 \u20ac)<\/li>\n                                <li><strong>2019:<\/strong> Schmuckgiebel \u2013 Berufsschule (15.000 \u20ac)<\/li>\n                                <li><strong>2019:<\/strong> Mauer \u2013 Beim Benedikt (16.000 \u20ac)<\/li>\n                                <li><strong>2019:<\/strong> Euthanasie-Gedenkst\u00e4tte (6.396 \u20ac)<\/li>\n                              <\/ul>\n                              <h4><strong>2020\u20132023<\/strong><\/h4>\n                              <ul>\n                                <li><strong>2020:<\/strong> Dendrochronologische Untersuchung \u2013 B\u00e4ckerstra\u00dfe 30 (643 \u20ac)<\/li>\n                                <li><strong>2020:<\/strong> Giebelanker, B\u00e4ckerstra\u00dfe 30 (9.000 \u20ac)<\/li>\n                                <li><strong>2020:<\/strong> Stuckdecke \u2013 An der M\u00fcnze 7 (12.000 \u20ac)<\/li>\n                                <li><strong>2020:<\/strong> Farbuntersuchung Barocktreppe &amp; Fl\u00fcgelt\u00fcr \u2013 B\u00e4ckerstra\u00dfe 5 (1.464 \u20ac)<\/li>\n                                <li><strong>2020:<\/strong> Dendrochronologische Untersuchung \u2013 Auf der Altstadt 13 \u2013 Hintergeb\u00e4ude (1.047 \u20ac)<\/li>\n                                <li><strong>2022:<\/strong> Dendrochronologische Untersuchung \u2013 Auf der Altstadt 46 (952 \u20ac)<\/li>\n                                <li><strong>2022:<\/strong> Restaurierung Gedenkschilder &amp; Kanonenkugeln \u2013 Bachplatz (758 \u20ac)<\/li>\n                                <li><strong>2022:<\/strong> Dendrochronologische Untersuchung \u2013 Wandf\u00e4rberstra\u00dfe 9 (655 \u20ac)<\/li>\n                                <li><strong>2023:<\/strong> Rosettenfenster der Trauerhalle \u2013 J\u00fcdischer Friedhof (12.065 \u20ac)<\/li>\n                                <li><strong>2023:<\/strong> Giebelinstandsetzung \u2013 Neue Stra\u00dfe 15 (6.500 \u20ac)<\/li>\n                                <li><strong>2025<\/strong>:&nbsp;Turm \u2013 Reichenbachstr.11 (12.000 \u20ac)<\/li>\n                                <li><strong>2025<\/strong>:&nbsp;Deckenrestaurierung &#8211; Hotel Scheffler (10.000 \u20ac)<\/li>\n                                <li><strong>2025<\/strong>:&nbsp;Historischer Hauseingang&nbsp;\u2013 Auf der Altstadt 46 (15.712 \u20ac)&nbsp;<\/li>\n                              <\/ul>\n                              <p>\n                                <br>\n                              <\/p>\n                            <\/div>\n                          <\/div>\n                        <\/div>\n                      <\/div>\n                    <\/div>\n                  <\/div>\n                <\/div>\n              <\/div>\n            <\/div>\n          <\/div>\n        <\/div>\n      <\/div>\n      <div data-colibri-id=\"4292-c83\" class=\"h-row-container gutters-row-lg-2 gutters-row-md-2 gutters-row-0 gutters-row-v-lg-2 gutters-row-v-md-2 gutters-row-v-2 style-1292 style-local-4292-c83 position-relative\">\n        <!---->\n        <div class=\"h-row justify-content-lg-center justify-content-md-center justify-content-center align-items-lg-stretch align-items-md-stretch align-items-stretch gutters-col-lg-2 gutters-col-md-2 gutters-col-0 gutters-col-v-lg-2 gutters-col-v-md-2 gutters-col-v-2\">\n          <!---->\n          <div class=\"h-column h-column-container d-flex h-col-lg-auto h-col-md-auto h-col-auto style-1293-outer style-local-4292-c84-outer\">\n            <div data-colibri-id=\"4292-c84\" class=\"d-flex h-flex-basis h-column__inner h-ui-empty-state-container h-px-lg-2 h-px-md-2 h-px-2 v-inner-lg-2 v-inner-md-2 v-inner-2 style-1293 style-local-4292-c84 position-relative\">\n              <!---->\n              <!---->\n              <div class=\"w-100 h-y-container h-column__content h-column__v-align flex-basis-100\">\n                <!---->\n              <\/div>\n            <\/div>\n          <\/div>\n        <\/div>\n      <\/div>\n    <\/div>\n  <\/div>\n  <div data-colibri-component=\"section\" data-colibri-id=\"4292-c92\" id=\"reusable-sections-3\" class=\"h-section h-section-global-spacing d-flex align-items-lg-center align-items-md-center align-items-center style-1413 style-local-4292-c92 position-relative\">\n    <!---->\n    <!---->\n    <div class=\"h-section-grid-container h-section-boxed-container\">\n      <div data-colibri-id=\"4292-c96\" class=\"h-row-container gutters-row-lg-2 gutters-row-md-2 gutters-row-2 gutters-row-v-lg-2 gutters-row-v-md-2 gutters-row-v-2 style-1418 style-local-4292-c96 position-relative\">\n        <!---->\n        <div class=\"h-row justify-content-lg-center justify-content-md-center justify-content-center align-items-lg-stretch align-items-md-stretch align-items-stretch gutters-col-lg-2 gutters-col-md-2 gutters-col-2 gutters-col-v-lg-2 gutters-col-v-md-2 gutters-col-v-2\">\n          <!---->\n          <div class=\"h-column h-column-container d-flex h-col-lg-auto h-col-md-auto h-col-auto style-1419-outer style-local-4292-c97-outer\">\n            <div data-colibri-id=\"4292-c97\" class=\"d-flex h-flex-basis h-column__inner h-px-lg-2 h-px-md-2 h-px-2 v-inner-lg-2 v-inner-md-2 v-inner-2 style-1419 style-local-4292-c97 position-relative\">\n              <!---->\n              <!---->\n              <div class=\"w-100 h-y-container h-column__content h-column__v-align flex-basis-100 align-self-lg-start align-self-md-start align-self-start\">\n                <!---->\n                <div data-colibri-id=\"4292-c98\" class=\"h-global-transition-all h-heading style-1420 style-local-4292-c98 position-relative h-element\">\n                  <!---->\n                  <div class=\"h-heading__outer style-1420 style-local-4292-c98\">\n                    <!---->\n                    <!---->\n                    <h2 class=\"\">Preise und Auszeichnungen<\/h2>\n                  <\/div>\n                <\/div>\n                <div data-colibri-id=\"4292-c99\" class=\"h-lead h-text h-text-component style-1421 style-local-4292-c99 position-relative h-element\">\n                  <!---->\n                  <!---->\n                  <div class=\"\">\n                    <p>Die Gr\u00fcnder des ALA wurden f\u00fcr ihren herausragenden Einsatz im Denkmalschutz mehrfach pers\u00f6nlich geehrt. Auch der ALA selbst erhielt zahlreiche Auszeichnungen f\u00fcr sein Engagement.<\/p>\n                  <\/div>\n                <\/div>\n                <div data-colibri-id=\"4292-c100\" class=\"h-row-container gutters-row-lg-2 gutters-row-md-2 gutters-row-0 gutters-row-v-lg-2 gutters-row-v-md-2 gutters-row-v-0 style-1422 style-local-4292-c100 position-relative\">\n                  <!---->\n                  <div class=\"h-row justify-content-lg-center justify-content-md-center justify-content-center align-items-lg-stretch align-items-md-stretch align-items-stretch gutters-col-lg-2 gutters-col-md-2 gutters-col-0 gutters-col-v-lg-2 gutters-col-v-md-2 gutters-col-v-0\">\n                    <!---->\n                    <div class=\"h-column h-column-container d-flex h-col-lg-12 h-col-md-12 h-col-12 style-1426-outer style-local-4292-c101-outer\">\n                      <div data-colibri-id=\"4292-c101\" class=\"d-flex h-flex-basis h-column__inner h-px-lg-2 h-px-md-2 h-px-2 v-inner-lg-2 v-inner-md-2 v-inner-2 style-1426 style-local-4292-c101 position-relative\">\n                        <!---->\n                        <!---->\n                        <div class=\"w-100 h-y-container h-column__content h-column__v-align flex-basis-100 align-self-lg-start align-self-md-start align-self-start\">\n                          <!---->\n                          <div data-colibri-id=\"4292-c102\" class=\"h-global-transition-all h-heading style-1424 style-local-4292-c102 position-relative h-element\">\n                            <!---->\n                            <div class=\"h-heading__outer style-1424 style-local-4292-c102\">\n                              <!---->\n                              <!---->\n                              <h5 class=\"\">PERS\u00d6NLICHE EHRUNGEN<\/h5>\n                            <\/div>\n                          <\/div>\n                          <div data-colibri-id=\"4292-c103\" class=\"h-text h-text-component style-1428 style-local-4292-c103 position-relative h-element\">\n                            <!---->\n                            <!---->\n                            <div class=\"\">\n                              <ul>\n                                <li>1986 \u2013 Curt Pomp, B\u00fcrger des Jahres, Ernennung durch den B\u00fcrgerverein L\u00fcneburg (mit \u00dcberreichung des S\u00fclfmeisterrings).<\/li>\n                                <li>1988 \u2013 Curt Pomp, Bundesverdienstkreuz am Bande des Verdienstordens der Bundesrepublik Deutschland.<\/li>\n                                <li>2024 \u2013 Christian Burgdorf, Bundesverdienstkreuz am Bande des Verdienstordens der Bundesrepublik Deutschland.<\/li>\n                              <\/ul>\n                            <\/div>\n                          <\/div>\n                        <\/div>\n                      <\/div>\n                    <\/div>\n                    <div class=\"h-column h-column-container d-flex h-col-lg-12 h-col-md-12 h-col-12 style-1427-outer style-local-4292-c104-outer\">\n                      <div data-colibri-id=\"4292-c104\" class=\"d-flex h-flex-basis h-column__inner h-px-lg-2 h-px-md-2 h-px-2 v-inner-lg-2 v-inner-md-2 v-inner-2 style-1427 style-local-4292-c104 position-relative\">\n                        <!---->\n                        <!---->\n                        <div class=\"w-100 h-y-container h-column__content h-column__v-align flex-basis-100 align-self-lg-start align-self-md-start align-self-start\">\n                          <!---->\n                          <div data-colibri-id=\"4292-c105\" class=\"h-global-transition-all h-heading style-1424 style-local-4292-c105 position-relative h-element\">\n                            <!---->\n                            <div class=\"h-heading__outer style-1424 style-local-4292-c105\">\n                              <!---->\n                              <!---->\n                              <h5 class=\"\">AUSZEICHNUNGEN F\u00dcR DEN ALA<\/h5>\n                            <\/div>\n                          <\/div>\n                          <div data-colibri-id=\"4292-c106\" class=\"h-text h-text-component style-1428 style-local-4292-c106 position-relative h-element\">\n                            <!---->\n                            <!---->\n                            <div class=\"\">\n                              <ul>\n                                <li>1979 \u2013 Deutscher Preis f\u00fcr Denkmalschutz des Deutschen Nationalkomitees f\u00fcr Denkmalschutz.<\/li>\n                                <li>1980 \u2013 Kulturpreis des Landkreises L\u00fcneburg.<\/li>\n                                <li>1983 \u2013 Auszeichnung des Nieders\u00e4chsischen Sozialministeriums beim Landeswettbewerb <em>\u201eBauen und Wohnen in alter Umgebung\u201c<\/em> f\u00fcr die Bem\u00fchungen des ALA um die Sanierung der westlichen Altstadt L\u00fcneburgs.<\/li>\n                                <li>1989 \u2013 \u201eEurop\u00e4ische Goldmedaille f\u00fcr Denkmalschutz\u201c der Hamburger F.V.S.-Stiftung an die Stadt L\u00fcneburg, insbesondere f\u00fcr das Engagement des ALA.<\/li>\n                                <li>1994 \u2013 Preis f\u00fcr Denkmahlpflege der Nieders\u00e4chsischen Sparkassenstiftung f\u00fcr die Restaurieung des Speichers Am Iflok.<\/li>\n                              <\/ul>\n                            <\/div>\n                          <\/div>\n                        <\/div>\n                      <\/div>\n                    <\/div>\n                    <div class=\"h-column h-column-container d-flex h-col-lg-12 h-col-md-12 h-col-12 style-1429-outer style-local-4292-c107-outer\">\n                      <div data-colibri-id=\"4292-c107\" class=\"d-flex h-flex-basis h-column__inner h-px-lg-2 h-px-md-2 h-px-2 v-inner-lg-2 v-inner-md-2 v-inner-2 style-1429 style-local-4292-c107 position-relative\">\n                        <!---->\n                        <!---->\n                        <div class=\"w-100 h-y-container h-column__content h-column__v-align flex-basis-100 align-self-lg-start align-self-md-start align-self-start\">\n                          <!---->\n                          <div data-colibri-id=\"4292-c108\" class=\"h-global-transition-all h-heading style-1424 style-local-4292-c108 position-relative h-element\">\n                            <!---->\n                            <div class=\"h-heading__outer style-1424 style-local-4292-c108\">\n                              <!---->\n                              <!---->\n                              <h5 class=\"\">PR\u00c4MIERTE H\u00c4USER, BAUZEICHNUNGEN UND BILDREPORTAGEN<\/h5>\n                            <\/div>\n                          <\/div>\n                          <div data-colibri-id=\"4292-c109\" class=\"h-text h-text-component style-1428 style-local-4292-c109 position-relative h-element\">\n                            <!---->\n                            <!---->\n                            <div class=\"\">\n                              <p><em>(Bis etwa 1980 Beratung durch Curt Pomp, danach Planung von ARB)<\/em><\/p>\n                              <p><strong style=\"font-weight: 400;\">In L\u00fcneburg:<\/strong><\/p>\n                              <ul>\n                                <li>Am Iflock 4 <em>(Speicher, ALA, 1994\/95)<\/em> \u2013 P4, BL, PS<\/li>\n                                <li>Am Iflock 5 <em>(Jung, 1994)<\/em> \u2013 BL, PS<\/li>\n                                <li>Am Iflock 8 <em>(Dr\u00f6gem\u00fcller, 1992\/93)<\/em> \u2013 P4, BL, PS<\/li>\n                                <li>Am Kalkberg 7 <em>(Gipsofen, ALA, 1992)<\/em> \u2013 BL<\/li>\n                                <li>Am Stintmarkt 7 <em>(Brinkmann, 1980)<\/em> \u2013 P6<\/li>\n                                <li>Am Werder 11 <em>(D\u00fctzmann, 1980)<\/em> \u2013 BL<\/li>\n                                <li>Auf dem Meere 10 <em>(Burgdorff, 1985\/87)<\/em> \u2013 BL, PS, Z<\/li>\n                                <li>Auf dem Meere 11 <em>(Burgdorff, 1988\/2003)<\/em> \u2013 P4, BL, PS<\/li>\n                                <li>Auf dem Meere 28 <em>(Parge\/Biberach, 1989)<\/em> \u2013 BL<\/li>\n                                <li>Auf der Altstadt 23 <em>(Poppelbaum, 1992)<\/em> \u2013 P4, BL<\/li>\n                                <li>Auf der Altstadt 28 und 29 <em>(Radbruch, 1991)<\/em> \u2013 Z<\/li>\n                                <li>Auf der Altstadt 30 <em>(D. Gieseking, 1987\/91)<\/em> \u2013 P5, BL, PS, Z<\/li>\n                                <li>Auf der Altstadt 37 <em>(Blancke, 1988\/91)<\/em> \u2013 P4, BL, PS<\/li>\n                                <li>Auf der Altstadt 43b <em>(Blancke, 2006)<\/em> \u2013 P4<\/li>\n                                <li>Baumstra\u00dfe 3 <em>(Hansen, 2004)<\/em> \u2013 P4<\/li>\n                                <li><span style=\"font-weight: 400; font-size: 98%; font-family: Open Sans; color: rgb(70, 112, 127);\">Bei d. Ratsm\u00fchle 7 (Kuvecke, 1978) *BL, *Z<\/span><\/li>\n                                <li><span style=\"font-weight: 400; color: rgb(70, 112, 127); font-size: 98%; font-family: Open Sans;\">G\u00f6rgesstr. 19 (v. Hartz, 1992) *BL, *PS<\/span><\/li>\n                                <li><span style=\"font-weight: 400; color: rgb(70, 112, 127); font-size: 98%; font-family: Open Sans;\">In der Techt 1 (Peters, 1989) *BL, *PS<\/span><\/li>\n                                <li><span style=\"font-weight: 400; color: rgb(70, 112, 127); font-size: 98%; font-family: Open Sans;\">In der Techt 7 (Burow, 1980) *BL<\/span><\/li>\n                                <li><span style=\"font-weight: 400; color: rgb(70, 112, 127); font-size: 98%; font-family: Open Sans;\">J.-S.-Bach-Platz 6 (Albrecht\/Bulgrin, 1987\/90) *PS, *Z<\/span><\/li>\n                                <li><span style=\"font-weight: 400; color: rgb(70, 112, 127); font-size: 98%; font-family: Open Sans;\">J.-S.-Bach-Platz 15 (Kahle, Gartenpavillion, 1997) *Z<\/span><\/li>\n                                <li><span style=\"font-weight: 400; color: rgb(70, 112, 127); font-size: 98%; font-family: Open Sans;\">Kefersteinstr. 9 (Graefe, 1989) *BL<\/span><\/li>\n                                <li><span style=\"font-weight: 400; color: rgb(70, 112, 127); font-size: 98%; font-family: Open Sans;\">Koltmannstr. 2 (Meyer\/Rieger, 1978\/79) *P5, *BL, *Z<\/span><\/li>\n                                <li><span style=\"font-weight: 400; color: rgb(70, 112, 127); font-size: 98%; font-family: Open Sans;\">Koltmannstr. 7 (Saltz-Contor, K. Meyer, 1988) *P4, *BL<\/span><\/li>\n                                <li><span style=\"font-weight: 400; color: rgb(70, 112, 127); font-size: 98%; font-family: Open Sans;\">Koltmannstr. 9 (Besser, 1989) *BL<\/span><\/li>\n                                <li><span style=\"font-weight: 400; color: rgb(70, 112, 127); font-size: 98%; font-family: Open Sans;\">Obere Schrangenstr. 8 (v. Hartz, 1989) *BL<\/span><\/li>\n                                <li><span style=\"font-weight: 400; color: rgb(70, 112, 127); font-size: 98%; font-family: Open Sans;\">Rotehahnstr. 1 (Fabunke, 1978) *BL<\/span><\/li>\n                                <li><span style=\"font-weight: 400; color: rgb(70, 112, 127); font-size: 98%; font-family: Open Sans;\">Schl\u00e4gertwiete 5 (Br\u00fcning\/Runkel, 1980) *BL<\/span><\/li>\n                                <li><span style=\"font-weight: 400; color: rgb(70, 112, 127); font-size: 98%; font-family: Open Sans;\">Untere Ohlingerstr. 3 (Edm. Mankke, 1978) *BL<\/span><\/li>\n                                <li><span style=\"font-weight: 400; color: rgb(70, 112, 127); font-size: 98%; font-family: Open Sans;\">Untere Ohlingerstr. 5 (v. Puttkamer, 1987\/90) *BL, *Z<\/span><\/li>\n                                <li><span style=\"font-weight: 400; color: rgb(70, 112, 127); font-size: 98%; font-family: Open Sans;\">Untere Ohlingerstr. 9 (Grundies, 1980) *BL<\/span><\/li>\n                                <li><span style=\"font-weight: 400; color: rgb(70, 112, 127); font-size: 98%; font-family: Open Sans;\">Untere Ohlingerstr. 20 (Henschke, 1989\/90\/93) *P4, *BL, *Z<\/span><\/li>\n                                <li><span style=\"font-weight: 400; color: rgb(70, 112, 127); font-size: 98%; font-family: Open Sans;\">Untere Ohlingerstr. 34 (Graefe, 1989) *BL<\/span><span style=\"font-weight: 400;\"><br><\/span><\/li>\n                              <\/ul>\n                              <p><span style=\"font-weight: 400;\">Au\u00dferhalb L\u00fcneburgs:<\/span><\/p>\n                              <ul>\n                                <li>Gl\u00fcckstadt, Am Hafen 12 <em>(Alte B\u00e4ckerei, Heyser\/Schmidt, 2005)<\/em> \u2013 P1<\/li>\n                                <li>Hagenow, Wittunger Stra\u00dfe 8 <em>(Ackerb\u00fcrgerhaus, Dreyer, 1999)<\/em> \u2013 P3<\/li>\n                                <li>Neuhaus, Parkstra\u00dfe 3 <em>(B\u00fcrgerhaus, Kloss, 1999)<\/em> \u2013 P4<\/li>\n                                <li>Oldershausen, Ole Au 1 <em>(Bohlenspeicher von 1625, Otte, 1993)<\/em> \u2013 P4<\/li>\n                              <\/ul>\n                              <p><span style=\"font-weight: 400;\">Legende der Abk\u00fcrzungen:<\/span><\/p>\n                              <ul>\n                                <li>P1\u2013P3 \u2013 1.\u20133. Bundespreis f\u00fcr Handwerk in der Denkmalpflege der Deutschen Stiftung. Denkmalschutz mit dem Zentralverband des Deutschen Handwerks (wird je Bundesland nur alle 8 Jahre vergeben).<\/li>\n                                <li>P4 \u2013 Preis f\u00fcr Denkmalpflege der Nieders\u00e4chsischen Sparkassenstiftung.<\/li>\n                                <li>P5 \u2013 Preis beim Wettbewerb in Wohnzeitschriften.<\/li>\n                                <li>P6 \u2013 Europa-Nostra-Diplom.<\/li>\n                                <li>BL \u2013 Bauauszeichnung der Stadt L\u00fcneburg (wurde nur bis 1994 vergeben).<\/li>\n                                <li>PS \u2013 Preis f\u00fcr Denkmalpflege der Sparkasse L\u00fcneburg.<\/li>\n                                <li>Z \u2013 Bildreportage in Zeitschriften (<em>Sch\u00f6ner Wohnen, Das Haus, Zuhause, BAU-IDE<\/em>).<\/li>\n                              <\/ul>\n                            <\/div>\n                          <\/div>\n                        <\/div>\n                      <\/div>\n                    <\/div>\n                  <\/div>\n                <\/div>\n              <\/div>\n            <\/div>\n          <\/div>\n        <\/div>\n      <\/div>\n      <div data-colibri-id=\"4292-c93\" class=\"h-row-container gutters-row-lg-2 gutters-row-md-2 gutters-row-0 gutters-row-v-lg-2 gutters-row-v-md-2 gutters-row-v-2 style-1433 style-local-4292-c93 position-relative\">\n        <!---->\n        <div class=\"h-row justify-content-lg-center justify-content-md-center justify-content-center align-items-lg-stretch align-items-md-stretch align-items-stretch gutters-col-lg-2 gutters-col-md-2 gutters-col-0 gutters-col-v-lg-2 gutters-col-v-md-2 gutters-col-v-2\">\n          <!---->\n          <div class=\"h-column h-column-container d-flex h-col-lg-6 h-col-md-6 h-col-12 style-1434-outer style-local-4292-c94-outer\">\n            <div data-colibri-id=\"4292-c94\" class=\"d-flex h-flex-basis h-column__inner h-ui-empty-state-container h-px-lg-2 h-px-md-2 h-px-2 v-inner-lg-2 v-inner-md-2 v-inner-2 style-1434 style-local-4292-c94 position-relative\">\n              <!---->\n              <!---->\n              <div class=\"w-100 h-y-container h-column__content h-column__v-align flex-basis-100\">\n                <!---->\n              <\/div>\n            <\/div>\n          <\/div>\n          <div class=\"h-column h-column-container d-flex h-col-lg-6 h-col-md-6 h-col-12 style-1435-outer style-local-4292-c95-outer\">\n            <div data-colibri-id=\"4292-c95\" class=\"d-flex h-flex-basis h-column__inner h-ui-empty-state-container h-px-lg-2 h-px-md-2 h-px-2 v-inner-lg-2 v-inner-md-2 v-inner-2 style-1435 style-local-4292-c95 position-relative\">\n              <!---->\n              <!---->\n              <div class=\"w-100 h-y-container h-column__content h-column__v-align flex-basis-100\">\n                <!---->\n              <\/div>\n            <\/div>\n          <\/div>\n        <\/div>\n      <\/div>\n    <\/div>\n  <\/div>\n<\/div>","protected":false},"excerpt":{"rendered":"<p>&#8211; Unsere Erfolge &#8211; Vom ALA gef\u00f6rderte und restaurierte Baudenkmale Der ALA hat unz\u00e4hlige Baudenkm\u00e4ler erhalten \u2013 hier&nbsp; zeigen wir acht gef\u00f6rderte und restaurierte Beispiele. KAPITELSAAL MICHAELISKLOSTER&nbsp; Erbaut 1376. Nach der Ausgrabung der zugesch\u00fctteten Ruine hat der ALA diese ab 1981 gesichert und restauriert. Weitere Restaurierungen bis 1994. Der Saal steht im Eigentum des Landkreises [&hellip;]<\/p>\n","protected":false},"author":5,"featured_media":0,"parent":0,"menu_order":0,"comment_status":"closed","ping_status":"closed","template":"page-templates\/full-width-page.php","meta":{"footnotes":""},"class_list":["post-4292","page","type-page","status-publish","hentry"],"_links":{"self":[{"href":"https:\/\/alaev-lueneburg.de\/alawordpress\/wp-json\/wp\/v2\/pages\/4292","targetHints":{"allow":["GET"]}}],"collection":[{"href":"https:\/\/alaev-lueneburg.de\/alawordpress\/wp-json\/wp\/v2\/pages"}],"about":[{"href":"https:\/\/alaev-lueneburg.de\/alawordpress\/wp-json\/wp\/v2\/types\/page"}],"author":[{"embeddable":true,"href":"https:\/\/alaev-lueneburg.de\/alawordpress\/wp-json\/wp\/v2\/users\/5"}],"replies":[{"embeddable":true,"href":"https:\/\/alaev-lueneburg.de\/alawordpress\/wp-json\/wp\/v2\/comments?post=4292"}],"version-history":[{"count":20,"href":"https:\/\/alaev-lueneburg.de\/alawordpress\/wp-json\/wp\/v2\/pages\/4292\/revisions"}],"predecessor-version":[{"id":9933,"href":"https:\/\/alaev-lueneburg.de\/alawordpress\/wp-json\/wp\/v2\/pages\/4292\/revisions\/9933"}],"wp:attachment":[{"href":"https:\/\/alaev-lueneburg.de\/alawordpress\/wp-json\/wp\/v2\/media?parent=4292"}],"curies":[{"name":"wp","href":"https:\/\/api.w.org\/{rel}","templated":true}]}}