{"id":4278,"date":"2025-02-28T11:52:19","date_gmt":"2025-02-28T10:52:19","guid":{"rendered":"https:\/\/alaev-lueneburg.de\/alawordpress\/?page_id=4278"},"modified":"2025-05-02T17:28:16","modified_gmt":"2025-05-02T15:28:16","slug":"arbeitskreise","status":"publish","type":"page","link":"https:\/\/alaev-lueneburg.de\/alawordpress\/arbeitskreise\/","title":{"rendered":"Arbeitskreise"},"content":{"rendered":"<div data-colibri-id=\"4278-c1\" class=\"style-1389 style-local-4278-c1 position-relative\">\n  <!---->\n  <div data-colibri-component=\"section\" data-colibri-id=\"4278-c2\" id=\"reusable-sections\" class=\"h-section h-section-global-spacing d-flex align-items-lg-center align-items-md-center align-items-center style-1390 style-local-4278-c2 position-relative\">\n    <!---->\n    <!---->\n    <div class=\"h-section-grid-container h-section-boxed-container\">\n      <div data-colibri-id=\"4278-c6\" class=\"h-row-container gutters-row-lg-2 gutters-row-md-2 gutters-row-2 gutters-row-v-lg-2 gutters-row-v-md-2 gutters-row-v-2 style-1395 style-local-4278-c6 position-relative\">\n        <!---->\n        <div class=\"h-row justify-content-lg-center justify-content-md-center justify-content-center align-items-lg-stretch align-items-md-stretch align-items-stretch gutters-col-lg-2 gutters-col-md-2 gutters-col-2 gutters-col-v-lg-2 gutters-col-v-md-2 gutters-col-v-2\">\n          <!---->\n          <div class=\"h-column h-column-container d-flex h-col-lg-auto h-col-md-auto h-col-auto style-1396-outer style-local-4278-c7-outer\">\n            <div data-colibri-id=\"4278-c7\" class=\"d-flex h-flex-basis h-column__inner h-px-lg-2 h-px-md-2 h-px-2 v-inner-lg-2 v-inner-md-2 v-inner-2 style-1396 style-local-4278-c7 position-relative\">\n              <!---->\n              <!---->\n              <div class=\"w-100 h-y-container h-column__content h-column__v-align flex-basis-100 align-self-lg-start align-self-md-start align-self-start\">\n                <!---->\n                <div data-colibri-id=\"4278-c8\" class=\"h-global-transition-all h-heading style-1397 style-local-4278-c8 position-relative h-element\">\n                  <!---->\n                  <div class=\"h-heading__outer style-1397 style-local-4278-c8\">\n                    <!---->\n                    <!---->\n                    <h2 class=\"\">ALA Arbeitskreise<\/h2>\n                  <\/div>\n                <\/div>\n                <div data-colibri-id=\"4278-c9\" class=\"h-lead h-text h-text-component style-1398 style-local-4278-c9 position-relative h-element\">\n                  <!---->\n                  <!---->\n                  <div class=\"\">\n                    <p>Bei uns gibt es selbst\u00e4ndig t\u00e4tige Arbeitskreise und Gruppen, die zahlreiche Aktivit\u00e4ten des Vereins organisieren und durchf\u00fchren.<\/p>\n                  <\/div>\n                <\/div>\n                <div data-colibri-id=\"4278-c10\" class=\"h-row-container gutters-row-lg-2 gutters-row-md-2 gutters-row-0 gutters-row-v-lg-2 gutters-row-v-md-2 gutters-row-v-0 style-1399 style-local-4278-c10 position-relative\">\n                  <!---->\n                  <div class=\"h-row justify-content-lg-center justify-content-md-center justify-content-center align-items-lg-stretch align-items-md-stretch align-items-stretch gutters-col-lg-2 gutters-col-md-2 gutters-col-0 gutters-col-v-lg-2 gutters-col-v-md-2 gutters-col-v-0\">\n                    <!---->\n                    <div class=\"h-column h-column-container d-flex h-col-lg-12 h-col-md-12 h-col-12 style-1400-outer style-local-4278-c11-outer\">\n                      <div data-colibri-id=\"4278-c11\" class=\"d-flex h-flex-basis h-column__inner h-px-lg-0 h-px-md-0 h-px-2 v-inner-lg-0 v-inner-md-0 v-inner-2 style-1400 style-local-4278-c11 position-relative\">\n                        <!---->\n                        <!---->\n                        <div class=\"w-100 h-y-container h-column__content h-column__v-align flex-basis-100 align-self-lg-start align-self-md-start align-self-start\">\n                          <!---->\n                          <div data-colibri-id=\"4278-c12\" class=\"h-global-transition-all h-heading style-1401 style-local-4278-c12 position-relative h-element\">\n                            <!---->\n                            <div class=\"h-heading__outer style-1401 style-local-4278-c12\">\n                              <!---->\n                              <!---->\n                              <h5 class=\"\">ARBEITSKREIS FACHARBEIT UND DENKMALSCHUTZ<\/h5>\n                            <\/div>\n                          <\/div>\n                          <div data-colibri-id=\"4278-c13\" class=\"h-text h-text-component style-1402 style-local-4278-c13 position-relative h-element\">\n                            <!---->\n                            <!---->\n                            <div class=\"\">\n                              <p>Zu den Aufgaben geh\u00f6ren die Beratung von Eigent\u00fcmern, die Begleitung von Restaurations- und F\u00f6rderprojekten sowie die Vermittlung von Denkmalschutzanliegen an Beh\u00f6rden, Politik und Medien. Zudem engagiert sich der Arbeitskreis\n                                in der Erforschung und Dokumentation historischer Geb\u00e4ude und organisiert Protestaktionen und&nbsp; \u00f6ffentliche Stellungnahmen, um das Stadtbild zu sch\u00fctzen. Dar\u00fcber hinaus unterst\u00fctzt er wissenschaftliche Untersuchungen\n                                und Publikationen zur Denkmalpflege und f\u00f6rdert den Aufbau eines Netzwerks aus Unterst\u00fctzern, Investoren und Initiativen.<\/p>\n                            <\/div>\n                          <\/div>\n                        <\/div>\n                      <\/div>\n                    <\/div>\n                    <div class=\"h-column h-column-container d-flex h-col-lg-12 h-col-md-12 h-col-12 style-1400-outer style-local-4278-c14-outer\">\n                      <div data-colibri-id=\"4278-c14\" class=\"d-flex h-flex-basis h-column__inner h-px-lg-0 h-px-md-0 h-px-2 v-inner-lg-0 v-inner-md-0 v-inner-2 style-1400 style-local-4278-c14 position-relative\">\n                        <!---->\n                        <!---->\n                        <div class=\"w-100 h-y-container h-column__content h-column__v-align flex-basis-100 align-self-lg-start align-self-md-start align-self-start\">\n                          <!---->\n                          <div data-colibri-id=\"4278-c15\" class=\"h-global-transition-all h-heading style-1401 style-local-4278-c15 position-relative h-element\">\n                            <!---->\n                            <div class=\"h-heading__outer style-1401 style-local-4278-c15\">\n                              <!---->\n                              <!---->\n                              <h5 class=\"\">ARBEITSKREIS \u00d6FFENTLICHKEITSARBEIT<\/h5>\n                            <\/div>\n                          <\/div>\n                          <div data-colibri-id=\"4278-c16\" class=\"h-text h-text-component style-1402 style-local-4278-c16 position-relative h-element\">\n                            <!---->\n                            <!---->\n                            <div class=\"\">\n                              <p>Zu den Aufgaben geh\u00f6ren die Erstellung von Webseiteninhalten, Publikationen und Brosch\u00fcren, die Gestaltung von Flyern, Plakaten und Werbematerialien sowie die Pressearbeit und Mitgliederwerbung. Zudem betreut der Arbeitskreis\n                                den ALA-Internetauftritt und sorgt f\u00fcr die Verbreitung aktueller Nachrichten rund um den Denkmalschutz und die Vereinsarbeit.<\/p>\n                            <\/div>\n                          <\/div>\n                        <\/div>\n                      <\/div>\n                    <\/div>\n                    <div class=\"h-column h-column-container d-flex h-col-lg-12 h-col-md-12 h-col-12 style-1400-outer style-local-4278-c17-outer\">\n                      <div data-colibri-id=\"4278-c17\" class=\"d-flex h-flex-basis h-column__inner h-px-lg-0 h-px-md-0 h-px-2 v-inner-lg-0 v-inner-md-0 v-inner-2 style-1400 style-local-4278-c17 position-relative\">\n                        <!---->\n                        <!---->\n                        <div class=\"w-100 h-y-container h-column__content h-column__v-align flex-basis-100 align-self-lg-start align-self-md-start align-self-start\">\n                          <!---->\n                          <div data-colibri-id=\"4278-c18\" class=\"h-global-transition-all h-heading style-1401 style-local-4278-c18 position-relative h-element\">\n                            <!---->\n                            <div class=\"h-heading__outer style-1401 style-local-4278-c18\">\n                              <!---->\n                              <!---->\n                              <h5 class=\"\">ARBEITSKREIS VERANSTALTUNGEN<\/h5>\n                            <\/div>\n                          <\/div>\n                          <div data-colibri-id=\"4278-c19\" class=\"h-text h-text-component style-1402 style-local-4278-c19 position-relative h-element\">\n                            <!---->\n                            <!---->\n                            <div class=\"\">\n                              <p>Dieser Arbeitskreis organisiert und f\u00fchrt Veranstaltungen wie den Historischen Christmarkt, die Alte Handwerkerstra\u00dfe, Quartiersabende, Vortr\u00e4ge und Stadtrundg\u00e4nge durch. Dar\u00fcber hinaus plant und betreut er weitere Aktionen,\n                                die das Bewusstsein f\u00fcr den kulturellen Wert der L\u00fcneburger Altstadt st\u00e4rken und Denkmalschutz erlebbar machen.<\/p>\n                            <\/div>\n                          <\/div>\n                        <\/div>\n                      <\/div>\n                    <\/div>\n                    <div class=\"h-column h-column-container d-flex h-col-lg-12 h-col-md-12 h-col-12 style-1400-outer style-local-4278-c20-outer\">\n                      <div data-colibri-id=\"4278-c20\" class=\"d-flex h-flex-basis h-column__inner h-px-lg-0 h-px-md-0 h-px-2 v-inner-lg-0 v-inner-md-0 v-inner-2 style-1400 style-local-4278-c20 position-relative\">\n                        <!---->\n                        <!---->\n                        <div class=\"w-100 h-y-container h-column__content h-column__v-align flex-basis-100 align-self-lg-start align-self-md-start align-self-start\">\n                          <!---->\n                          <div data-colibri-id=\"4278-c21\" class=\"h-global-transition-all h-heading style-1401 style-local-4278-c21 position-relative h-element\">\n                            <!---->\n                            <div class=\"h-heading__outer style-1401 style-local-4278-c21\">\n                              <!---->\n                              <!---->\n                              <h5 class=\"\">ARBEITSKREIS KOST\u00dcMFUNDUS<\/h5>\n                            <\/div>\n                          <\/div>\n                          <div data-colibri-id=\"4278-c22\" class=\"h-text h-text-component style-1402 style-local-4278-c22 position-relative h-element\">\n                            <!---->\n                            <!---->\n                            <div class=\"\">\n                              <p>Der Arbeitskreis verwaltet und betreut den umfangreichen Kost\u00fcmfundus mit Gew\u00e4ndern der Renaissance. Zu den Aufgaben geh\u00f6ren die Planung und Ausgabe der Kost\u00fcme f\u00fcr Veranstaltungen, die Instandhaltung und Ausbesserung vorhandener\n                                Gew\u00e4nder sowie das Entwerfen und N\u00e4hen neuer Kost\u00fcme.<\/p>\n                            <\/div>\n                          <\/div>\n                        <\/div>\n                      <\/div>\n                    <\/div>\n                    <div class=\"h-column h-column-container d-flex h-col-lg-12 h-col-md-12 h-col-12 style-1400-outer style-local-4278-c23-outer\">\n                      <div data-colibri-id=\"4278-c23\" class=\"d-flex h-flex-basis h-column__inner h-px-lg-0 h-px-md-0 h-px-2 v-inner-lg-0 v-inner-md-0 v-inner-2 style-1400 style-local-4278-c23 position-relative\">\n                        <!---->\n                        <!---->\n                        <div class=\"w-100 h-y-container h-column__content h-column__v-align flex-basis-100 align-self-lg-start align-self-md-start align-self-start\">\n                          <!---->\n                          <div data-colibri-id=\"4278-c24\" class=\"h-global-transition-all h-heading style-1401 style-local-4278-c24 position-relative h-element\">\n                            <!---->\n                            <div class=\"h-heading__outer style-1401 style-local-4278-c24\">\n                              <!---->\n                              <!---->\n                              <h5 class=\"\">STADTWACHEN DES ALA<\/h5>\n                            <\/div>\n                          <\/div>\n                          <div data-colibri-id=\"4278-c25\" class=\"h-text h-text-component style-1402 style-local-4278-c25 position-relative h-element\">\n                            <!---->\n                            <!---->\n                            <div class=\"\">\n                              <p>Die Stadtwachen und Marketenderinnen sind ein fester Bestandteil des Historischen Christmarkts, der Alten Handwerkerstra\u00dfe und weiterer ALA-Veranstaltungen. Sie sorgen durch authentische Darstellung f\u00fcr ein lebendiges historisches\n                                Stadtbild und \u00fcbernehmen als Wachen der Veranstaltungen eine repr\u00e4sentative Rolle. Zudem sammeln sie an den Eingangstoren Spenden f\u00fcr den Denkmalschutz, um den Erhalt wertvoller Baudenkm\u00e4ler zu unterst\u00fctzen. Die Marketenderinnen\n                                versorgen die Stadtwachen sowie die ALA-St\u00e4nde mit Getr\u00e4nken und tragen so zum reibungslosen Ablauf der Veranstaltungen bei.<\/p>\n                            <\/div>\n                          <\/div>\n                        <\/div>\n                      <\/div>\n                    <\/div>\n                    <div class=\"h-column h-column-container d-flex h-col-lg-12 h-col-md-12 h-col-12 style-1400-outer style-local-4278-c26-outer\">\n                      <div data-colibri-id=\"4278-c26\" class=\"d-flex h-flex-basis h-column__inner h-px-lg-0 h-px-md-0 h-px-2 v-inner-lg-0 v-inner-md-0 v-inner-2 style-1400 style-local-4278-c26 position-relative\">\n                        <!---->\n                        <!---->\n                        <div class=\"w-100 h-y-container h-column__content h-column__v-align flex-basis-100 align-self-lg-start align-self-md-start align-self-start\">\n                          <!---->\n                          <div data-colibri-id=\"4278-c27\" class=\"h-global-transition-all h-heading style-1401 style-local-4278-c27 position-relative h-element\">\n                            <!---->\n                            <div class=\"h-heading__outer style-1401 style-local-4278-c27\">\n                              <!---->\n                              <!---->\n                              <h5 class=\"\">ARBEITSKREIS ARCHIV<\/h5>\n                            <\/div>\n                          <\/div>\n                          <div data-colibri-id=\"4278-c28\" class=\"h-text h-text-component style-1402 style-local-4278-c28 position-relative h-element\">\n                            <!---->\n                            <!---->\n                            <div class=\"\">\n                              <p>Das Archiv im Denkmalschutz sammelt, verwaltet und erschlie\u00dft historische Dokumente, Baupl\u00e4ne, Fotografien und Forschungsergebnisse zu denkmalgesch\u00fctzten Geb\u00e4uden. Es unterst\u00fctzt Restaurationsprojekte und wissenschaftliche\n                                Untersuchungen durch Quellenrecherche und Dokumentation. Das Archiv umfasst Spezialb\u00e4nde, Fachzeitschriften, eigene Publikationen und eine umfangreiche Zeitungsausschnittssammlung zur Baudenkmalpflege und zu Abrissen in\n                                L\u00fcneburg. Zudem enth\u00e4lt es ein stra\u00dfenweise geordnetes Bild- und Textarchiv mit rund 17.000 digitalisierten Dokumenten und Fotos zu bestehenden und abgerissenen Geb\u00e4uden, Pl\u00e4tzen, Parks und Kunstwerken.<\/p>\n                            <\/div>\n                          <\/div>\n                          <div data-colibri-id=\"4278-c29\" class=\"h-global-transition-all h-heading style-1401 style-local-4278-c29 position-relative h-element\">\n                            <!---->\n                            <div class=\"h-heading__outer style-1401 style-local-4278-c29\">\n                              <!---->\n                              <!---->\n                              <h5 class=\"\">ARBEITSKREIS TECHNIK UND LOGISTIK<\/h5>\n                            <\/div>\n                          <\/div>\n                          <div data-colibri-id=\"4278-c30\" class=\"h-text h-text-component style-1402 style-local-4278-c30 position-relative h-element\">\n                            <!---->\n                            <!---->\n                            <div class=\"\">\n                              <p>Die Arbeitsgruppe \u00fcbernimmt handwerkliche und technische Aufgaben, darunter Transportfahrten sowie den Auf- und Abbau von Veranstaltungen. Zudem k\u00fcmmert sie sich um die Pflege und Instandhaltung der historischen ALA-Geb\u00e4ude,\n                                wie den Speicher und den Kapitelsaal, und f\u00fchrt Reparatur- sowie Umbauarbeiten durch.<\/p>\n                            <\/div>\n                          <\/div>\n                        <\/div>\n                      <\/div>\n                    <\/div>\n                  <\/div>\n                <\/div>\n              <\/div>\n            <\/div>\n          <\/div>\n        <\/div>\n      <\/div>\n      <div data-colibri-id=\"4278-c3\" class=\"h-row-container gutters-row-lg-2 gutters-row-md-2 gutters-row-0 gutters-row-v-lg-2 gutters-row-v-md-2 gutters-row-v-2 style-1403 style-local-4278-c3 position-relative\">\n        <!---->\n        <div class=\"h-row justify-content-lg-center justify-content-md-center justify-content-center align-items-lg-stretch align-items-md-stretch align-items-stretch gutters-col-lg-2 gutters-col-md-2 gutters-col-0 gutters-col-v-lg-2 gutters-col-v-md-2 gutters-col-v-2\">\n          <!---->\n          <div class=\"h-column h-column-container d-flex h-col-lg-6 h-col-md-6 h-col-12 style-1404-outer style-local-4278-c4-outer\">\n            <div data-colibri-id=\"4278-c4\" class=\"d-flex h-flex-basis h-column__inner h-ui-empty-state-container h-px-lg-2 h-px-md-2 h-px-2 v-inner-lg-2 v-inner-md-2 v-inner-2 style-1404 style-local-4278-c4 position-relative\">\n              <!---->\n              <!---->\n              <div class=\"w-100 h-y-container h-column__content h-column__v-align flex-basis-100\">\n                <!---->\n              <\/div>\n            <\/div>\n          <\/div>\n          <div class=\"h-column h-column-container d-flex h-col-lg-6 h-col-md-6 h-col-12 style-1405-outer style-local-4278-c5-outer\">\n            <div data-colibri-id=\"4278-c5\" class=\"d-flex h-flex-basis h-column__inner h-ui-empty-state-container h-px-lg-2 h-px-md-2 h-px-2 v-inner-lg-2 v-inner-md-2 v-inner-2 style-1405 style-local-4278-c5 position-relative\">\n              <!---->\n              <!---->\n              <div class=\"w-100 h-y-container h-column__content h-column__v-align flex-basis-100\">\n                <!---->\n              <\/div>\n            <\/div>\n          <\/div>\n        <\/div>\n      <\/div>\n    <\/div>\n  <\/div>\n  <div data-colibri-component=\"section\" data-colibri-id=\"4278-c31\" id=\"reusable-sections-2\" class=\"h-section h-section-global-spacing d-flex align-items-lg-center align-items-md-center align-items-center style-1406 style-local-4278-c31 position-relative\">\n    <div class=\"background-wrapper\">\n      <div class=\"background-layer background-layer-media-container-lg\">\n        <!---->\n        <div class=\"overlay-layer\">\n          <div class=\"overlay-image-layer\" style=\"background-color: rgb(0, 0, 0); opacity: 0.5;\"><\/div>\n        <\/div>\n      <\/div>\n      <div class=\"background-layer background-layer-media-container-md\">\n        <!---->\n        <div class=\"overlay-layer\">\n          <div class=\"overlay-image-layer\" style=\"background-color: rgb(0, 0, 0); opacity: 0.5;\"><\/div>\n        <\/div>\n      <\/div>\n      <div class=\"background-layer background-layer-media-container\">\n        <!---->\n        <div class=\"overlay-layer\">\n          <div class=\"overlay-image-layer\" style=\"background-color: rgb(0, 0, 0); opacity: 0.5;\"><\/div>\n        <\/div>\n      <\/div>\n    <\/div>\n    <!---->\n    <div class=\"h-section-grid-container h-section-boxed-container\">\n      <!---->\n      <div data-colibri-id=\"4278-c32\" class=\"h-row-container gutters-row-lg-2 gutters-row-md-2 gutters-row-0 gutters-row-v-lg-2 gutters-row-v-md-2 gutters-row-v-2 style-1407 style-local-4278-c32 position-relative\">\n        <!---->\n        <div class=\"h-row justify-content-lg-center justify-content-md-center justify-content-center align-items-lg-stretch align-items-md-stretch align-items-stretch gutters-col-lg-2 gutters-col-md-2 gutters-col-0 gutters-col-v-lg-2 gutters-col-v-md-2 gutters-col-v-2\">\n          <!---->\n          <div class=\"h-column h-column-container d-flex h-col-lg h-col-md h-col-auto style-1408-outer style-local-4278-c33-outer\">\n            <div data-colibri-id=\"4278-c33\" class=\"d-flex h-flex-basis h-column__inner h-px-lg-0 h-px-md-0 h-px-2 v-inner-lg-0 v-inner-md-0 v-inner-2 style-1408 style-local-4278-c33 position-relative\">\n              <!---->\n              <!---->\n              <div class=\"w-100 h-y-container h-column__content h-column__v-align flex-basis-100 align-self-lg-center align-self-md-center align-self-center\">\n                <!---->\n                <div data-colibri-id=\"4278-c34\" class=\"h-global-transition-all h-heading style-1409 style-local-4278-c34 position-relative h-element\">\n                  <!---->\n                  <div class=\"h-heading__outer style-1409 style-local-4278-c34\">\n                    <!---->\n                    <!---->\n                    <h2 class=\"\">Neugierig geworden?<\/h2>\n                  <\/div>\n                <\/div>\n              <\/div>\n            <\/div>\n          <\/div>\n          <div class=\"h-column h-column-container d-flex h-col-lg-auto h-col-md-auto h-col-auto style-1410-outer style-local-4278-c35-outer\">\n            <div data-colibri-id=\"4278-c35\" class=\"d-flex h-flex-basis h-column__inner h-px-lg-0 h-px-md-0 h-px-2 v-inner-lg-0 v-inner-md-0 v-inner-2 style-1410 style-local-4278-c35 position-relative\">\n              <!---->\n              <!---->\n              <div class=\"w-100 h-y-container h-column__content h-column__v-align flex-basis-auto align-self-lg-center align-self-md-center align-self-center\">\n                <!---->\n                <div data-colibri-id=\"4278-c36\" class=\"h-x-container style-1411 style-local-4278-c36 position-relative h-element\">\n                  <!---->\n                  <div class=\"h-x-container-inner style-dynamic-4278-c36-group style-1411-spacing style-local-4278-c36-spacing\"><span class=\"h-button__outer style-1412-outer style-local-4278-c37-outer d-inline-flex h-element\"><a h-use-smooth-scroll=\"true\" href=\"machen-sie-mit\"  data-colibri-id=\"4278-c37\" class=\"d-flex w-100 align-items-center h-button justify-content-lg-center justify-content-md-center justify-content-center style-1412 style-local-4278-c37 position-relative\"><!----><!----> <span>Beim ALA mitmachen<\/span><\/a>\n                    <\/span>\n                  <\/div>\n                <\/div>\n              <\/div>\n            <\/div>\n          <\/div>\n        <\/div>\n      <\/div>\n    <\/div>\n  <\/div>\n<\/div>","protected":false},"excerpt":{"rendered":"<p>ALA Arbeitskreise Bei uns gibt es selbst\u00e4ndig t\u00e4tige Arbeitskreise und Gruppen, die zahlreiche Aktivit\u00e4ten des Vereins organisieren und durchf\u00fchren. ARBEITSKREIS FACHARBEIT UND DENKMALSCHUTZ Zu den Aufgaben geh\u00f6ren die Beratung von Eigent\u00fcmern, die Begleitung von Restaurations- und F\u00f6rderprojekten sowie die Vermittlung von Denkmalschutzanliegen an Beh\u00f6rden, Politik und Medien. Zudem engagiert sich der Arbeitskreis in der Erforschung [&hellip;]<\/p>\n","protected":false},"author":5,"featured_media":0,"parent":0,"menu_order":0,"comment_status":"closed","ping_status":"closed","template":"page-templates\/full-width-page.php","meta":{"footnotes":""},"class_list":["post-4278","page","type-page","status-publish","hentry"],"_links":{"self":[{"href":"https:\/\/alaev-lueneburg.de\/alawordpress\/wp-json\/wp\/v2\/pages\/4278","targetHints":{"allow":["GET"]}}],"collection":[{"href":"https:\/\/alaev-lueneburg.de\/alawordpress\/wp-json\/wp\/v2\/pages"}],"about":[{"href":"https:\/\/alaev-lueneburg.de\/alawordpress\/wp-json\/wp\/v2\/types\/page"}],"author":[{"embeddable":true,"href":"https:\/\/alaev-lueneburg.de\/alawordpress\/wp-json\/wp\/v2\/users\/5"}],"replies":[{"embeddable":true,"href":"https:\/\/alaev-lueneburg.de\/alawordpress\/wp-json\/wp\/v2\/comments?post=4278"}],"version-history":[{"count":6,"href":"https:\/\/alaev-lueneburg.de\/alawordpress\/wp-json\/wp\/v2\/pages\/4278\/revisions"}],"predecessor-version":[{"id":8811,"href":"https:\/\/alaev-lueneburg.de\/alawordpress\/wp-json\/wp\/v2\/pages\/4278\/revisions\/8811"}],"wp:attachment":[{"href":"https:\/\/alaev-lueneburg.de\/alawordpress\/wp-json\/wp\/v2\/media?parent=4278"}],"curies":[{"name":"wp","href":"https:\/\/api.w.org\/{rel}","templated":true}]}}