{"id":2848,"date":"2025-02-24T10:58:51","date_gmt":"2025-02-24T09:58:51","guid":{"rendered":"https:\/\/alaev-lueneburg.de\/alawordpress\/?page_id=2848"},"modified":"2025-05-02T08:01:43","modified_gmt":"2025-05-02T06:01:43","slug":"ueber-uns","status":"publish","type":"page","link":"https:\/\/alaev-lueneburg.de\/alawordpress\/ueber-uns\/","title":{"rendered":"\u00dcber uns"},"content":{"rendered":"<div data-colibri-id=\"2848-c1\" class=\"style-934 style-local-2848-c1 position-relative\">\n  <!---->\n  <div data-colibri-component=\"section\" data-colibri-id=\"2848-c2\" id=\"ueber-uns\" class=\"h-section h-section-global-spacing d-flex align-items-lg-center align-items-md-center align-items-center style-935 style-local-2848-c2 position-relative\">\n    <!---->\n    <!---->\n    <div class=\"h-section-grid-container h-section-boxed-container\">\n      <div data-colibri-id=\"2848-c7\" class=\"h-row-container gutters-row-lg-2 gutters-row-md-2 gutters-row-2 gutters-row-v-lg-2 gutters-row-v-md-2 gutters-row-v-2 style-940 style-local-2848-c7 position-relative\">\n        <!---->\n        <div class=\"h-row justify-content-lg-center justify-content-md-center justify-content-center align-items-lg-stretch align-items-md-stretch align-items-stretch gutters-col-lg-2 gutters-col-md-2 gutters-col-2 gutters-col-v-lg-2 gutters-col-v-md-2 gutters-col-v-2\">\n          <!---->\n          <div class=\"h-column h-column-container d-flex h-col-lg-auto h-col-md-auto h-col-auto style-941-outer style-local-2848-c8-outer\">\n            <div data-colibri-id=\"2848-c8\" class=\"d-flex h-flex-basis h-column__inner h-px-lg-2 h-px-md-2 h-px-2 v-inner-lg-2 v-inner-md-2 v-inner-2 style-941 style-local-2848-c8 position-relative\">\n              <!---->\n              <!---->\n              <div class=\"w-100 h-y-container h-column__content h-column__v-align flex-basis-100 align-self-lg-start align-self-md-start align-self-start\">\n                <!---->\n                <div data-colibri-id=\"2848-c9\" class=\"h-global-transition-all h-heading style-942 style-local-2848-c9 position-relative h-element\">\n                  <!---->\n                  <div class=\"h-heading__outer style-942 style-local-2848-c9\">\n                    <!---->\n                    <!---->\n                    <h2 class=\"\">\u00dcber uns<\/h2>\n                  <\/div>\n                <\/div>\n                <div data-colibri-id=\"2848-c10\" class=\"h-lead h-text h-text-component style-943 style-local-2848-c10 position-relative h-element\">\n                  <!---->\n                  <!---->\n                  <div class=\"\">\n                    <p>Der ALA z\u00e4hlt zu den gr\u00f6\u00dften und einflussreichsten Vereinen in L\u00fcneburg und ist deutschlandweit f\u00fcr sein herausragendes Engagement im Bereich des Denkmalschutzes bekannt.<\/p>\n                  <\/div>\n                <\/div>\n                <div data-colibri-id=\"2848-c11\" class=\"h-row-container gutters-row-lg-2 gutters-row-md-2 gutters-row-0 gutters-row-v-lg-2 gutters-row-v-md-2 gutters-row-v-0 style-944 style-local-2848-c11 position-relative\">\n                  <!---->\n                  <div class=\"h-row justify-content-lg-center justify-content-md-center justify-content-center align-items-lg-stretch align-items-md-stretch align-items-stretch gutters-col-lg-2 gutters-col-md-2 gutters-col-0 gutters-col-v-lg-2 gutters-col-v-md-2 gutters-col-v-0\">\n                    <!---->\n                    <div class=\"h-column h-column-container d-flex h-col-lg-12 h-col-md-12 h-col-12 style-1003-outer style-local-2848-c12-outer\">\n                      <div data-colibri-id=\"2848-c12\" class=\"d-flex h-flex-basis h-column__inner h-px-lg-2 h-px-md-2 h-px-2 v-inner-lg-2 v-inner-md-2 v-inner-2 style-1003 style-local-2848-c12 position-relative\">\n                        <!---->\n                        <!---->\n                        <div class=\"w-100 h-y-container h-column__content h-column__v-align flex-basis-100 align-self-lg-start align-self-md-start align-self-start\">\n                          <!---->\n                          <div data-colibri-id=\"2848-c13\" class=\"h-global-transition-all h-heading style-946 style-local-2848-c13 position-relative h-element\">\n                            <!---->\n                            <div class=\"h-heading__outer style-946 style-local-2848-c13\">\n                              <!---->\n                              <!---->\n                              <h5 class=\"\">DER VEREIN<\/h5>\n                            <\/div>\n                          <\/div>\n                          <div data-colibri-id=\"2848-c14\" class=\"h-text h-text-component style-993 style-local-2848-c14 position-relative h-element\">\n                            <!---->\n                            <!---->\n                            <div class=\"\">\n                              <p>Wir sind der Arbeitskreis L\u00fcneburger Altstadt (ALA), ein eingetragener, gemeinn\u00fctziger Verein mit Sitz in L\u00fcneburg. 1972 wurde die B\u00fcrgerinitiative &#8222;Arbeitskreis zur Erhaltung und Revitalisierung der L\u00fcneburger Altstadt &#8220;\n                                gegr\u00fcndet, um gegen den Abriss von Altstadth\u00e4usern zu k\u00e4mpfen. Aus dieser Initiative ging 1974 unser Verein hervor, der von Curt Pomp und einer Gruppe engagierter Mitstreiter gegr\u00fcndet wurde.<\/p>\n                            <\/div>\n                          <\/div>\n                        <\/div>\n                      <\/div>\n                    <\/div>\n                    <div class=\"h-column h-column-container d-flex h-col-lg-12 h-col-md-12 h-col-12 style-1005-outer style-local-2848-c15-outer\">\n                      <div data-colibri-id=\"2848-c15\" class=\"d-flex h-flex-basis h-column__inner h-px-lg-2 h-px-md-2 h-px-2 v-inner-lg-2 v-inner-md-2 v-inner-2 style-1005 style-local-2848-c15 position-relative\">\n                        <!---->\n                        <!---->\n                        <div class=\"w-100 h-y-container h-column__content h-column__v-align flex-basis-100 align-self-lg-start align-self-md-start align-self-start\">\n                          <!---->\n                          <div data-colibri-id=\"2848-c16\" class=\"h-global-transition-all h-heading style-946 style-local-2848-c16 position-relative h-element\">\n                            <!---->\n                            <div class=\"h-heading__outer style-946 style-local-2848-c16\">\n                              <!---->\n                              <!---->\n                              <h5 class=\"\">AUFGABEN UND ZIELE<\/h5>\n                            <\/div>\n                          <\/div>\n                          <div data-colibri-id=\"2848-c17\" class=\"h-text h-text-component style-993 style-local-2848-c17 position-relative h-element\">\n                            <!---->\n                            <!---->\n                            <div class=\"\">\n                              <p>Wir setzen uns f\u00fcr die Bewahrung, Pflege und Weiterentwicklung des gewachsenen historischen Stadtbildes von L\u00fcneburg in seiner Gesamtheit ein und f\u00f6rdern die Revitalisierung der Innenstadt.<\/p>\n                              <p>Wir unterst\u00fctzen die Instandsetzung und den Wiederaufbau von Bau- und Kulturdenkm\u00e4lern ideell, materiell und finanziell und bieten fundierte Beratung in baukulturellen und bautechnischen Fragen.<\/p>\n                              <p>Wir setzen uns daf\u00fcr ein, historische H\u00e4user in ihrer Gesamtheit zu bewahren \u2013 einschlie\u00dflich ihres Innenlebens. Oft ist der urspr\u00fcngliche Kern eines historischen Geb\u00e4udes \u00e4lter als seine Fassade. Durch vollst\u00e4ndige Entkernungen\n                                gehen daher wertvolle Zeugnisse vergangener Bau- und Lebensformen unwiederbringlich verloren.<\/p>\n                              <p>Besonders intensiv engagierten wir uns f\u00fcr den Erhalt der westlichen Altstadt, deren Abriss in den 1970er Jahren bereits weit vorangeschritten war. Schon bald erstreckte sich unser Engagement auf die gesamte historische Altstadt.<\/p>\n                            <\/div>\n                          <\/div>\n                        <\/div>\n                      <\/div>\n                    <\/div>\n                    <div class=\"h-column h-column-container d-flex h-col-lg-12 h-col-md-12 h-col-12 style-1002-outer style-local-2848-c18-outer\">\n                      <div data-colibri-id=\"2848-c18\" class=\"d-flex h-flex-basis h-column__inner h-px-lg-2 h-px-md-2 h-px-2 v-inner-lg-2 v-inner-md-2 v-inner-2 style-1002 style-local-2848-c18 position-relative\">\n                        <!---->\n                        <!---->\n                        <div class=\"w-100 h-y-container h-column__content h-column__v-align flex-basis-100 align-self-lg-start align-self-md-start align-self-start\">\n                          <!---->\n                          <div data-colibri-id=\"2848-c19\" class=\"h-global-transition-all h-heading style-946 style-local-2848-c19 position-relative h-element\">\n                            <!---->\n                            <div class=\"h-heading__outer style-946 style-local-2848-c19\">\n                              <!---->\n                              <!---->\n                              <h5 class=\"\">EHRENAMTLICHES ENGAGEMENT<\/h5>\n                            <\/div>\n                          <\/div>\n                          <div data-colibri-id=\"2848-c20\" class=\"h-text h-text-component style-947 style-local-2848-c20 position-relative h-element\">\n                            <!---->\n                            <!---->\n                            <div class=\"\">\n                              <p>Unsere Mitglieder engagieren sich ehrenamtlich und investieren ihre Zeit in den Denkmalschutz und den Erhalt der L\u00fcneburger Altstadt. <\/p>\n                            <\/div>\n                          <\/div>\n                        <\/div>\n                      <\/div>\n                    <\/div>\n                    <div class=\"h-column h-column-container d-flex h-col-lg-12 h-col-md-12 h-col-12 style-1002-outer style-local-2848-c21-outer\">\n                      <div data-colibri-id=\"2848-c21\" class=\"d-flex h-flex-basis h-column__inner h-px-lg-2 h-px-md-2 h-px-2 v-inner-lg-2 v-inner-md-2 v-inner-2 style-1002 style-local-2848-c21 position-relative\">\n                        <!---->\n                        <!---->\n                        <div class=\"w-100 h-y-container h-column__content h-column__v-align flex-basis-100 align-self-lg-start align-self-md-start align-self-start\">\n                          <!---->\n                          <div data-colibri-id=\"2848-c22\" class=\"h-global-transition-all h-heading style-946 style-local-2848-c22 position-relative h-element\">\n                            <!---->\n                            <div class=\"h-heading__outer style-946 style-local-2848-c22\">\n                              <!---->\n                              <!---->\n                              <h5 class=\"\">AUS EINNAHMEN UND SPENDEN WIRD F\u00d6RDERUNG <\/h5>\n                            <\/div>\n                          <\/div>\n                          <div data-colibri-id=\"2848-c23\" class=\"h-text h-text-component style-947 style-local-2848-c23 position-relative h-element\">\n                            <!---->\n                            <!---->\n                            <div class=\"\">\n                              <p>S\u00e4mtliche eingeworbenen Mittel \u2013 darunter Mitgliedsbeitr\u00e4ge, Geld- und Sachspenden, Stiftungsgelder sowie Einnahmen aus F\u00fchrungen und Veranstaltungen wie der \u201eAlten Handwerkerstra\u00dfe\u201c oder dem \u201eHistorischen Christmarkt\u201c \u2013\n                                flie\u00dfen vollst\u00e4ndig in die gemeinn\u00fctzigen Zwecke des Vereins.<\/p>\n                            <\/div>\n                          <\/div>\n                        <\/div>\n                      <\/div>\n                    <\/div>\n                    <div class=\"h-column h-column-container d-flex h-col-lg-12 h-col-md-12 h-col-12 style-945-outer style-local-2848-c24-outer\">\n                      <div data-colibri-id=\"2848-c24\" class=\"d-flex h-flex-basis h-column__inner h-px-lg-2 h-px-md-2 h-px-2 v-inner-lg-2 v-inner-md-2 v-inner-2 style-945 style-local-2848-c24 position-relative\">\n                        <!---->\n                        <!---->\n                        <div class=\"w-100 h-y-container h-column__content h-column__v-align flex-basis-100 align-self-lg-start align-self-md-start align-self-start\">\n                          <!---->\n                          <div data-colibri-id=\"2848-c25\" class=\"h-global-transition-all h-heading style-946 style-local-2848-c25 position-relative h-element\">\n                            <!---->\n                            <div class=\"h-heading__outer style-946 style-local-2848-c25\">\n                              <!---->\n                              <!---->\n                              <h5 class=\"\">MITGLIEDER<\/h5>\n                            <\/div>\n                          <\/div>\n                          <div data-colibri-id=\"2848-c26\" class=\"h-text h-text-component style-947 style-local-2848-c26 position-relative h-element\">\n                            <!---->\n                            <!---->\n                            <div class=\"\">\n                              <p>Mit rund 600 Mitgliedern z\u00e4hlt der ALA zu den gr\u00f6\u00dften Vereinen in L\u00fcneburg. So vielf\u00e4ltig wie der Denkmalschutz selbst ist auch die Zusammensetzung unserer Mitglieder. Menschen mit ganz unterschiedlichen beruflichen und privaten\n                                Hintergr\u00fcnden bringen ihre Erfahrungen ein, gestalten Projekte mit und tragen das Vereinsleben aktiv mit.<\/p>\n                              <p>Die meisten unserer Mitglieder stammen aus L\u00fcneburg und der Region \u2013 engagierte B\u00fcrgerinnen und B\u00fcrger, Hausbesitzer in der Altstadt, Architekten, Handwerker, Lehrkr\u00e4fte, Studierende, Verwaltungsangestellte und viele andere.\n                                Auch ganze Familien sind bei uns aktiv. Der ALA ist ein L\u00fcneburger Verein, der offen ist f\u00fcr alle, die sich f\u00fcr den Erhalt der Altstadt einsetzen m\u00f6chten.<\/p>\n                            <\/div>\n                          <\/div>\n                        <\/div>\n                      <\/div>\n                    <\/div>\n                    <div class=\"h-column h-column-container d-flex h-col-lg-12 h-col-md-12 h-col-12 style-945-outer style-local-2848-c27-outer\">\n                      <div data-colibri-id=\"2848-c27\" class=\"d-flex h-flex-basis h-column__inner h-px-lg-2 h-px-md-2 h-px-2 v-inner-lg-2 v-inner-md-2 v-inner-2 style-945 style-local-2848-c27 position-relative\">\n                        <!---->\n                        <!---->\n                        <div class=\"w-100 h-y-container h-column__content h-column__v-align flex-basis-100 align-self-lg-start align-self-md-start align-self-start\">\n                          <!---->\n                          <div data-colibri-id=\"2848-c28\" class=\"h-global-transition-all h-heading style-946 style-local-2848-c28 position-relative h-element\">\n                            <!---->\n                            <div class=\"h-heading__outer style-946 style-local-2848-c28\">\n                              <!---->\n                              <!---->\n                              <h5 class=\"\">HISTORISCHE GEW\u00c4NDER<\/h5>\n                            <\/div>\n                          <\/div>\n                          <div data-colibri-id=\"2848-c29\" class=\"h-text h-text-component style-947 style-local-2848-c29 position-relative h-element\">\n                            <!---->\n                            <!---->\n                            <div class=\"\">\n                              <p>Bei einigen unserer Veranstaltungen treten unsere Mitwirkenden in historischen Gew\u00e4ndern der Renaissance auf, um die Geschichte L\u00fcneburgs lebendig werden zu lassen. Der ALA hat einen Funduns von mehr als 300 historischen\n                                Kost\u00fcmen.<\/p>\n                            <\/div>\n                          <\/div>\n                        <\/div>\n                      <\/div>\n                    <\/div>\n                    <div class=\"h-column h-column-container d-flex h-col-lg-12 h-col-md-12 h-col-12 style-945-outer style-local-2848-c30-outer\">\n                      <div data-colibri-id=\"2848-c30\" class=\"d-flex h-flex-basis h-column__inner h-px-lg-2 h-px-md-2 h-px-2 v-inner-lg-2 v-inner-md-2 v-inner-2 style-945 style-local-2848-c30 position-relative\">\n                        <!---->\n                        <!---->\n                        <div class=\"w-100 h-y-container h-column__content h-column__v-align flex-basis-100 align-self-lg-start align-self-md-start align-self-start\">\n                          <!---->\n                          <div data-colibri-id=\"2848-c31\" class=\"h-global-transition-all h-heading style-946 style-local-2848-c31 position-relative h-element\">\n                            <!---->\n                            <div class=\"h-heading__outer style-946 style-local-2848-c31\">\n                              <!---->\n                              <!---->\n                              <h5 class=\"\">AUSZEICHNUNGEN<\/h5>\n                            <\/div>\n                          <\/div>\n                          <div data-colibri-id=\"2848-c32\" class=\"h-text h-text-component style-947 style-local-2848-c32 position-relative h-element\">\n                            <!---->\n                            <!---->\n                            <div class=\"\">\n                              <p>F\u00fcr seine Aktivit\u00e4ten erhielt der ALA vielfache \u00f6ffentliche Anerkennung, die sich in Preisen und Auszeichnungen niederschlugen.<\/p>\n                            <\/div>\n                          <\/div>\n                        <\/div>\n                      <\/div>\n                    <\/div>\n                  <\/div>\n                <\/div>\n              <\/div>\n            <\/div>\n          <\/div>\n        <\/div>\n      <\/div>\n      <div data-colibri-id=\"2848-c3\" class=\"h-row-container gutters-row-lg-0 gutters-row-md-0 gutters-row-0 gutters-row-v-lg-0 gutters-row-v-md-0 gutters-row-v-0 style-936 style-local-2848-c3 h-overflow-hidden position-relative\">\n        <!---->\n        <div class=\"h-row justify-content-lg-center justify-content-md-center justify-content-center align-items-lg-end align-items-md-end align-items-end gutters-col-lg-0 gutters-col-md-0 gutters-col-0 gutters-col-v-lg-0 gutters-col-v-md-0 gutters-col-v-0\">\n          <!---->\n          <div class=\"h-column h-column-container d-flex h-col-lg-auto h-col-md-auto h-col-auto align-self-lg-end align-self-md-end align-self-end style-937-outer style-local-2848-c4-outer\">\n            <div data-colibri-id=\"2848-c4\" class=\"d-flex h-flex-basis h-column__inner h-ui-empty-state-container h-px-lg-0 h-px-md-0 h-px-0 v-inner-lg-0 v-inner-md-0 v-inner-0 style-937 style-local-2848-c4 position-relative\">\n              <!---->\n              <!---->\n              <div class=\"w-100 h-y-container h-column__content h-column__v-align flex-basis-100\">\n                <!---->\n              <\/div>\n            <\/div>\n          <\/div>\n          <div class=\"h-column h-column-container d-flex h-col-lg-auto h-col-md-auto h-col-auto align-self-lg-end align-self-md-end align-self-end style-938-outer style-local-2848-c5-outer\">\n            <div data-colibri-id=\"2848-c5\" class=\"d-flex h-flex-basis h-column__inner h-ui-empty-state-container h-px-lg-0 h-px-md-0 h-px-0 v-inner-lg-0 v-inner-md-0 v-inner-0 style-938 style-local-2848-c5 position-relative\">\n              <!---->\n              <!---->\n              <div class=\"w-100 h-y-container h-column__content h-column__v-align flex-basis-100\">\n                <!---->\n              <\/div>\n            <\/div>\n          <\/div>\n          <div class=\"h-column h-column-container d-flex h-col-lg-auto h-col-md-auto h-col-auto align-self-lg-end align-self-md-end align-self-end style-939-outer style-local-2848-c6-outer\">\n            <div data-colibri-id=\"2848-c6\" class=\"d-flex h-flex-basis h-column__inner h-ui-empty-state-container h-px-lg-0 h-px-md-0 h-px-0 v-inner-lg-0 v-inner-md-0 v-inner-0 style-939 style-local-2848-c6 position-relative\">\n              <!---->\n              <!---->\n              <div class=\"w-100 h-y-container h-column__content h-column__v-align flex-basis-100\">\n                <!---->\n              <\/div>\n            <\/div>\n          <\/div>\n        <\/div>\n      <\/div>\n    <\/div>\n  <\/div>\n  <div data-colibri-component=\"section\" data-colibri-id=\"2848-c33\" id=\"content\" class=\"h-section h-section-global-spacing d-flex align-items-lg-center align-items-md-center align-items-center style-948 style-local-2848-c33 position-relative\">\n    <!---->\n    <!---->\n    <div class=\"h-section-grid-container h-section-boxed-container\">\n      <!---->\n      <div data-colibri-id=\"2848-c34\" class=\"h-row-container gutters-row-lg-2 gutters-row-md-2 gutters-row-0 gutters-row-v-lg-2 gutters-row-v-md-2 gutters-row-v-2 style-1015 style-local-2848-c34 position-relative\">\n        <!---->\n        <div class=\"h-row justify-content-lg-center justify-content-md-center justify-content-center align-items-lg-stretch align-items-md-stretch align-items-stretch gutters-col-lg-2 gutters-col-md-2 gutters-col-0 gutters-col-v-lg-2 gutters-col-v-md-2 gutters-col-v-2\">\n          <!---->\n          <div class=\"h-column h-column-container d-flex h-col-lg-auto h-col-md-auto h-col-auto style-1016-outer style-local-2848-c35-outer\">\n            <div data-colibri-id=\"2848-c35\" class=\"d-flex h-flex-basis h-column__inner h-px-lg-2 h-px-md-2 h-px-2 v-inner-lg-2 v-inner-md-2 v-inner-2 style-1016 style-local-2848-c35 position-relative\">\n              <!---->\n              <!---->\n              <div class=\"w-100 h-y-container h-column__content h-column__v-align flex-basis-100 align-self-lg-start align-self-md-start align-self-start\">\n                <!---->\n                <div data-colibri-id=\"2848-c36\" class=\"h-global-transition-all h-heading style-951 style-local-2848-c36 position-relative h-element\">\n                  <!---->\n                  <div class=\"h-heading__outer style-951 style-local-2848-c36\">\n                    <!---->\n                    <!---->\n                    <h3 class=\"\">Die Geschichte des Vereins<\/h3>\n                  <\/div>\n                <\/div>\n              <\/div>\n            <\/div>\n          <\/div>\n        <\/div>\n      <\/div>\n      <div data-colibri-id=\"2848-c37\" class=\"h-row-container gutters-row-lg-2 gutters-row-md-2 gutters-row-0 gutters-row-v-lg-2 gutters-row-v-md-2 gutters-row-v-2 style-963 style-local-2848-c37 position-relative\">\n        <!---->\n        <div class=\"h-row justify-content-lg-center justify-content-md-center justify-content-center align-items-lg-stretch align-items-md-stretch align-items-stretch gutters-col-lg-2 gutters-col-md-2 gutters-col-0 gutters-col-v-lg-2 gutters-col-v-md-2 gutters-col-v-2\">\n          <!---->\n          <div class=\"h-column h-column-container d-flex h-col-lg-auto h-col-md-auto h-col-auto style-964-outer style-local-2848-c38-outer\">\n            <div data-colibri-id=\"2848-c38\" class=\"d-flex h-flex-basis h-column__inner h-px-lg-2 h-px-md-2 h-px-2 v-inner-lg-2 v-inner-md-2 v-inner-2 style-964 style-local-2848-c38 position-relative\">\n              <!---->\n              <!---->\n              <div class=\"w-100 h-y-container h-column__content h-column__v-align flex-basis-100 align-self-lg-start align-self-md-start align-self-start\">\n                <!---->\n                <div data-colibri-id=\"2848-c39\" class=\"h-global-transition-all h-heading style-956 style-local-2848-c39 position-relative h-element\">\n                  <!---->\n                  <div class=\"h-heading__outer style-956 style-local-2848-c39\">\n                    <!---->\n                    <!---->\n                    <h4 class=\"\">VEREINSGR\u00dcNDUNG<\/h4>\n                  <\/div>\n                <\/div>\n                <div data-colibri-id=\"2848-c40\" class=\"h-text h-text-component style-966 style-local-2848-c40 position-relative h-element\">\n                  <!---->\n                  <!---->\n                  <div class=\"\">\n                    <p>Als Reaktion auf die massiven Abrisse in der L\u00fcneburger Altstadt gr\u00fcndete sich 1972 eine B\u00fcrgerinitiative, aus der 1974 der Arbeitskreis L\u00fcneburger Altstadt (ALA) als eingetragener Verein hervorging. Sein Ziel: weitere Zerst\u00f6rungen\n                      verhindern und Alt-L\u00fcneburg als st\u00e4dtebauliches Gesamtkunstwerk erhalten und beleben. Initiator war Curt Pomp, der den Verein mit seinen Ideen ma\u00dfgeblich pr\u00e4gte.<\/p>\n                    <p>\n                      <br>\n                    <\/p>\n                  <\/div>\n                <\/div>\n              <\/div>\n            <\/div>\n          <\/div>\n          <div class=\"h-column h-column-container d-flex h-col-lg-auto h-col-md-auto h-col-auto style-967-outer style-local-2848-c41-outer\">\n            <div data-colibri-id=\"2848-c41\" class=\"d-flex h-flex-basis h-column__inner h-px-lg-2 h-px-md-2 h-px-2 v-inner-lg-2 v-inner-md-2 v-inner-2 style-967 style-local-2848-c41 position-relative\">\n              <!---->\n              <!---->\n              <div class=\"w-100 h-y-container h-column__content h-column__v-align flex-basis-100 align-self-lg-start align-self-md-start align-self-start\">\n                <!---->\n                <div data-colibri-id=\"2848-c42\" class=\"d-block style-961 style-local-2848-c42 position-relative h-element\">\n                  <!---->\n                  <div class=\"h-image__frame-container-outer\">\n                    <div class=\"h-image__frame-container\">\n                      <!---->\n                      <!---->\n                      <img loading=\"lazy\" decoding=\"async\" width=\"600\" height=\"400\" src=\"https:\/\/alaev-lueneburg.de\/alawordpress\/wp-content\/uploads\/2025\/02\/1974-_08_09_Aufruf-Buergerinitiative_LZ-600x.jpg\" class=\"wp-image-4316 style-961-image style-local-2848-c42-image\" alt=\"\" srcset=\"https:\/\/alaev-lueneburg.de\/alawordpress\/wp-content\/uploads\/2025\/02\/1974-_08_09_Aufruf-Buergerinitiative_LZ-600x.jpg 600w, https:\/\/alaev-lueneburg.de\/alawordpress\/wp-content\/uploads\/2025\/02\/1974-_08_09_Aufruf-Buergerinitiative_LZ-600x-300x200.jpg 300w\" sizes=\"auto, (max-width: 600px) 100vw, 600px\" \/>\n                      <div class=\"h-image__frame h-hide-lg h-hide-md h-hide-sm style-961-frameImage style-local-2848-c42-frameImage\"><\/div>\n                    <\/div>\n                  <\/div>\n                <\/div>\n              <\/div>\n            <\/div>\n          <\/div>\n        <\/div>\n      <\/div>\n      <div data-colibri-id=\"2848-c43\" class=\"h-row-container gutters-row-lg-2 gutters-row-md-2 gutters-row-0 gutters-row-v-lg-2 gutters-row-v-md-2 gutters-row-v-2 style-963 style-local-2848-c43 position-relative\">\n        <!---->\n        <div class=\"h-row justify-content-lg-center justify-content-md-center justify-content-center align-items-lg-stretch align-items-md-stretch align-items-stretch gutters-col-lg-2 gutters-col-md-2 gutters-col-0 gutters-col-v-lg-2 gutters-col-v-md-2 gutters-col-v-2\">\n          <!---->\n          <div class=\"h-column h-column-container d-flex h-col-lg-auto h-col-md-auto h-col-auto style-964-outer style-local-2848-c44-outer\">\n            <div data-colibri-id=\"2848-c44\" class=\"d-flex h-flex-basis h-column__inner h-px-lg-2 h-px-md-2 h-px-2 v-inner-lg-2 v-inner-md-2 v-inner-2 style-964 style-local-2848-c44 position-relative\">\n              <!---->\n              <!---->\n              <div class=\"w-100 h-y-container h-column__content h-column__v-align flex-basis-100 align-self-lg-start align-self-md-start align-self-start\">\n                <!---->\n                <div data-colibri-id=\"2848-c45\" class=\"h-global-transition-all h-heading style-956 style-local-2848-c45 position-relative h-element\">\n                  <!---->\n                  <div class=\"h-heading__outer style-956 style-local-2848-c45\">\n                    <!---->\n                    <!---->\n                    <h4 class=\"\">ENGAGEMENT VOR ORT<\/h4>\n                  <\/div>\n                <\/div>\n                <div data-colibri-id=\"2848-c46\" class=\"h-text h-text-component style-966 style-local-2848-c46 position-relative h-element\">\n                  <!---->\n                  <!---->\n                  <div class=\"\">\n                    <p>Der ALA engagierte sich vor Ort mit \u00dcberzeugungsarbeit und Nachbarschaftshilfe, unterst\u00fctzte Hausbesitzer bei der Erhaltung ihrer Geb\u00e4ude und setzte sich f\u00fcr vorbildliche Restaurierungen ein \u2013 nicht nur bei Vereinsmitgliedern. Zudem\n                      organisierte der Verein die Bergung historischer Baumaterialien und deren Wiederverwendung.\n                      <br>\n                    <\/p>\n                    <p>\n                      <br>\n                    <\/p>\n                  <\/div>\n                <\/div>\n              <\/div>\n            <\/div>\n          <\/div>\n          <div class=\"h-column h-column-container d-flex h-col-lg-auto h-col-md-auto h-col-auto style-967-outer style-local-2848-c47-outer\">\n            <div data-colibri-id=\"2848-c47\" class=\"d-flex h-flex-basis h-column__inner h-px-lg-2 h-px-md-2 h-px-2 v-inner-lg-2 v-inner-md-2 v-inner-2 style-967 style-local-2848-c47 position-relative\">\n              <!---->\n              <!---->\n              <div class=\"w-100 h-y-container h-column__content h-column__v-align flex-basis-100 align-self-lg-start align-self-md-start align-self-start\">\n                <!---->\n                <div data-colibri-id=\"2848-c48\" class=\"d-block style-961 style-local-2848-c48 position-relative h-element\">\n                  <!---->\n                  <div class=\"h-image__frame-container-outer\">\n                    <div class=\"h-image__frame-container\">\n                      <!---->\n                      <!---->\n                      <img loading=\"lazy\" decoding=\"async\" width=\"600\" height=\"450\" src=\"https:\/\/alaev-lueneburg.de\/alawordpress\/wp-content\/uploads\/2025\/02\/Buergerversammlung-Curt-Pomp-1974-600x450-1.jpg\" class=\"wp-image-2746 style-961-image style-local-2848-c48-image\" alt=\"\" srcset=\"https:\/\/alaev-lueneburg.de\/alawordpress\/wp-content\/uploads\/2025\/02\/Buergerversammlung-Curt-Pomp-1974-600x450-1.jpg 600w, https:\/\/alaev-lueneburg.de\/alawordpress\/wp-content\/uploads\/2025\/02\/Buergerversammlung-Curt-Pomp-1974-600x450-1-300x225.jpg 300w\" sizes=\"auto, (max-width: 600px) 100vw, 600px\" \/>\n                      <div class=\"h-image__frame h-hide-lg h-hide-md h-hide-sm style-961-frameImage style-local-2848-c48-frameImage\"><\/div>\n                    <\/div>\n                  <\/div>\n                <\/div>\n              <\/div>\n            <\/div>\n          <\/div>\n        <\/div>\n      <\/div>\n      <div data-colibri-id=\"2848-c49\" class=\"h-row-container gutters-row-lg-2 gutters-row-md-2 gutters-row-0 gutters-row-v-lg-2 gutters-row-v-md-2 gutters-row-v-2 style-963 style-local-2848-c49 position-relative\">\n        <!---->\n        <div class=\"h-row justify-content-lg-center justify-content-md-center justify-content-center align-items-lg-stretch align-items-md-stretch align-items-stretch gutters-col-lg-2 gutters-col-md-2 gutters-col-0 gutters-col-v-lg-2 gutters-col-v-md-2 gutters-col-v-2\">\n          <!---->\n          <div class=\"h-column h-column-container d-flex h-col-lg-auto h-col-md-auto h-col-auto style-964-outer style-local-2848-c50-outer\">\n            <div data-colibri-id=\"2848-c50\" class=\"d-flex h-flex-basis h-column__inner h-px-lg-2 h-px-md-2 h-px-2 v-inner-lg-2 v-inner-md-2 v-inner-2 style-964 style-local-2848-c50 position-relative\">\n              <!---->\n              <!---->\n              <div class=\"w-100 h-y-container h-column__content h-column__v-align flex-basis-100 align-self-lg-start align-self-md-start align-self-start\">\n                <!---->\n                <div data-colibri-id=\"2848-c51\" class=\"h-global-transition-all h-heading style-956 style-local-2848-c51 position-relative h-element\">\n                  <!---->\n                  <div class=\"h-heading__outer style-956 style-local-2848-c51\">\n                    <!---->\n                    <!---->\n                    <h4 class=\"\">\u00d6FFENTLICHKEITSARBEIT<\/h4>\n                  <\/div>\n                <\/div>\n                <div data-colibri-id=\"2848-c52\" class=\"h-text h-text-component style-966 style-local-2848-c52 position-relative h-element\">\n                  <!---->\n                  <!---->\n                  <div class=\"\">\n                    <p>Ein ebenso wichtiger Schwerpunkt war die umfassende \u00d6ffentlichkeitsarbeit, die Abgabe von Stellungnahmen zu Bau- und Verkehrsvorhaben sowie die aktive Mitwirkung in politischen Gremien.<\/p>\n                    <p>\n                      <br>\n                    <\/p>\n                  <\/div>\n                <\/div>\n              <\/div>\n            <\/div>\n          <\/div>\n          <div class=\"h-column h-column-container d-flex h-col-lg-auto h-col-md-auto h-col-auto style-967-outer style-local-2848-c53-outer\">\n            <div data-colibri-id=\"2848-c53\" class=\"d-flex h-flex-basis h-column__inner h-px-lg-2 h-px-md-2 h-px-2 v-inner-lg-2 v-inner-md-2 v-inner-2 style-967 style-local-2848-c53 position-relative\">\n              <!---->\n              <!---->\n              <div class=\"w-100 h-y-container h-column__content h-column__v-align flex-basis-100 align-self-lg-start align-self-md-start align-self-start\">\n                <!---->\n                <div data-colibri-id=\"2848-c54\" class=\"d-block style-961 style-local-2848-c54 position-relative h-element\">\n                  <!---->\n                  <div class=\"h-image__frame-container-outer\">\n                    <div class=\"h-image__frame-container\">\n                      <!---->\n                      <!---->\n                      <img loading=\"lazy\" decoding=\"async\" width=\"595\" height=\"842\" src=\"https:\/\/alaev-lueneburg.de\/alawordpress\/wp-content\/uploads\/2025\/02\/diskussionsbeitrag_1_1976.jpg\" class=\"wp-image-4384 style-961-image style-local-2848-c54-image\" alt=\"\" srcset=\"https:\/\/alaev-lueneburg.de\/alawordpress\/wp-content\/uploads\/2025\/02\/diskussionsbeitrag_1_1976.jpg 595w, https:\/\/alaev-lueneburg.de\/alawordpress\/wp-content\/uploads\/2025\/02\/diskussionsbeitrag_1_1976-212x300.jpg 212w\" sizes=\"auto, (max-width: 595px) 100vw, 595px\" \/>\n                      <div class=\"h-image__frame h-hide-lg h-hide-md h-hide-sm style-961-frameImage style-local-2848-c54-frameImage\"><\/div>\n                    <\/div>\n                  <\/div>\n                <\/div>\n              <\/div>\n            <\/div>\n          <\/div>\n        <\/div>\n      <\/div>\n      <div data-colibri-id=\"2848-c55\" class=\"h-row-container gutters-row-lg-2 gutters-row-md-2 gutters-row-0 gutters-row-v-lg-2 gutters-row-v-md-2 gutters-row-v-2 style-963 style-local-2848-c55 position-relative\">\n        <!---->\n        <div class=\"h-row justify-content-lg-center justify-content-md-center justify-content-center align-items-lg-stretch align-items-md-stretch align-items-stretch gutters-col-lg-2 gutters-col-md-2 gutters-col-0 gutters-col-v-lg-2 gutters-col-v-md-2 gutters-col-v-2\">\n          <!---->\n          <div class=\"h-column h-column-container d-flex h-col-lg-auto h-col-md-auto h-col-auto style-964-outer style-local-2848-c56-outer\">\n            <div data-colibri-id=\"2848-c56\" class=\"d-flex h-flex-basis h-column__inner h-px-lg-2 h-px-md-2 h-px-2 v-inner-lg-2 v-inner-md-2 v-inner-2 style-964 style-local-2848-c56 position-relative\">\n              <!---->\n              <!---->\n              <div class=\"w-100 h-y-container h-column__content h-column__v-align flex-basis-100 align-self-lg-start align-self-md-start align-self-start\">\n                <!---->\n                <div data-colibri-id=\"2848-c57\" class=\"h-global-transition-all h-heading style-956 style-local-2848-c57 position-relative h-element\">\n                  <!---->\n                  <div class=\"h-heading__outer style-956 style-local-2848-c57\">\n                    <!---->\n                    <!---->\n                    <h4 class=\"\">\u201eAUFRISSE&#8220;<\/h4>\n                  <\/div>\n                <\/div>\n                <div data-colibri-id=\"2848-c58\" class=\"h-text h-text-component style-966 style-local-2848-c58 position-relative h-element\">\n                  <!---->\n                  <!---->\n                  <div class=\"\">\n                    <p>Seit 1976 erscheint die Vereinszeitschrift \u201eAUFRISSE\u201c und dient der Information, Aufkl\u00e4rung und Dokumentation des Denkmalschutzes in L\u00fcneburg.<\/p>\n                    <p>\n                      <br>\n                    <\/p>\n                  <\/div>\n                <\/div>\n              <\/div>\n            <\/div>\n          <\/div>\n          <div class=\"h-column h-column-container d-flex h-col-lg-auto h-col-md-auto h-col-auto style-967-outer style-local-2848-c59-outer\">\n            <div data-colibri-id=\"2848-c59\" class=\"d-flex h-flex-basis h-column__inner h-px-lg-2 h-px-md-2 h-px-2 v-inner-lg-2 v-inner-md-2 v-inner-2 style-967 style-local-2848-c59 position-relative\">\n              <!---->\n              <!---->\n              <div class=\"w-100 h-y-container h-column__content h-column__v-align flex-basis-100 align-self-lg-start align-self-md-start align-self-start\">\n                <!---->\n                <div data-colibri-id=\"2848-c60\" class=\"d-block style-961 style-local-2848-c60 position-relative h-element\">\n                  <!---->\n                  <div class=\"h-image__frame-container-outer\">\n                    <div class=\"h-image__frame-container\">\n                      <!---->\n                      <!---->\n                      <img loading=\"lazy\" decoding=\"async\" width=\"595\" height=\"842\" src=\"https:\/\/alaev-lueneburg.de\/alawordpress\/wp-content\/uploads\/2025\/02\/Aufrisse-1976.jpg\" class=\"wp-image-4407 style-961-image style-local-2848-c60-image\" alt=\"\" srcset=\"https:\/\/alaev-lueneburg.de\/alawordpress\/wp-content\/uploads\/2025\/02\/Aufrisse-1976.jpg 595w, https:\/\/alaev-lueneburg.de\/alawordpress\/wp-content\/uploads\/2025\/02\/Aufrisse-1976-212x300.jpg 212w\" sizes=\"auto, (max-width: 595px) 100vw, 595px\" \/>\n                      <div class=\"h-image__frame h-hide-lg h-hide-md h-hide-sm style-961-frameImage style-local-2848-c60-frameImage\"><\/div>\n                    <\/div>\n                  <\/div>\n                <\/div>\n              <\/div>\n            <\/div>\n          <\/div>\n        <\/div>\n      <\/div>\n      <div data-colibri-id=\"2848-c61\" class=\"h-row-container gutters-row-lg-2 gutters-row-md-2 gutters-row-0 gutters-row-v-lg-2 gutters-row-v-md-2 gutters-row-v-2 style-963 style-local-2848-c61 position-relative\">\n        <!---->\n        <div class=\"h-row justify-content-lg-center justify-content-md-center justify-content-center align-items-lg-stretch align-items-md-stretch align-items-stretch gutters-col-lg-2 gutters-col-md-2 gutters-col-0 gutters-col-v-lg-2 gutters-col-v-md-2 gutters-col-v-2\">\n          <!---->\n          <div class=\"h-column h-column-container d-flex h-col-lg-auto h-col-md-auto h-col-auto style-964-outer style-local-2848-c62-outer\">\n            <div data-colibri-id=\"2848-c62\" class=\"d-flex h-flex-basis h-column__inner h-px-lg-2 h-px-md-2 h-px-2 v-inner-lg-2 v-inner-md-2 v-inner-2 style-964 style-local-2848-c62 position-relative\">\n              <!---->\n              <!---->\n              <div class=\"w-100 h-y-container h-column__content h-column__v-align flex-basis-100 align-self-lg-start align-self-md-start align-self-start\">\n                <!---->\n                <div data-colibri-id=\"2848-c63\" class=\"h-global-transition-all h-heading style-956 style-local-2848-c63 position-relative h-element\">\n                  <!---->\n                  <div class=\"h-heading__outer style-956 style-local-2848-c63\">\n                    <!---->\n                    <!---->\n                    <h4 class=\"\">STADTBILDPFLEGER UND ARCH\u00c4OLOGE<\/h4>\n                  <\/div>\n                <\/div>\n                <div data-colibri-id=\"2848-c64\" class=\"h-text h-text-component style-966 style-local-2848-c64 position-relative h-element\">\n                  <!---->\n                  <!---->\n                  <div class=\"\">\n                    <p>Auf Dr\u00e4ngen des ALA erlie\u00df die Stadt L\u00fcneburg 1978 entscheidende Satzungen zur Gestaltung und Au\u00dfenwerbung in der Altstadt, die ma\u00dfgeblich zum Erhalt des historischen Stadtbildes beitrugen. Auch die Einstellung eines Stadtbildpflegers\n                      und eines Stadtarch\u00e4ologen geht auf Initiativen des ALA zur\u00fcck. Dar\u00fcber hinaus verhinderte der Verein ma\u00dfgeblich den Bau einer Tiefgarage unter dem Marktplatz.<\/p>\n                  <\/div>\n                <\/div>\n              <\/div>\n            <\/div>\n          <\/div>\n          <div class=\"h-column h-column-container d-flex h-col-lg-auto h-col-md-auto h-col-auto style-967-outer style-local-2848-c65-outer\">\n            <div data-colibri-id=\"2848-c65\" class=\"d-flex h-flex-basis h-column__inner h-px-lg-2 h-px-md-2 h-px-2 v-inner-lg-2 v-inner-md-2 v-inner-2 style-967 style-local-2848-c65 position-relative\">\n              <!---->\n              <!---->\n              <div class=\"w-100 h-y-container h-column__content h-column__v-align flex-basis-100 align-self-lg-start align-self-md-start align-self-start\">\n                <!---->\n                <div data-colibri-id=\"2848-c66\" class=\"d-block style-961 style-local-2848-c66 position-relative h-element\">\n                  <!---->\n                  <div class=\"h-image__frame-container-outer\">\n                    <div class=\"h-image__frame-container\">\n                      <!---->\n                      <!---->\n                      <img loading=\"lazy\" decoding=\"async\" width=\"600\" height=\"450\" src=\"https:\/\/alaev-lueneburg.de\/alawordpress\/wp-content\/uploads\/2025\/02\/Marktplatz-Protest-Tiefgarage-1974-600x450-1.jpg\" class=\"wp-image-2745 style-961-image style-local-2848-c66-image\" alt=\"\" srcset=\"https:\/\/alaev-lueneburg.de\/alawordpress\/wp-content\/uploads\/2025\/02\/Marktplatz-Protest-Tiefgarage-1974-600x450-1.jpg 600w, https:\/\/alaev-lueneburg.de\/alawordpress\/wp-content\/uploads\/2025\/02\/Marktplatz-Protest-Tiefgarage-1974-600x450-1-300x225.jpg 300w\" sizes=\"auto, (max-width: 600px) 100vw, 600px\" \/>\n                      <div class=\"h-image__frame h-hide-lg h-hide-md h-hide-sm style-961-frameImage style-local-2848-c66-frameImage\"><\/div>\n                    <\/div>\n                  <\/div>\n                <\/div>\n              <\/div>\n            <\/div>\n          <\/div>\n        <\/div>\n      <\/div>\n      <div data-colibri-id=\"2848-c67\" class=\"h-row-container gutters-row-lg-2 gutters-row-md-2 gutters-row-0 gutters-row-v-lg-2 gutters-row-v-md-2 gutters-row-v-2 style-963 style-local-2848-c67 position-relative\">\n        <!---->\n        <div class=\"h-row justify-content-lg-center justify-content-md-center justify-content-center align-items-lg-stretch align-items-md-stretch align-items-stretch gutters-col-lg-2 gutters-col-md-2 gutters-col-0 gutters-col-v-lg-2 gutters-col-v-md-2 gutters-col-v-2\">\n          <!---->\n          <div class=\"h-column h-column-container d-flex h-col-lg-auto h-col-md-auto h-col-auto style-964-outer style-local-2848-c68-outer\">\n            <div data-colibri-id=\"2848-c68\" class=\"d-flex h-flex-basis h-column__inner h-px-lg-2 h-px-md-2 h-px-2 v-inner-lg-2 v-inner-md-2 v-inner-2 style-964 style-local-2848-c68 position-relative\">\n              <!---->\n              <!---->\n              <div class=\"w-100 h-y-container h-column__content h-column__v-align flex-basis-100 align-self-lg-start align-self-md-start align-self-start\">\n                <!---->\n                <div data-colibri-id=\"2848-c69\" class=\"h-global-transition-all h-heading style-956 style-local-2848-c69 position-relative h-element\">\n                  <!---->\n                  <div class=\"h-heading__outer style-956 style-local-2848-c69\">\n                    <!---->\n                    <!---->\n                    <h4 class=\"\">VERANSTALTUNGEN<\/h4>\n                  <\/div>\n                <\/div>\n                <div data-colibri-id=\"2848-c70\" class=\"h-text h-text-component style-966 style-local-2848-c70 position-relative h-element\">\n                  <!---->\n                  <!---->\n                  <div class=\"\">\n                    <p>Seit den fr\u00fchen 1980er Jahren fanden die historischen Veranstaltungen \u201eAlte Handwerkerstra\u00dfe\u201c und \u201eChristmarkt bei St. Michaelis\u201c gro\u00dfen Anklang. Sie erwiesen sich als effektives Mittel, um die Ziele des Vereins einer breiten \u00d6ffentlichkeit\n                      n\u00e4herzubringen. Die Erl\u00f6se dieser Veranstaltungen erm\u00f6glichten die Restaurierung bedrohter Baudenkm\u00e4ler, die sich im \u00f6ffentlichen Besitz befanden und vom Verfall bedroht waren.<\/p>\n                    <p>\n                      <br>\n                    <\/p>\n                  <\/div>\n                <\/div>\n              <\/div>\n            <\/div>\n          <\/div>\n          <div class=\"h-column h-column-container d-flex h-col-lg-auto h-col-md-auto h-col-auto style-967-outer style-local-2848-c71-outer\">\n            <div data-colibri-id=\"2848-c71\" class=\"d-flex h-flex-basis h-column__inner h-px-lg-2 h-px-md-2 h-px-2 v-inner-lg-2 v-inner-md-2 v-inner-2 style-967 style-local-2848-c71 position-relative\">\n              <!---->\n              <!---->\n              <div class=\"w-100 h-y-container h-column__content h-column__v-align flex-basis-100 align-self-lg-start align-self-md-start align-self-start\">\n                <!---->\n                <div data-colibri-id=\"2848-c72\" class=\"d-block style-961 style-local-2848-c72 position-relative h-element\">\n                  <!---->\n                  <div class=\"h-image__frame-container-outer\">\n                    <div class=\"h-image__frame-container\">\n                      <!---->\n                      <!---->\n                      <img loading=\"lazy\" decoding=\"async\" width=\"600\" height=\"393\" src=\"https:\/\/alaev-lueneburg.de\/alawordpress\/wp-content\/uploads\/2025\/02\/1982_Handwerkerstrasse_Untere-Ohlingerstrasse_Foto-Elke-Beussel-600x.jpg\" class=\"wp-image-4405 style-961-image style-local-2848-c72-image\" alt=\"\" srcset=\"https:\/\/alaev-lueneburg.de\/alawordpress\/wp-content\/uploads\/2025\/02\/1982_Handwerkerstrasse_Untere-Ohlingerstrasse_Foto-Elke-Beussel-600x.jpg 600w, https:\/\/alaev-lueneburg.de\/alawordpress\/wp-content\/uploads\/2025\/02\/1982_Handwerkerstrasse_Untere-Ohlingerstrasse_Foto-Elke-Beussel-600x-300x197.jpg 300w\" sizes=\"auto, (max-width: 600px) 100vw, 600px\" \/>\n                      <div class=\"h-image__frame h-hide-lg h-hide-md h-hide-sm style-961-frameImage style-local-2848-c72-frameImage\"><\/div>\n                    <\/div>\n                  <\/div>\n                <\/div>\n              <\/div>\n            <\/div>\n          <\/div>\n        <\/div>\n      <\/div>\n      <div data-colibri-id=\"2848-c73\" class=\"h-row-container gutters-row-lg-2 gutters-row-md-2 gutters-row-0 gutters-row-v-lg-2 gutters-row-v-md-2 gutters-row-v-2 style-963 style-local-2848-c73 position-relative\">\n        <!---->\n        <div class=\"h-row justify-content-lg-center justify-content-md-center justify-content-center align-items-lg-stretch align-items-md-stretch align-items-stretch gutters-col-lg-2 gutters-col-md-2 gutters-col-0 gutters-col-v-lg-2 gutters-col-v-md-2 gutters-col-v-2\">\n          <!---->\n          <div class=\"h-column h-column-container d-flex h-col-lg-auto h-col-md-auto h-col-auto style-964-outer style-local-2848-c74-outer\">\n            <div data-colibri-id=\"2848-c74\" class=\"d-flex h-flex-basis h-column__inner h-px-lg-2 h-px-md-2 h-px-2 v-inner-lg-2 v-inner-md-2 v-inner-2 style-964 style-local-2848-c74 position-relative\">\n              <!---->\n              <!---->\n              <div class=\"w-100 h-y-container h-column__content h-column__v-align flex-basis-100 align-self-lg-start align-self-md-start align-self-start\">\n                <!---->\n                <div data-colibri-id=\"2848-c75\" class=\"h-global-transition-all h-heading style-956 style-local-2848-c75 position-relative h-element\">\n                  <!---->\n                  <div class=\"h-heading__outer style-956 style-local-2848-c75\">\n                    <!---->\n                    <!---->\n                    <h4 class=\"\">DEUTSCHES SALZMUSEUM<\/h4>\n                  <\/div>\n                <\/div>\n                <div data-colibri-id=\"2848-c76\" class=\"h-text h-text-component style-966 style-local-2848-c76 position-relative h-element\">\n                  <!---->\n                  <!---->\n                  <div class=\"\">\n                    <p>Nach der Schlie\u00dfung der Saline im Jahr 1980 initiierte der ALA die Gr\u00fcndung des \u201eF\u00f6rderkreises Industriedenkmal Saline L\u00fcneburg\u201c. Nach langj\u00e4hrigen Auseinandersetzungen f\u00fchrte dies 1989 zur Er\u00f6ffnung des Deutschen Salzmuseums auf dem\n                      ehemaligen Salinengel\u00e4nde.<\/p>\n                    <p>\n                      <br>\n                    <\/p>\n                  <\/div>\n                <\/div>\n              <\/div>\n            <\/div>\n          <\/div>\n          <div class=\"h-column h-column-container d-flex h-col-lg-auto h-col-md-auto h-col-auto style-967-outer style-local-2848-c77-outer\">\n            <div data-colibri-id=\"2848-c77\" class=\"d-flex h-flex-basis h-column__inner h-px-lg-2 h-px-md-2 h-px-2 v-inner-lg-2 v-inner-md-2 v-inner-2 style-967 style-local-2848-c77 position-relative\">\n              <!---->\n              <!---->\n              <div class=\"w-100 h-y-container h-column__content h-column__v-align flex-basis-100 align-self-lg-start align-self-md-start align-self-start\">\n                <!---->\n                <div data-colibri-id=\"2848-c78\" class=\"d-block style-961 style-local-2848-c78 position-relative h-element\">\n                  <!---->\n                  <div class=\"h-image__frame-container-outer\">\n                    <div class=\"h-image__frame-container\">\n                      <!---->\n                      <!---->\n                      <img loading=\"lazy\" decoding=\"async\" width=\"600\" height=\"450\" src=\"https:\/\/alaev-lueneburg.de\/alawordpress\/wp-content\/uploads\/2025\/02\/Salzmuseum-Eingang-600x450-1.jpg\" class=\"wp-image-2729 style-961-image style-local-2848-c78-image\" alt=\"\" srcset=\"https:\/\/alaev-lueneburg.de\/alawordpress\/wp-content\/uploads\/2025\/02\/Salzmuseum-Eingang-600x450-1.jpg 600w, https:\/\/alaev-lueneburg.de\/alawordpress\/wp-content\/uploads\/2025\/02\/Salzmuseum-Eingang-600x450-1-300x225.jpg 300w\" sizes=\"auto, (max-width: 600px) 100vw, 600px\" \/>\n                      <div class=\"h-image__frame h-hide-lg h-hide-md h-hide-sm style-961-frameImage style-local-2848-c78-frameImage\"><\/div>\n                    <\/div>\n                  <\/div>\n                <\/div>\n              <\/div>\n            <\/div>\n          <\/div>\n        <\/div>\n      <\/div>\n      <div data-colibri-id=\"2848-c79\" class=\"h-row-container gutters-row-lg-2 gutters-row-md-2 gutters-row-0 gutters-row-v-lg-2 gutters-row-v-md-2 gutters-row-v-2 style-963 style-local-2848-c79 position-relative\">\n        <!---->\n        <div class=\"h-row justify-content-lg-center justify-content-md-center justify-content-center align-items-lg-stretch align-items-md-stretch align-items-stretch gutters-col-lg-2 gutters-col-md-2 gutters-col-0 gutters-col-v-lg-2 gutters-col-v-md-2 gutters-col-v-2\">\n          <!---->\n          <div class=\"h-column h-column-container d-flex h-col-lg-auto h-col-md-auto h-col-auto style-964-outer style-local-2848-c80-outer\">\n            <div data-colibri-id=\"2848-c80\" class=\"d-flex h-flex-basis h-column__inner h-px-lg-2 h-px-md-2 h-px-2 v-inner-lg-2 v-inner-md-2 v-inner-2 style-964 style-local-2848-c80 position-relative\">\n              <!---->\n              <!---->\n              <div class=\"w-100 h-y-container h-column__content h-column__v-align flex-basis-100 align-self-lg-start align-self-md-start align-self-start\">\n                <!---->\n                <div data-colibri-id=\"2848-c81\" class=\"h-global-transition-all h-heading style-956 style-local-2848-c81 position-relative h-element\">\n                  <!---->\n                  <div class=\"h-heading__outer style-956 style-local-2848-c81\">\n                    <!---->\n                    <!---->\n                    <h4 class=\"\">ALA RESTAURATIONEN<\/h4>\n                  <\/div>\n                <\/div>\n                <div data-colibri-id=\"2848-c82\" class=\"h-text h-text-component style-966 style-local-2848-c82 position-relative h-element\">\n                  <!---->\n                  <!---->\n                  <div class=\"\">\n                    <p>So finanzierte der ALA unter anderem 1983 und 1990 die Restaurierung des Kapitelsaals bei St. Michaelis und des Gipsofens (Gypsm\u00fchle) am Kalkberg sowie sp\u00e4ter die Instandsetzung eines mittelalterlichen Speichers am Iflock und des Alten\n                      Krans am Hafen.<\/p>\n                  <\/div>\n                <\/div>\n              <\/div>\n            <\/div>\n          <\/div>\n          <div class=\"h-column h-column-container d-flex h-col-lg-auto h-col-md-auto h-col-auto style-967-outer style-local-2848-c83-outer\">\n            <div data-colibri-id=\"2848-c83\" class=\"d-flex h-flex-basis h-column__inner h-px-lg-2 h-px-md-2 h-px-2 v-inner-lg-2 v-inner-md-2 v-inner-2 style-967 style-local-2848-c83 position-relative\">\n              <!---->\n              <!---->\n              <div class=\"w-100 h-y-container h-column__content h-column__v-align flex-basis-100 align-self-lg-start align-self-md-start align-self-start\">\n                <!---->\n                <div data-colibri-id=\"2848-c84\" class=\"d-block style-961 style-local-2848-c84 position-relative h-element\">\n                  <!---->\n                  <div class=\"h-image__frame-container-outer\">\n                    <div class=\"h-image__frame-container\">\n                      <!---->\n                      <!---->\n                      <img loading=\"lazy\" decoding=\"async\" width=\"600\" height=\"450\" src=\"https:\/\/alaev-lueneburg.de\/alawordpress\/wp-content\/uploads\/2025\/02\/Kapitelsaal-600x450-1.jpg\" class=\"wp-image-2730 style-961-image style-local-2848-c84-image\" alt=\"\" srcset=\"https:\/\/alaev-lueneburg.de\/alawordpress\/wp-content\/uploads\/2025\/02\/Kapitelsaal-600x450-1.jpg 600w, https:\/\/alaev-lueneburg.de\/alawordpress\/wp-content\/uploads\/2025\/02\/Kapitelsaal-600x450-1-300x225.jpg 300w\" sizes=\"auto, (max-width: 600px) 100vw, 600px\" \/>\n                      <div class=\"h-image__frame h-hide-lg h-hide-md h-hide-sm style-961-frameImage style-local-2848-c84-frameImage\"><\/div>\n                    <\/div>\n                  <\/div>\n                <\/div>\n              <\/div>\n            <\/div>\n          <\/div>\n        <\/div>\n      <\/div>\n      <div data-colibri-id=\"2848-c85\" class=\"h-row-container gutters-row-lg-2 gutters-row-md-2 gutters-row-0 gutters-row-v-lg-2 gutters-row-v-md-2 gutters-row-v-2 style-963 style-local-2848-c85 position-relative\">\n        <!---->\n        <div class=\"h-row justify-content-lg-center justify-content-md-center justify-content-center align-items-lg-stretch align-items-md-stretch align-items-stretch gutters-col-lg-2 gutters-col-md-2 gutters-col-0 gutters-col-v-lg-2 gutters-col-v-md-2 gutters-col-v-2\">\n          <!---->\n          <div class=\"h-column h-column-container d-flex h-col-lg-auto h-col-md-auto h-col-auto style-964-outer style-local-2848-c86-outer\">\n            <div data-colibri-id=\"2848-c86\" class=\"d-flex h-flex-basis h-column__inner h-px-lg-2 h-px-md-2 h-px-2 v-inner-lg-2 v-inner-md-2 v-inner-2 style-964 style-local-2848-c86 position-relative\">\n              <!---->\n              <!---->\n              <div class=\"w-100 h-y-container h-column__content h-column__v-align flex-basis-100 align-self-lg-start align-self-md-start align-self-start\">\n                <!---->\n                <div data-colibri-id=\"2848-c87\" class=\"h-global-transition-all h-heading style-956 style-local-2848-c87 position-relative h-element\">\n                  <!---->\n                  <div class=\"h-heading__outer style-956 style-local-2848-c87\">\n                    <!---->\n                    <!---->\n                    <h4 class=\"\">SANIERUNG DES MICHAELIS-VIERTELS<\/h4>\n                  <\/div>\n                <\/div>\n                <div data-colibri-id=\"2848-c88\" class=\"h-text h-text-component style-966 style-local-2848-c88 position-relative h-element\">\n                  <!---->\n                  <!---->\n                  <div class=\"\">\n                    <p>Von den fr\u00fchen 1980er bis Ende der 1990er Jahre begleitete der ALA die Sanierung des Michaelis-Viertels, f\u00fchrte umfangreiche Hausforschungen durch und finanzierte fotografische Dokumentationen f\u00fcr die Denkmaltopographie der Stadt L\u00fcneburg.\n                      Dar\u00fcber hinaus gew\u00e4hrte der Verein Zusch\u00fcsse f\u00fcr denkmalgerechte Stadtm\u00f6blierung, darunter historische Stra\u00dfenlaternen, sowie f\u00fcr private Haust\u00fcren.\n                      <br>\n                    <\/p>\n                  <\/div>\n                <\/div>\n              <\/div>\n            <\/div>\n          <\/div>\n          <div class=\"h-column h-column-container d-flex h-col-lg-auto h-col-md-auto h-col-auto style-967-outer style-local-2848-c89-outer\">\n            <div data-colibri-id=\"2848-c89\" class=\"d-flex h-flex-basis h-column__inner h-px-lg-2 h-px-md-2 h-px-2 v-inner-lg-2 v-inner-md-2 v-inner-2 style-967 style-local-2848-c89 position-relative\">\n              <!---->\n              <!---->\n              <div class=\"w-100 h-y-container h-column__content h-column__v-align flex-basis-100 align-self-lg-start align-self-md-start align-self-start\">\n                <!---->\n                <div data-colibri-id=\"2848-c90\" class=\"d-block style-961 style-local-2848-c90 position-relative h-element\">\n                  <!---->\n                  <div class=\"h-image__frame-container-outer\">\n                    <div class=\"h-image__frame-container\">\n                      <!---->\n                      <!---->\n                      <img loading=\"lazy\" decoding=\"async\" width=\"600\" height=\"606\" src=\"https:\/\/alaev-lueneburg.de\/alawordpress\/wp-content\/uploads\/2025\/03\/Auf-der-Altstadt_20171125_135356_Foto-S-600x.jpg\" class=\"wp-image-4416 style-961-image style-local-2848-c90-image\" alt=\"\" srcset=\"https:\/\/alaev-lueneburg.de\/alawordpress\/wp-content\/uploads\/2025\/03\/Auf-der-Altstadt_20171125_135356_Foto-S-600x.jpg 600w, https:\/\/alaev-lueneburg.de\/alawordpress\/wp-content\/uploads\/2025\/03\/Auf-der-Altstadt_20171125_135356_Foto-S-600x-297x300.jpg 297w\" sizes=\"auto, (max-width: 600px) 100vw, 600px\" \/>\n                      <div class=\"h-image__frame h-hide-lg h-hide-md h-hide-sm style-961-frameImage style-local-2848-c90-frameImage\"><\/div>\n                    <\/div>\n                  <\/div>\n                <\/div>\n              <\/div>\n            <\/div>\n          <\/div>\n        <\/div>\n      <\/div>\n    <\/div>\n  <\/div>\n<\/div>","protected":false},"excerpt":{"rendered":"<p>\u00dcber uns Der ALA z\u00e4hlt zu den gr\u00f6\u00dften und einflussreichsten Vereinen in L\u00fcneburg und ist deutschlandweit f\u00fcr sein herausragendes Engagement im Bereich des Denkmalschutzes bekannt. DER VEREIN Wir sind der Arbeitskreis L\u00fcneburger Altstadt (ALA), ein eingetragener, gemeinn\u00fctziger Verein mit Sitz in L\u00fcneburg. 1972 wurde die B\u00fcrgerinitiative &#8222;Arbeitskreis zur Erhaltung und Revitalisierung der L\u00fcneburger Altstadt &#8220; [&hellip;]<\/p>\n","protected":false},"author":5,"featured_media":0,"parent":0,"menu_order":0,"comment_status":"closed","ping_status":"closed","template":"page-templates\/full-width-page.php","meta":{"footnotes":""},"class_list":["post-2848","page","type-page","status-publish","hentry"],"_links":{"self":[{"href":"https:\/\/alaev-lueneburg.de\/alawordpress\/wp-json\/wp\/v2\/pages\/2848","targetHints":{"allow":["GET"]}}],"collection":[{"href":"https:\/\/alaev-lueneburg.de\/alawordpress\/wp-json\/wp\/v2\/pages"}],"about":[{"href":"https:\/\/alaev-lueneburg.de\/alawordpress\/wp-json\/wp\/v2\/types\/page"}],"author":[{"embeddable":true,"href":"https:\/\/alaev-lueneburg.de\/alawordpress\/wp-json\/wp\/v2\/users\/5"}],"replies":[{"embeddable":true,"href":"https:\/\/alaev-lueneburg.de\/alawordpress\/wp-json\/wp\/v2\/comments?post=2848"}],"version-history":[{"count":20,"href":"https:\/\/alaev-lueneburg.de\/alawordpress\/wp-json\/wp\/v2\/pages\/2848\/revisions"}],"predecessor-version":[{"id":8803,"href":"https:\/\/alaev-lueneburg.de\/alawordpress\/wp-json\/wp\/v2\/pages\/2848\/revisions\/8803"}],"wp:attachment":[{"href":"https:\/\/alaev-lueneburg.de\/alawordpress\/wp-json\/wp\/v2\/media?parent=2848"}],"curies":[{"name":"wp","href":"https:\/\/api.w.org\/{rel}","templated":true}]}}